{"id":102,"date":"2023-07-22T13:36:22","date_gmt":"2023-07-22T11:36:22","guid":{"rendered":"https:\/\/exhibition.solidarity1980.com\/?page_id=102"},"modified":"2024-12-05T18:16:06","modified_gmt":"2024-12-05T17:16:06","slug":"section-1","status":"publish","type":"page","link":"https:\/\/exhibition.solidarity1980.com\/en\/section-1\/","title":{"rendered":"Section I"},"content":{"rendered":"<p>[et_pb_section fb_built=\u00a0\u00bb1&Prime; admin_label=\u00a0\u00bbTitre\u00a0\u00bb _builder_version=\u00a0\u00bb4.27.4&Prime; _module_preset=\u00a0\u00bbdefault\u00a0\u00bb background_color=\u00a0\u00bb#FF395E\u00a0\u00bb background_image=\u00a0\u00bbhttps:\/\/exhibition.solidarity1980.com\/wp-content\/uploads\/2023\/11\/2.-AHP-SOLI-PH_028_OK-1.jpg\u00a0\u00bb parallax=\u00a0\u00bbon\u00a0\u00bb width=\u00a0\u00bb100%\u00a0\u00bb min_height=\u00a0\u00bb100vh\u00a0\u00bb scroll_vertical_motion=\u00a0\u00bb0|50|50|100|0|0|-4&Prime; scroll_fade=\u00a0\u00bb0|50|50|100|100%|100|0%\u00a0\u00bb custom_css_before=\u00a0\u00bbcontent:%22%22;||position: absolute;||left: 0;||top: 0;||width: 100%;||height: 100%;||z-index: 1;||background: rgba(255,57,94,.9);\u00a0\u00bb custom_css_main_element=\u00a0\u00bbdisplay: flex;||position: relative;\u00a0\u00bb da_disable_devices=\u00a0\u00bboff|off|off\u00a0\u00bb global_colors_info=\u00a0\u00bb{}\u00a0\u00bb da_is_popup=\u00a0\u00bboff\u00a0\u00bb da_exit_intent=\u00a0\u00bboff\u00a0\u00bb da_has_close=\u00a0\u00bbon\u00a0\u00bb da_alt_close=\u00a0\u00bboff\u00a0\u00bb da_dark_close=\u00a0\u00bboff\u00a0\u00bb da_not_modal=\u00a0\u00bbon\u00a0\u00bb da_is_singular=\u00a0\u00bboff\u00a0\u00bb da_with_loader=\u00a0\u00bboff\u00a0\u00bb da_has_shadow=\u00a0\u00bbon\u00a0\u00bb][et_pb_row _builder_version=\u00a0\u00bb4.22.1&Prime; _module_preset=\u00a0\u00bbdefault\u00a0\u00bb global_colors_info=\u00a0\u00bb{}\u00a0\u00bb][et_pb_column type=\u00a0\u00bb4_4&Prime; admin_label=\u00a0\u00bbColumn\u00a0\u00bb _builder_version=\u00a0\u00bb4.22.1&Prime; _module_preset=\u00a0\u00bbdefault\u00a0\u00bb global_colors_info=\u00a0\u00bb{}\u00a0\u00bb][et_pb_text _builder_version=\u00a0\u00bb4.27.4&Prime; _module_preset=\u00a0\u00bbdefault\u00a0\u00bb text_orientation=\u00a0\u00bbcenter\u00a0\u00bb background_layout=\u00a0\u00bbdark\u00a0\u00bb global_colors_info=\u00a0\u00bb{}\u00a0\u00bb]<\/p>\n<h1 class=\"chapter-num\"><span>1<\/span><\/h1>\n<h1><span>Tous ensemble! Tous ensemble!<br \/><em>solidarno\u015b\u0107<\/em><\/span><\/h1>\n<p>[\/et_pb_text][\/et_pb_column][\/et_pb_row][\/et_pb_section][et_pb_section fb_built=\u00a0\u00bb1&Prime; admin_label=\u00a0\u00bbSlider Zoom\u00a0\u00bb module_class=\u00a0\u00bbslider-mask-zoom\u00a0\u00bb _builder_version=\u00a0\u00bb4.22.1&Prime; _module_preset=\u00a0\u00bbdefault\u00a0\u00bb background_color=\u00a0\u00bb#000000&Prime; custom_margin=\u00a0\u00bb||||true|false\u00a0\u00bb custom_padding=\u00a0\u00bb0px||0px||true|false\u00a0\u00bb scroll_vertical_motion=\u00a0\u00bb0|50|50|100|-4|0|0&Prime; da_disable_devices=\u00a0\u00bboff|off|off\u00a0\u00bb global_colors_info=\u00a0\u00bb{}\u00a0\u00bb da_is_popup=\u00a0\u00bboff\u00a0\u00bb da_exit_intent=\u00a0\u00bboff\u00a0\u00bb da_has_close=\u00a0\u00bbon\u00a0\u00bb da_alt_close=\u00a0\u00bboff\u00a0\u00bb da_dark_close=\u00a0\u00bboff\u00a0\u00bb da_not_modal=\u00a0\u00bbon\u00a0\u00bb da_is_singular=\u00a0\u00bboff\u00a0\u00bb da_with_loader=\u00a0\u00bboff\u00a0\u00bb da_has_shadow=\u00a0\u00bbon\u00a0\u00bb][et_pb_row _builder_version=\u00a0\u00bb4.22.1&Prime; _module_preset=\u00a0\u00bbdefault\u00a0\u00bb width=\u00a0\u00bb100%\u00a0\u00bb max_width=\u00a0\u00bb100%\u00a0\u00bb custom_padding=\u00a0\u00bb0px||0px||true|false\u00a0\u00bb global_colors_info=\u00a0\u00bb{}\u00a0\u00bb][et_pb_column type=\u00a0\u00bb4_4&Prime; _builder_version=\u00a0\u00bb4.22.1&Prime; _module_preset=\u00a0\u00bbdefault\u00a0\u00bb background_color=\u00a0\u00bb#000000&Prime; global_colors_info=\u00a0\u00bb{}\u00a0\u00bb][et_pb_slider show_arrows=\u00a0\u00bboff\u00a0\u00bb show_pagination=\u00a0\u00bboff\u00a0\u00bb _builder_version=\u00a0\u00bb4.24.2&Prime; _module_preset=\u00a0\u00bbdefault\u00a0\u00bb background_color=\u00a0\u00bb#000000&Prime; min_height=\u00a0\u00bb100vh\u00a0\u00bb animation_style=\u00a0\u00bbfade\u00a0\u00bb auto=\u00a0\u00bbon\u00a0\u00bb auto_speed=\u00a0\u00bb3000&Prime; auto_ignore_hover=\u00a0\u00bbon\u00a0\u00bb global_colors_info=\u00a0\u00bb{}\u00a0\u00bb][et_pb_slide _builder_version=\u00a0\u00bb4.23&Prime; _module_preset=\u00a0\u00bbdefault\u00a0\u00bb background_color=\u00a0\u00bb#000000&Prime; background_enable_color=\u00a0\u00bbon\u00a0\u00bb background_image=\u00a0\u00bbhttps:\/\/exhibition.solidarity1980.com\/wp-content\/uploads\/2023\/11\/1_-10_-140534-1.png\u00a0\u00bb background_enable_image=\u00a0\u00bbon\u00a0\u00bb global_colors_info=\u00a0\u00bb{}\u00a0\u00bb sticky_transition=\u00a0\u00bbon\u00a0\u00bb][\/et_pb_slide][et_pb_slide _builder_version=\u00a0\u00bb4.23&Prime; _module_preset=\u00a0\u00bbdefault\u00a0\u00bb background_color=\u00a0\u00bb#000000&Prime; background_enable_color=\u00a0\u00bbon\u00a0\u00bb background_image=\u00a0\u00bbhttps:\/\/exhibition.solidarity1980.com\/wp-content\/uploads\/2023\/11\/2.-AHP-SOLI-PH_028_OK-1.jpg\u00a0\u00bb background_enable_image=\u00a0\u00bbon\u00a0\u00bb global_colors_info=\u00a0\u00bb{}\u00a0\u00bb sticky_transition=\u00a0\u00bbon\u00a0\u00bb][\/et_pb_slide][et_pb_slide _builder_version=\u00a0\u00bb4.23&Prime; _module_preset=\u00a0\u00bbdefault\u00a0\u00bb background_color=\u00a0\u00bb#000000&Prime; background_enable_color=\u00a0\u00bbon\u00a0\u00bb background_image=\u00a0\u00bbhttps:\/\/exhibition.solidarity1980.com\/wp-content\/uploads\/2023\/11\/2-1980-sierpien-AHP-SOLI-PH_033_OK.jpg\u00a0\u00bb background_enable_image=\u00a0\u00bbon\u00a0\u00bb global_colors_info=\u00a0\u00bb{}\u00a0\u00bb sticky_transition=\u00a0\u00bbon\u00a0\u00bb][\/et_pb_slide][et_pb_slide _builder_version=\u00a0\u00bb4.23&Prime; _module_preset=\u00a0\u00bbdefault\u00a0\u00bb background_color=\u00a0\u00bb#000000&Prime; background_enable_color=\u00a0\u00bbon\u00a0\u00bb background_image=\u00a0\u00bbhttps:\/\/exhibition.solidarity1980.com\/wp-content\/uploads\/2023\/11\/4_-1980-sierpien-157.jpg\u00a0\u00bb background_enable_image=\u00a0\u00bbon\u00a0\u00bb global_colors_info=\u00a0\u00bb{}\u00a0\u00bb sticky_transition=\u00a0\u00bbon\u00a0\u00bb][\/et_pb_slide][et_pb_slide _builder_version=\u00a0\u00bb4.23&Prime; _module_preset=\u00a0\u00bbdefault\u00a0\u00bb background_color=\u00a0\u00bb#000000&Prime; background_enable_color=\u00a0\u00bbon\u00a0\u00bb background_image=\u00a0\u00bbhttps:\/\/exhibition.solidarity1980.com\/wp-content\/uploads\/2023\/11\/5-ECS_T_F_9320.jpg\u00a0\u00bb background_enable_image=\u00a0\u00bbon\u00a0\u00bb global_colors_info=\u00a0\u00bb{}\u00a0\u00bb sticky_transition=\u00a0\u00bbon\u00a0\u00bb][\/et_pb_slide][\/et_pb_slider][\/et_pb_column][\/et_pb_row][\/et_pb_section][et_pb_section fb_built=\u00a0\u00bb1&Prime; admin_label=\u00a0\u00bbtexte fond noir\u00a0\u00bb _builder_version=\u00a0\u00bb4.27.4&Prime; _module_preset=\u00a0\u00bbdefault\u00a0\u00bb background_color=\u00a0\u00bb#000000&Prime; z_index=\u00a0\u00bb2&Prime; min_height=\u00a0\u00bb70vh\u00a0\u00bb custom_css_main_element=\u00a0\u00bbdisplay: flex;\u00a0\u00bb da_disable_devices=\u00a0\u00bboff|off|off\u00a0\u00bb global_colors_info=\u00a0\u00bb{}\u00a0\u00bb da_is_popup=\u00a0\u00bboff\u00a0\u00bb da_exit_intent=\u00a0\u00bboff\u00a0\u00bb da_has_close=\u00a0\u00bbon\u00a0\u00bb da_alt_close=\u00a0\u00bboff\u00a0\u00bb da_dark_close=\u00a0\u00bboff\u00a0\u00bb da_not_modal=\u00a0\u00bbon\u00a0\u00bb da_is_singular=\u00a0\u00bboff\u00a0\u00bb da_with_loader=\u00a0\u00bboff\u00a0\u00bb da_has_shadow=\u00a0\u00bbon\u00a0\u00bb][et_pb_row _builder_version=\u00a0\u00bb4.21.0&Prime; _module_preset=\u00a0\u00bbdefault\u00a0\u00bb max_width=\u00a0\u00bb850px\u00a0\u00bb global_colors_info=\u00a0\u00bb{}\u00a0\u00bb][et_pb_column type=\u00a0\u00bb4_4&Prime; _builder_version=\u00a0\u00bb4.21.0&Prime; _module_preset=\u00a0\u00bbdefault\u00a0\u00bb global_colors_info=\u00a0\u00bb{}\u00a0\u00bb][et_pb_text _builder_version=\u00a0\u00bb4.27.4&Prime; _module_preset=\u00a0\u00bbdefault\u00a0\u00bb text_text_color=\u00a0\u00bb#e8e3d7&Prime; header_text_align=\u00a0\u00bbcenter\u00a0\u00bb header_text_color=\u00a0\u00bb#e8e3d7&Prime; header_2_text_color=\u00a0\u00bb#e8e3d7&Prime; header_3_text_color=\u00a0\u00bb#e8e3d7&Prime; header_4_text_color=\u00a0\u00bb#e8e3d7&Prime; text_orientation=\u00a0\u00bbcenter\u00a0\u00bb text_orientation_tablet=\u00a0\u00bbcenter\u00a0\u00bb text_orientation_phone=\u00a0\u00bbleft\u00a0\u00bb text_orientation_last_edited=\u00a0\u00bbon|phone\u00a0\u00bb global_colors_info=\u00a0\u00bb{}\u00a0\u00bb]<\/p>\n<p>Ao\u00fbt 1980. Le Mur et le portail du chantier naval de Gdansk\u2026 les ouvriers en gr\u00e8ve\u2026 la foule des gens paisibles\u2026<\/p>\n<p>Ces images parcourent en Occident les \u00e9crans de t\u00e9l\u00e9 et les colonnes de la presse. \u00c9v\u00e9nements immortalis\u00e9s par quelques photographes amateurs, par des passants, mais aussi par des journalistes et des reporteurs \u00e9trangers, qui viennent de l\u2019Ouest pour \u00eatre au c\u0153ur de l\u2019action&#8230;<\/p>\n<p>Les images de cette Pologne lointaine, derri\u00e8re le Rideau de Fer, o\u00f9 les ouvriers des chantiers se mettent en gr\u00e8ve, p\u00e9n\u00e8trent progressivement l\u2019opinion publique mondiale\u2026<\/p>\n<p>[\/et_pb_text][\/et_pb_column][\/et_pb_row][\/et_pb_section][et_pb_section fb_built=\u00a0\u00bb1&Prime; admin_label=\u00a0\u00bbEntretien Leszek Biernacki\u00a0\u00bb module_class=\u00a0\u00bbnoise entretien\u00a0\u00bb _builder_version=\u00a0\u00bb4.23.1&Prime; _module_preset=\u00a0\u00bbdefault\u00a0\u00bb background_color=\u00a0\u00bb#dcdace\u00a0\u00bb scroll_vertical_motion=\u00a0\u00bb0|50|50|100|-2|0|0&Prime; scroll_fade=\u00a0\u00bb0|22|22|100|0|100|100&Prime; motion_trigger_start=\u00a0\u00bbtop\u00a0\u00bb da_disable_devices=\u00a0\u00bboff|off|off\u00a0\u00bb global_colors_info=\u00a0\u00bb{}\u00a0\u00bb da_is_popup=\u00a0\u00bboff\u00a0\u00bb da_exit_intent=\u00a0\u00bboff\u00a0\u00bb da_has_close=\u00a0\u00bbon\u00a0\u00bb da_alt_close=\u00a0\u00bboff\u00a0\u00bb da_dark_close=\u00a0\u00bboff\u00a0\u00bb da_not_modal=\u00a0\u00bbon\u00a0\u00bb da_is_singular=\u00a0\u00bboff\u00a0\u00bb da_with_loader=\u00a0\u00bboff\u00a0\u00bb da_has_shadow=\u00a0\u00bbon\u00a0\u00bb][et_pb_row column_structure=\u00a0\u00bb1_3,1_3,1_3&Prime; use_custom_gutter=\u00a0\u00bbon\u00a0\u00bb gutter_width=\u00a0\u00bb2&Prime; admin_label=\u00a0\u00bbRow\u00a0\u00bb _builder_version=\u00a0\u00bb4.22.1&Prime; _module_preset=\u00a0\u00bbdefault\u00a0\u00bb width=\u00a0\u00bb94%\u00a0\u00bb max_width=\u00a0\u00bb1400px\u00a0\u00bb custom_css_main_element=\u00a0\u00bbdisplay: flex;||align-items:center;||flex-wrap: wrap;\u00a0\u00bb global_colors_info=\u00a0\u00bb{}\u00a0\u00bb][et_pb_column type=\u00a0\u00bb1_3&Prime; _builder_version=\u00a0\u00bb4.22.1&Prime; _module_preset=\u00a0\u00bbdefault\u00a0\u00bb global_colors_info=\u00a0\u00bb{}\u00a0\u00bb][et_pb_text module_class=\u00a0\u00bbentretien\u00a0\u00bb _builder_version=\u00a0\u00bb4.25.1&Prime; _module_preset=\u00a0\u00bbdefault\u00a0\u00bb text_text_color=\u00a0\u00bb#000000&Prime; header_3_text_color=\u00a0\u00bb#000000&Prime; header_4_text_color=\u00a0\u00bb#000000&Prime; header_5_text_color=\u00a0\u00bb#000000&Prime; text_orientation=\u00a0\u00bbright\u00a0\u00bb custom_padding=\u00a0\u00bb||10px|||\u00a0\u00bb text_orientation_tablet=\u00a0\u00bbcenter\u00a0\u00bb text_orientation_phone=\u00a0\u00bb\u00a0\u00bb text_orientation_last_edited=\u00a0\u00bbon|tablet\u00a0\u00bb global_colors_info=\u00a0\u00bb{}\u00a0\u00bb]<\/p>\n<h3><span>Entretien de Leszek Biernacki<br \/><\/span><\/h3>\n<p>&nbsp;<\/p>\n<p>[\/et_pb_text][\/et_pb_column][et_pb_column type=\u00a0\u00bb1_3&Prime; _builder_version=\u00a0\u00bb4.22.1&Prime; _module_preset=\u00a0\u00bbdefault\u00a0\u00bb custom_padding=\u00a0\u00bb|0px||0px|false|true\u00a0\u00bb custom_css_main_element=\u00a0\u00bbtext-align: center;\u00a0\u00bb global_colors_info=\u00a0\u00bb{}\u00a0\u00bb][et_pb_image src=\u00a0\u00bbhttps:\/\/exhibition.solidarity1980.com\/wp-content\/uploads\/2023\/12\/416440_305847946126631_1645952489_o-250&#215;250.jpg\u00a0\u00bb title_text=\u00a0\u00bb416440_305847946126631_1645952489_o\u00a0\u00bb align=\u00a0\u00bbcenter\u00a0\u00bb force_fullwidth=\u00a0\u00bbon\u00a0\u00bb admin_label=\u00a0\u00bbImage ratio carr\u00e9\u00a0\u00bb _builder_version=\u00a0\u00bb4.23.1&Prime; _module_preset=\u00a0\u00bbdefault\u00a0\u00bb module_alignment=\u00a0\u00bbcenter\u00a0\u00bb custom_css_main_element=\u00a0\u00bbtext-align: center;\u00a0\u00bb border_radii=\u00a0\u00bbon|100%|100%|100%|100%\u00a0\u00bb border_width_all=\u00a0\u00bb1px\u00a0\u00bb border_color_all=\u00a0\u00bb#000000&Prime; global_colors_info=\u00a0\u00bb{}\u00a0\u00bb][\/et_pb_image][\/et_pb_column][et_pb_column type=\u00a0\u00bb1_3&Prime; _builder_version=\u00a0\u00bb4.22.1&Prime; _module_preset=\u00a0\u00bbdefault\u00a0\u00bb global_colors_info=\u00a0\u00bb{}\u00a0\u00bb][et_pb_text _builder_version=\u00a0\u00bb4.23&Prime; _module_preset=\u00a0\u00bbdefault\u00a0\u00bb text_text_color=\u00a0\u00bb#000000&Prime; header_4_text_color=\u00a0\u00bb#000000&Prime; custom_padding=\u00a0\u00bb||13px|||\u00a0\u00bb text_orientation_tablet=\u00a0\u00bbcenter\u00a0\u00bb text_orientation_phone=\u00a0\u00bb\u00a0\u00bb text_orientation_last_edited=\u00a0\u00bbon|tablet\u00a0\u00bb global_colors_info=\u00a0\u00bb{}\u00a0\u00bb]<\/p>\n<div class=\"page\" title=\"Page 19\">\n<div class=\"layoutArea\">\n<div class=\"column\" style=\"text-align: right;\">\n<h6 style=\"text-align: left;\">\u00ab J\u2019ai toujours eu un appareil photo sur moi. Lorsque je suis arriv\u00e9 sur le chantier naval et que j\u2019ai vu ce qu&rsquo;il s\u2019y passait, j\u2019ai commenc\u00e9 \u00e0 prendre des photos, je n\u2019ai pas pu m\u2019arr\u00eater, j\u2019ai senti que c\u2019\u00e9tait important, qu\u2019il \u00e9tait n\u00e9cessaire de pr\u00e9server ces moments&#8230; \u00bb<\/h6>\n<p>&nbsp;<\/p>\n<\/div>\n<\/div>\n<\/div>\n<p>[\/et_pb_text][\/et_pb_column][\/et_pb_row][et_pb_row _builder_version=\u00a0\u00bb4.22.1&Prime; _module_preset=\u00a0\u00bbdefault\u00a0\u00bb max_width=\u00a0\u00bb800px\u00a0\u00bb global_colors_info=\u00a0\u00bb{}\u00a0\u00bb][et_pb_column type=\u00a0\u00bb4_4&Prime; _builder_version=\u00a0\u00bb4.22.1&Prime; _module_preset=\u00a0\u00bbdefault\u00a0\u00bb global_colors_info=\u00a0\u00bb{}\u00a0\u00bb][et_pb_text _builder_version=\u00a0\u00bb4.22.1&Prime; _module_preset=\u00a0\u00bbdefault\u00a0\u00bb text_text_color=\u00a0\u00bb#000000&Prime; header_text_color=\u00a0\u00bb#000000&Prime; header_2_text_color=\u00a0\u00bb#000000&Prime; header_3_text_color=\u00a0\u00bb#000000&Prime; header_4_text_color=\u00a0\u00bb#000000&Prime; header_5_text_color=\u00a0\u00bb#000000&Prime; header_6_text_color=\u00a0\u00bb#000000&Prime; text_orientation=\u00a0\u00bbcenter\u00a0\u00bb global_colors_info=\u00a0\u00bb{}\u00a0\u00bb]<\/p>\n<p>Ao\u00fbt 1980. Les ouvriers du chantier naval de Gdansk entrent en gr\u00e8ve. Les premiers moments des manifestations sont immortalis\u00e9s par Leszek Biernacki, un jeune gar\u00e7on de 20 ans. Dipl\u00f4m\u00e9 d\u2019une \u00e9cole d\u2019art, il a toujours eu un appareil photo sur lui. Les photos qu\u2019il a prises au cours de la premi\u00e8re semaine de gr\u00e8ve seront envoy\u00e9es aux nouvellistes de Gdansk, Gdynia, Sopot et d\u2019autres villes pour inspirer l\u2019espoir et encourager les gens \u00e0 protester.<\/p>\n<p>Les premiers jours de gr\u00e8ve\u2026<\/p>\n<p>Leszek Biernacki avec ses amis d\u2019une troupe th\u00e9\u00e2trale jouent au centre de la ville de Gdansk <em>P<\/em><em>ulcinello<\/em>, th\u00e9\u00e2tre dell\u2019arte, et le spectacle <em>Dragon<\/em>. Les foules y assistent. Biernacki cherche \u00e0 convaincre ses compagnons d\u2019aller vers le chantier naval et de jouer pour les ouvriers. Mais ses coll\u00e8gues de la troupe craignent des repr\u00e9sailles. Il se rend seul au chantier naval.<\/p>\n<p>&nbsp;<\/p>\n<p>\u00ab\u00a0Je suis all\u00e9 seul au chantier naval. \u00c0 l\u2019entr\u00e9e, deux drapeaux, celui de la Pologne et celui du Vatican, beaucoup de fleurs autour d\u2019un portrait de Jean-Paul II. L\u2019atmosph\u00e8re \u00e0 l\u2019entr\u00e9e\u00a0: comme un an auparavant, lors du premier p\u00e8lerinage du Pape en Pologne. Un haut-parleur annonce que la gr\u00e8ve se poursuit. Une croix de bois devant la porte. Les gardiens du chantier naval m\u2019ont vu prendre des photos et m\u2019ont invit\u00e9 \u00e0 entrer pour photographier la gr\u00e8ve. [&#8230;] J\u2019ai re\u00e7u un laissez-passer permanent, je pouvais regarder partout, parler et prendre des photos. J\u2019ai travaill\u00e9 en \u00e9troite collaboration avec le comit\u00e9 de gr\u00e8ve du chantier naval, dont faisaient partie \u2013 bien que sporadiquement \u2013 Anna Walentynowicz et Lech Wa\u0142\u0119sa. Apr\u00e8s le p\u00e8lerinage du Pape en 1979, j\u2019ai achet\u00e9 un coffret de plusieurs CD contenant une s\u00e9lection de chants pontificaux et d\u2019hom\u00e9lies du premier p\u00e8lerinage. Je l\u2019ai apport\u00e9 au chantier naval. L\u2019ouvrier du chantier les a fait \u00e9couter de temps en temps par haut-parleur dans le hall du BHP. Le Pape n\u2019\u00e9tait donc pas seulement pr\u00e9sent sous la forme d\u2019un portrait sur la porte, mais il parlait aussi aux ouvriers. Pendant tout ce temps, je prenais des photos, je rentrais chez moi, je d\u00e9veloppais les n\u00e9gatifs, je les agrandissais dans la salle de bain o\u00f9 j\u2019avais install\u00e9 une chambre noire secr\u00e8te, et je les apportais aux gr\u00e9vistes.\u00a0\u00bb<\/p>\n<p><strong><br \/><\/strong><strong><\/strong><\/p>\n<div class=\"page\" title=\"Page 19\">\n<div class=\"layoutArea\">\n<div class=\"column\"><\/div>\n<\/div>\n<\/div>\n<p><strong><\/strong><\/p>\n<p><strong><\/strong><\/p>\n<p>[\/et_pb_text][\/et_pb_column][\/et_pb_row][\/et_pb_section][et_pb_section fb_built=\u00a0\u00bb1&Prime; admin_label=\u00a0\u00bbDiaporama\u00a0\u00bb module_class=\u00a0\u00bbnoise\u00a0\u00bb _builder_version=\u00a0\u00bb4.25.1&Prime; _module_preset=\u00a0\u00bbdefault\u00a0\u00bb background_color=\u00a0\u00bb#dcdace\u00a0\u00bb z_index=\u00a0\u00bb4&Prime; custom_padding=\u00a0\u00bb0px||0px||false|false\u00a0\u00bb da_disable_devices=\u00a0\u00bboff|off|off\u00a0\u00bb global_colors_info=\u00a0\u00bb{}\u00a0\u00bb da_is_popup=\u00a0\u00bboff\u00a0\u00bb da_exit_intent=\u00a0\u00bboff\u00a0\u00bb da_has_close=\u00a0\u00bbon\u00a0\u00bb da_alt_close=\u00a0\u00bboff\u00a0\u00bb da_dark_close=\u00a0\u00bboff\u00a0\u00bb da_not_modal=\u00a0\u00bbon\u00a0\u00bb da_is_singular=\u00a0\u00bboff\u00a0\u00bb da_with_loader=\u00a0\u00bboff\u00a0\u00bb da_has_shadow=\u00a0\u00bbon\u00a0\u00bb][et_pb_row _builder_version=\u00a0\u00bb4.22.1&Prime; _module_preset=\u00a0\u00bbdefault\u00a0\u00bb width=\u00a0\u00bb100%\u00a0\u00bb max_width=\u00a0\u00bb100%\u00a0\u00bb custom_margin=\u00a0\u00bb0px||0px||true|false\u00a0\u00bb custom_padding=\u00a0\u00bb0px||0px||true|false\u00a0\u00bb global_colors_info=\u00a0\u00bb{}\u00a0\u00bb][et_pb_column type=\u00a0\u00bb4_4&Prime; _builder_version=\u00a0\u00bb4.22.1&Prime; _module_preset=\u00a0\u00bbdefault\u00a0\u00bb global_colors_info=\u00a0\u00bb{}\u00a0\u00bb][et_pb_slider show_pagination=\u00a0\u00bboff\u00a0\u00bb admin_label=\u00a0\u00bbSlider\u00a0\u00bb module_class=\u00a0\u00bbdiaporama-slider\u00a0\u00bb _builder_version=\u00a0\u00bb4.24.2&Prime; _module_preset=\u00a0\u00bbdefault\u00a0\u00bb animation_direction=\u00a0\u00bbleft\u00a0\u00bb custom_css_main_element=\u00a0\u00bbo\u00a0\u00bb global_colors_info=\u00a0\u00bb{}\u00a0\u00bb][et_pb_slide use_bg_overlay=\u00a0\u00bboff\u00a0\u00bb _builder_version=\u00a0\u00bb4.24.2&Prime; _module_preset=\u00a0\u00bbdefault\u00a0\u00bb header_level=\u00a0\u00bbh3&Prime; header_text_align=\u00a0\u00bbcenter\u00a0\u00bb background_image=\u00a0\u00bbhttps:\/\/exhibition.solidarity1980.com\/wp-content\/uploads\/2023\/11\/ECS_T_F_9320.jpg\u00a0\u00bb background_enable_image=\u00a0\u00bbon\u00a0\u00bb text_orientation=\u00a0\u00bbcenter\u00a0\u00bb global_colors_info=\u00a0\u00bb{}\u00a0\u00bb sticky_transition=\u00a0\u00bbon\u00a0\u00bb]<\/p>\n<h6>Chantier naval de Gdansk, ao\u00fbt 1980<\/h6>\n<p>\u00a9 Leszek Biernacki<\/p>\n<p>[\/et_pb_slide][et_pb_slide use_bg_overlay=\u00a0\u00bboff\u00a0\u00bb _builder_version=\u00a0\u00bb4.24.2&Prime; _module_preset=\u00a0\u00bbdefault\u00a0\u00bb header_level=\u00a0\u00bbh3&Prime; header_text_align=\u00a0\u00bbcenter\u00a0\u00bb background_image=\u00a0\u00bbhttps:\/\/exhibition.solidarity1980.com\/wp-content\/uploads\/2023\/11\/1980-sierpien-AHP-SOLI-PH_033_OK.jpg\u00a0\u00bb background_enable_image=\u00a0\u00bbon\u00a0\u00bb text_orientation=\u00a0\u00bbcenter\u00a0\u00bb global_colors_info=\u00a0\u00bb{}\u00a0\u00bb sticky_transition=\u00a0\u00bbon\u00a0\u00bb][\/et_pb_slide][et_pb_slide use_bg_overlay=\u00a0\u00bboff\u00a0\u00bb _builder_version=\u00a0\u00bb4.24.2&Prime; _module_preset=\u00a0\u00bbdefault\u00a0\u00bb header_level=\u00a0\u00bbh3&Prime; header_text_align=\u00a0\u00bbcenter\u00a0\u00bb background_image=\u00a0\u00bbhttps:\/\/exhibition.solidarity1980.com\/wp-content\/uploads\/2023\/11\/1980-sierpien-253.jpg\u00a0\u00bb background_enable_image=\u00a0\u00bbon\u00a0\u00bb text_orientation=\u00a0\u00bbcenter\u00a0\u00bb global_colors_info=\u00a0\u00bb{}\u00a0\u00bb sticky_transition=\u00a0\u00bbon\u00a0\u00bb][\/et_pb_slide][et_pb_slide use_bg_overlay=\u00a0\u00bboff\u00a0\u00bb _builder_version=\u00a0\u00bb4.24.2&Prime; _module_preset=\u00a0\u00bbdefault\u00a0\u00bb header_level=\u00a0\u00bbh3&Prime; header_text_align=\u00a0\u00bbcenter\u00a0\u00bb background_image=\u00a0\u00bbhttps:\/\/exhibition.solidarity1980.com\/wp-content\/uploads\/2023\/11\/1980-sierpien-50.jpg\u00a0\u00bb background_enable_image=\u00a0\u00bbon\u00a0\u00bb text_orientation=\u00a0\u00bbcenter\u00a0\u00bb global_colors_info=\u00a0\u00bb{}\u00a0\u00bb sticky_transition=\u00a0\u00bbon\u00a0\u00bb][\/et_pb_slide][et_pb_slide use_bg_overlay=\u00a0\u00bboff\u00a0\u00bb _builder_version=\u00a0\u00bb4.24.2&Prime; _module_preset=\u00a0\u00bbdefault\u00a0\u00bb header_level=\u00a0\u00bbh3&Prime; header_text_align=\u00a0\u00bbcenter\u00a0\u00bb background_image=\u00a0\u00bbhttps:\/\/exhibition.solidarity1980.com\/wp-content\/uploads\/2023\/11\/IS_1980-sierpien-55a.jpg\u00a0\u00bb background_enable_image=\u00a0\u00bbon\u00a0\u00bb text_orientation=\u00a0\u00bbcenter\u00a0\u00bb global_colors_info=\u00a0\u00bb{}\u00a0\u00bb sticky_transition=\u00a0\u00bbon\u00a0\u00bb][\/et_pb_slide][et_pb_slide use_bg_overlay=\u00a0\u00bboff\u00a0\u00bb _builder_version=\u00a0\u00bb4.23&Prime; _module_preset=\u00a0\u00bbdefault\u00a0\u00bb header_level=\u00a0\u00bbh3&Prime; header_text_align=\u00a0\u00bbcenter\u00a0\u00bb background_image=\u00a0\u00bbhttps:\/\/exhibition.solidarity1980.com\/wp-content\/uploads\/2023\/11\/AHP-SOLI-PH_103_OK-scaled.jpg\u00a0\u00bb background_enable_image=\u00a0\u00bbon\u00a0\u00bb text_orientation=\u00a0\u00bbcenter\u00a0\u00bb global_colors_info=\u00a0\u00bb{}\u00a0\u00bb sticky_transition=\u00a0\u00bbon\u00a0\u00bb]<\/p>\n<h6>Samustio nserates doluptat itatquo quia aut officium re voloris ari des dus eicilit la delest, cusant<\/h6>\n<p>[\/et_pb_slide][et_pb_slide use_bg_overlay=\u00a0\u00bboff\u00a0\u00bb _builder_version=\u00a0\u00bb4.24.2&Prime; _module_preset=\u00a0\u00bbdefault\u00a0\u00bb header_level=\u00a0\u00bbh3&Prime; header_text_align=\u00a0\u00bbcenter\u00a0\u00bb background_image=\u00a0\u00bbhttps:\/\/exhibition.solidarity1980.com\/wp-content\/uploads\/2023\/11\/AHP-SOLI-PH_050_OK.jpg\u00a0\u00bb background_enable_image=\u00a0\u00bbon\u00a0\u00bb text_orientation=\u00a0\u00bbcenter\u00a0\u00bb global_colors_info=\u00a0\u00bb{}\u00a0\u00bb sticky_transition=\u00a0\u00bbon\u00a0\u00bb][\/et_pb_slide][et_pb_slide use_bg_overlay=\u00a0\u00bboff\u00a0\u00bb _builder_version=\u00a0\u00bb4.23&Prime; _module_preset=\u00a0\u00bbdefault\u00a0\u00bb header_level=\u00a0\u00bbh3&Prime; header_text_align=\u00a0\u00bbcenter\u00a0\u00bb background_image=\u00a0\u00bbhttps:\/\/exhibition.solidarity1980.com\/wp-content\/uploads\/2023\/11\/AHP-SOLI-PH_029_OK.jpg\u00a0\u00bb background_enable_image=\u00a0\u00bbon\u00a0\u00bb text_orientation=\u00a0\u00bbcenter\u00a0\u00bb global_colors_info=\u00a0\u00bb{}\u00a0\u00bb sticky_transition=\u00a0\u00bbon\u00a0\u00bb]<\/p>\n<h6>Samustio nserates doluptat itatquo quia aut officium re voloris ari des dus eicilit la delest, cusant<\/h6>\n<p>[\/et_pb_slide][et_pb_slide use_bg_overlay=\u00a0\u00bboff\u00a0\u00bb _builder_version=\u00a0\u00bb4.24.2&Prime; _module_preset=\u00a0\u00bbdefault\u00a0\u00bb header_level=\u00a0\u00bbh3&Prime; header_text_align=\u00a0\u00bbcenter\u00a0\u00bb background_image=\u00a0\u00bbhttps:\/\/exhibition.solidarity1980.com\/wp-content\/uploads\/2023\/11\/1980-sierpien-54.jpg\u00a0\u00bb background_enable_image=\u00a0\u00bbon\u00a0\u00bb text_orientation=\u00a0\u00bbcenter\u00a0\u00bb global_colors_info=\u00a0\u00bb{}\u00a0\u00bb sticky_transition=\u00a0\u00bbon\u00a0\u00bb][\/et_pb_slide][\/et_pb_slider][\/et_pb_column][\/et_pb_row][\/et_pb_section][et_pb_section fb_built=\u00a0\u00bb1&Prime; admin_label=\u00a0\u00bbAnna Walentynowicz Titre espoirs \u00e9t\u00e9 1980&Prime; _builder_version=\u00a0\u00bb4.27.4&Prime; _module_preset=\u00a0\u00bbdefault\u00a0\u00bb background_color=\u00a0\u00bbRGBA(255,255,255,0)\u00a0\u00bb custom_padding=\u00a0\u00bb||0px||false|false\u00a0\u00bb scroll_vertical_motion_enable=\u00a0\u00bbon\u00a0\u00bb scroll_vertical_motion=\u00a0\u00bb0|50|50|100|4|0|0&Prime; scroll_fade_enable=\u00a0\u00bbon\u00a0\u00bb motion_trigger_start=\u00a0\u00bbtop\u00a0\u00bb da_disable_devices=\u00a0\u00bboff|off|off\u00a0\u00bb saved_tabs=\u00a0\u00bball\u00a0\u00bb global_colors_info=\u00a0\u00bb{}\u00a0\u00bb da_is_popup=\u00a0\u00bboff\u00a0\u00bb da_exit_intent=\u00a0\u00bboff\u00a0\u00bb da_has_close=\u00a0\u00bbon\u00a0\u00bb da_alt_close=\u00a0\u00bboff\u00a0\u00bb da_dark_close=\u00a0\u00bboff\u00a0\u00bb da_not_modal=\u00a0\u00bbon\u00a0\u00bb da_is_singular=\u00a0\u00bboff\u00a0\u00bb da_with_loader=\u00a0\u00bboff\u00a0\u00bb da_has_shadow=\u00a0\u00bbon\u00a0\u00bb][et_pb_row admin_label=\u00a0\u00bbRow\u00a0\u00bb _builder_version=\u00a0\u00bb4.22.1&Prime; _module_preset=\u00a0\u00bbdefault\u00a0\u00bb custom_padding=\u00a0\u00bb||0px||false|false\u00a0\u00bb global_colors_info=\u00a0\u00bb{}\u00a0\u00bb][et_pb_column type=\u00a0\u00bb4_4&Prime; _builder_version=\u00a0\u00bb4.22.1&Prime; _module_preset=\u00a0\u00bbdefault\u00a0\u00bb custom_padding=\u00a0\u00bb||0px||false|false\u00a0\u00bb global_colors_info=\u00a0\u00bb{}\u00a0\u00bb][et_pb_text admin_label=\u00a0\u00bbText\u00a0\u00bb _builder_version=\u00a0\u00bb4.25.1&Prime; _module_preset=\u00a0\u00bbdefault\u00a0\u00bb text_orientation=\u00a0\u00bbcenter\u00a0\u00bb background_layout=\u00a0\u00bbdark\u00a0\u00bb sticky_limit_bottom=\u00a0\u00bbsection\u00a0\u00bb global_colors_info=\u00a0\u00bb{}\u00a0\u00bb]<\/p>\n<h2 class=\"small\"><span>Espoirs<\/span><\/h2>\n<h4>L&rsquo;\u00e9t\u00e9 1980<\/h4>\n<p><strong>Tout commence avec Anna Walentynowicz\u2026<\/strong><\/p>\n<p>L\u2019initiative de la gr\u00e8ve est prise par un petit groupe de travailleurs, 30 \u00e0 50 personnes qui, le matin du 14 ao\u00fbt 1980, lancent un appel \u00e0 une gr\u00e8ve de solidarit\u00e9 avec Anna Walentynowicz. Cette ouvri\u00e8re du chantier naval \u2013 elle y travaille depuis trente ans \u2013 a \u00e9t\u00e9 licenci\u00e9e, juste avant sa retraite. C\u2019est une coll\u00e8gue appr\u00e9ci\u00e9e, une femme engag\u00e9e dans la lutte pour la formation de syndicats libres et pour l\u2019\u00e9rection d\u2019un monument comm\u00e9moratif en l\u2019honneur des victimes de la gr\u00e8ve de 1970, gr\u00e8ve qui avait \u00e9clat\u00e9 sur ce m\u00eame chantier naval L\u00e9nine de Gdansk, le 14 d\u00e9cembre 1970, et qui avait embras\u00e9 les villes voisines de la c\u00f4te baltique (Gdynia, Szczecin, Slupsk, Elblag) et avait \u00e9t\u00e9 r\u00e9prim\u00e9e dans le sang par le r\u00e9gime communiste. Le nombre exact des victimes n\u2019\u00e9tait pas connu \u00e0 l\u2019\u00e9poque. De nombreuses familles n\u2019avaient pas retrouv\u00e9 les corps de leurs proches. Depuis lors, un appel avait \u00e9t\u00e9 lanc\u00e9 pour que soit \u00e9rig\u00e9 un monument \u00e0 la m\u00e9moire des victimes de ce massacre.<\/p>\n<p>Anna Walentynowicz est une figure embl\u00e9matique de ces journ\u00e9es d\u2019ao\u00fbt o\u00f9 le chantier naval est en gr\u00e8ve. Elle inspire, elle soutient, elle mobilise tout au long pour continuer la gr\u00e8ve\u2026<\/p>\n<p>[\/et_pb_text][\/et_pb_column][\/et_pb_row][et_pb_row column_structure=\u00a0\u00bb1_3,1_3,1_3&Prime; _builder_version=\u00a0\u00bb4.25.1&Prime; _module_preset=\u00a0\u00bbdefault\u00a0\u00bb width=\u00a0\u00bb90%\u00a0\u00bb max_width=\u00a0\u00bb100%\u00a0\u00bb custom_margin=\u00a0\u00bb0px||||false|false\u00a0\u00bb global_colors_info=\u00a0\u00bb{}\u00a0\u00bb][et_pb_column type=\u00a0\u00bb1_3&Prime; _builder_version=\u00a0\u00bb4.22.1&Prime; _module_preset=\u00a0\u00bbdefault\u00a0\u00bb horizontal_offset=\u00a0\u00bb86px\u00a0\u00bb scroll_vertical_motion_enable=\u00a0\u00bbon\u00a0\u00bb scroll_vertical_motion=\u00a0\u00bb0|50|50|100|2|0|0&Prime; scroll_horizontal_motion_enable=\u00a0\u00bbon\u00a0\u00bb scroll_horizontal_motion=\u00a0\u00bb0|50|50|100|-6|0|0&Prime; scroll_rotating_enable=\u00a0\u00bbon\u00a0\u00bb scroll_rotating=\u00a0\u00bb0|50|50|100|-10\u00b0|0|0&Prime; global_colors_info=\u00a0\u00bb{}\u00a0\u00bb][et_pb_image src=\u00a0\u00bbhttps:\/\/exhibition.solidarity1980.com\/wp-content\/uploads\/2024\/03\/Anna-Walentynowicz.jpg\u00a0\u00bb title_text=\u00a0\u00bbAnna Walentynowicz\u00a0\u00bb _builder_version=\u00a0\u00bb4.25.1&Prime; _module_preset=\u00a0\u00bbdefault\u00a0\u00bb transform_rotate=\u00a0\u00bb0deg|0deg|-10deg\u00a0\u00bb box_shadow_style=\u00a0\u00bbpreset2&Prime; box_shadow_color=\u00a0\u00bbrgba(15,41,43,0.35)\u00a0\u00bb global_colors_info=\u00a0\u00bb{}\u00a0\u00bb][\/et_pb_image][\/et_pb_column][et_pb_column type=\u00a0\u00bb1_3&Prime; _builder_version=\u00a0\u00bb4.25.1&Prime; _module_preset=\u00a0\u00bbdefault\u00a0\u00bb vertical_offset=\u00a0\u00bb60px\u00a0\u00bb z_index=\u00a0\u00bb11&Prime; scroll_vertical_motion_enable=\u00a0\u00bbon\u00a0\u00bb scroll_vertical_motion=\u00a0\u00bb0|50|50|100|4|0|0&Prime; scroll_horizontal_motion_enable=\u00a0\u00bbon\u00a0\u00bb scroll_horizontal_motion=\u00a0\u00bb0|50|50|100|-8|0|0&Prime; scroll_rotating_enable=\u00a0\u00bbon\u00a0\u00bb scroll_rotating=\u00a0\u00bb0|50|50|100|-20\u00b0|0|0&Prime; global_colors_info=\u00a0\u00bb{}\u00a0\u00bb][et_pb_image src=\u00a0\u00bbhttps:\/\/exhibition.solidarity1980.com\/wp-content\/uploads\/2024\/03\/Walentynowicz-BIs80-sierpien-93b.jpg\u00a0\u00bb title_text=\u00a0\u00bbWalentynowicz-BIs80 sierpien &#8211; 93b\u00a0\u00bb _builder_version=\u00a0\u00bb4.25.1&Prime; _module_preset=\u00a0\u00bbdefault\u00a0\u00bb transform_rotate=\u00a0\u00bb0deg|0deg|10deg\u00a0\u00bb z_index=\u00a0\u00bb0&Prime; box_shadow_style=\u00a0\u00bbpreset2&Prime; box_shadow_color=\u00a0\u00bbrgba(15,41,43,0.35)\u00a0\u00bb global_colors_info=\u00a0\u00bb{}\u00a0\u00bb][\/et_pb_image][\/et_pb_column][et_pb_column type=\u00a0\u00bb1_3&Prime; _builder_version=\u00a0\u00bb4.22.1&Prime; _module_preset=\u00a0\u00bbdefault\u00a0\u00bb vertical_offset=\u00a0\u00bb-30px\u00a0\u00bb horizontal_offset=\u00a0\u00bb-110px\u00a0\u00bb horizontal_offset_tablet=\u00a0\u00bb0px\u00a0\u00bb horizontal_offset_phone=\u00a0\u00bb-110px\u00a0\u00bb horizontal_offset_last_edited=\u00a0\u00bbon|tablet\u00a0\u00bb scroll_vertical_motion_enable=\u00a0\u00bbon\u00a0\u00bb scroll_vertical_motion=\u00a0\u00bb0|50|50|100|4|0|0&Prime; scroll_horizontal_motion_enable=\u00a0\u00bbon\u00a0\u00bb scroll_horizontal_motion=\u00a0\u00bb0|50|50|100|4|0|0&Prime; scroll_rotating_enable=\u00a0\u00bbon\u00a0\u00bb scroll_rotating=\u00a0\u00bb0|50|50|100|30\u00b0|0|0&Prime; global_colors_info=\u00a0\u00bb{}\u00a0\u00bb][et_pb_image src=\u00a0\u00bbhttps:\/\/exhibition.solidarity1980.com\/wp-content\/uploads\/2024\/12\/IS_1980-19-X-Krakow-Nowa-Huta-35b2.jpg\u00a0\u00bb title_text=\u00a0\u00bbIS_1980 &#8211; 19-X &#8211; Krakow Nowa Huta &#8211; 35b2&Prime; _builder_version=\u00a0\u00bb4.25.1&Prime; _module_preset=\u00a0\u00bbdefault\u00a0\u00bb transform_rotate=\u00a0\u00bb0deg|0deg|-9deg\u00a0\u00bb box_shadow_style=\u00a0\u00bbpreset2&Prime; box_shadow_color=\u00a0\u00bbrgba(15,41,43,0.35)\u00a0\u00bb global_colors_info=\u00a0\u00bb{}\u00a0\u00bb][\/et_pb_image][\/et_pb_column][\/et_pb_row][\/et_pb_section][et_pb_section fb_built=\u00a0\u00bb1&Prime; admin_label=\u00a0\u00bbTitre espoirs \u00e9t\u00e9 1980&Prime; _builder_version=\u00a0\u00bb4.25.1&Prime; _module_preset=\u00a0\u00bbdefault\u00a0\u00bb background_color=\u00a0\u00bbRGBA(255,255,255,0)\u00a0\u00bb custom_padding=\u00a0\u00bb||0px||false|false\u00a0\u00bb scroll_vertical_motion_enable=\u00a0\u00bbon\u00a0\u00bb scroll_vertical_motion=\u00a0\u00bb0|50|50|100|4|0|0&Prime; scroll_fade_enable=\u00a0\u00bbon\u00a0\u00bb motion_trigger_start=\u00a0\u00bbtop\u00a0\u00bb da_disable_devices=\u00a0\u00bboff|off|off\u00a0\u00bb saved_tabs=\u00a0\u00bball\u00a0\u00bb global_colors_info=\u00a0\u00bb{}\u00a0\u00bb da_is_popup=\u00a0\u00bboff\u00a0\u00bb da_exit_intent=\u00a0\u00bboff\u00a0\u00bb da_has_close=\u00a0\u00bbon\u00a0\u00bb da_alt_close=\u00a0\u00bboff\u00a0\u00bb da_dark_close=\u00a0\u00bboff\u00a0\u00bb da_not_modal=\u00a0\u00bbon\u00a0\u00bb da_is_singular=\u00a0\u00bboff\u00a0\u00bb da_with_loader=\u00a0\u00bboff\u00a0\u00bb da_has_shadow=\u00a0\u00bbon\u00a0\u00bb][et_pb_row admin_label=\u00a0\u00bbRow\u00a0\u00bb _builder_version=\u00a0\u00bb4.22.1&Prime; _module_preset=\u00a0\u00bbdefault\u00a0\u00bb custom_padding=\u00a0\u00bb||0px||false|false\u00a0\u00bb global_colors_info=\u00a0\u00bb{}\u00a0\u00bb][et_pb_column type=\u00a0\u00bb4_4&Prime; _builder_version=\u00a0\u00bb4.22.1&Prime; _module_preset=\u00a0\u00bbdefault\u00a0\u00bb custom_padding=\u00a0\u00bb||0px||false|false\u00a0\u00bb global_colors_info=\u00a0\u00bb{}\u00a0\u00bb][et_pb_text admin_label=\u00a0\u00bbText\u00a0\u00bb _builder_version=\u00a0\u00bb4.27.4&Prime; _module_preset=\u00a0\u00bbdefault\u00a0\u00bb text_orientation=\u00a0\u00bbcenter\u00a0\u00bb background_layout=\u00a0\u00bbdark\u00a0\u00bb sticky_limit_bottom=\u00a0\u00bbsection\u00a0\u00bb global_colors_info=\u00a0\u00bb{}\u00a0\u00bb]<\/p>\n<h6>\u00ab\u00a0Nous renaissions en tant que peuple. Nous ressentions de l\u2019espoir, l\u2019espoir d\u2019\u00eatre dignes, d\u2019\u00eatre chez nous, d\u2019\u00eatre un h\u00f4te&#8230;. On dit que les gens, une fois qu\u2019ils ont referm\u00e9 la porte de leur maison, retrouvent leur intimit\u00e9 : le contact avec leur femme, leurs enfants, leurs livres. Beaucoup de gens veulent se retrouver, en utilisant la porte de leur maison pour former une s\u00e9paration avec la sph\u00e8re professionnelle, et ce qui est merveilleux dans cette gr\u00e8ve, c\u2019est que la sph\u00e8re professionnelle a acquis de la dignit\u00e9, de la noblesse et de la sublimit\u00e9, et qu\u2019elle \u00e9tait telle que &#8230;. il n\u2019est venu \u00e0 l\u2019id\u00e9e de personne de claquer la porte et de partir.\u00a0\u00bb<\/h6>\n<p>[\/et_pb_text][et_pb_blurb use_icon=\u00a0\u00bbon\u00a0\u00bb font_icon=\u00a0\u00bb&#x50;||divi||400&Prime; icon_color=\u00a0\u00bb#FBFFEE\u00a0\u00bb content_max_width=\u00a0\u00bb100%\u00a0\u00bb admin_label=\u00a0\u00bbBouton +\u00a0\u00bb _builder_version=\u00a0\u00bb4.24.2&Prime; _module_preset=\u00a0\u00bbdefault\u00a0\u00bb background_color=\u00a0\u00bbRGBA(255,255,255,0)\u00a0\u00bb custom_margin=\u00a0\u00bb0px|30px|100px|30px|false|true\u00a0\u00bb custom_margin_tablet=\u00a0\u00bb||50px||false|true\u00a0\u00bb custom_margin_phone=\u00a0\u00bb|15px||15px|false|true\u00a0\u00bb custom_margin_last_edited=\u00a0\u00bbon|phone\u00a0\u00bb global_colors_info=\u00a0\u00bb{}\u00a0\u00bb]<\/p>\n<div class=\"page\" title=\"Page 8\">\n<div class=\"section\">\n<div class=\"layoutArea\">\n<div class=\"column\">\n<p>Tadeusz Knade, <em>Kto tu wpusci\u0142 dziennikarzy?, Qui a laiss\u00e9 entrer les journalistes\u00a0 ici ?,<\/em> p. 246.<\/p>\n<\/div>\n<\/div>\n<\/div>\n<\/div>\n<p>[\/et_pb_blurb][\/et_pb_column][\/et_pb_row][\/et_pb_section][et_pb_section fb_built=\u00a0\u00bb1&Prime; admin_label=\u00a0\u00bbChantier naval Documents \u00e9t\u00e9 de gr\u00e8ves\u00a0\u00bb _builder_version=\u00a0\u00bb4.25.1&Prime; _module_preset=\u00a0\u00bbdefault\u00a0\u00bb background_color=\u00a0\u00bbRGBA(255,255,255,0)\u00a0\u00bb custom_margin=\u00a0\u00bb0px||0px||true|false\u00a0\u00bb custom_padding=\u00a0\u00bb0px||0px||true|false\u00a0\u00bb custom_css_main_element=\u00a0\u00bbmin-height: 50vh;||display: flex;\u00a0\u00bb da_disable_devices=\u00a0\u00bboff|off|off\u00a0\u00bb global_colors_info=\u00a0\u00bb{}\u00a0\u00bb da_is_popup=\u00a0\u00bboff\u00a0\u00bb da_exit_intent=\u00a0\u00bboff\u00a0\u00bb da_has_close=\u00a0\u00bbon\u00a0\u00bb da_alt_close=\u00a0\u00bboff\u00a0\u00bb da_dark_close=\u00a0\u00bboff\u00a0\u00bb da_not_modal=\u00a0\u00bbon\u00a0\u00bb da_is_singular=\u00a0\u00bboff\u00a0\u00bb da_with_loader=\u00a0\u00bboff\u00a0\u00bb da_has_shadow=\u00a0\u00bbon\u00a0\u00bb][et_pb_row column_structure=\u00a0\u00bb1_3,1_3,1_3&Prime; _builder_version=\u00a0\u00bb4.23.1&Prime; _module_preset=\u00a0\u00bbdefault\u00a0\u00bb width=\u00a0\u00bb90%\u00a0\u00bb max_width=\u00a0\u00bb100%\u00a0\u00bb global_colors_info=\u00a0\u00bb{}\u00a0\u00bb][et_pb_column type=\u00a0\u00bb1_3&Prime; _builder_version=\u00a0\u00bb4.22.1&Prime; _module_preset=\u00a0\u00bbdefault\u00a0\u00bb horizontal_offset=\u00a0\u00bb86px\u00a0\u00bb scroll_vertical_motion_enable=\u00a0\u00bbon\u00a0\u00bb scroll_vertical_motion=\u00a0\u00bb0|50|50|100|2|0|0&Prime; scroll_horizontal_motion_enable=\u00a0\u00bbon\u00a0\u00bb scroll_horizontal_motion=\u00a0\u00bb0|50|50|100|-6|0|0&Prime; scroll_rotating_enable=\u00a0\u00bbon\u00a0\u00bb scroll_rotating=\u00a0\u00bb0|50|50|100|-10\u00b0|0|0&Prime; global_colors_info=\u00a0\u00bb{}\u00a0\u00bb][et_pb_image src=\u00a0\u00bbhttps:\/\/exhibition.solidarity1980.com\/wp-content\/uploads\/2023\/11\/1.-AHP-SOLI-PH_029_OK.jpg\u00a0\u00bb title_text=\u00a0\u00bb1. AHP-SOLI-PH_029_OK\u00a0\u00bb _builder_version=\u00a0\u00bb4.23&Prime; _module_preset=\u00a0\u00bbdefault\u00a0\u00bb transform_rotate=\u00a0\u00bb0deg|0deg|-10deg\u00a0\u00bb box_shadow_style=\u00a0\u00bbpreset2&Prime; box_shadow_color=\u00a0\u00bbrgba(15,41,43,0.35)\u00a0\u00bb global_colors_info=\u00a0\u00bb{}\u00a0\u00bb][\/et_pb_image][\/et_pb_column][et_pb_column type=\u00a0\u00bb1_3&Prime; _builder_version=\u00a0\u00bb4.22.1&Prime; _module_preset=\u00a0\u00bbdefault\u00a0\u00bb vertical_offset=\u00a0\u00bb60px\u00a0\u00bb z_index=\u00a0\u00bb11&Prime; scroll_vertical_motion_enable=\u00a0\u00bbon\u00a0\u00bb scroll_vertical_motion=\u00a0\u00bb0|50|50|100|4|0|0&Prime; scroll_horizontal_motion_enable=\u00a0\u00bbon\u00a0\u00bb scroll_horizontal_motion=\u00a0\u00bb0|50|50|100|-8|0|0&Prime; scroll_rotating_enable=\u00a0\u00bbon\u00a0\u00bb scroll_rotating=\u00a0\u00bb0|50|50|100|-20\u00b0|0|0&Prime; global_colors_info=\u00a0\u00bb{}\u00a0\u00bb][et_pb_image src=\u00a0\u00bbhttps:\/\/exhibition.solidarity1980.com\/wp-content\/uploads\/2023\/11\/2-1980-sierpien-AHP-SOLI-PH_033_OK-1.jpg\u00a0\u00bb title_text=\u00a0\u00bb2- 1980 sierpien AHP-SOLI-PH_033_OK\u00a0\u00bb _builder_version=\u00a0\u00bb4.23&Prime; _module_preset=\u00a0\u00bbdefault\u00a0\u00bb transform_rotate=\u00a0\u00bb0deg|0deg|10deg\u00a0\u00bb z_index=\u00a0\u00bb0&Prime; box_shadow_style=\u00a0\u00bbpreset2&Prime; box_shadow_color=\u00a0\u00bbrgba(15,41,43,0.35)\u00a0\u00bb global_colors_info=\u00a0\u00bb{}\u00a0\u00bb][\/et_pb_image][\/et_pb_column][et_pb_column type=\u00a0\u00bb1_3&Prime; _builder_version=\u00a0\u00bb4.22.1&Prime; _module_preset=\u00a0\u00bbdefault\u00a0\u00bb vertical_offset=\u00a0\u00bb-30px\u00a0\u00bb horizontal_offset=\u00a0\u00bb-110px\u00a0\u00bb horizontal_offset_tablet=\u00a0\u00bb0px\u00a0\u00bb horizontal_offset_phone=\u00a0\u00bb-110px\u00a0\u00bb horizontal_offset_last_edited=\u00a0\u00bbon|tablet\u00a0\u00bb scroll_vertical_motion_enable=\u00a0\u00bbon\u00a0\u00bb scroll_vertical_motion=\u00a0\u00bb0|50|50|100|4|0|0&Prime; scroll_horizontal_motion_enable=\u00a0\u00bbon\u00a0\u00bb scroll_horizontal_motion=\u00a0\u00bb0|50|50|100|4|0|0&Prime; scroll_rotating_enable=\u00a0\u00bbon\u00a0\u00bb scroll_rotating=\u00a0\u00bb0|50|50|100|30\u00b0|0|0&Prime; global_colors_info=\u00a0\u00bb{}\u00a0\u00bb][et_pb_image src=\u00a0\u00bbhttps:\/\/exhibition.solidarity1980.com\/wp-content\/uploads\/2023\/11\/3-1980-sierpien-134.jpg\u00a0\u00bb title_text=\u00a0\u00bb3- 1980 sierpien &#8211; 134&Prime; _builder_version=\u00a0\u00bb4.25.1&Prime; _module_preset=\u00a0\u00bbdefault\u00a0\u00bb transform_rotate=\u00a0\u00bb0deg|0deg|-9deg\u00a0\u00bb box_shadow_style=\u00a0\u00bbpreset2&Prime; box_shadow_color=\u00a0\u00bbrgba(15,41,43,0.35)\u00a0\u00bb global_colors_info=\u00a0\u00bb{}\u00a0\u00bb][\/et_pb_image][\/et_pb_column][\/et_pb_row][\/et_pb_section][et_pb_section fb_built=\u00a0\u00bb1&Prime; admin_label=\u00a0\u00bbChantier naval images\u00a0\u00bb _builder_version=\u00a0\u00bb4.25.1&Prime; _module_preset=\u00a0\u00bbdefault\u00a0\u00bb background_color=\u00a0\u00bbRGBA(255,255,255,0)\u00a0\u00bb custom_margin=\u00a0\u00bb0px||0px||true|false\u00a0\u00bb custom_padding=\u00a0\u00bb0px||0px||true|false\u00a0\u00bb custom_css_main_element=\u00a0\u00bbmin-height: 50vh;||display: flex;\u00a0\u00bb da_disable_devices=\u00a0\u00bboff|off|off\u00a0\u00bb global_colors_info=\u00a0\u00bb{}\u00a0\u00bb da_is_popup=\u00a0\u00bboff\u00a0\u00bb da_exit_intent=\u00a0\u00bboff\u00a0\u00bb da_has_close=\u00a0\u00bbon\u00a0\u00bb da_alt_close=\u00a0\u00bboff\u00a0\u00bb da_dark_close=\u00a0\u00bboff\u00a0\u00bb da_not_modal=\u00a0\u00bbon\u00a0\u00bb da_is_singular=\u00a0\u00bboff\u00a0\u00bb da_with_loader=\u00a0\u00bboff\u00a0\u00bb da_has_shadow=\u00a0\u00bbon\u00a0\u00bb][et_pb_row column_structure=\u00a0\u00bb1_3,1_3,1_3&Prime; admin_label=\u00a0\u00bbRow\u00a0\u00bb _builder_version=\u00a0\u00bb4.25.1&Prime; _module_preset=\u00a0\u00bbdefault\u00a0\u00bb width=\u00a0\u00bb90%\u00a0\u00bb max_width=\u00a0\u00bb100%\u00a0\u00bb custom_margin=\u00a0\u00bb||||true|false\u00a0\u00bb custom_padding=\u00a0\u00bb||||true|false\u00a0\u00bb global_colors_info=\u00a0\u00bb{}\u00a0\u00bb][et_pb_column type=\u00a0\u00bb1_3&Prime; _builder_version=\u00a0\u00bb4.22.1&Prime; _module_preset=\u00a0\u00bbdefault\u00a0\u00bb horizontal_offset=\u00a0\u00bb86px\u00a0\u00bb scroll_vertical_motion_enable=\u00a0\u00bbon\u00a0\u00bb scroll_vertical_motion=\u00a0\u00bb0|50|50|100|2|0|0&Prime; scroll_horizontal_motion_enable=\u00a0\u00bbon\u00a0\u00bb scroll_horizontal_motion=\u00a0\u00bb0|50|50|100|-6|0|0&Prime; scroll_rotating_enable=\u00a0\u00bbon\u00a0\u00bb scroll_rotating=\u00a0\u00bb0|50|50|100|-10\u00b0|0|0&Prime; global_colors_info=\u00a0\u00bb{}\u00a0\u00bb][et_pb_image src=\u00a0\u00bbhttps:\/\/exhibition.solidarity1980.com\/wp-content\/uploads\/2024\/12\/1980-sierpien-108.jpg\u00a0\u00bb title_text=\u00a0\u00bb1980 sierpien &#8211; 108&Prime; _builder_version=\u00a0\u00bb4.25.1&Prime; _module_preset=\u00a0\u00bbdefault\u00a0\u00bb transform_rotate=\u00a0\u00bb0deg|0deg|-10deg\u00a0\u00bb box_shadow_style=\u00a0\u00bbpreset2&Prime; box_shadow_color=\u00a0\u00bbrgba(15,41,43,0.35)\u00a0\u00bb global_colors_info=\u00a0\u00bb{}\u00a0\u00bb][\/et_pb_image][\/et_pb_column][et_pb_column type=\u00a0\u00bb1_3&Prime; _builder_version=\u00a0\u00bb4.22.1&Prime; _module_preset=\u00a0\u00bbdefault\u00a0\u00bb vertical_offset=\u00a0\u00bb60px\u00a0\u00bb z_index=\u00a0\u00bb11&Prime; scroll_vertical_motion_enable=\u00a0\u00bbon\u00a0\u00bb scroll_vertical_motion=\u00a0\u00bb0|50|50|100|4|0|0&Prime; scroll_horizontal_motion_enable=\u00a0\u00bbon\u00a0\u00bb scroll_horizontal_motion=\u00a0\u00bb0|50|50|100|-8|0|0&Prime; scroll_rotating_enable=\u00a0\u00bbon\u00a0\u00bb scroll_rotating=\u00a0\u00bb0|50|50|100|-20\u00b0|0|0&Prime; global_colors_info=\u00a0\u00bb{}\u00a0\u00bb][et_pb_image src=\u00a0\u00bbhttps:\/\/exhibition.solidarity1980.com\/wp-content\/uploads\/2024\/12\/1980-sierpien-119.jpg\u00a0\u00bb title_text=\u00a0\u00bb1980 sierpien &#8211; 119&Prime; _builder_version=\u00a0\u00bb4.25.1&Prime; _module_preset=\u00a0\u00bbdefault\u00a0\u00bb transform_rotate=\u00a0\u00bb0deg|0deg|10deg\u00a0\u00bb z_index=\u00a0\u00bb0&Prime; box_shadow_style=\u00a0\u00bbpreset2&Prime; box_shadow_color=\u00a0\u00bbrgba(15,41,43,0.35)\u00a0\u00bb global_colors_info=\u00a0\u00bb{}\u00a0\u00bb][\/et_pb_image][\/et_pb_column][et_pb_column type=\u00a0\u00bb1_3&Prime; _builder_version=\u00a0\u00bb4.22.1&Prime; _module_preset=\u00a0\u00bbdefault\u00a0\u00bb vertical_offset=\u00a0\u00bb-30px\u00a0\u00bb horizontal_offset=\u00a0\u00bb-110px\u00a0\u00bb horizontal_offset_tablet=\u00a0\u00bb0px\u00a0\u00bb horizontal_offset_phone=\u00a0\u00bb-110px\u00a0\u00bb horizontal_offset_last_edited=\u00a0\u00bbon|tablet\u00a0\u00bb scroll_vertical_motion_enable=\u00a0\u00bbon\u00a0\u00bb scroll_vertical_motion=\u00a0\u00bb0|50|50|100|4|0|0&Prime; scroll_horizontal_motion_enable=\u00a0\u00bbon\u00a0\u00bb scroll_horizontal_motion=\u00a0\u00bb0|50|50|100|4|0|0&Prime; scroll_rotating_enable=\u00a0\u00bbon\u00a0\u00bb scroll_rotating=\u00a0\u00bb0|50|50|100|30\u00b0|0|0&Prime; global_colors_info=\u00a0\u00bb{}\u00a0\u00bb][et_pb_image src=\u00a0\u00bbhttps:\/\/exhibition.solidarity1980.com\/wp-content\/uploads\/2024\/12\/IS_1980-Magdalaena-Modzelewska-i-Hall-copy.jpg\u00a0\u00bb title_text=\u00a0\u00bbIS_1980 Magdalaena Modzelewska i Hall copy\u00a0\u00bb _builder_version=\u00a0\u00bb4.25.1&Prime; _module_preset=\u00a0\u00bbdefault\u00a0\u00bb transform_rotate=\u00a0\u00bb0deg|0deg|-9deg\u00a0\u00bb box_shadow_style=\u00a0\u00bbpreset2&Prime; box_shadow_color=\u00a0\u00bbrgba(15,41,43,0.35)\u00a0\u00bb global_colors_info=\u00a0\u00bb{}\u00a0\u00bb][\/et_pb_image][\/et_pb_column][\/et_pb_row][\/et_pb_section][et_pb_section fb_built=\u00a0\u00bb1&Prime; admin_label=\u00a0\u00bbcampagnes de soutien\u00a0\u00bb _builder_version=\u00a0\u00bb4.24.2&Prime; _module_preset=\u00a0\u00bbdefault\u00a0\u00bb background_color=\u00a0\u00bbRGBA(255,255,255,0)\u00a0\u00bb custom_margin=\u00a0\u00bb-241px|||||\u00a0\u00bb custom_css_main_element=\u00a0\u00bbmin-height: 50vh;||display: flex;\t\u00a0\u00bb da_disable_devices=\u00a0\u00bboff|off|off\u00a0\u00bb global_colors_info=\u00a0\u00bb{}\u00a0\u00bb da_is_popup=\u00a0\u00bboff\u00a0\u00bb da_exit_intent=\u00a0\u00bboff\u00a0\u00bb da_has_close=\u00a0\u00bbon\u00a0\u00bb da_alt_close=\u00a0\u00bboff\u00a0\u00bb da_dark_close=\u00a0\u00bboff\u00a0\u00bb da_not_modal=\u00a0\u00bbon\u00a0\u00bb da_is_singular=\u00a0\u00bboff\u00a0\u00bb da_with_loader=\u00a0\u00bboff\u00a0\u00bb da_has_shadow=\u00a0\u00bbon\u00a0\u00bb][et_pb_row column_structure=\u00a0\u00bb1_3,1_3,1_3&Prime; _builder_version=\u00a0\u00bb4.23&Prime; _module_preset=\u00a0\u00bbdefault\u00a0\u00bb width=\u00a0\u00bb90%\u00a0\u00bb max_width=\u00a0\u00bb100%\u00a0\u00bb min_height=\u00a0\u00bb524.1px\u00a0\u00bb global_colors_info=\u00a0\u00bb{}\u00a0\u00bb][et_pb_column type=\u00a0\u00bb1_3&Prime; _builder_version=\u00a0\u00bb4.22.1&Prime; _module_preset=\u00a0\u00bbdefault\u00a0\u00bb horizontal_offset=\u00a0\u00bb86px\u00a0\u00bb scroll_vertical_motion_enable=\u00a0\u00bbon\u00a0\u00bb scroll_vertical_motion=\u00a0\u00bb0|50|50|100|2|0|0&Prime; scroll_horizontal_motion_enable=\u00a0\u00bbon\u00a0\u00bb scroll_horizontal_motion=\u00a0\u00bb0|50|50|100|-6|0|0&Prime; scroll_rotating_enable=\u00a0\u00bbon\u00a0\u00bb scroll_rotating=\u00a0\u00bb0|50|50|100|-10\u00b0|0|0&Prime; global_colors_info=\u00a0\u00bb{}\u00a0\u00bb][et_pb_image src=\u00a0\u00bbhttps:\/\/exhibition.solidarity1980.com\/wp-content\/uploads\/2024\/12\/Magdalena-Modzelewska-avec-micro-IS_1980-sierpien-74.jpg\u00a0\u00bb title_text=\u00a0\u00bbMagdalena Modzelewska avec micro IS_1980 sierpien &#8211; 74&Prime; _builder_version=\u00a0\u00bb4.25.1&Prime; _module_preset=\u00a0\u00bbdefault\u00a0\u00bb transform_rotate=\u00a0\u00bb0deg|0deg|-10deg\u00a0\u00bb box_shadow_style=\u00a0\u00bbpreset2&Prime; box_shadow_color=\u00a0\u00bbrgba(15,41,43,0.35)\u00a0\u00bb global_colors_info=\u00a0\u00bb{}\u00a0\u00bb][\/et_pb_image][\/et_pb_column][et_pb_column type=\u00a0\u00bb1_3&Prime; _builder_version=\u00a0\u00bb4.24.2&Prime; _module_preset=\u00a0\u00bbdefault\u00a0\u00bb global_colors_info=\u00a0\u00bb{}\u00a0\u00bb][\/et_pb_column][et_pb_column type=\u00a0\u00bb1_3&Prime; _builder_version=\u00a0\u00bb4.22.1&Prime; _module_preset=\u00a0\u00bbdefault\u00a0\u00bb vertical_offset=\u00a0\u00bb60px\u00a0\u00bb z_index=\u00a0\u00bb11&Prime; scroll_vertical_motion_enable=\u00a0\u00bbon\u00a0\u00bb scroll_vertical_motion=\u00a0\u00bb0|50|50|100|4|0|0&Prime; scroll_horizontal_motion_enable=\u00a0\u00bbon\u00a0\u00bb scroll_horizontal_motion=\u00a0\u00bb0|50|50|100|-8|0|0&Prime; scroll_rotating_enable=\u00a0\u00bbon\u00a0\u00bb scroll_rotating=\u00a0\u00bb0|50|50|100|-20\u00b0|0|0&Prime; global_colors_info=\u00a0\u00bb{}\u00a0\u00bb][et_pb_image src=\u00a0\u00bbhttps:\/\/exhibition.solidarity1980.com\/wp-content\/uploads\/2024\/12\/OK_70-001.jpg\u00a0\u00bb title_text=\u00a0\u00bbOK_70-001&Prime; _builder_version=\u00a0\u00bb4.25.1&Prime; _module_preset=\u00a0\u00bbdefault\u00a0\u00bb transform_rotate=\u00a0\u00bb0deg|0deg|10deg\u00a0\u00bb z_index=\u00a0\u00bb0&Prime; box_shadow_style=\u00a0\u00bbpreset2&Prime; box_shadow_color=\u00a0\u00bbrgba(15,41,43,0.35)\u00a0\u00bb global_colors_info=\u00a0\u00bb{}\u00a0\u00bb][\/et_pb_image][\/et_pb_column][\/et_pb_row][et_pb_row _builder_version=\u00a0\u00bb4.24.2&Prime; _module_preset=\u00a0\u00bbdefault\u00a0\u00bb global_colors_info=\u00a0\u00bb{}\u00a0\u00bb][et_pb_column type=\u00a0\u00bb4_4&Prime; _builder_version=\u00a0\u00bb4.24.2&Prime; _module_preset=\u00a0\u00bbdefault\u00a0\u00bb global_colors_info=\u00a0\u00bb{}\u00a0\u00bb][et_pb_text _builder_version=\u00a0\u00bb4.25.1&Prime; _module_preset=\u00a0\u00bbdefault\u00a0\u00bb global_colors_info=\u00a0\u00bb{}\u00a0\u00bb]<\/p>\n<p>Symboles nationaux, symboles religieux, si omnipr\u00e9sents lors des gr\u00e8ves du mois d&rsquo;ao\u00fbt. \u00c0 Gda\u0144sk, et dans d&rsquo;autres villes. Pour donner forme \u00e0 la communaut\u00e9 cr\u00e9\u00e9e, ils utilisent des cat\u00e9gories historiques.<\/p>\n<p>[\/et_pb_text][\/et_pb_column][\/et_pb_row][\/et_pb_section][et_pb_section fb_built=\u00a0\u00bb1&Prime; admin_label=\u00a0\u00bbTexte manifestations\u00a0\u00bb _builder_version=\u00a0\u00bb4.22.1&Prime; _module_preset=\u00a0\u00bbdefault\u00a0\u00bb background_color=\u00a0\u00bbRGBA(255,255,255,0)\u00a0\u00bb min_height=\u00a0\u00bb100vh\u00a0\u00bb scroll_vertical_motion_enable=\u00a0\u00bbon\u00a0\u00bb custom_css_main_element=\u00a0\u00bbdisplay: flex;\u00a0\u00bb da_disable_devices=\u00a0\u00bboff|off|off\u00a0\u00bb global_colors_info=\u00a0\u00bb{}\u00a0\u00bb da_is_popup=\u00a0\u00bboff\u00a0\u00bb da_exit_intent=\u00a0\u00bboff\u00a0\u00bb da_has_close=\u00a0\u00bbon\u00a0\u00bb da_alt_close=\u00a0\u00bboff\u00a0\u00bb da_dark_close=\u00a0\u00bboff\u00a0\u00bb da_not_modal=\u00a0\u00bbon\u00a0\u00bb da_is_singular=\u00a0\u00bboff\u00a0\u00bb da_with_loader=\u00a0\u00bboff\u00a0\u00bb da_has_shadow=\u00a0\u00bbon\u00a0\u00bb][et_pb_row _builder_version=\u00a0\u00bb4.22.1&Prime; _module_preset=\u00a0\u00bbdefault\u00a0\u00bb max_width=\u00a0\u00bb800px\u00a0\u00bb global_colors_info=\u00a0\u00bb{}\u00a0\u00bb][et_pb_column type=\u00a0\u00bb4_4&Prime; _builder_version=\u00a0\u00bb4.22.1&Prime; _module_preset=\u00a0\u00bbdefault\u00a0\u00bb global_colors_info=\u00a0\u00bb{}\u00a0\u00bb][et_pb_text _builder_version=\u00a0\u00bb4.25.1&Prime; _module_preset=\u00a0\u00bbdefault\u00a0\u00bb text_font=\u00a0\u00bb|600|||||||\u00a0\u00bb text_text_color=\u00a0\u00bb#ffffff\u00a0\u00bb text_orientation=\u00a0\u00bbcenter\u00a0\u00bb background_layout=\u00a0\u00bbdark\u00a0\u00bb global_colors_info=\u00a0\u00bb{}\u00a0\u00bb]<\/p>\n<p>C\u2019est gr\u00e2ce \u00e0 des journalistes du monde entier, repr\u00e9sentant les plus grandes agences de presse, les radios et les t\u00e9l\u00e9visions du monde, que les soci\u00e9t\u00e9s occidentales ont d\u00e9couvert les ouvriers polonais en gr\u00e8ve au chantier naval de Gdansk. Et \u00e0 travers eux, elles ont commenc\u00e9 \u00e0 d\u00e9couvrir le monde vivant derri\u00e8re le rideau de fer.\u00a0<\/p>\n<p><span>\u00a0<\/span><\/p>\n<p>[\/et_pb_text][\/et_pb_column][\/et_pb_row][\/et_pb_section][et_pb_section fb_built=\u00a0\u00bb1&Prime; admin_label=\u00a0\u00bbM\u00e9soniat Balestra-entretien 2 colonnes\u00a0\u00bb module_class=\u00a0\u00bbnoise entretien-2-cols\u00a0\u00bb _builder_version=\u00a0\u00bb4.25.1&Prime; _module_preset=\u00a0\u00bbdefault\u00a0\u00bb background_color=\u00a0\u00bb#255E64&Prime; z_index=\u00a0\u00bb4&Prime; custom_padding=\u00a0\u00bb0px||0px||false|false\u00a0\u00bb da_disable_devices=\u00a0\u00bboff|off|off\u00a0\u00bb global_colors_info=\u00a0\u00bb{}\u00a0\u00bb da_is_popup=\u00a0\u00bboff\u00a0\u00bb da_exit_intent=\u00a0\u00bboff\u00a0\u00bb da_has_close=\u00a0\u00bbon\u00a0\u00bb da_alt_close=\u00a0\u00bboff\u00a0\u00bb da_dark_close=\u00a0\u00bboff\u00a0\u00bb da_not_modal=\u00a0\u00bbon\u00a0\u00bb da_is_singular=\u00a0\u00bboff\u00a0\u00bb da_with_loader=\u00a0\u00bboff\u00a0\u00bb da_has_shadow=\u00a0\u00bbon\u00a0\u00bb][et_pb_row column_structure=\u00a0\u00bb1_2,1_2&Prime; make_equal=\u00a0\u00bbon\u00a0\u00bb _builder_version=\u00a0\u00bb4.23.1&Prime; _module_preset=\u00a0\u00bbdefault\u00a0\u00bb width=\u00a0\u00bb100%\u00a0\u00bb max_width=\u00a0\u00bb100%\u00a0\u00bb custom_padding=\u00a0\u00bb0px||0px||false|false\u00a0\u00bb global_colors_info=\u00a0\u00bb{}\u00a0\u00bb][et_pb_column type=\u00a0\u00bb1_2&Prime; admin_label=\u00a0\u00bbColumn BgImg\u00a0\u00bb _builder_version=\u00a0\u00bb4.23.1&Prime; _module_preset=\u00a0\u00bbdefault\u00a0\u00bb background_image=\u00a0\u00bbhttps:\/\/exhibition.solidarity1980.com\/wp-content\/uploads\/2023\/12\/IS_1980-sierpien-69.jpg\u00a0\u00bb positioning=\u00a0\u00bbnone\u00a0\u00bb hover_transition_duration=\u00a0\u00bb250ms\u00a0\u00bb hover_transition_speed_curve=\u00a0\u00bbease-in\u00a0\u00bb sticky_position=\u00a0\u00bbtop\u00a0\u00bb sticky_limit_top=\u00a0\u00bbrow\u00a0\u00bb sticky_limit_bottom=\u00a0\u00bbsection\u00a0\u00bb custom_css_main_element=\u00a0\u00bbmargin-right: 0 !important;||width: 50% !important;||max-height: 100vh;\u00a0\u00bb global_colors_info=\u00a0\u00bb{}\u00a0\u00bb custom_css_main_element_last_edited=\u00a0\u00bbon|desktop\u00a0\u00bb custom_css_main_element_tablet=\u00a0\u00bbmin-height: 300px !important;||display: block !important;||position: relative !important;\u00a0\u00bb custom_css_main_element_phone=\u00a0\u00bbmin-height: 250px !important;||display: block !important;\u00a0\u00bb custom_css_main_element__sticky_enabled=\u00a0\u00bboff|sticky\u00a0\u00bb][\/et_pb_column][et_pb_column type=\u00a0\u00bb1_2&Prime; admin_label=\u00a0\u00bbColumn\u00a0\u00bb _builder_version=\u00a0\u00bb4.21.0&Prime; _module_preset=\u00a0\u00bbdefault\u00a0\u00bb custom_padding=\u00a0\u00bb0px|0px|0px|0px|false|false\u00a0\u00bb custom_padding_tablet=\u00a0\u00bb0px|0px|0px|0px|false|false\u00a0\u00bb custom_padding_phone=\u00a0\u00bb0px|0px|0px|0px|false|false\u00a0\u00bb custom_padding_last_edited=\u00a0\u00bbon|desktop\u00a0\u00bb custom_css_main_element=\u00a0\u00bbwidth: 50% !important;\u00a0\u00bb global_colors_info=\u00a0\u00bb{}\u00a0\u00bb custom_css_main_element_last_edited=\u00a0\u00bbon|desktop\u00a0\u00bb custom_css_main_element_tablet=\u00a0\u00bbwidth: 100%;\u00a0\u00bb custom_css_main_element_phone=\u00a0\u00bbwidth: 100%;\u00a0\u00bb][et_pb_image src=\u00a0\u00bbhttps:\/\/exhibition.solidarity1980.com\/wp-content\/uploads\/2023\/12\/1980-sierpien-253.jpg\u00a0\u00bb title_text=\u00a0\u00bb1980 sierpien &#8211; 253&Prime; show_bottom_space=\u00a0\u00bboff\u00a0\u00bb force_fullwidth=\u00a0\u00bbon\u00a0\u00bb admin_label=\u00a0\u00bbImage\u00a0\u00bb _builder_version=\u00a0\u00bb4.23.1&Prime; _module_preset=\u00a0\u00bbdefault\u00a0\u00bb custom_margin=\u00a0\u00bb||0px||false|false\u00a0\u00bb global_colors_info=\u00a0\u00bb{}\u00a0\u00bb][\/et_pb_image][et_pb_text _builder_version=\u00a0\u00bb4.25.1&Prime; _module_preset=\u00a0\u00bbdefault\u00a0\u00bb text_text_color=\u00a0\u00bb#ffffff\u00a0\u00bb header_text_color=\u00a0\u00bb#ffffff\u00a0\u00bb header_2_text_color=\u00a0\u00bb#ffffff\u00a0\u00bb header_3_text_color=\u00a0\u00bb#ffffff\u00a0\u00bb header_4_text_color=\u00a0\u00bb#ffffff\u00a0\u00bb header_5_text_color=\u00a0\u00bb#ffffff\u00a0\u00bb header_6_text_color=\u00a0\u00bb#ffffff\u00a0\u00bb custom_margin=\u00a0\u00bb||0px||false|false\u00a0\u00bb custom_padding=\u00a0\u00bb100px|30px|0px|30px|false|true\u00a0\u00bb custom_padding_tablet=\u00a0\u00bb50px||0px||false|true\u00a0\u00bb custom_padding_phone=\u00a0\u00bb|15px||15px|true|true\u00a0\u00bb custom_padding_last_edited=\u00a0\u00bbon|phone\u00a0\u00bb global_colors_info=\u00a0\u00bb{}\u00a0\u00bb]<\/p>\n<p>Les gr\u00e8ves ouvri\u00e8res de Gdansk, dont les images ont \u00e9t\u00e9 diffus\u00e9es dans la presse et la t\u00e9l\u00e9vision occidentales, ont suscit\u00e9 de nombreuses r\u00e9actions positives et enthousiastes dans le monde entier. Les interpr\u00e9tations et les points de vue \u00e9taient tr\u00e8s divers.<\/p>\n<p>Claudio M\u00e9soniat et Maurizio Balestra suivirent les \u00e9v\u00e9nements depuis le Tessin.<\/p>\n<p><span>\u00a0<\/span><\/p>\n<p>&nbsp;<\/p>\n<p>[\/et_pb_text][et_pb_video src=\u00a0\u00bbhttps:\/\/youtu.be\/bYtyw9mmTz0&Prime; _builder_version=\u00a0\u00bb4.23.1&Prime; _module_preset=\u00a0\u00bbdefault\u00a0\u00bb global_colors_info=\u00a0\u00bb{}\u00a0\u00bb][\/et_pb_video][et_pb_blurb use_icon=\u00a0\u00bbon\u00a0\u00bb font_icon=\u00a0\u00bb&#x50;||divi||400&Prime; icon_color=\u00a0\u00bb#FBFFEE\u00a0\u00bb content_max_width=\u00a0\u00bb100%\u00a0\u00bb admin_label=\u00a0\u00bbBouton +\u00a0\u00bb _builder_version=\u00a0\u00bb4.23.1&Prime; _module_preset=\u00a0\u00bbdefault\u00a0\u00bb background_color=\u00a0\u00bbRGBA(255,255,255,0)\u00a0\u00bb custom_margin=\u00a0\u00bb0px|30px|100px|30px|false|true\u00a0\u00bb custom_margin_tablet=\u00a0\u00bb||50px||false|true\u00a0\u00bb custom_margin_phone=\u00a0\u00bb|15px||15px|false|true\u00a0\u00bb custom_margin_last_edited=\u00a0\u00bbon|phone\u00a0\u00bb global_colors_info=\u00a0\u00bb{}\u00a0\u00bb]<\/p>\n<div class=\"page\" title=\"Page 8\">\n<div class=\"section\">\n<div class=\"layoutArea\">\n<div class=\"column\">\n<p>Entretien avec Claudio M\u00e9soniat, men\u00e9 par Renata Lata\u0142a, 8 Septembre 2020, Massagno (Lugano).<\/p>\n<\/div>\n<\/div>\n<\/div>\n<\/div>\n<p>[\/et_pb_blurb][\/et_pb_column][\/et_pb_row][\/et_pb_section][et_pb_section fb_built=\u00a0\u00bb1&Prime; admin_label=\u00a0\u00bbTitre gen\u00e8se r\u00e9volte\u00a0\u00bb module_class=\u00a0\u00bbnoise\u00a0\u00bb _builder_version=\u00a0\u00bb4.25.1&Prime; _module_preset=\u00a0\u00bbdefault\u00a0\u00bb background_color=\u00a0\u00bb#dcdace\u00a0\u00bb custom_padding=\u00a0\u00bb||0px||false|false\u00a0\u00bb scroll_vertical_motion=\u00a0\u00bb0|50|50|100|4|0|0&Prime; motion_trigger_start=\u00a0\u00bbtop\u00a0\u00bb da_disable_devices=\u00a0\u00bboff|off|off\u00a0\u00bb saved_tabs=\u00a0\u00bball\u00a0\u00bb global_colors_info=\u00a0\u00bb{}\u00a0\u00bb da_is_popup=\u00a0\u00bboff\u00a0\u00bb da_exit_intent=\u00a0\u00bboff\u00a0\u00bb da_has_close=\u00a0\u00bbon\u00a0\u00bb da_alt_close=\u00a0\u00bboff\u00a0\u00bb da_dark_close=\u00a0\u00bboff\u00a0\u00bb da_not_modal=\u00a0\u00bbon\u00a0\u00bb da_is_singular=\u00a0\u00bboff\u00a0\u00bb da_with_loader=\u00a0\u00bboff\u00a0\u00bb da_has_shadow=\u00a0\u00bbon\u00a0\u00bb][et_pb_row admin_label=\u00a0\u00bbRow\u00a0\u00bb _builder_version=\u00a0\u00bb4.22.1&Prime; _module_preset=\u00a0\u00bbdefault\u00a0\u00bb custom_padding=\u00a0\u00bb||0px||false|false\u00a0\u00bb global_colors_info=\u00a0\u00bb{}\u00a0\u00bb][et_pb_column type=\u00a0\u00bb4_4&Prime; _builder_version=\u00a0\u00bb4.23.1&Prime; _module_preset=\u00a0\u00bbdefault\u00a0\u00bb custom_padding=\u00a0\u00bb||0px||false|false\u00a0\u00bb scroll_vertical_motion_enable=\u00a0\u00bbon\u00a0\u00bb scroll_vertical_motion=\u00a0\u00bb0|50|50|100|4|0|0&Prime; scroll_fade_enable=\u00a0\u00bbon\u00a0\u00bb scroll_fade=\u00a0\u00bb0|50|50|75|0|100|100&Prime; global_colors_info=\u00a0\u00bb{}\u00a0\u00bb][et_pb_text admin_label=\u00a0\u00bbText\u00a0\u00bb _builder_version=\u00a0\u00bb4.25.1&Prime; _module_preset=\u00a0\u00bbdefault\u00a0\u00bb text_text_color=\u00a0\u00bb#000000&Prime; text_orientation=\u00a0\u00bbcenter\u00a0\u00bb sticky_limit_bottom=\u00a0\u00bbsection\u00a0\u00bb global_colors_info=\u00a0\u00bb{}\u00a0\u00bb]<\/p>\n<h2 class=\"small\"><span>Espoirs<\/span><\/h2>\n<h4>Gen\u00e8se de la r\u00e9volte<\/h4>\n<h6>\u00ab\u00a0On savait depuis longtemps qu&rsquo;il allait se passer quelque chose. La situation dans le pays \u00e9tait tendue et les gens \u00e9taient frustr\u00e9s. Pas seulement les travailleurs, mais aussi les fonctionnaires du parti. En parcourant le pays et en entrant en contact avec diff\u00e9rents cercles, j&rsquo;observais depuis des ann\u00e9es une amertume et un m\u00e9contentement croissants.\u00a0\u00bb<\/h6>\n<p style=\"text-align: right;\">Wojciech Adamiecki<\/p>\n<p>&nbsp;<\/p>\n<p><strong><em>Nous en avons assez !<\/em><\/strong><\/p>\n<p>La grande vague de gr\u00e8ves, qui a atteint son apog\u00e9e \u00e0 Gdansk, fortement m\u00e9diatis\u00e9e en Occident, et qui est entr\u00e9e dans l\u2019histoire comme moment d\u2019\u00e9mergence de <em>Solidarnosc<\/em>, n\u2019a pas commenc\u00e9 sur le littoral baltique. Les gr\u00e8ves ont \u00e9t\u00e9 d\u00e9clench\u00e9es en juillet 1980 dans la r\u00e9gion de Lublin, dans l\u2019est de la Pologne. Dans ces gr\u00e8ves, n\u00e9es de l\u2019augmentation du prix de la viande, l\u2019accent \u00e9tait mis principalement sur les revendications salariales en raison de la situation \u00e9conomique dramatique : inflation, p\u00e9nuries, en particulier de viande, mais aussi de nombreux autres produits.<\/p>\n<p>Dans une situation o\u00f9 le seul employeur \u00e9tait l\u2019\u00c9tat, les entreprises priv\u00e9es \u00e9tant pratiquement inexistantes, les travailleurs, les ouvriers d\u2019usine, ont d\u00e9cid\u00e9 de se rebeller contre l\u2019\u00c9tat, propri\u00e9taire de la plupart des usines, et ont exig\u00e9 des augmentations salariales.<\/p>\n<p>Ces premi\u00e8res gr\u00e8ves de juillet se sont \u00e9tendues \u00e0 d\u2019autres r\u00e9gions de Pologne, mais c\u2019est le chantier naval de Gdansk qui a cristallis\u00e9 ce mouvement contestataire.<\/p>\n<h2 class=\"small\"><span>\u00a0<\/span><\/h2>\n<p>[\/et_pb_text][et_pb_blurb use_icon=\u00a0\u00bbon\u00a0\u00bb font_icon=\u00a0\u00bb&#x50;||divi||400&Prime; icon_color=\u00a0\u00bb#FBFFEE\u00a0\u00bb content_max_width=\u00a0\u00bb100%\u00a0\u00bb admin_label=\u00a0\u00bbBouton +\u00a0\u00bb _builder_version=\u00a0\u00bb4.24.2&Prime; _module_preset=\u00a0\u00bbdefault\u00a0\u00bb background_color=\u00a0\u00bbRGBA(255,255,255,0)\u00a0\u00bb custom_margin=\u00a0\u00bb0px|30px|100px|30px|false|true\u00a0\u00bb custom_margin_tablet=\u00a0\u00bb||50px||false|true\u00a0\u00bb custom_margin_phone=\u00a0\u00bb|15px||15px|false|true\u00a0\u00bb custom_margin_last_edited=\u00a0\u00bbon|phone\u00a0\u00bb global_colors_info=\u00a0\u00bb{}\u00a0\u00bb]<\/p>\n<p>Wojciech Adamiecki, Kto tu wpu\u015bci\u0142 dziennikarzy?, p. 86.<\/p>\n<p>[\/et_pb_blurb][\/et_pb_column][\/et_pb_row][\/et_pb_section][et_pb_section fb_built=\u00a0\u00bb1&Prime; admin_label=\u00a0\u00bbEntretien BOhdan Gorski\u00a0\u00bb module_class=\u00a0\u00bbnoise entretien\u00a0\u00bb _builder_version=\u00a0\u00bb4.23.1&Prime; _module_preset=\u00a0\u00bbdefault\u00a0\u00bb background_color=\u00a0\u00bb#dcdace\u00a0\u00bb scroll_vertical_motion=\u00a0\u00bb0|50|50|100|-2|0|0&Prime; scroll_fade=\u00a0\u00bb0|22|22|100|0|100|100&Prime; motion_trigger_start=\u00a0\u00bbtop\u00a0\u00bb da_disable_devices=\u00a0\u00bboff|off|off\u00a0\u00bb global_colors_info=\u00a0\u00bb{}\u00a0\u00bb da_is_popup=\u00a0\u00bboff\u00a0\u00bb da_exit_intent=\u00a0\u00bboff\u00a0\u00bb da_has_close=\u00a0\u00bbon\u00a0\u00bb da_alt_close=\u00a0\u00bboff\u00a0\u00bb da_dark_close=\u00a0\u00bboff\u00a0\u00bb da_not_modal=\u00a0\u00bbon\u00a0\u00bb da_is_singular=\u00a0\u00bboff\u00a0\u00bb da_with_loader=\u00a0\u00bboff\u00a0\u00bb da_has_shadow=\u00a0\u00bbon\u00a0\u00bb][et_pb_row column_structure=\u00a0\u00bb1_3,1_3,1_3&Prime; use_custom_gutter=\u00a0\u00bbon\u00a0\u00bb gutter_width=\u00a0\u00bb2&Prime; admin_label=\u00a0\u00bbRow\u00a0\u00bb _builder_version=\u00a0\u00bb4.23.1&Prime; _module_preset=\u00a0\u00bbdefault\u00a0\u00bb width=\u00a0\u00bb94%\u00a0\u00bb max_width=\u00a0\u00bb1400px\u00a0\u00bb custom_css_main_element=\u00a0\u00bbdisplay: flex;||align-items:center;||flex-wrap: wrap;\u00a0\u00bb global_colors_info=\u00a0\u00bb{}\u00a0\u00bb][et_pb_column type=\u00a0\u00bb1_3&Prime; _builder_version=\u00a0\u00bb4.22.1&Prime; _module_preset=\u00a0\u00bbdefault\u00a0\u00bb global_colors_info=\u00a0\u00bb{}\u00a0\u00bb][et_pb_text module_class=\u00a0\u00bbentretien\u00a0\u00bb _builder_version=\u00a0\u00bb4.25.1&Prime; _module_preset=\u00a0\u00bbdefault\u00a0\u00bb text_text_color=\u00a0\u00bb#000000&Prime; header_3_text_color=\u00a0\u00bb#000000&Prime; header_4_text_color=\u00a0\u00bb#000000&Prime; header_5_text_color=\u00a0\u00bb#000000&Prime; text_orientation=\u00a0\u00bbright\u00a0\u00bb text_orientation_tablet=\u00a0\u00bbcenter\u00a0\u00bb text_orientation_phone=\u00a0\u00bb\u00a0\u00bb text_orientation_last_edited=\u00a0\u00bbon|tablet\u00a0\u00bb global_colors_info=\u00a0\u00bb{}\u00a0\u00bb]<\/p>\n<h3><span>Entretien avec Bohdan G\u00f3rski<\/span><\/h3>\n<p>&nbsp;<\/p>\n<p>[\/et_pb_text][\/et_pb_column][et_pb_column type=\u00a0\u00bb1_3&Prime; _builder_version=\u00a0\u00bb4.22.1&Prime; _module_preset=\u00a0\u00bbdefault\u00a0\u00bb custom_padding=\u00a0\u00bb|0px||0px|false|true\u00a0\u00bb custom_css_main_element=\u00a0\u00bbtext-align: center;\u00a0\u00bb global_colors_info=\u00a0\u00bb{}\u00a0\u00bb][et_pb_image src=\u00a0\u00bbhttps:\/\/exhibition.solidarity1980.com\/wp-content\/uploads\/2024\/03\/Gorski0_MONO-600&#215;600.jpg\u00a0\u00bb title_text=\u00a0\u00bbGorski0_MONO\u00a0\u00bb align=\u00a0\u00bbcenter\u00a0\u00bb force_fullwidth=\u00a0\u00bbon\u00a0\u00bb admin_label=\u00a0\u00bbImage ratio carr\u00e9\u00a0\u00bb _builder_version=\u00a0\u00bb4.24.2&Prime; _module_preset=\u00a0\u00bbdefault\u00a0\u00bb module_alignment=\u00a0\u00bbcenter\u00a0\u00bb custom_css_main_element=\u00a0\u00bbtext-align: center;\u00a0\u00bb border_radii=\u00a0\u00bbon|100%|100%|100%|100%\u00a0\u00bb border_width_all=\u00a0\u00bb1px\u00a0\u00bb border_color_all=\u00a0\u00bb#000000&Prime; global_colors_info=\u00a0\u00bb{}\u00a0\u00bb][\/et_pb_image][\/et_pb_column][et_pb_column type=\u00a0\u00bb1_3&Prime; _builder_version=\u00a0\u00bb4.22.1&Prime; _module_preset=\u00a0\u00bbdefault\u00a0\u00bb global_colors_info=\u00a0\u00bb{}\u00a0\u00bb][et_pb_text _builder_version=\u00a0\u00bb4.25.1&Prime; _module_preset=\u00a0\u00bbdefault\u00a0\u00bb text_text_color=\u00a0\u00bb#000000&Prime; header_4_text_color=\u00a0\u00bb#000000&Prime; text_orientation_tablet=\u00a0\u00bbcenter\u00a0\u00bb text_orientation_phone=\u00a0\u00bb\u00a0\u00bb text_orientation_last_edited=\u00a0\u00bbon|tablet\u00a0\u00bb global_colors_info=\u00a0\u00bb{}\u00a0\u00bb]<\/p>\n<div class=\"page\" title=\"Page 19\">\n<div class=\"layoutArea\">\n<div class=\"column\">\n<h4><span style=\"color: #000000;\"><strong><em>\u00abLa situation \u00e9conomique de la Pologne est tragique au d\u00e9but des ann\u00e9es 1980<\/em><\/strong><\/span><span style=\"color: #000000;\"><strong><em>&#8230;\u00bb <\/em><\/strong><\/span><\/h4>\n<\/div>\n<\/div>\n<\/div>\n<p>[\/et_pb_text][\/et_pb_column][\/et_pb_row][et_pb_row admin_label=\u00a0\u00bbsituation \u00e9conomique\u00a0\u00bb _builder_version=\u00a0\u00bb4.22.1&Prime; _module_preset=\u00a0\u00bbdefault\u00a0\u00bb max_width=\u00a0\u00bb800px\u00a0\u00bb global_colors_info=\u00a0\u00bb{}\u00a0\u00bb][et_pb_column type=\u00a0\u00bb4_4&Prime; _builder_version=\u00a0\u00bb4.22.1&Prime; _module_preset=\u00a0\u00bbdefault\u00a0\u00bb global_colors_info=\u00a0\u00bb{}\u00a0\u00bb][et_pb_text _builder_version=\u00a0\u00bb4.25.1&Prime; _module_preset=\u00a0\u00bbdefault\u00a0\u00bb text_text_color=\u00a0\u00bb#000000&Prime; header_text_color=\u00a0\u00bb#000000&Prime; header_2_text_color=\u00a0\u00bb#000000&Prime; header_3_text_color=\u00a0\u00bb#000000&Prime; header_4_text_color=\u00a0\u00bb#000000&Prime; header_5_text_color=\u00a0\u00bb#000000&Prime; header_6_text_color=\u00a0\u00bb#000000&Prime; text_orientation=\u00a0\u00bbcenter\u00a0\u00bb global_colors_info=\u00a0\u00bb{}\u00a0\u00bb]<\/p>\n<p>Bohdan G\u00f3rski, \u00e9conomiste et expert des pays du Bloc sovi\u00e9tique, suivait de pr\u00e8s les \u00e9v\u00e9nements en Pologne depuis son exil en Suisse. Il exprime le paradoxe du syst\u00e8me communiste.<\/p>\n<p><strong><br \/><\/strong><strong><\/strong><\/p>\n<div class=\"page\" title=\"Page 19\">\n<div class=\"layoutArea\">\n<div class=\"column\">\n<p><span>\u00a0<\/span><\/p>\n<\/div>\n<\/div>\n<\/div>\n<p><strong><\/strong><\/p>\n<p><strong><\/strong><\/p>\n<p>[\/et_pb_text][et_pb_video src=\u00a0\u00bbhttps:\/\/youtu.be\/QD-0rJjVYTk\u00a0\u00bb admin_label=\u00a0\u00bbbohdan gorski Video\u00a0\u00bb _builder_version=\u00a0\u00bb4.24.2&Prime; _module_preset=\u00a0\u00bbdefault\u00a0\u00bb global_colors_info=\u00a0\u00bb{}\u00a0\u00bb][\/et_pb_video][et_pb_video src=\u00a0\u00bbhttps:\/\/youtu.be\/k0r551keJQE\u00a0\u00bb _builder_version=\u00a0\u00bb4.24.2&Prime; _module_preset=\u00a0\u00bbdefault\u00a0\u00bb global_colors_info=\u00a0\u00bb{}\u00a0\u00bb][\/et_pb_video][et_pb_text _builder_version=\u00a0\u00bb4.24.2&Prime; _module_preset=\u00a0\u00bbdefault\u00a0\u00bb global_colors_info=\u00a0\u00bb{}\u00a0\u00bb]<\/p>\n<h6 style=\"text-align: center;\"><span style=\"color: #000000;\">\u00ab\u00a0A la fronti\u00e8re suisse, un r\u00e9fugi\u00e9 arrive. Le premier r\u00e9fugi\u00e9 est un chat.\u00a0 Les Suisses lui r\u00e9pondent :<\/span><\/h6>\n<h6 style=\"text-align: center;\"><span style=\"color: #000000;\">\u00a0 \u00a0 \u00a0 \u00a0&#8211; Mais, le chat, qu\u2019est-ce que tu fais ici ? Tu peux chasser les souris partout !<\/span><br \/><span style=\"color: #000000;\">\u00a0 \u00a0 \u00a0 \u00a0&#8211; Non, je ne peux pas.<\/span><br \/><span style=\"color: #000000;\">&#8211; Mais pourquoi ? lui demandent les Suisses.<\/span><br \/><span style=\"color: #000000;\">&#8211; Parce qu\u2019il y a maintenant des lois. Les chats ne peuvent plus chasser eux-m\u00eames. Ils doivent faire partie d\u2019une coop\u00e9rative pour pouvoir chasser les souris. Mais les chats qui \u00e9taient dans ces coop\u00e9ratives sont morts de faim, car les coop\u00e9ratives n\u2019ont jamais rien fait. Il y a trop de souris, mais le Parti ne veut rien faire. C\u2019est pour ces raisons que je demande l\u2019asile.<\/span><br \/><span style=\"color: #000000;\">&#8211; Bien s\u00fbr, bien s\u00fbr\u2026 entre.<br \/>Et le chat obtient l\u2019asile.<\/span><\/h6>\n<h6 style=\"text-align: center;\"><span style=\"color: #000000;\">\u00a0<\/span><\/h6>\n<h6 style=\"text-align: center;\"><span style=\"color: #000000;\">Un deuxi\u00e8me r\u00e9fugi\u00e9 se pr\u00e9sente \u00e0 la fronti\u00e8re. C\u2019est un chien. Les Suisses lui demandent\u00a0:<\/span><\/h6>\n<h6 style=\"text-align: center;\"><span style=\"color: #000000;\">&#8211; Mais le chien, que fais-tu ici ?<\/span><br \/><span style=\"color: #000000;\">&#8211; Je suis en danger, r\u00e9pond le chien.<\/span><br \/><span style=\"color: #000000;\">&#8211; Mais comment ? Tu peux aboyer partout !<\/span><br \/><span style=\"color: #000000;\">&#8211; Non, maintenant, les chiens ne peuvent plus qu\u2019aboyer dans le cadre du Parti et uniquement si le Parti le demande. Et moi, si je ne peux pas aboyer librement, c\u2019est comme si j\u2019\u00e9tais mort. Je suis donc parti.<\/span><br \/><span style=\"color: #000000;\">&#8211; Bon, alors entre.<br \/>Et le chien obtient l&rsquo;asile.\u00a0<\/span><\/h6>\n<p>&nbsp;<\/p>\n<h6 style=\"text-align: center;\"><span style=\"color: #000000;\">Vient encore un troisi\u00e8me r\u00e9fugi\u00e9. C\u2019est un lapin. Les Suisses lui demandent\u00a0:<\/span><\/h6>\n<h6 style=\"text-align: center;\"><span style=\"color: #000000;\">&#8211; Mais enfin lapin, pourquoi viens-tu ici ?<\/span><br \/><span style=\"color: #000000;\">&#8211; Je suis en danger.<\/span><br \/><span style=\"color: #000000;\">&#8211; Ah bon ? En danger ?<\/span><br \/><span style=\"color: #000000;\">&#8211; Oui, il y a une nouvelle loi qui stipule que tous les \u00e9l\u00e9phants doivent \u00eatre castr\u00e9s.<\/span><br \/><span style=\"color: #000000;\">&#8211; Oui, mais tu n\u2019es pas un \u00e9l\u00e9phant !<\/span><br \/><span style=\"color: #000000;\">&#8211; En effet, mais ils te prennent, te castrent et seulement apr\u00e8s tu peux prouver que tu n\u2019es pas un \u00e9l\u00e9phant !\u00a0\u00bb<\/span><\/h6>\n<p>[\/et_pb_text][et_pb_blurb use_icon=\u00a0\u00bbon\u00a0\u00bb font_icon=\u00a0\u00bb&#x50;||divi||400&Prime; icon_color=\u00a0\u00bb#FBFFEE\u00a0\u00bb content_max_width=\u00a0\u00bb100%\u00a0\u00bb admin_label=\u00a0\u00bbBouton +\u00a0\u00bb _builder_version=\u00a0\u00bb4.24.2&Prime; _module_preset=\u00a0\u00bbdefault\u00a0\u00bb background_color=\u00a0\u00bbRGBA(255,255,255,0)\u00a0\u00bb custom_margin=\u00a0\u00bb0px|30px|100px|30px|false|true\u00a0\u00bb custom_margin_tablet=\u00a0\u00bb||50px||false|true\u00a0\u00bb custom_margin_phone=\u00a0\u00bb|15px||15px|false|true\u00a0\u00bb custom_margin_last_edited=\u00a0\u00bbon|phone\u00a0\u00bb global_colors_info=\u00a0\u00bb{}\u00a0\u00bb]<\/p>\n<p>Entretien avec Bohdan <span>G\u00f3rski<\/span>, men\u00e9 par par Renata Lata\u0142a, 22 Juin 2020, Villars-sur-Gl\u00e2ne.<\/p>\n<p>[\/et_pb_blurb][\/et_pb_column][\/et_pb_row][\/et_pb_section][et_pb_section fb_built=\u00a0\u00bb1&Prime; admin_label=\u00a0\u00bbTexte manifestations\u00a0\u00bb _builder_version=\u00a0\u00bb4.25.1&Prime; _module_preset=\u00a0\u00bbdefault\u00a0\u00bb background_color=\u00a0\u00bbRGBA(255,255,255,0)\u00a0\u00bb min_height=\u00a0\u00bb100vh\u00a0\u00bb scroll_vertical_motion_enable=\u00a0\u00bbon\u00a0\u00bb custom_css_main_element=\u00a0\u00bbdisplay: flex;\u00a0\u00bb da_disable_devices=\u00a0\u00bboff|off|off\u00a0\u00bb global_colors_info=\u00a0\u00bb{}\u00a0\u00bb da_is_popup=\u00a0\u00bboff\u00a0\u00bb da_exit_intent=\u00a0\u00bboff\u00a0\u00bb da_has_close=\u00a0\u00bbon\u00a0\u00bb da_alt_close=\u00a0\u00bboff\u00a0\u00bb da_dark_close=\u00a0\u00bboff\u00a0\u00bb da_not_modal=\u00a0\u00bbon\u00a0\u00bb da_is_singular=\u00a0\u00bboff\u00a0\u00bb da_with_loader=\u00a0\u00bboff\u00a0\u00bb da_has_shadow=\u00a0\u00bbon\u00a0\u00bb][et_pb_row _builder_version=\u00a0\u00bb4.22.1&Prime; _module_preset=\u00a0\u00bbdefault\u00a0\u00bb max_width=\u00a0\u00bb800px\u00a0\u00bb global_colors_info=\u00a0\u00bb{}\u00a0\u00bb][et_pb_column type=\u00a0\u00bb4_4&Prime; _builder_version=\u00a0\u00bb4.22.1&Prime; _module_preset=\u00a0\u00bbdefault\u00a0\u00bb global_colors_info=\u00a0\u00bb{}\u00a0\u00bb][et_pb_text _builder_version=\u00a0\u00bb4.24.2&Prime; _module_preset=\u00a0\u00bbdefault\u00a0\u00bb text_font=\u00a0\u00bb|600|||||||\u00a0\u00bb text_text_color=\u00a0\u00bb#ffffff\u00a0\u00bb text_orientation=\u00a0\u00bbcenter\u00a0\u00bb background_layout=\u00a0\u00bbdark\u00a0\u00bb global_colors_info=\u00a0\u00bb{}\u00a0\u00bb]<\/p>\n<p><span>\u00ab\u00a0Il y avait la conviction que cette naton &#8211; \u00e9touff\u00e9e, \u00e9cras\u00e9e, priv\u00e9e de voix, priv\u00e9e de la possiblit\u00e9 de se r\u00e9aliser &#8211; allait exploser. Il y avait des visions de massacres sanglants, de repr\u00e9sailles extr\u00eames. On \u00e9tait convaincu que la direction du Parti avait depuis longtemps d\u00e9pass\u00e9 les limites de la r\u00e9sistance psychologique de la population et que, celle-ci n&rsquo;\u00e9tant pas organis\u00e9e, elle r\u00e9agirait de mani\u00e8re chaotique. Il s&rsquo;agissait de visions catastrophiques, apocalyptiques. Ces visions d\u00e9coulaient du fait que les autorit\u00e9s avaient r\u00e9ussi \u00e0 provoquer une tr\u00e8s forte atomisation de la soci\u00e9t\u00e9, qu&rsquo;avec l&rsquo;aide la propagande, avec toutes les pseudo-valeurs diffus\u00e9es dans les m\u00e9dias de masse, elles avaient r\u00e9ussi \u00e0 cr\u00e9er une m\u00e9fiance de l&rsquo;homme vis-\u00e0-vis de l&rsquo;homme, des dissenssions internes, mais aussi une d\u00e9sint\u00e9gration de la structure \u00e9tablie, qu&rsquo;il s&rsquo;agisse de couches, de classes, de groupes, &#8230;\u00a0\u00bb<\/span><\/p>\n<p>[\/et_pb_text][et_pb_blurb use_icon=\u00a0\u00bbon\u00a0\u00bb font_icon=\u00a0\u00bb&#x50;||divi||400&Prime; icon_color=\u00a0\u00bb#FBFFEE\u00a0\u00bb content_max_width=\u00a0\u00bb100%\u00a0\u00bb admin_label=\u00a0\u00bbBouton +\u00a0\u00bb _builder_version=\u00a0\u00bb4.22.1&Prime; _module_preset=\u00a0\u00bbdefault\u00a0\u00bb background_color=\u00a0\u00bbRGBA(255,255,255,0)\u00a0\u00bb custom_margin=\u00a0\u00bb0px|30px|100px|30px|false|true\u00a0\u00bb custom_margin_tablet=\u00a0\u00bb||50px||false|true\u00a0\u00bb custom_margin_phone=\u00a0\u00bb|15px||15px|false|true\u00a0\u00bb custom_margin_last_edited=\u00a0\u00bbon|phone\u00a0\u00bb global_colors_info=\u00a0\u00bb{}\u00a0\u00bb]<\/p>\n<div class=\"page\" title=\"Page 8\">\n<div class=\"section\">\n<div class=\"layoutArea\">\n<div class=\"column\">\n<p>Ref. Ryszard Kapuscinski, Kto tu wpu\u015bci\u0142 dziennikarzy?, p. 15.<\/p>\n<\/div>\n<\/div>\n<\/div>\n<\/div>\n<p>[\/et_pb_blurb][\/et_pb_column][\/et_pb_row][\/et_pb_section][et_pb_section fb_built=\u00a0\u00bb1&Prime; admin_label=\u00a0\u00bbJean Paul IIPape Image de fond \/ Texte \u00e0 droite (fond bleu)\u00a0\u00bb _builder_version=\u00a0\u00bb4.25.1&Prime; _module_preset=\u00a0\u00bbdefault\u00a0\u00bb background_image=\u00a0\u00bbhttps:\/\/exhibition.solidarity1980.com\/wp-content\/uploads\/2024\/12\/1979.jpg\u00a0\u00bb parallax=\u00a0\u00bbon\u00a0\u00bb min_height=\u00a0\u00bb100vh\u00a0\u00bb overflow-y=\u00a0\u00bbhidden\u00a0\u00bb custom_padding=\u00a0\u00bb0px|0px|0px|0px|true|true\u00a0\u00bb custom_css_main_element=\u00a0\u00bbdisplay: flex;||flex-direction: column;\u00a0\u00bb da_disable_devices=\u00a0\u00bboff|off|off\u00a0\u00bb global_colors_info=\u00a0\u00bb{}\u00a0\u00bb da_is_popup=\u00a0\u00bboff\u00a0\u00bb da_exit_intent=\u00a0\u00bboff\u00a0\u00bb da_has_close=\u00a0\u00bbon\u00a0\u00bb da_alt_close=\u00a0\u00bboff\u00a0\u00bb da_dark_close=\u00a0\u00bboff\u00a0\u00bb da_not_modal=\u00a0\u00bbon\u00a0\u00bb da_is_singular=\u00a0\u00bboff\u00a0\u00bb da_with_loader=\u00a0\u00bboff\u00a0\u00bb da_has_shadow=\u00a0\u00bbon\u00a0\u00bb][et_pb_row column_structure=\u00a0\u00bb1_2,1_2&Prime; _builder_version=\u00a0\u00bb4.22.1&Prime; _module_preset=\u00a0\u00bbdefault\u00a0\u00bb width=\u00a0\u00bb100%\u00a0\u00bb max_width=\u00a0\u00bb100%\u00a0\u00bb custom_margin=\u00a0\u00bb0px|0px|0px|0px|true|true\u00a0\u00bb custom_padding=\u00a0\u00bb0px|0px|0px|0px|true|true\u00a0\u00bb custom_css_main_element=\u00a0\u00bbflex: 1;||display: flex;||align-items: flex-end;\u00a0\u00bb global_colors_info=\u00a0\u00bb{}\u00a0\u00bb][et_pb_column type=\u00a0\u00bb1_2&Prime; _builder_version=\u00a0\u00bb4.25.1&Prime; _module_preset=\u00a0\u00bbdefault\u00a0\u00bb custom_css_main_element=\u00a0\u00bbmin-height: 300px;\u00a0\u00bb global_colors_info=\u00a0\u00bb{}\u00a0\u00bb][\/et_pb_column][et_pb_column type=\u00a0\u00bb1_2&Prime; module_class=\u00a0\u00bbnoise\u00a0\u00bb _builder_version=\u00a0\u00bb4.22.1&Prime; _module_preset=\u00a0\u00bbdefault\u00a0\u00bb background_color=\u00a0\u00bb#31666c\u00a0\u00bb custom_padding=\u00a0\u00bb40px|40px|40px|40px|true|true\u00a0\u00bb scroll_vertical_motion_enable=\u00a0\u00bbon\u00a0\u00bb scroll_vertical_motion=\u00a0\u00bb0|50|50|100|4|0|0&Prime; custom_css_main_element=\u00a0\u00bbmin-height: 50vh;\u00a0\u00bb global_colors_info=\u00a0\u00bb{}\u00a0\u00bb][et_pb_text _builder_version=\u00a0\u00bb4.24.2&Prime; _module_preset=\u00a0\u00bbdefault\u00a0\u00bb text_text_color=\u00a0\u00bb#ffffff\u00a0\u00bb global_colors_info=\u00a0\u00bb{}\u00a0\u00bb]<\/p>\n<h2>Visite pontificale de Jean-Paul II en Pologne<\/h2>\n<h4 style=\"text-align: right;\"><em>\u00ab N\u2019ayez pas peur&#8230; \u00bb<\/em><\/h4>\n<p>Le premier p\u00e8lerinage de Jean-Paul II en Pologne, en juin 1979, permet, pour la premi\u00e8re fois, d\u2019exp\u00e9rimenter un lien \u00e9thique dans l\u2019espace public, en r\u00e9unissant autour de lui une grande partie de la soci\u00e9t\u00e9.<br \/>Les valeurs telles que la dignit\u00e9 de l\u2019homme, la dignit\u00e9 du travail, l\u2019importance de la communaut\u00e9 sont mis en avant dans le discours de Jean-Paul II. Ces paroles, sa pr\u00e9sence, donnent de l\u2019espoir \u00e0 une soci\u00e9t\u00e9 \u00e9puis\u00e9e, mat\u00e9riellement et moralement, dans le contexte d\u2019une crise \u00e9conomique et psychologique.<\/p>\n<p>&nbsp;<\/p>\n<p>[\/et_pb_text][et_pb_video src=\u00a0\u00bbhttps:\/\/www.youtube.com\/watch?v=MNYt_FFxePk\u00a0\u00bb _builder_version=\u00a0\u00bb4.24.0&Prime; _module_preset=\u00a0\u00bbdefault\u00a0\u00bb global_colors_info=\u00a0\u00bb{}\u00a0\u00bb][\/et_pb_video][et_pb_button button_text=\u00a0\u00bbEn savoir plus\u00a0\u00bb button_alignment=\u00a0\u00bbleft\u00a0\u00bb _builder_version=\u00a0\u00bb4.22.1&Prime; _module_preset=\u00a0\u00bbdefault\u00a0\u00bb background_layout=\u00a0\u00bbdark\u00a0\u00bb global_colors_info=\u00a0\u00bb{}\u00a0\u00bb][\/et_pb_button][et_pb_blurb use_icon=\u00a0\u00bbon\u00a0\u00bb font_icon=\u00a0\u00bb&#x50;||divi||400&Prime; icon_color=\u00a0\u00bb#FBFFEE\u00a0\u00bb content_max_width=\u00a0\u00bb100%\u00a0\u00bb admin_label=\u00a0\u00bbBouton +\u00a0\u00bb _builder_version=\u00a0\u00bb4.22.1&Prime; _module_preset=\u00a0\u00bbdefault\u00a0\u00bb background_color=\u00a0\u00bbRGBA(255,255,255,0)\u00a0\u00bb custom_margin=\u00a0\u00bb0px|30px|100px|30px|false|true\u00a0\u00bb custom_margin_tablet=\u00a0\u00bb||50px||false|true\u00a0\u00bb custom_margin_phone=\u00a0\u00bb|15px||15px|false|true\u00a0\u00bb custom_margin_last_edited=\u00a0\u00bbon|phone\u00a0\u00bb global_colors_info=\u00a0\u00bb{}\u00a0\u00bb]<\/p>\n<div class=\"page\" title=\"Page 8\">\n<div class=\"section\">\n<div class=\"layoutArea\">\n<div class=\"column\">\n<p><span>Evelest, que sendi optas incia dita pro evendi aute excestrum quiae cum fugit officae ctiisitis comnis audam fuga. Ilicid maximolorpos veresto consequatur sus aut ulla dolorro vendelist, ut ad magnis conesciet faccum aceped est, corerovit. <\/span><\/p>\n<\/div>\n<\/div>\n<\/div>\n<\/div>\n<p>[\/et_pb_blurb][\/et_pb_column][\/et_pb_row][\/et_pb_section][et_pb_section fb_built=\u00a0\u00bb1&Prime; admin_label=\u00a0\u00bbTitre gen\u00e8se r\u00e9volte\u00a0\u00bb _builder_version=\u00a0\u00bb4.25.1&Prime; _module_preset=\u00a0\u00bbdefault\u00a0\u00bb background_color=\u00a0\u00bbRGBA(255,255,255,0)\u00a0\u00bb custom_padding=\u00a0\u00bb||0px||false|false\u00a0\u00bb scroll_vertical_motion_enable=\u00a0\u00bbon\u00a0\u00bb scroll_vertical_motion=\u00a0\u00bb0|50|50|100|4|0|0&Prime; scroll_fade_enable=\u00a0\u00bbon\u00a0\u00bb motion_trigger_start=\u00a0\u00bbtop\u00a0\u00bb da_disable_devices=\u00a0\u00bboff|off|off\u00a0\u00bb saved_tabs=\u00a0\u00bball\u00a0\u00bb global_colors_info=\u00a0\u00bb{}\u00a0\u00bb da_is_popup=\u00a0\u00bboff\u00a0\u00bb da_exit_intent=\u00a0\u00bboff\u00a0\u00bb da_has_close=\u00a0\u00bbon\u00a0\u00bb da_alt_close=\u00a0\u00bboff\u00a0\u00bb da_dark_close=\u00a0\u00bboff\u00a0\u00bb da_not_modal=\u00a0\u00bbon\u00a0\u00bb da_is_singular=\u00a0\u00bboff\u00a0\u00bb da_with_loader=\u00a0\u00bboff\u00a0\u00bb da_has_shadow=\u00a0\u00bbon\u00a0\u00bb][et_pb_row admin_label=\u00a0\u00bbRow\u00a0\u00bb _builder_version=\u00a0\u00bb4.22.1&Prime; _module_preset=\u00a0\u00bbdefault\u00a0\u00bb custom_padding=\u00a0\u00bb||0px||false|false\u00a0\u00bb global_colors_info=\u00a0\u00bb{}\u00a0\u00bb][et_pb_column type=\u00a0\u00bb4_4&Prime; _builder_version=\u00a0\u00bb4.22.1&Prime; _module_preset=\u00a0\u00bbdefault\u00a0\u00bb custom_padding=\u00a0\u00bb||0px||false|false\u00a0\u00bb global_colors_info=\u00a0\u00bb{}\u00a0\u00bb][et_pb_text admin_label=\u00a0\u00bbText\u00a0\u00bb _builder_version=\u00a0\u00bb4.22.1&Prime; _module_preset=\u00a0\u00bbdefault\u00a0\u00bb text_orientation=\u00a0\u00bbcenter\u00a0\u00bb background_layout=\u00a0\u00bbdark\u00a0\u00bb sticky_limit_bottom=\u00a0\u00bbsection\u00a0\u00bb global_colors_info=\u00a0\u00bb{}\u00a0\u00bb]<\/p>\n<h2 class=\"small\"><span>Union<\/span><\/h2>\n<h2 class=\"small\"><span>\u00a0<\/span><\/h2>\n<p>[\/et_pb_text][\/et_pb_column][\/et_pb_row][\/et_pb_section][et_pb_section fb_built=\u00a0\u00bb1&Prime; admin_label=\u00a0\u00bbentretien 2 colonnes\u00a0\u00bb module_class=\u00a0\u00bbnoise entretien-2-cols\u00a0\u00bb _builder_version=\u00a0\u00bb4.25.1&Prime; _module_preset=\u00a0\u00bbdefault\u00a0\u00bb background_color=\u00a0\u00bb#255E64&Prime; z_index=\u00a0\u00bb4&Prime; custom_padding=\u00a0\u00bb0px||0px||false|false\u00a0\u00bb da_disable_devices=\u00a0\u00bboff|off|off\u00a0\u00bb global_colors_info=\u00a0\u00bb{}\u00a0\u00bb da_is_popup=\u00a0\u00bboff\u00a0\u00bb da_exit_intent=\u00a0\u00bboff\u00a0\u00bb da_has_close=\u00a0\u00bbon\u00a0\u00bb da_alt_close=\u00a0\u00bboff\u00a0\u00bb da_dark_close=\u00a0\u00bboff\u00a0\u00bb da_not_modal=\u00a0\u00bbon\u00a0\u00bb da_is_singular=\u00a0\u00bboff\u00a0\u00bb da_with_loader=\u00a0\u00bboff\u00a0\u00bb da_has_shadow=\u00a0\u00bbon\u00a0\u00bb][et_pb_row column_structure=\u00a0\u00bb1_2,1_2&Prime; make_equal=\u00a0\u00bbon\u00a0\u00bb _builder_version=\u00a0\u00bb4.23.1&Prime; _module_preset=\u00a0\u00bbdefault\u00a0\u00bb width=\u00a0\u00bb100%\u00a0\u00bb max_width=\u00a0\u00bb100%\u00a0\u00bb custom_padding=\u00a0\u00bb0px||0px||false|false\u00a0\u00bb global_colors_info=\u00a0\u00bb{}\u00a0\u00bb][et_pb_column type=\u00a0\u00bb1_2&Prime; admin_label=\u00a0\u00bbColumn BgImg\u00a0\u00bb _builder_version=\u00a0\u00bb4.23&Prime; _module_preset=\u00a0\u00bbdefault\u00a0\u00bb background_image=\u00a0\u00bbhttps:\/\/exhibition.solidarity1980.com\/wp-content\/uploads\/2023\/11\/4870140.jpg\u00a0\u00bb positioning=\u00a0\u00bbnone\u00a0\u00bb hover_transition_duration=\u00a0\u00bb250ms\u00a0\u00bb hover_transition_speed_curve=\u00a0\u00bbease-in\u00a0\u00bb sticky_position=\u00a0\u00bbtop\u00a0\u00bb sticky_limit_top=\u00a0\u00bbrow\u00a0\u00bb sticky_limit_bottom=\u00a0\u00bbsection\u00a0\u00bb custom_css_main_element=\u00a0\u00bbmargin-right: 0 !important;||width: 50% !important;||max-height: 100vh;\u00a0\u00bb global_colors_info=\u00a0\u00bb{}\u00a0\u00bb custom_css_main_element_last_edited=\u00a0\u00bbon|desktop\u00a0\u00bb custom_css_main_element_tablet=\u00a0\u00bbmin-height: 300px !important;||display: block !important;||position: relative !important;\u00a0\u00bb custom_css_main_element_phone=\u00a0\u00bbmin-height: 250px !important;||display: block !important;\u00a0\u00bb custom_css_main_element__sticky_enabled=\u00a0\u00bboff|sticky\u00a0\u00bb][\/et_pb_column][et_pb_column type=\u00a0\u00bb1_2&Prime; admin_label=\u00a0\u00bbColumn\u00a0\u00bb _builder_version=\u00a0\u00bb4.23&Prime; _module_preset=\u00a0\u00bbdefault\u00a0\u00bb background_color=\u00a0\u00bb#255E64&Prime; background_enable_image=\u00a0\u00bboff\u00a0\u00bb custom_padding=\u00a0\u00bb0px|0px|0px|0px|false|false\u00a0\u00bb custom_padding_tablet=\u00a0\u00bb0px|0px|0px|0px|false|false\u00a0\u00bb custom_padding_phone=\u00a0\u00bb0px|0px|0px|0px|false|false\u00a0\u00bb custom_padding_last_edited=\u00a0\u00bbon|desktop\u00a0\u00bb custom_css_main_element=\u00a0\u00bbwidth: 50% !important;\u00a0\u00bb global_colors_info=\u00a0\u00bb{}\u00a0\u00bb custom_css_main_element_last_edited=\u00a0\u00bbon|desktop\u00a0\u00bb custom_css_main_element_tablet=\u00a0\u00bbwidth: 100%;\u00a0\u00bb custom_css_main_element_phone=\u00a0\u00bbwidth: 100%;\u00a0\u00bb][et_pb_image src=\u00a0\u00bbhttps:\/\/exhibition.solidarity1980.com\/wp-content\/uploads\/2023\/11\/1980-sierpien-134-1.jpg\u00a0\u00bb title_text=\u00a0\u00bb1980 sierpien &#8211; 134&Prime; show_bottom_space=\u00a0\u00bboff\u00a0\u00bb force_fullwidth=\u00a0\u00bbon\u00a0\u00bb admin_label=\u00a0\u00bbImage\u00a0\u00bb _builder_version=\u00a0\u00bb4.23.1&Prime; _module_preset=\u00a0\u00bbdefault\u00a0\u00bb custom_margin=\u00a0\u00bb||0px||false|false\u00a0\u00bb global_colors_info=\u00a0\u00bb{}\u00a0\u00bb][\/et_pb_image][et_pb_text _builder_version=\u00a0\u00bb4.23&Prime; _module_preset=\u00a0\u00bbdefault\u00a0\u00bb text_text_color=\u00a0\u00bb#ffffff\u00a0\u00bb header_text_color=\u00a0\u00bb#ffffff\u00a0\u00bb header_2_text_color=\u00a0\u00bb#ffffff\u00a0\u00bb header_3_text_color=\u00a0\u00bb#ffffff\u00a0\u00bb header_4_text_color=\u00a0\u00bb#ffffff\u00a0\u00bb header_5_text_color=\u00a0\u00bb#ffffff\u00a0\u00bb header_6_text_color=\u00a0\u00bb#ffffff\u00a0\u00bb custom_margin=\u00a0\u00bb||0px||false|false\u00a0\u00bb custom_padding=\u00a0\u00bb100px|30px|0px|30px|false|true\u00a0\u00bb custom_padding_tablet=\u00a0\u00bb50px||0px||false|true\u00a0\u00bb custom_padding_phone=\u00a0\u00bb|15px||15px|true|true\u00a0\u00bb custom_padding_last_edited=\u00a0\u00bbon|phone\u00a0\u00bb global_colors_info=\u00a0\u00bb{}\u00a0\u00bb]<\/p>\n<h3>\u00ab\u00a0Ce portail ne divisait pas, mais unissait les gens&#8230;\u00a0\u00bb<\/h3>\n<p>\u00ab\u00a0Ce portail ne divisait pas, mais unissait les gens. D\u2019un c\u00f4t\u00e9, les ouvriers des chantiers navals, de l\u2019autre, la ville. Les maris d\u2019un c\u00f4t\u00e9, les femmes et les enfants de l\u2019autre. Les gr\u00e9vistes sortaient devant le portail, saluaient leurs enfants, souvent tout petits, dans des landaus. Les femmes demandaient devant tout le monde d\u2019une voix inqui\u00e8te : \u00ab Quand est-ce que tu rentres ? \u00bb Et eux : \u00ab Quand est-ce que nous rentrons ? Eh bien, tu sais, on sait pas quand on rentrera. On attend qu\u2019ils viennent nous parler. \u00bb On sentait que derri\u00e8re ce portail, il y avait un monde compl\u00e8tement diff\u00e9rent, qu\u2019il y avait des lois diff\u00e9rentes. C\u2019est tout \u00e0 fait indescriptible. Je suis rest\u00e9 l\u00e0 et j\u2019ai observ\u00e9. Je me retrouvais \u00e0 la fronti\u00e8re d\u2019un autre monde.\u00a0\u00bb<\/p>\n<p><span style=\"font-size: small;\"><\/span><\/p>\n<p><span style=\"font-size: small;\"><\/span><\/p>\n<p><span style=\"font-size: medium;\"><\/span><\/p>\n<p>[\/et_pb_text][et_pb_blurb use_icon=\u00a0\u00bbon\u00a0\u00bb font_icon=\u00a0\u00bb&#x50;||divi||400&Prime; icon_color=\u00a0\u00bb#FBFFEE\u00a0\u00bb content_max_width=\u00a0\u00bb100%\u00a0\u00bb admin_label=\u00a0\u00bbBouton +\u00a0\u00bb _builder_version=\u00a0\u00bb4.23.1&Prime; _module_preset=\u00a0\u00bbdefault\u00a0\u00bb background_color=\u00a0\u00bbRGBA(255,255,255,0)\u00a0\u00bb custom_margin=\u00a0\u00bb0px|30px|100px|30px|false|true\u00a0\u00bb custom_margin_tablet=\u00a0\u00bb||50px||false|true\u00a0\u00bb custom_margin_phone=\u00a0\u00bb|15px||15px|false|true\u00a0\u00bb custom_margin_last_edited=\u00a0\u00bbon|phone\u00a0\u00bb global_colors_info=\u00a0\u00bb{}\u00a0\u00bb]<\/p>\n<div class=\"page\" title=\"Page 8\">\n<div class=\"section\">\n<div class=\"layoutArea\">\n<div class=\"column\">\n<p><span style=\"font-size: small;\">R\u00e9f. : Wojciech Adamiecki, <em>Qui a laiss\u00e9 entrer les journalistes ?,<\/em> p. 86<\/span><\/p>\n<\/div>\n<\/div>\n<\/div>\n<\/div>\n<p>[\/et_pb_blurb][\/et_pb_column][\/et_pb_row][\/et_pb_section][et_pb_section fb_built=\u00a0\u00bb1&Prime; admin_label=\u00a0\u00bbTexte manifestations\u00a0\u00bb _builder_version=\u00a0\u00bb4.25.1&Prime; _module_preset=\u00a0\u00bbdefault\u00a0\u00bb background_color=\u00a0\u00bbRGBA(255,255,255,0)\u00a0\u00bb scroll_vertical_motion_enable=\u00a0\u00bbon\u00a0\u00bb scroll_vertical_motion=\u00a0\u00bb0|50|50|100|2|0|-2&Prime; custom_css_main_element=\u00a0\u00bbdisplay: flex;\u00a0\u00bb da_disable_devices=\u00a0\u00bboff|off|off\u00a0\u00bb global_colors_info=\u00a0\u00bb{}\u00a0\u00bb da_is_popup=\u00a0\u00bboff\u00a0\u00bb da_exit_intent=\u00a0\u00bboff\u00a0\u00bb da_has_close=\u00a0\u00bbon\u00a0\u00bb da_alt_close=\u00a0\u00bboff\u00a0\u00bb da_dark_close=\u00a0\u00bboff\u00a0\u00bb da_not_modal=\u00a0\u00bbon\u00a0\u00bb da_is_singular=\u00a0\u00bboff\u00a0\u00bb da_with_loader=\u00a0\u00bboff\u00a0\u00bb da_has_shadow=\u00a0\u00bbon\u00a0\u00bb][et_pb_row _builder_version=\u00a0\u00bb4.22.1&Prime; _module_preset=\u00a0\u00bbdefault\u00a0\u00bb max_width=\u00a0\u00bb800px\u00a0\u00bb global_colors_info=\u00a0\u00bb{}\u00a0\u00bb][et_pb_column type=\u00a0\u00bb4_4&Prime; _builder_version=\u00a0\u00bb4.22.1&Prime; _module_preset=\u00a0\u00bbdefault\u00a0\u00bb global_colors_info=\u00a0\u00bb{}\u00a0\u00bb][et_pb_text _builder_version=\u00a0\u00bb4.25.1&Prime; _module_preset=\u00a0\u00bbdefault\u00a0\u00bb text_font=\u00a0\u00bb|600|||||||\u00a0\u00bb text_text_color=\u00a0\u00bb#ffffff\u00a0\u00bb text_orientation=\u00a0\u00bbcenter\u00a0\u00bb background_layout=\u00a0\u00bbdark\u00a0\u00bb global_colors_info=\u00a0\u00bb{}\u00a0\u00bb]<\/p>\n<p><span>\u200b<\/span><\/p>\n<p>Le Comit\u00e9 de gr\u00e8ve inter-entreprises, est cr\u00e9\u00e9 le 16 ao\u00fbt, avec 19 d\u00e9l\u00e9gu\u00e9s repr\u00e9sentant 388 entreprises. Les tentatives faites par les autorit\u00e9s pour n\u00e9gocier avec diff\u00e9rentes entreprises s\u00e9par\u00e9ment,\u00a0 pour briser la solidarit\u00e9 entre les travailleurs, n\u2019aboutissent pas. Les d\u00e9l\u00e9gu\u00e9s formulent\u00a0 la liste de leur 21 postulats. Le premier est la revendication d\u2019un syndicat libre.<\/p>\n<p>La mobilisation ne cesse de se renforcer dans tout le pays et embrasse tous les milieux.<\/p>\n<p>Les intellectuelles expriment leur soutien \u00e0 la cause des ouvriers. Les militants d\u2019opposition se regroupent autour du KOR\u00a0et du RAPCIO.<\/p>\n<p>Le 20 ao\u00fbt, soixante-deux intellectuels de Varsovie, nombre d\u2019entre eux \u00e9tant de r\u00e9putation internationale, certains membres du Parti Communiste, lancent un appel en faveur des syndicats libres et demandent la reconnaissance du MKS.<\/p>\n<p>Un groupe d\u2019intellectuels de toutes tendances vient au chantier le 24 ao\u00fbt. Il formera une \u00ab\u00a0commission d\u2019experts\u00a0\u00bb qui assistera le Comit\u00e9 de gr\u00e8ve pour pr\u00e9parer les dossiers en vue des n\u00e9gociations.<\/p>\n<p><span>\u00a0<\/span><\/p>\n<p>[\/et_pb_text][\/et_pb_column][\/et_pb_row][\/et_pb_section][et_pb_section fb_built=\u00a0\u00bb1&Prime; admin_label=\u00a0\u00bbcampagnes de soutien\u00a0\u00bb _builder_version=\u00a0\u00bb4.25.1&Prime; _module_preset=\u00a0\u00bbdefault\u00a0\u00bb background_color=\u00a0\u00bbRGBA(255,255,255,0)\u00a0\u00bb custom_margin=\u00a0\u00bb0px||||false|false\u00a0\u00bb custom_padding=\u00a0\u00bb0px||||false|false\u00a0\u00bb custom_css_main_element=\u00a0\u00bbmin-height: 100vh;||display: flex;||overflow: hidden;\u00a0\u00bb da_disable_devices=\u00a0\u00bboff|off|off\u00a0\u00bb global_colors_info=\u00a0\u00bb{}\u00a0\u00bb da_is_popup=\u00a0\u00bboff\u00a0\u00bb da_exit_intent=\u00a0\u00bboff\u00a0\u00bb da_has_close=\u00a0\u00bbon\u00a0\u00bb da_alt_close=\u00a0\u00bboff\u00a0\u00bb da_dark_close=\u00a0\u00bboff\u00a0\u00bb da_not_modal=\u00a0\u00bbon\u00a0\u00bb da_is_singular=\u00a0\u00bboff\u00a0\u00bb da_with_loader=\u00a0\u00bboff\u00a0\u00bb da_has_shadow=\u00a0\u00bbon\u00a0\u00bb][et_pb_row column_structure=\u00a0\u00bb1_3,1_3,1_3&Prime; _builder_version=\u00a0\u00bb4.25.1&Prime; _module_preset=\u00a0\u00bbdefault\u00a0\u00bb width=\u00a0\u00bb90%\u00a0\u00bb max_width=\u00a0\u00bb100%\u00a0\u00bb custom_margin=\u00a0\u00bb0px||||false|false\u00a0\u00bb global_colors_info=\u00a0\u00bb{}\u00a0\u00bb][et_pb_column type=\u00a0\u00bb1_3&Prime; _builder_version=\u00a0\u00bb4.22.1&Prime; _module_preset=\u00a0\u00bbdefault\u00a0\u00bb horizontal_offset=\u00a0\u00bb86px\u00a0\u00bb scroll_vertical_motion_enable=\u00a0\u00bbon\u00a0\u00bb scroll_vertical_motion=\u00a0\u00bb0|50|50|100|2|0|0&Prime; scroll_horizontal_motion_enable=\u00a0\u00bbon\u00a0\u00bb scroll_horizontal_motion=\u00a0\u00bb0|50|50|100|-6|0|0&Prime; scroll_rotating_enable=\u00a0\u00bbon\u00a0\u00bb scroll_rotating=\u00a0\u00bb0|50|50|100|-10\u00b0|0|0&Prime; global_colors_info=\u00a0\u00bb{}\u00a0\u00bb][et_pb_image src=\u00a0\u00bbhttps:\/\/exhibition.solidarity1980.com\/wp-content\/uploads\/2024\/12\/1980-sierpien-121.jpg\u00a0\u00bb title_text=\u00a0\u00bb1980 sierpien &#8211; 121&Prime; _builder_version=\u00a0\u00bb4.25.1&Prime; _module_preset=\u00a0\u00bbdefault\u00a0\u00bb transform_rotate=\u00a0\u00bb0deg|0deg|-10deg\u00a0\u00bb box_shadow_style=\u00a0\u00bbpreset2&Prime; box_shadow_color=\u00a0\u00bbrgba(15,41,43,0.35)\u00a0\u00bb global_colors_info=\u00a0\u00bb{}\u00a0\u00bb][\/et_pb_image][\/et_pb_column][et_pb_column type=\u00a0\u00bb1_3&Prime; _builder_version=\u00a0\u00bb4.25.1&Prime; _module_preset=\u00a0\u00bbdefault\u00a0\u00bb vertical_offset=\u00a0\u00bb60px\u00a0\u00bb z_index=\u00a0\u00bb11&Prime; scroll_vertical_motion_enable=\u00a0\u00bbon\u00a0\u00bb scroll_vertical_motion=\u00a0\u00bb0|50|50|100|4|0|0&Prime; scroll_horizontal_motion_enable=\u00a0\u00bbon\u00a0\u00bb scroll_horizontal_motion=\u00a0\u00bb0|50|50|100|-8|0|0&Prime; scroll_rotating_enable=\u00a0\u00bbon\u00a0\u00bb scroll_rotating=\u00a0\u00bb0|50|50|100|-20\u00b0|0|0&Prime; global_colors_info=\u00a0\u00bb{}\u00a0\u00bb][et_pb_image src=\u00a0\u00bbhttps:\/\/exhibition.solidarity1980.com\/wp-content\/uploads\/2024\/12\/1980-sierpien-108.jpg\u00a0\u00bb title_text=\u00a0\u00bb1980 sierpien &#8211; 108&Prime; _builder_version=\u00a0\u00bb4.25.1&Prime; _module_preset=\u00a0\u00bbdefault\u00a0\u00bb transform_rotate=\u00a0\u00bb0deg|0deg|10deg\u00a0\u00bb z_index=\u00a0\u00bb0&Prime; box_shadow_style=\u00a0\u00bbpreset2&Prime; box_shadow_color=\u00a0\u00bbrgba(15,41,43,0.35)\u00a0\u00bb global_colors_info=\u00a0\u00bb{}\u00a0\u00bb][\/et_pb_image][\/et_pb_column][et_pb_column type=\u00a0\u00bb1_3&Prime; _builder_version=\u00a0\u00bb4.22.1&Prime; _module_preset=\u00a0\u00bbdefault\u00a0\u00bb vertical_offset=\u00a0\u00bb-30px\u00a0\u00bb horizontal_offset=\u00a0\u00bb-110px\u00a0\u00bb horizontal_offset_tablet=\u00a0\u00bb0px\u00a0\u00bb horizontal_offset_phone=\u00a0\u00bb-110px\u00a0\u00bb horizontal_offset_last_edited=\u00a0\u00bbon|tablet\u00a0\u00bb scroll_vertical_motion_enable=\u00a0\u00bbon\u00a0\u00bb scroll_vertical_motion=\u00a0\u00bb0|50|50|100|4|0|0&Prime; scroll_horizontal_motion_enable=\u00a0\u00bbon\u00a0\u00bb scroll_horizontal_motion=\u00a0\u00bb0|50|50|100|4|0|0&Prime; scroll_rotating_enable=\u00a0\u00bbon\u00a0\u00bb scroll_rotating=\u00a0\u00bb0|50|50|100|30\u00b0|0|0&Prime; global_colors_info=\u00a0\u00bb{}\u00a0\u00bb][et_pb_image src=\u00a0\u00bbhttps:\/\/exhibition.solidarity1980.com\/wp-content\/uploads\/2024\/12\/IS_1980-sierpien-237.jpg\u00a0\u00bb title_text=\u00a0\u00bbIS_1980 sierpien &#8211; 237&Prime; _builder_version=\u00a0\u00bb4.25.1&Prime; _module_preset=\u00a0\u00bbdefault\u00a0\u00bb transform_rotate=\u00a0\u00bb0deg|0deg|-9deg\u00a0\u00bb box_shadow_style=\u00a0\u00bbpreset2&Prime; box_shadow_color=\u00a0\u00bbrgba(15,41,43,0.35)\u00a0\u00bb global_colors_info=\u00a0\u00bb{}\u00a0\u00bb][\/et_pb_image][\/et_pb_column][\/et_pb_row][\/et_pb_section][et_pb_section fb_built=\u00a0\u00bb1&Prime; admin_label=\u00a0\u00bbcampagnes de soutien\u00a0\u00bb _builder_version=\u00a0\u00bb4.25.1&Prime; _module_preset=\u00a0\u00bbdefault\u00a0\u00bb background_color=\u00a0\u00bbRGBA(255,255,255,0)\u00a0\u00bb custom_margin=\u00a0\u00bb0px||||false|false\u00a0\u00bb custom_padding=\u00a0\u00bb0px||||false|false\u00a0\u00bb custom_css_main_element=\u00a0\u00bbmin-height: 100vh;||display: flex;||overflow: hidden;\u00a0\u00bb da_disable_devices=\u00a0\u00bboff|off|off\u00a0\u00bb global_colors_info=\u00a0\u00bb{}\u00a0\u00bb da_is_popup=\u00a0\u00bboff\u00a0\u00bb da_exit_intent=\u00a0\u00bboff\u00a0\u00bb da_has_close=\u00a0\u00bbon\u00a0\u00bb da_alt_close=\u00a0\u00bboff\u00a0\u00bb da_dark_close=\u00a0\u00bboff\u00a0\u00bb da_not_modal=\u00a0\u00bbon\u00a0\u00bb da_is_singular=\u00a0\u00bboff\u00a0\u00bb da_with_loader=\u00a0\u00bboff\u00a0\u00bb da_has_shadow=\u00a0\u00bbon\u00a0\u00bb][et_pb_row column_structure=\u00a0\u00bb1_3,1_3,1_3&Prime; _builder_version=\u00a0\u00bb4.25.1&Prime; _module_preset=\u00a0\u00bbdefault\u00a0\u00bb width=\u00a0\u00bb90%\u00a0\u00bb max_width=\u00a0\u00bb100%\u00a0\u00bb custom_margin=\u00a0\u00bb0px||||false|false\u00a0\u00bb global_colors_info=\u00a0\u00bb{}\u00a0\u00bb][et_pb_column type=\u00a0\u00bb1_3&Prime; _builder_version=\u00a0\u00bb4.22.1&Prime; _module_preset=\u00a0\u00bbdefault\u00a0\u00bb horizontal_offset=\u00a0\u00bb86px\u00a0\u00bb scroll_vertical_motion_enable=\u00a0\u00bbon\u00a0\u00bb scroll_vertical_motion=\u00a0\u00bb0|50|50|100|2|0|0&Prime; scroll_horizontal_motion_enable=\u00a0\u00bbon\u00a0\u00bb scroll_horizontal_motion=\u00a0\u00bb0|50|50|100|-6|0|0&Prime; scroll_rotating_enable=\u00a0\u00bbon\u00a0\u00bb scroll_rotating=\u00a0\u00bb0|50|50|100|-10\u00b0|0|0&Prime; global_colors_info=\u00a0\u00bb{}\u00a0\u00bb][et_pb_image src=\u00a0\u00bbhttps:\/\/exhibition.solidarity1980.com\/wp-content\/uploads\/2023\/07\/layer-16.jpg\u00a0\u00bb title_text=\u00a0\u00bblayer-16&Prime; _builder_version=\u00a0\u00bb4.25.1&Prime; _module_preset=\u00a0\u00bbdefault\u00a0\u00bb transform_rotate=\u00a0\u00bb0deg|0deg|-10deg\u00a0\u00bb box_shadow_style=\u00a0\u00bbpreset2&Prime; box_shadow_color=\u00a0\u00bbrgba(15,41,43,0.35)\u00a0\u00bb global_colors_info=\u00a0\u00bb{}\u00a0\u00bb][\/et_pb_image][\/et_pb_column][et_pb_column type=\u00a0\u00bb1_3&Prime; _builder_version=\u00a0\u00bb4.25.1&Prime; _module_preset=\u00a0\u00bbdefault\u00a0\u00bb vertical_offset=\u00a0\u00bb60px\u00a0\u00bb z_index=\u00a0\u00bb11&Prime; scroll_vertical_motion_enable=\u00a0\u00bbon\u00a0\u00bb scroll_vertical_motion=\u00a0\u00bb0|50|50|100|4|0|0&Prime; scroll_horizontal_motion_enable=\u00a0\u00bbon\u00a0\u00bb scroll_horizontal_motion=\u00a0\u00bb0|50|50|100|-8|0|0&Prime; scroll_rotating_enable=\u00a0\u00bbon\u00a0\u00bb scroll_rotating=\u00a0\u00bb0|50|50|100|-20\u00b0|0|0&Prime; global_colors_info=\u00a0\u00bb{}\u00a0\u00bb][et_pb_image src=\u00a0\u00bbhttps:\/\/exhibition.solidarity1980.com\/wp-content\/uploads\/2024\/12\/1980-sierpien-99.jpg\u00a0\u00bb title_text=\u00a0\u00bb1980 sierpien &#8211; 99&Prime; _builder_version=\u00a0\u00bb4.25.1&Prime; _module_preset=\u00a0\u00bbdefault\u00a0\u00bb transform_rotate=\u00a0\u00bb0deg|0deg|10deg\u00a0\u00bb z_index=\u00a0\u00bb0&Prime; box_shadow_style=\u00a0\u00bbpreset2&Prime; box_shadow_color=\u00a0\u00bbrgba(15,41,43,0.35)\u00a0\u00bb global_colors_info=\u00a0\u00bb{}\u00a0\u00bb][\/et_pb_image][\/et_pb_column][et_pb_column type=\u00a0\u00bb1_3&Prime; _builder_version=\u00a0\u00bb4.22.1&Prime; _module_preset=\u00a0\u00bbdefault\u00a0\u00bb vertical_offset=\u00a0\u00bb-30px\u00a0\u00bb horizontal_offset=\u00a0\u00bb-110px\u00a0\u00bb horizontal_offset_tablet=\u00a0\u00bb0px\u00a0\u00bb horizontal_offset_phone=\u00a0\u00bb-110px\u00a0\u00bb horizontal_offset_last_edited=\u00a0\u00bbon|tablet\u00a0\u00bb scroll_vertical_motion_enable=\u00a0\u00bbon\u00a0\u00bb scroll_vertical_motion=\u00a0\u00bb0|50|50|100|4|0|0&Prime; scroll_horizontal_motion_enable=\u00a0\u00bbon\u00a0\u00bb scroll_horizontal_motion=\u00a0\u00bb0|50|50|100|4|0|0&Prime; scroll_rotating_enable=\u00a0\u00bbon\u00a0\u00bb scroll_rotating=\u00a0\u00bb0|50|50|100|30\u00b0|0|0&Prime; global_colors_info=\u00a0\u00bb{}\u00a0\u00bb][et_pb_image src=\u00a0\u00bbhttps:\/\/exhibition.solidarity1980.com\/wp-content\/uploads\/2024\/12\/IS_1980-sierpien-146.jpg\u00a0\u00bb title_text=\u00a0\u00bbIS_1980 sierpien &#8211; 146&Prime; _builder_version=\u00a0\u00bb4.25.1&Prime; _module_preset=\u00a0\u00bbdefault\u00a0\u00bb transform_rotate=\u00a0\u00bb0deg|0deg|-9deg\u00a0\u00bb box_shadow_style=\u00a0\u00bbpreset2&Prime; box_shadow_color=\u00a0\u00bbrgba(15,41,43,0.35)\u00a0\u00bb global_colors_info=\u00a0\u00bb{}\u00a0\u00bb][\/et_pb_image][\/et_pb_column][\/et_pb_row][\/et_pb_section][et_pb_section fb_built=\u00a0\u00bb1&Prime; admin_label=\u00a0\u00bbTitre espoirs \u00e9t\u00e9 1980&Prime; _builder_version=\u00a0\u00bb4.25.1&Prime; _module_preset=\u00a0\u00bbdefault\u00a0\u00bb background_color=\u00a0\u00bbRGBA(255,255,255,0)\u00a0\u00bb custom_padding=\u00a0\u00bb||0px||false|false\u00a0\u00bb scroll_vertical_motion_enable=\u00a0\u00bbon\u00a0\u00bb scroll_vertical_motion=\u00a0\u00bb0|50|50|100|4|0|0&Prime; scroll_fade_enable=\u00a0\u00bbon\u00a0\u00bb motion_trigger_start=\u00a0\u00bbtop\u00a0\u00bb da_disable_devices=\u00a0\u00bboff|off|off\u00a0\u00bb saved_tabs=\u00a0\u00bball\u00a0\u00bb global_colors_info=\u00a0\u00bb{}\u00a0\u00bb da_is_popup=\u00a0\u00bboff\u00a0\u00bb da_exit_intent=\u00a0\u00bboff\u00a0\u00bb da_has_close=\u00a0\u00bbon\u00a0\u00bb da_alt_close=\u00a0\u00bboff\u00a0\u00bb da_dark_close=\u00a0\u00bboff\u00a0\u00bb da_not_modal=\u00a0\u00bbon\u00a0\u00bb da_is_singular=\u00a0\u00bboff\u00a0\u00bb da_with_loader=\u00a0\u00bboff\u00a0\u00bb da_has_shadow=\u00a0\u00bbon\u00a0\u00bb][et_pb_row admin_label=\u00a0\u00bbRow\u00a0\u00bb _builder_version=\u00a0\u00bb4.22.1&Prime; _module_preset=\u00a0\u00bbdefault\u00a0\u00bb custom_padding=\u00a0\u00bb||0px||false|false\u00a0\u00bb global_colors_info=\u00a0\u00bb{}\u00a0\u00bb][et_pb_column type=\u00a0\u00bb4_4&Prime; _builder_version=\u00a0\u00bb4.22.1&Prime; _module_preset=\u00a0\u00bbdefault\u00a0\u00bb custom_padding=\u00a0\u00bb||0px||false|false\u00a0\u00bb global_colors_info=\u00a0\u00bb{}\u00a0\u00bb][et_pb_text admin_label=\u00a0\u00bbText\u00a0\u00bb _builder_version=\u00a0\u00bb4.25.1&Prime; _module_preset=\u00a0\u00bbdefault\u00a0\u00bb text_orientation=\u00a0\u00bbcenter\u00a0\u00bb background_layout=\u00a0\u00bbdark\u00a0\u00bb sticky_limit_bottom=\u00a0\u00bbsection\u00a0\u00bb global_colors_info=\u00a0\u00bb{}\u00a0\u00bb]<\/p>\n<h2 class=\"small\"><span>Espoirs<\/span><\/h2>\n<h4>23-30 ao\u00fbt<\/h4>\n<p>Ouverture des n\u00e9gociations entre gouvernement et gr\u00e9vistes\u00a0: mille d\u00e9l\u00e9gu\u00e9s sont pr\u00e9sents qui repr\u00e9sentent six cent entreprises.<\/p>\n<p>\u00ab\u00a0Dans la salle du chantier L\u00e9nine, les n\u00e9gociateurs du gouvernement se tiennent sous la statue de L\u00e9nine, ceux de Solidarit\u00e9 sous une croix, entre les deux, un aigle de Pologne.\u00a0\u00bb<\/p>\n<p>Le Bulletin d\u2019information des gr\u00e9vistes, sous le nom de \u00ab\u00a0Solidarit\u00e9\u00a0\u00bb, \u00e9dit\u00e9 \u00e0 40.000 exemplaires, relate jour apr\u00e8s jour le d\u00e9roul\u00e9 des n\u00e9gociations.<\/p>\n<p>[\/et_pb_text][et_pb_blurb use_icon=\u00a0\u00bbon\u00a0\u00bb font_icon=\u00a0\u00bb&#x50;||divi||400&Prime; icon_color=\u00a0\u00bb#FBFFEE\u00a0\u00bb content_max_width=\u00a0\u00bb100%\u00a0\u00bb admin_label=\u00a0\u00bbBouton +\u00a0\u00bb _builder_version=\u00a0\u00bb4.24.2&Prime; _module_preset=\u00a0\u00bbdefault\u00a0\u00bb background_color=\u00a0\u00bbRGBA(255,255,255,0)\u00a0\u00bb custom_margin=\u00a0\u00bb0px|30px|100px|30px|false|true\u00a0\u00bb custom_margin_tablet=\u00a0\u00bb||50px||false|true\u00a0\u00bb custom_margin_phone=\u00a0\u00bb|15px||15px|false|true\u00a0\u00bb custom_margin_last_edited=\u00a0\u00bbon|phone\u00a0\u00bb global_colors_info=\u00a0\u00bb{}\u00a0\u00bb]<\/p>\n<div class=\"page\" title=\"Page 8\">\n<div class=\"section\">\n<div class=\"layoutArea\">\n<div class=\"column\">\n<p>Tadeusz Knade, <em>Kto tu wpusci\u0142 dziennikarzy?, Qui a laiss\u00e9 entrer les journalistes\u00a0 ici ?,<\/em> p. 246.<\/p>\n<\/div>\n<\/div>\n<\/div>\n<\/div>\n<p>[\/et_pb_blurb][\/et_pb_column][\/et_pb_row][\/et_pb_section][et_pb_section fb_built=\u00a0\u00bb1&Prime; admin_label=\u00a0\u00bbcampagnes de soutien\u00a0\u00bb _builder_version=\u00a0\u00bb4.25.1&Prime; _module_preset=\u00a0\u00bbdefault\u00a0\u00bb background_color=\u00a0\u00bbRGBA(255,255,255,0)\u00a0\u00bb custom_margin=\u00a0\u00bb0px||||false|false\u00a0\u00bb custom_padding=\u00a0\u00bb0px||||false|false\u00a0\u00bb custom_css_main_element=\u00a0\u00bbmin-height: 100vh;||display: flex;||overflow: hidden;\u00a0\u00bb da_disable_devices=\u00a0\u00bboff|off|off\u00a0\u00bb global_colors_info=\u00a0\u00bb{}\u00a0\u00bb da_is_popup=\u00a0\u00bboff\u00a0\u00bb da_exit_intent=\u00a0\u00bboff\u00a0\u00bb da_has_close=\u00a0\u00bbon\u00a0\u00bb da_alt_close=\u00a0\u00bboff\u00a0\u00bb da_dark_close=\u00a0\u00bboff\u00a0\u00bb da_not_modal=\u00a0\u00bbon\u00a0\u00bb da_is_singular=\u00a0\u00bboff\u00a0\u00bb da_with_loader=\u00a0\u00bboff\u00a0\u00bb da_has_shadow=\u00a0\u00bbon\u00a0\u00bb][et_pb_row column_structure=\u00a0\u00bb1_3,1_3,1_3&Prime; _builder_version=\u00a0\u00bb4.25.1&Prime; _module_preset=\u00a0\u00bbdefault\u00a0\u00bb width=\u00a0\u00bb90%\u00a0\u00bb max_width=\u00a0\u00bb100%\u00a0\u00bb custom_margin=\u00a0\u00bb0px||||false|false\u00a0\u00bb global_colors_info=\u00a0\u00bb{}\u00a0\u00bb][et_pb_column type=\u00a0\u00bb1_3&Prime; _builder_version=\u00a0\u00bb4.22.1&Prime; _module_preset=\u00a0\u00bbdefault\u00a0\u00bb horizontal_offset=\u00a0\u00bb86px\u00a0\u00bb scroll_vertical_motion_enable=\u00a0\u00bbon\u00a0\u00bb scroll_vertical_motion=\u00a0\u00bb0|50|50|100|2|0|0&Prime; scroll_horizontal_motion_enable=\u00a0\u00bbon\u00a0\u00bb scroll_horizontal_motion=\u00a0\u00bb0|50|50|100|-6|0|0&Prime; scroll_rotating_enable=\u00a0\u00bbon\u00a0\u00bb scroll_rotating=\u00a0\u00bb0|50|50|100|-10\u00b0|0|0&Prime; global_colors_info=\u00a0\u00bb{}\u00a0\u00bb][et_pb_image src=\u00a0\u00bbhttps:\/\/exhibition.solidarity1980.com\/wp-content\/uploads\/2024\/12\/1980-sierpien-99.jpg\u00a0\u00bb title_text=\u00a0\u00bb1980 sierpien &#8211; 99&Prime; _builder_version=\u00a0\u00bb4.25.1&Prime; _module_preset=\u00a0\u00bbdefault\u00a0\u00bb transform_rotate=\u00a0\u00bb0deg|0deg|-10deg\u00a0\u00bb box_shadow_style=\u00a0\u00bbpreset2&Prime; box_shadow_color=\u00a0\u00bbrgba(15,41,43,0.35)\u00a0\u00bb global_colors_info=\u00a0\u00bb{}\u00a0\u00bb][\/et_pb_image][\/et_pb_column][et_pb_column type=\u00a0\u00bb1_3&Prime; _builder_version=\u00a0\u00bb4.25.1&Prime; _module_preset=\u00a0\u00bbdefault\u00a0\u00bb vertical_offset=\u00a0\u00bb60px\u00a0\u00bb z_index=\u00a0\u00bb11&Prime; scroll_vertical_motion_enable=\u00a0\u00bbon\u00a0\u00bb scroll_vertical_motion=\u00a0\u00bb0|50|50|100|4|0|0&Prime; scroll_horizontal_motion_enable=\u00a0\u00bbon\u00a0\u00bb scroll_horizontal_motion=\u00a0\u00bb0|50|50|100|-8|0|0&Prime; scroll_rotating_enable=\u00a0\u00bbon\u00a0\u00bb scroll_rotating=\u00a0\u00bb0|50|50|100|-20\u00b0|0|0&Prime; global_colors_info=\u00a0\u00bb{}\u00a0\u00bb][et_pb_image src=\u00a0\u00bbhttps:\/\/exhibition.solidarity1980.com\/wp-content\/uploads\/2024\/12\/ECS_T_F_9282.jpg\u00a0\u00bb title_text=\u00a0\u00bbECS_T_F_9282&Prime; _builder_version=\u00a0\u00bb4.25.1&Prime; _module_preset=\u00a0\u00bbdefault\u00a0\u00bb transform_rotate=\u00a0\u00bb0deg|0deg|10deg\u00a0\u00bb z_index=\u00a0\u00bb0&Prime; box_shadow_style=\u00a0\u00bbpreset2&Prime; box_shadow_color=\u00a0\u00bbrgba(15,41,43,0.35)\u00a0\u00bb global_colors_info=\u00a0\u00bb{}\u00a0\u00bb][\/et_pb_image][\/et_pb_column][et_pb_column type=\u00a0\u00bb1_3&Prime; _builder_version=\u00a0\u00bb4.22.1&Prime; _module_preset=\u00a0\u00bbdefault\u00a0\u00bb vertical_offset=\u00a0\u00bb-30px\u00a0\u00bb horizontal_offset=\u00a0\u00bb-110px\u00a0\u00bb horizontal_offset_tablet=\u00a0\u00bb0px\u00a0\u00bb horizontal_offset_phone=\u00a0\u00bb-110px\u00a0\u00bb horizontal_offset_last_edited=\u00a0\u00bbon|tablet\u00a0\u00bb scroll_vertical_motion_enable=\u00a0\u00bbon\u00a0\u00bb scroll_vertical_motion=\u00a0\u00bb0|50|50|100|4|0|0&Prime; scroll_horizontal_motion_enable=\u00a0\u00bbon\u00a0\u00bb scroll_horizontal_motion=\u00a0\u00bb0|50|50|100|4|0|0&Prime; scroll_rotating_enable=\u00a0\u00bbon\u00a0\u00bb scroll_rotating=\u00a0\u00bb0|50|50|100|30\u00b0|0|0&Prime; global_colors_info=\u00a0\u00bb{}\u00a0\u00bb][et_pb_image src=\u00a0\u00bbhttps:\/\/exhibition.solidarity1980.com\/wp-content\/uploads\/2024\/12\/IS_1980-ECS_T_F_9310.jpg\u00a0\u00bb title_text=\u00a0\u00bbIS_1980 -ECS_T_F_9310&Prime; _builder_version=\u00a0\u00bb4.25.1&Prime; _module_preset=\u00a0\u00bbdefault\u00a0\u00bb transform_rotate=\u00a0\u00bb0deg|0deg|-9deg\u00a0\u00bb box_shadow_style=\u00a0\u00bbpreset2&Prime; box_shadow_color=\u00a0\u00bbrgba(15,41,43,0.35)\u00a0\u00bb global_colors_info=\u00a0\u00bb{}\u00a0\u00bb][\/et_pb_image][\/et_pb_column][\/et_pb_row][\/et_pb_section][et_pb_section fb_built=\u00a0\u00bb1&Prime; admin_label=\u00a0\u00bbRuth Dreifuss entretien 2 colonnes\u00a0\u00bb module_class=\u00a0\u00bbnoise entretien-2-cols\u00a0\u00bb _builder_version=\u00a0\u00bb4.25.1&Prime; _module_preset=\u00a0\u00bbdefault\u00a0\u00bb background_color=\u00a0\u00bb#255E64&Prime; z_index=\u00a0\u00bb4&Prime; custom_padding=\u00a0\u00bb0px||0px||false|false\u00a0\u00bb da_disable_devices=\u00a0\u00bboff|off|off\u00a0\u00bb global_colors_info=\u00a0\u00bb{}\u00a0\u00bb da_is_popup=\u00a0\u00bboff\u00a0\u00bb da_exit_intent=\u00a0\u00bboff\u00a0\u00bb da_has_close=\u00a0\u00bbon\u00a0\u00bb da_alt_close=\u00a0\u00bboff\u00a0\u00bb da_dark_close=\u00a0\u00bboff\u00a0\u00bb da_not_modal=\u00a0\u00bbon\u00a0\u00bb da_is_singular=\u00a0\u00bboff\u00a0\u00bb da_with_loader=\u00a0\u00bboff\u00a0\u00bb da_has_shadow=\u00a0\u00bbon\u00a0\u00bb][et_pb_row column_structure=\u00a0\u00bb1_2,1_2&Prime; make_equal=\u00a0\u00bbon\u00a0\u00bb _builder_version=\u00a0\u00bb4.25.1&Prime; _module_preset=\u00a0\u00bbdefault\u00a0\u00bb width=\u00a0\u00bb100%\u00a0\u00bb max_width=\u00a0\u00bb100%\u00a0\u00bb custom_padding=\u00a0\u00bb0px||0px||false|false\u00a0\u00bb global_colors_info=\u00a0\u00bb{}\u00a0\u00bb][et_pb_column type=\u00a0\u00bb1_2&Prime; admin_label=\u00a0\u00bbColumn BgImg\u00a0\u00bb _builder_version=\u00a0\u00bb4.25.1&Prime; _module_preset=\u00a0\u00bbdefault\u00a0\u00bb background_image=\u00a0\u00bbhttps:\/\/exhibition.solidarity1980.com\/wp-content\/uploads\/2024\/12\/IS_1980-19-X-Krakow-Nowa-Huta-35b2.jpg\u00a0\u00bb positioning=\u00a0\u00bbnone\u00a0\u00bb hover_transition_duration=\u00a0\u00bb250ms\u00a0\u00bb hover_transition_speed_curve=\u00a0\u00bbease-in\u00a0\u00bb sticky_position=\u00a0\u00bbtop\u00a0\u00bb sticky_limit_top=\u00a0\u00bbrow\u00a0\u00bb sticky_limit_bottom=\u00a0\u00bbsection\u00a0\u00bb custom_css_main_element=\u00a0\u00bbmargin-right: 0 !important;||width: 50% !important;||max-height: 100vh;\u00a0\u00bb global_colors_info=\u00a0\u00bb{}\u00a0\u00bb custom_css_main_element_last_edited=\u00a0\u00bbon|desktop\u00a0\u00bb custom_css_main_element_tablet=\u00a0\u00bbmin-height: 300px !important;||display: block !important;||position: relative !important;\u00a0\u00bb custom_css_main_element_phone=\u00a0\u00bbmin-height: 250px !important;||display: block !important;\u00a0\u00bb custom_css_main_element__sticky_enabled=\u00a0\u00bboff|sticky\u00a0\u00bb][\/et_pb_column][et_pb_column type=\u00a0\u00bb1_2&Prime; admin_label=\u00a0\u00bbColumn\u00a0\u00bb _builder_version=\u00a0\u00bb4.21.0&Prime; _module_preset=\u00a0\u00bbdefault\u00a0\u00bb custom_padding=\u00a0\u00bb0px|0px|0px|0px|false|false\u00a0\u00bb custom_padding_tablet=\u00a0\u00bb0px|0px|0px|0px|false|false\u00a0\u00bb custom_padding_phone=\u00a0\u00bb0px|0px|0px|0px|false|false\u00a0\u00bb custom_padding_last_edited=\u00a0\u00bbon|desktop\u00a0\u00bb custom_css_main_element=\u00a0\u00bbwidth: 50% !important;\u00a0\u00bb global_colors_info=\u00a0\u00bb{}\u00a0\u00bb custom_css_main_element_last_edited=\u00a0\u00bbon|desktop\u00a0\u00bb custom_css_main_element_tablet=\u00a0\u00bbwidth: 100%;\u00a0\u00bb custom_css_main_element_phone=\u00a0\u00bbwidth: 100%;\u00a0\u00bb][et_pb_image src=\u00a0\u00bbhttps:\/\/exhibition.solidarity1980.com\/wp-content\/uploads\/2023\/07\/layer-16.jpg\u00a0\u00bb title_text=\u00a0\u00bblayer-16&Prime; show_bottom_space=\u00a0\u00bboff\u00a0\u00bb force_fullwidth=\u00a0\u00bbon\u00a0\u00bb admin_label=\u00a0\u00bbImage\u00a0\u00bb _builder_version=\u00a0\u00bb4.25.1&Prime; _module_preset=\u00a0\u00bbdefault\u00a0\u00bb custom_margin=\u00a0\u00bb||0px||false|false\u00a0\u00bb global_colors_info=\u00a0\u00bb{}\u00a0\u00bb][\/et_pb_image][et_pb_text _builder_version=\u00a0\u00bb4.25.1&Prime; _module_preset=\u00a0\u00bbdefault\u00a0\u00bb text_text_color=\u00a0\u00bb#ffffff\u00a0\u00bb header_text_color=\u00a0\u00bb#ffffff\u00a0\u00bb header_2_text_color=\u00a0\u00bb#ffffff\u00a0\u00bb header_3_text_color=\u00a0\u00bb#ffffff\u00a0\u00bb header_4_text_color=\u00a0\u00bb#ffffff\u00a0\u00bb header_5_text_color=\u00a0\u00bb#ffffff\u00a0\u00bb header_6_text_color=\u00a0\u00bb#ffffff\u00a0\u00bb custom_margin=\u00a0\u00bb||0px||false|false\u00a0\u00bb custom_padding=\u00a0\u00bb100px|30px|0px|30px|false|true\u00a0\u00bb custom_padding_tablet=\u00a0\u00bb50px||0px||false|true\u00a0\u00bb custom_padding_phone=\u00a0\u00bb|15px||15px|true|true\u00a0\u00bb custom_padding_last_edited=\u00a0\u00bbon|phone\u00a0\u00bb global_colors_info=\u00a0\u00bb{}\u00a0\u00bb]<\/p>\n<h2><span>ENTRETIEN AVEC RUTH DREIFUSS<br \/><\/span><\/h2>\n<p>&nbsp;<\/p>\n<p>[\/et_pb_text][et_pb_video src=\u00a0\u00bbhttps:\/\/youtu.be\/5Jbfl4Rg2c0&Prime; _builder_version=\u00a0\u00bb4.24.0&Prime; _module_preset=\u00a0\u00bbdefault\u00a0\u00bb global_colors_info=\u00a0\u00bb{}\u00a0\u00bb][\/et_pb_video][et_pb_blurb use_icon=\u00a0\u00bbon\u00a0\u00bb font_icon=\u00a0\u00bb&#x50;||divi||400&Prime; icon_color=\u00a0\u00bb#FBFFEE\u00a0\u00bb content_max_width=\u00a0\u00bb100%\u00a0\u00bb admin_label=\u00a0\u00bbBouton +\u00a0\u00bb _builder_version=\u00a0\u00bb4.25.1&Prime; _module_preset=\u00a0\u00bbdefault\u00a0\u00bb background_color=\u00a0\u00bbRGBA(255,255,255,0)\u00a0\u00bb custom_margin=\u00a0\u00bb0px|30px|100px|30px|false|true\u00a0\u00bb custom_margin_tablet=\u00a0\u00bb||50px||false|true\u00a0\u00bb custom_margin_phone=\u00a0\u00bb|15px||15px|false|true\u00a0\u00bb custom_margin_last_edited=\u00a0\u00bbon|phone\u00a0\u00bb global_colors_info=\u00a0\u00bb{}\u00a0\u00bb]<\/p>\n<p>Entretien avec Ruth Dreifuss men\u00e9 par Renata Latala,\u00a0 le 13 d\u00e9cembre 2022, Gen\u00e8ve<\/p>\n<p>[\/et_pb_blurb][\/et_pb_column][\/et_pb_row][\/et_pb_section][et_pb_section fb_built=\u00a0\u00bb1&Prime; admin_label=\u00a0\u00bbLogo Solidarnosc\u00a0\u00bb module_id=\u00a0\u00bbsolidarnosc-logo-container\u00a0\u00bb module_class=\u00a0\u00bbnoise\u00a0\u00bb _builder_version=\u00a0\u00bb4.24.2&Prime; _module_preset=\u00a0\u00bbdefault\u00a0\u00bb background_enable_color=\u00a0\u00bboff\u00a0\u00bb background_enable_image=\u00a0\u00bboff\u00a0\u00bb min_height=\u00a0\u00bb150vh\u00a0\u00bb overflow-x=\u00a0\u00bbhidden\u00a0\u00bb custom_padding=\u00a0\u00bb0px|0px|0px|0px|true|true\u00a0\u00bb custom_css_main_element=\u00a0\u00bbbackground-color: #dcdace !important;||overflow: hidden;||display: flex;||flex-direction: column;\u00a0\u00bb da_disable_devices=\u00a0\u00bboff|off|off\u00a0\u00bb locked=\u00a0\u00bboff\u00a0\u00bb global_colors_info=\u00a0\u00bb{}\u00a0\u00bb da_is_popup=\u00a0\u00bboff\u00a0\u00bb da_exit_intent=\u00a0\u00bboff\u00a0\u00bb da_has_close=\u00a0\u00bbon\u00a0\u00bb da_alt_close=\u00a0\u00bboff\u00a0\u00bb da_dark_close=\u00a0\u00bboff\u00a0\u00bb da_not_modal=\u00a0\u00bbon\u00a0\u00bb da_is_singular=\u00a0\u00bboff\u00a0\u00bb da_with_loader=\u00a0\u00bboff\u00a0\u00bb da_has_shadow=\u00a0\u00bbon\u00a0\u00bb][et_pb_row admin_label=\u00a0\u00bbLogo\u00a0\u00bb _builder_version=\u00a0\u00bb4.22.1&Prime; _module_preset=\u00a0\u00bbdefault\u00a0\u00bb max_width=\u00a0\u00bb100%\u00a0\u00bb max_width_tablet=\u00a0\u00bb100%\u00a0\u00bb max_width_phone=\u00a0\u00bb95%\u00a0\u00bb max_width_last_edited=\u00a0\u00bbon|tablet\u00a0\u00bb min_height=\u00a0\u00bb100vh\u00a0\u00bb custom_padding=\u00a0\u00bb0px||0px||true|false\u00a0\u00bb sticky_position=\u00a0\u00bbtop\u00a0\u00bb sticky_limit_bottom=\u00a0\u00bbsection\u00a0\u00bb custom_css_main_element=\u00a0\u00bbdisplay: flex;||align-items: center;||z-index: 0 !important;||position: relative\u00a0\u00bb locked=\u00a0\u00bbon\u00a0\u00bb global_colors_info=\u00a0\u00bb{}\u00a0\u00bb][et_pb_column type=\u00a0\u00bb4_4&Prime; _builder_version=\u00a0\u00bb4.22.1&Prime; _module_preset=\u00a0\u00bbdefault\u00a0\u00bb global_colors_info=\u00a0\u00bb{}\u00a0\u00bb][et_pb_code _builder_version=\u00a0\u00bb4.22.1&Prime; _module_preset=\u00a0\u00bbdefault\u00a0\u00bb global_colors_info=\u00a0\u00bb{}\u00a0\u00bb]<\/p>\n<div id=\"solidarnosc-logo-animation\"><!-- [et_pb_line_break_holder] -->  <svg width=\"100%\" height=\"100%\" viewBox=\"0 0 853.1 331.5\" preserveAspectRatio=\"xMidYMid meet\"><!-- [et_pb_line_break_holder] -->    <\/p>\n<style type=\"text\/css\"><!-- [et_pb_line_break_holder] -->      .st0{fill-rule:evenodd;clip-rule:evenodd;fill:#E30613;}<!-- [et_pb_line_break_holder] -->      .st1{fill-rule:evenodd;clip-rule:evenodd;fill:#FFFFFF;}<!-- [et_pb_line_break_holder] -->      .st2{fill:#E30613;}<!-- [et_pb_line_break_holder] -->    <\/style>\n<p><!-- [et_pb_line_break_holder] -->    <path id=\"letter11\" class=\"bottom-anim st0\" d=\"M808.6,220.3l7.4-19.1l4.9-5.5l1.8-0.4l2.9-5.2l2-1.3c2.5-3.6,7.4-5.7,11-8c0.9-4.6,5.6-8.2,3.1-13<!-- [et_pb_line_break_holder] -->      c-0.7-0.2-0.9-0.4-1.1-0.8l-0.5-1.7c-0.2,0-0.7,0-1.3-0.2l-0.2-1.7c-3.6-4.4-8.7-6.3-15-6.3c-3.8,0.8-7.6-0.6-11,1<!-- [et_pb_line_break_holder] -->      c-0.4,0.2-0.4,0.6-0.9,1.3c-1.6,0-2.7,1.3-4.3,2.1c-2.2,0.8-3.6,2.3-5.8,3.1c-1.1,0.6-1.3,1.9-1.8,2.7c-0.2,0.4-0.2,0-0.7,0<!-- [et_pb_line_break_holder] -->      c0,1.3-1.8,1.9-2.5,2.5l-1.1,1.7c0,0.6-0.9,1-0.9,2.1c-0.4,0.6-0.4,0.6-0.9,1.3c-0.2,0.2-0.7,0.6-1.3,0.6l-5.8,8.8c0,0,0,0.4,0,0.8<!-- [et_pb_line_break_holder] -->      l-3.1,4.8l-0.4,2.3l-2.9,6.9l-7,20.6c0,0.6-0.4,1.1-0.9,1.4c-1,20.8-5.5,44.2,5.7,62.2c8,0.5,16.2,5.2,24.8,1.7<!-- [et_pb_line_break_holder] -->      c2.5,0,4.5-0.4,7.2-0.6c3.6-1.9,7.4-2.9,9.9-6.3c0.2-0.2,0.7,0,1.1-0.2c0-0.8,1.1-0.8,1.6-1.5l0.2-0.6l4.5-5.5l5.6-18.3<!-- [et_pb_line_break_holder] -->      c0-1.7-2-2.1-3.4-2.9c-7-4-15.7,2.7-21.5-2.7c-3.8-3.4-4.9-8.6-3.8-13.6C805.9,228.5,805.2,223.9,808.6,220.3z\u00a0\u00bb\/><!-- [et_pb_line_break_holder] -->    <path id=\"letter5\" class=\"top-anim st0\" d=\"M383.8,222.8c0-7.3-0.9-15.2-2.4-22.5c0-0.6,0-1.3-0.1-1.9c-0.7-0.3-1.2-0.8-1.5-1.6l-1.4-6.3l-6.9-15.7<!-- [et_pb_line_break_holder] -->      l-1.4-2.1l-3.2-6.5l-9.4-12l-2.5-3.6c-3.9-3.6-8.3-9.4-13.8-12.2c-3.2-1.5-5.3-3.8-8.7-4.2c-0.5-0.4-0.5-0.4-0.9-0.8<!-- [et_pb_line_break_holder] -->      c-7.6-1.3-15.4-5.5-22.5-2.9l-2.3,3.8c-5.5,1.9-9.9,4.4-13.8,8.4c-0.8,1.1-2.5,5-2.3,6.3c0.1,0.7,0.2,1.5,0.2,2.2<!-- [et_pb_line_break_holder] -->      c0,1,0.9,3.5,1.3,3.9c1.4,1.2,2.4,2.9,3.3,4.1c1.8,5-1.1,9.2-0.9,14.3c-1.7,4.3-0.8,8.7-1.8,13c-0.2,0.9,0.6,3.4,0.1,4.3<!-- [et_pb_line_break_holder] -->      c-0.1,0.1-0.8,2.4-0.5,4.2c5.7,34.4-4.9,68.9-0.9,103.3c0,0.7,0,1.5,0,2.2c0,0,0,0,0,0c7.1-1.3,14.2,3.6,21.3,4<!-- [et_pb_line_break_holder] -->      c3.9,1.3,7.3,1.3,10.3,0.2c2.1-2.7,11.9-7.6,14.7-8.4c4.8,1.5,10.5-2.9,15.7-5.3c1.3-0.6,10.1-6.5,11.3-7.8<!-- [et_pb_line_break_holder] -->      C379.7,267,381.3,244.8,383.8,222.8z M350,227.4c-1.6,6.5-5.5,13-6.9,17.8c-0.7,2.3-10.8,11-13.5,13.1c-0.4-1.6-0.7-3-0.9-4.1<!-- [et_pb_line_break_holder] -->      c-0.5-2.1,0-4.8,0.5-6.9c0.2-2.1,0.7-45.5,0.5-47.2c0-1.5-1.8-2.3-1.8-16.6c0-3.1,0.2-3.6,0.5-3.6c0.2,0,3-2.1,4.8,0<!-- [et_pb_line_break_holder] -->      c9.2,10.1,8.7,5.5,12.1,15.7c1.4,4.2,4.1,6.1,4.6,11.5C350,209.8,353.9,213.4,350,227.4z\u00a0\u00bb\/><!-- [et_pb_line_break_holder] -->    <g id=\"flag\" class=\"flag-anim\"><!-- [et_pb_line_break_holder] -->      <path class=\"st1\" d=\"M444.2,40.9c4.2,0.5,10.2-1.1,14.4-0.8c3.8,0.2,10.2-0.8,11.6-1l35.2-4.2l36.1-3.2c11.9-1,25.1-5.7,37.3-8.1<!-- [et_pb_line_break_holder] -->        c12.4-2.4,25.1-5.9,37.5-7.6c0,0,5.3,1.7,7.9,1.9c0,0.7,1.3,2.9,1.3,2.9c1.5,11.4-4.7,25.5-5.3,36.4c-8.7-0.5-25.2-0.5-33.8,1.2<!-- [et_pb_line_break_holder] -->        L546,66.2c-1.4,0.2-8.9,2.3-10,2.3L466.2,70c0,0-5.5,0.4-5.5,1.6c-0.2,0-2.2,0.6-2.2,1.3c-1.2-0.1,0.2,0.2-2.7,1.3L445,78.1l-7,2.2<!-- [et_pb_line_break_holder] -->        c0-0.2,0.1-6.6-0.3-6.6c0.3-5.4,3.9-6.4,3.4-10.5c-0.5-3.8,1.5-1.1,1.8-6.1c0.4-7.8-2.1-13.4-0.5-11.4<!-- [et_pb_line_break_holder] -->        C443.8,47.7,441.2,45,444.2,40.9L444.2,40.9z\u00a0\u00bb\/><!-- [et_pb_line_break_holder] -->      <g><!-- [et_pb_line_break_holder] -->        <path class=\"st0\" d=\"M635,128.8c0-6.3,0-11.5-0.4-17.4c0-7.6-0.2-14.9-1.8-22c0-5.7-0.9-10.3-0.9-16c0-1.9,0-2.7,0-4.4<!-- [et_pb_line_break_holder] -->          c1.6-12.6,0-24.8,1.6-36.7c-0.7-6.5,0-13.4-3.1-18.7c0.2,0,0.7-0.4,1.1-0.4c-0.9-1.7-4.3-1-6.3-0.6c-3.6,1.7-7.4,1-10.8,1.7<!-- [et_pb_line_break_holder] -->          c-1.1,0-2.2,1.7-2.2,2.9c0.2,1.5,2.2,2.1,3.8,2.1c1.6,0,3.8,0,4.5,1.5c0.2,11.5-0.7,23.1-2.5,34.2c-15,4.4-31.2,2.9-46.9,5.7<!-- [et_pb_line_break_holder] -->          c-15,3.8-30.1,3.8-44.6,3.4c-14.6,1.7-28.9-2.3-42.9,0c-3.4,0-5.2,1-8.3,1.7c-2.2,0.8-4.7,0.2-6.7,1.3c-7.6,2.1-15.5,3.4-21.8,5.9<!-- [et_pb_line_break_holder] -->          l-6.3,3.4c-3.8,2.7-6.1,6.9-7.2,12.2c0,2.7,1.1,4.6,1.6,6.9c0.7,1.3,2.2,1.9,2.2,3.6c0,2.9,1.6,5,3.4,6.7c2.5,1.5,4.5,3.6,7.4,4.2<!-- [et_pb_line_break_holder] -->          c4,0.8,7.6,2.5,11.4,3.6c6.5,0.6,11-1.9,15.3-4.6c5.8-4.2,14.1-5.5,21.1-7.6c6.1-1.7,10.3,2.1,15.7,2.7c4.7,1.9,9.9,1.9,14.6,3.1<!-- [et_pb_line_break_holder] -->          c7.4-0.6,14.4-1.3,22-0.2c4.7-0.6,8.3-0.6,12.8-2.3c4.3-2.3,9.2-3.6,12.3-6.7c5.8-3.8,13.2-8.2,21.5-8.4c3.8-1.3,7.6-2.3,11.2-3.1<!-- [et_pb_line_break_holder] -->          c3.8-0.4,6.3-0.8,8.5-2.9c0.4,0,0.7,0,1.6,0c2.5,6.1,0,14.1,1.3,21c-0.2,3.8-1.3,7.1-0.9,10.7c-0.4,0.2-0.4,0.6-0.4,1l-2.9,30.7<!-- [et_pb_line_break_holder] -->          c0,0.2,0,1.6-0.1,3.2c-0.1,2.3-0.3,5.2-0.1,5.4c0.3,0.5,0.6,1,0.9,1.5c1.6,2.5,3.8,4.2,8.5,2c1.3-0.6,5.1,1.1,6.6,0.1<!-- [et_pb_line_break_holder] -->          c2.1-1.5,5.1-0.8,7.3-2.6c0.8-0.6,1.8-3.1,2.3-4c0.4-0.8,1.4-0.4,1.5-1.3c0.1-4-1.4-8.5-1.6-10.4<!-- [et_pb_line_break_holder] -->          C637.5,136.8,636.5,132.9,635,128.8z\u00a0\u00bb\/><!-- [et_pb_line_break_holder] -->        <path class=\"st0\" d=\"M450.6,43.8c3.8,0,8-1,11.8-1.3c4.9-1.6,9.4,0,13.9,0.6c7.8,2.3,13.5-4.1,20.8-2.4c2.9-0.5,5.6,0.8,8.2,0.2<!-- [et_pb_line_break_holder] -->          c14,0.2,26.7-4.1,40.4-5.8c4-2.1,7.8-2.9,12-4.7c12.7-1.8,26.2-1.8,36.2-9.1c0-0.2,0.3-0.5,0.3-0.8c0-0.3,0-0.5-0.3-0.8l-11.1-1.8<!-- [et_pb_line_break_holder] -->          c-0.2,0.3-0.3,0.5-0.3,1c0,0.6-0.9,1.3-1.7,1.6c-7.3-1-14,0.8-21.5,1.8c-11.8,0-23.1,3.7-34.2,5.4c-5.7,0.7-11.6,1.8-17.2,1.1<!-- [et_pb_line_break_holder] -->          c-8.2,0-15.6,3.9-23.6,3.1c-11.3-1.9-20.5,5.2-31,3.9c-2.9,0.2-5,1.1-6.2,3.1v2.8c0.2,1,1,1.6,1.9,1.8L450.6,43.8L450.6,43.8z\u00a0\u00bb\/><!-- [et_pb_line_break_holder] -->      <\/g><!-- [et_pb_line_break_holder] -->    <\/g><!-- [et_pb_line_break_holder] -->    <path id=\"letter1\" class=\"top-anim st2\" d=\"M98.9,142.3l3.1-3.4c8.3-6.5,20.6,3.4,27.8-4.8c1.6-3.1,1.3-6.3,4.3-7.3c1.6-1.9,2.7-4.8,1.3-6.7<!-- [et_pb_line_break_holder] -->      c-1.8-3.1,0.2-5.9-2.2-8.4c-0.9-0.6-1.3-1.3-1.6-1.9c-6.7-2.7-13-7.8-21.3-7.3c-8.3,1.7-16.8,4.6-22.9,8c-3.8,1.3-6.5,5.2-9.6,6.5<!-- [et_pb_line_break_holder] -->      c-4.3,3.1-8.3,7.6-12.1,10.9c-3.4,3.1-4.3,5.9-7,8.4c-1.1,2.7-2.2,4.6-3.6,6.9c-2.7,5.9-3.1,12.2-3.6,18.5c0.7,4.8,1.8,9.7,2.9,13.9<!-- [et_pb_line_break_holder] -->      c0.9,5,4.3,8.2,7.2,12c7,5.9,11.2,13.4,17.7,19.1c0.7,0.6,2.5,1.5,4.5,10.3c0.2,1.1,1.5,7.4,1.7,7.9l0,0c3.4,13.6,5.4,21.7-3,32.4<!-- [et_pb_line_break_holder] -->      c-2,1-2,4-4.7,4.6c-2,2.3-4.9,2.9-8.3,1.7c-1.3-0.6-3.1-1.1-3.6-2.7c0.2-5.9-5.2-8.8-9.2-12.8c-2.9-3.6-7.4-5.2-12.8-6.7<!-- [et_pb_line_break_holder] -->      c-7-2.9-14.1-2.1-20.4,0.4c-2.5,1.1-3.6,3.2-5.2,4.6c-3.6,5.7-7.4,12-5.2,19.5c0.9,5.7,3.4,11.1,5.8,15.5c0.2,0.2,0.7,0.2,1.3,0.6<!-- [et_pb_line_break_holder] -->      c1.1,1,2,2.3,2.5,4c11.2,11.8,30.5,14.1,48.2,16.6c1.8,0.8,2.7,0.2,4,0.8c13.9,1.1,28.7-2.1,37.5-11.3c2.5-3.6,4.5-6.5,7.4-9.9<!-- [et_pb_line_break_holder] -->      l0.7-1.9l1.6-0.6c0.3-1,0.6-2,0.9-3.1c6.3-9.2,13.4-22.6,9.9-33.9c-0.1-0.4-0.3-0.7-0.4-1c0-0.3,0-0.6,0-1c0.4-2.3,0-5.4-0.1-7.7<!-- [et_pb_line_break_holder] -->      c-0.4-5.9-1.2-11.8-2.7-17.5c-1.4-5.7-3.6-11.2-6.1-16.4c-1.2-2.6-2.5-4.7-4.3-6.9c-0.6-1.1-1.4-2-2.4-2.7c-0.7-0.5-1.2-1-1.7-1.4<!-- [et_pb_line_break_holder] -->      c-1-1.1-2-2.2-3.2-3.1c0-0.2-0.1-0.5-0.1-0.7c-0.2,0-0.3,0-0.5-0.1c-3.8-1.7-6.7-5.9-10.3-7.6c-2.7-4-4.7-8-7.9-11.5<!-- [et_pb_line_break_holder] -->      c-1.1-4.2-0.7-8.6,0.9-12.6C95.8,148.8,95.8,144,98.9,142.3z\u00a0\u00bb\/><!-- [et_pb_line_break_holder] -->    <path id=\"letter2\" class=\"bottom-anim st2\" d=\"M199.1,169.6c0,0,0-0.1-0.1-0.1c-0.6-0.9-1-3.2-1.9-3.9c-1-0.8-1.9-1.7-2.8-2.6c-1.9-1.9-3.6-3.9-5.4-5.8<!-- [et_pb_line_break_holder] -->      c-1.8-1.9-3.8-3.7-6-5.1c-1.1-0.7-2.3-1.3-3.5-1.7c-1-0.4-3.3-0.4-4.1-1.1c0,0-2.7-2.1-2.7-2.1c-2.9-1.3-6.5-2.1-9.6-3.1<!-- [et_pb_line_break_holder] -->      c-9.9-3.8-18.4,2.7-25.8,6.1c-4,3.8-7,8.6-10.8,12c-4.7,7.1-8.1,14.1-12.1,21c-0.1,0.1-0.2,0.3-0.2,0.6c-0.2,0.3-0.5,0.6-0.7,1<!-- [et_pb_line_break_holder] -->      c-4.4,6.5-6.9,15.7-5.5,23.1c-0.2,1.3-0.4,2.6-0.5,3.9c-0.8,10.8-1.2,21.7-0.7,32.5c0.4,9.3,0.8,17.9,6.7,25.6<!-- [et_pb_line_break_holder] -->      c3.9,5.1,10.3,10.1,17.1,10.6c12.8,3.2,27.6,2.5,39.9-1.9c4.8-2.6,8.8-6.2,13.1-9.3c1.7-1.3,3.4-2.4,5.3-3.5c0.2,0,3.3-3.2,4.5-5.1<!-- [et_pb_line_break_holder] -->      c11.3-18.6,11.8-41.7,10.2-62.9c-0.7-8.9-1.4-15.2-2.5-24.1C200.8,172.8,199.5,170.5,199.1,169.6z M163.7,233.9<!-- [et_pb_line_break_holder] -->      c0.7,0-5.8,7.1-8.1,9.2c-0.9,1.1-6.5-0.4-7.2-4.2c-0.4-1.9-2.9-9-3.4-10.5c0,0.2,1.1-12,0.7-20.6c-0.2-4-1.6-9-1.8-12.8<!-- [et_pb_line_break_holder] -->      c-0.2-3.8,0.4-6.9,0.4-8.2c0-2.5,1.3-5.2,4.7-7.8c0.7-0.6,5.8-2.3,8.8-1.3c1.6,0.4,4,1.5,5.6,3.6c1.6,1.9,2,4.6,2.7,6.5<!-- [et_pb_line_break_holder] -->      c1.8,4.6,1.6,9.7,2.2,20.1C169.1,218.8,162.1,233.7,163.7,233.9z\u00a0\u00bb\/><!-- [et_pb_line_break_holder] -->    <path id=\"letter3\" class=\"top-anim st2\" d=\"M276.6,267.3c-2.4-4.8-15.9-4.8-22.1-5.8c-0.3,0.8-2.6,0.1-3.1,0.9c-1.8,1.7-4.7,0.8-7.2,0<!-- [et_pb_line_break_holder] -->      c-3.8-3.6-0.9-8.8-2-13c0.4-1.9-0.2-2.9,0.4-4.6c-0.9-2.3-0.4-4.4-1.6-6.9c0-5.7,0.4-10.9-0.2-16.2c0.7-1.9,0.7-3.4,0.9-4.6l-0.2-8<!-- [et_pb_line_break_holder] -->      c0-0.2,0.4,0,0.7-0.8c-0.2-6.1,0.4-12.6-0.2-18.5c-1.1-2.9,0.7-5.2-0.2-8c0.4-4.2-0.2-8-0.2-11.8c-1.1-4,0-7.6-1.6-10.9<!-- [et_pb_line_break_holder] -->      c0.9-9.4-2.7-18.5-3.4-28.8c-0.7-4.6-3.1-6.9-4-11.1c-0.7-2.7-2.9-3.6-5.2-3.8c-6.3-0.2-12.6,1-16.6,5c-2.7,4.2-7.9,7.8-7.9,14.3<!-- [et_pb_line_break_holder] -->      c0.4,2.1,0.4,4.2,0.9,5.9c-2,6.2-0.9,12.6-0.7,18.9c0,0.1,0,0.1,0,0.2c-0.4,2.9-0.6,5.8-0.8,8.7c-0.2,0.1-0.3,0.1-0.3,0.1<!-- [et_pb_line_break_holder] -->      c-0.1,0,0,1.2,0.1,3.4c-0.5,10.5-0.4,21-1.6,31.5c-1.6,14.5-3.5,29.3-6.1,43.7c-1,5.6-3.6,12.4-4.6,18.9c-0.1,0.2-0.3,0.4-0.4,0.5<!-- [et_pb_line_break_holder] -->      c0.1,0.1,0.1,0.1,0.2,0.2c0,0,0,0,0,0.1c-0.9,6-0.3,11.8,3.9,16.4c1.7,3.6,4.4,6.1,8.4,8.5c13.9,1.9,27.6,4.6,41.3,6.5<!-- [et_pb_line_break_holder] -->      c4.9,0.4,11-0.2,14.6,2.3c-1.1,0.1,4.8-0.3,4.8,0c3-0.9,10.4,0.3,12.7-1.2c5.2-3,7.4-9.4,8.3-15.5c0.3-2.2-2.2-5.9-2.3-8.1<!-- [et_pb_line_break_holder] -->      C281.2,272,278.5,270.1,276.6,267.3z\u00a0\u00bb\/><!-- [et_pb_line_break_holder] -->    <g id=\"letter4\" class=\"bottom-anim\"><!-- [et_pb_line_break_holder] -->      <path class=\"st2\" d=\"M294.2,299.1c-4.1-35.4,7-70.9,0.3-106.3c-0.2-0.8-1.4-2-2.1-1.7c-8.7-3.4-19.3-5.7-28.5-1.9<!-- [et_pb_line_break_holder] -->        c-0.4,0.4-0.4,0.4-0.9,1l-3.8,10.7c-2.5,13-4.9,26.2-4.9,39c-0.6,4-0.2,8.1-0.2,12c-0.5,2.7-0.9,5.3-1.1,7.8<!-- [et_pb_line_break_holder] -->        c-0.1,0.1-0.1,0.3-0.1,0.4c0,0,0.1,0,0.1,0c-0.9,9.4,0,18.3,1.3,28.2c0.9,6.6,1.8,16.1,6.3,22.3c0.7,2.7,2,5.4,4.1,7.5<!-- [et_pb_line_break_holder] -->        c0.2,0.2,0.2,0.2,0.2,0.2c7.2-0.8,16.6,1.8,22.2-2.6c1.6-0.4,3-1.2,4.2-2.3c2.2-2.2,3.1-5.1,3.1-8.1c0.4-1.6,0.3-3.2-0.2-4.6<!-- [et_pb_line_break_holder] -->        C294.2,300.4,294.2,299.8,294.2,299.1z\u00a0\u00bb\/><!-- [et_pb_line_break_holder] -->      <path class=\"st2\" d=\"M255.7,164.5l2,1.3c0,0.2,0.4,0.6,0.7,1.3c2.9,2.3,8.1,1.7,12.1,2.3c6.1,0,12.1-2.9,15.7-5.7<!-- [et_pb_line_break_holder] -->        c2.2-1.7,3.6-3.6,5.2-5.9c0-0.7,0.1-1.6,0.6-2.3c0.3-0.4,1.5-3.4,1.3-5.7c-0.1-1.9-2.5-5.7-3.5-6.8c-3.9-4.3-7.7-8.7-14.4-10.2<!-- [et_pb_line_break_holder] -->        c-4.9-2.1-9.6-0.2-13.9,1.5c-2.2,1.7-4.5,4.4-7.4,6.9c-2.7,3.8-4,8.8-3.8,13.4c0.7,3.6,2.5,5.5,3.6,8.2<!-- [et_pb_line_break_holder] -->        C254.6,163.4,255.2,163.6,255.7,164.5z\u00a0\u00bb\/><!-- [et_pb_line_break_holder] -->    <\/g><!-- [et_pb_line_break_holder] -->    <path id=\"letter8\" class=\"top-anim st2\" d=\"M641.7,162.6c0-1.7-0.9-3.4-0.9-5.2c-0.4-3.5-0.8-6.8-1.3-10c-0.3-1.9-5.4-5.5-7.7-5.2<!-- [et_pb_line_break_holder] -->      c-5.5,0.6-10.9,1.8-15.6,3.9c-3.5,1.3-3.4,7.5-3.4,7.5l-0.5,10.8l-0.9,1.3l-2.2,23.7l-0.7,8l-1.6,1.3c-5.4-5.5-7.4-14.7-11.7-21.4<!-- [et_pb_line_break_holder] -->      c-2.2-5.2-6.7-8.8-8.3-14.5c-1.8-2.3-3.1-4-4.3-5.7c-1.8-4.2-5.6-7.3-8.7-10.9c-2.5-2.3-7.4-0.6-10.5,0.4l-2.2,1.9<!-- [et_pb_line_break_holder] -->      c-3.4,1.9-6.3,5-8.3,8.4c0,1-1.7,6.4-1.6,12.3c0.3,11.5-1.5,23.5-3.4,40.1c-0.4,3.9-0.6,13.2-0.6,14.3c0,5-1.6,20.4-1.3,23.7<!-- [et_pb_line_break_holder] -->      c0,0.5,0,1.1,0,1.8c0.1,0.1,0.1,0.3,0.2,0.4c0,0.3-0.1,0.7-0.1,1c0,6.5-1.5,12.6-2.3,19c-0.8,5.8-0.3,11.7-1.1,17.5<!-- [et_pb_line_break_holder] -->      c-1.3,9-1.2,20.1,9.1,23.7c10.4,3.7,15.6-5.3,18.6-13.6c0,0,0-0.1,0-0.1c0.3-0.5,0.5-1,0.8-1.5c1.8-3.8,3.4-7.7,4.7-11.7<!-- [et_pb_line_break_holder] -->      c1.6-3.1,2.4-6.5,2.7-10c0.4-4.4,0.2-9.7-0.2-14.3c0-3.9-0.3-5.4-0.5-7.6c0-1.7,1.5-5.7,1.4-5.8l2.7-12.2c0,0,0.4,0,0.7,0<!-- [et_pb_line_break_holder] -->      c2.2,1.5,2.7,4.4,4.5,6.5c1.3,8.2,8.5,12.2,8.1,20.2c0.7,4,2.5,6.1,4.3,8.8c1.1,8.2,3.1,16.2,5.8,24.6c2.2,6.7,7.9,10.7,14.8,12.6<!-- [et_pb_line_break_holder] -->      c6.5,1.5,13-1.3,17.9-3.8l2.1-1.4c0,0,1.3-3.6,1-4.7c-0.5-1.6-0.9-3.3-1.3-5c-8.3-35.5,0.5-72.3,3.6-108.8<!-- [et_pb_line_break_holder] -->      C643.9,176.8,642.2,163.9,641.7,162.6z\u00a0\u00bb\/><!-- [et_pb_line_break_holder] -->    <path id=\"letter7\" class=\"top-anim st2\" d=\"M582.6,307.8c0.4-5.8-3-11.5-6.1-15.9c-1.1-1.7-2.1-3.4-2.5-5.1c-11-12-21.5-23.6-28.3-38.8c0,0.2,0,0.3,0,0.5<!-- [et_pb_line_break_holder] -->      c-0.7-0.6-1.3-0.9-1.5-1c-1.1,0-3.8-5-3.8-5.7c-0.7-1.9-2-4.2-2.5-4.4c-0.4-0.2-1.6-0.8-3.1-4c-1.1-2.3-0.7-2.7-0.4-4.4<!-- [et_pb_line_break_holder] -->      c0.1-0.7,1.1-1.7,2.1-2.5c3.6-1.6,7-3.5,9.6-6.1c0.1,0,0.3,0.1,0.4,0.1c0.1-0.3,0.2-0.6,0.4-0.9c0.3-0.3,0.6-0.6,0.8-1<!-- [et_pb_line_break_holder] -->      c4.8-6.4,7.3-15,8.2-22.9c1-8-0.9-15.5-1.4-23.5c-0.6-8.7-3-14.7-10.3-19.9c-0.1-0.1-0.3-0.2-0.4-0.3c-0.7-0.7-1.3-1.4-1.9-2<!-- [et_pb_line_break_holder] -->      c-1.8-2.1-4.5-4.6-7-6.3c-2-1.7-13.9-5.7-16.8-6.5c-0.2-0.1-4.7-0.6-4.7,0c-9.9-0.8-15.7-3.4-23.6,1.5c-5.2,2.3-9.4,5.2-13.5,9<!-- [et_pb_line_break_holder] -->      c-1.4,1.5-2.8,3.1-4.5,4.2c-4.6,3.2-4.7,7.3-4.6,10.4c0.9,30.4,3,60.4,5,90.8c0.4,6.1,1.1,11.8,1.9,18c0.2,0,1.3,5,1.3,5.2<!-- [et_pb_line_break_holder] -->      c0.7,5,0.9,6.1,0.9,11.3c0.2,7.3,0,15.7,3.8,21.2c2,1.9,6.1,1.9,8.3,3.8c6.7,0.6,12.3,0,18.8-0.4c2.2-1,4.7-1.3,5.8-2.9<!-- [et_pb_line_break_holder] -->      c3.1-1.3,4.9-4.6,5.2-8c0-2.5-0.7-4.8-1.1-7.1c-4.3-4.8-2.2-11.5-3.8-17.4c0-1.3-0.4-2.7,0.4-3.6c0.2-0.4,0.7-0.4,1.1-0.4l7,8<!-- [et_pb_line_break_holder] -->      l3.4,5.5c5.8,8.8,15.9,17.2,22.2,26c0.1,0.1,0.2,0.1,0.3,0.2c0.8,1.2,2.2,2.2,4.2,2.6c7.8,1.5,15.6,2,23.6,1.1<!-- [et_pb_line_break_holder] -->      c3.9-0.5,7.3-3,7.3-7.3C582.7,308.5,582.6,308.2,582.6,307.8z M505.4,204.8c-0.7,0-2.5-0.4-4.3-1.7c-1.8-1.3-4.7-5.9-5.2-8.6<!-- [et_pb_line_break_holder] -->      c-0.4-3.4-1.6-8.8-2.2-13.6c-0.2-2.3-0.5-8.6,3.1-11.1c1.6-1.3,10.5-3.4,13.5-3.4c1.7,0.4,3.2-0.1,4.5,0.8c1.3,0.8,4-1.9,9.2,2.3<!-- [et_pb_line_break_holder] -->      c2.2,2.1,3.1,7.3,3.1,12.2c0,2.5,0.2,6.5-2.9,11.8c-1.6,2.5-5.8,6.7-9.4,9.2C512.8,204,508.1,204.2,505.4,204.8z\u00a0\u00bb\/><!-- [et_pb_line_break_holder] -->    <path id=\"letter9\" class=\"bottom-anim st2\" d=\"M720.6,243c0.4-1.5,1.3-5.1,2.8-8.1c0-1,0-2-0.1-3c0-16.4-5.1-32.7-7.7-49.1c-0.3-1.8-1.8-5.2-1.8-5.2<!-- [et_pb_line_break_holder] -->      c-1,0-1.6-0.5-2-1.2c-0.8-1.1-1.3-2.6-2.7-3.4c0-0.2-0.2-0.8-0.2-1l-13.5-14.1l-9.2-3.6c-2-2.1-6.1-1.3-8.7-2.5<!-- [et_pb_line_break_holder] -->      c-1.1,0-2.2-0.2-3.4-0.6c-4.5,0-8.1,1.7-12.3,2.5c-1.1,0.6-2.2,1.3-3.1,1.9c-3.6,1.7-6.1,4.6-9.9,5.9c-0.9,0.5-1.6,1.2-2.3,1.8<!-- [et_pb_line_break_holder] -->      c-0.1,0.1-0.2,0.2-0.3,0.4c-0.4,0.4-0.7,0.9-1,1.5c-11.9,23.1-22,49.7-21.7,76c0.1,12.4,0.5,26.3,4.6,38.1<!-- [et_pb_line_break_holder] -->      c2.9,8.4,6.7,14.3,13.2,18.2c0.2,0.7,2.2,1.2,2.2,1.2c0.3,0.2,0.6,0.3,1,0.4c1.5,0.7,3.1,1.3,4.9,1.8c1.3,0.4,2.5,0.4,3.6,0.2<!-- [et_pb_line_break_holder] -->      c2.2,0.3,4.5,0.6,6.8,1.2c3.7,0.2,18.1-1.5,18.8-1.9c3.6-0.6,17.3-5.2,20-8.8l7.6-5.7c0.4,0,0.8,0,1.2,0.1<!-- [et_pb_line_break_holder] -->      c4.2-6.1,7.7-12.9,10.4-20.1c1-2.7,1.1-8.4,0.7-8.4c-0.9,0-1.1-3.8-1.1-5.7c0-0.2,0.7-1.7,1.1-3.1<!-- [et_pb_line_break_holder] -->      C718.6,247.2,719.9,244.9,720.6,243z M682.7,208.8c-2,11.1-5.3,26.2-8.9,38.4c-0.4,1.2-0.5,2-1.2,3.5c-0.6,1.5-5.3,3.2-5.4,3.6<!-- [et_pb_line_break_holder] -->      c-1.6,2.3-4.9,0.6-5.4-1.5c-0.7-4.4-0.7-13.2-0.9-16.2c-0.2-5-0.4-2.1,0-7.3c0.4-5,2.2-8.8,2.9-14.1c0.7-5.2-0.4-10.9,0.9-14.1<!-- [et_pb_line_break_holder] -->      c4.7-11.5,5.2-11.3,5.8-12c2-2.3,2.9-2.9,4.9-2.9c4,0.4,4.7,1,4.9,1.7c0.9,1.3,2.5,5.5,2,8C682,198.9,683.8,203.3,682.7,208.8z\u00a0\u00bb\/><!-- [et_pb_line_break_holder] -->    <g id=\"letter10\" class=\"top-anim\"><!-- [et_pb_line_break_holder] -->      <g><!-- [et_pb_line_break_holder] -->        <path class=\"st2\" d=\"M786.9,131.2c-0.2,0.3,0.3,0.5,0.3,1c3.3,3.7,7.8,5.7,13.7,7.6l10.8-0.6l6.1-2.8l0.9-1.6<!-- [et_pb_line_break_holder] -->          c-2.6-4.9,0.5-10.1-2.1-15.1c-0.2-3.6-1.2-7-2.4-10.2c-1.4-3.1-2.1-6-3.3-9.1c0-2.8-1.9-3.9-3.5-5.8c-0.7-1-0.7-1.8-1.7-2.3<!-- [et_pb_line_break_holder] -->          l-8.3,0.2c-5.4,2.3-10.1,5.8-11.8,11.8c0,8.4-2.3,17,0.2,25.1C786.1,130.5,786.7,130.5,786.9,131.2z\u00a0\u00bb\/><!-- [et_pb_line_break_holder] -->        <path class=\"st2\" d=\"M735.5,127.6c2.3,1.6,4.7,1.8,7.1,2.8l5.5-1.5l3.5-0.2l2.4-1.8c0.3-1.3,1.7-2.4,3.5-2.9<!-- [et_pb_line_break_holder] -->          c3.1-0.3,4.7-1.8,7.1-2.9c4.7-3.4,3.1-10.4,2.8-15.4c-0.3-3.6-1.9-6.5-4-8.9c-0.7-2.8-2.6-5.8-5.7-6.8c-2.6-0.7-5.5-1.1-7.6-0.2<!-- [et_pb_line_break_holder] -->          c-4,0-7.1,1.8-9.5,4.1c-1.6,2.9-3.5,5.4-5.2,8.4c-2.6,3.9-4.3,8.1-5,13C730.3,120,731,124.7,735.5,127.6z\u00a0\u00bb\/><!-- [et_pb_line_break_holder] -->      <\/g><!-- [et_pb_line_break_holder] -->      <path class=\"st2\" d=\"M771.9,222.1c0-0.3,0-0.6,0-0.9c-0.2,0.1-0.4,0.2-0.7,0.3l-8.8-6.5l-2-2.7c-4.5-4.4-8.5-9.7-8.5-16.6<!-- [et_pb_line_break_holder] -->        c1.1-2.1,0.4-4.4,1.8-6.1c-0.7-3.6,1.6-6.5,4-8.8c2-10.5,17.5-17,13.5-28.5c-5.2-4.4-8.3-8.8-13.9-11.3c-4.3-0.2-7.9,0.6-11.7,1.9<!-- [et_pb_line_break_holder] -->        c-4,3.1-9.4,5.7-11.9,10.1c-0.4,0-1.1,0-1.6,0.2c-6,6.6-11.6,14-16.4,22.1c-0.4,0.4-0.9,0.8-1.2,1.3l-0.3,0.1c0,0.1,0,0.2,0,0.3<!-- [et_pb_line_break_holder] -->        c-0.3,0.5-0.6,1.1-0.8,1.7c-4.4,12.9-7.9,27.1-1.8,40.1c2.4,5.2,6.4,9.2,11,12.6c0.1,1,0.6,2,0.9,1.6c0.2-0.3,0.4-0.4,0.6-0.6<!-- [et_pb_line_break_holder] -->        c2.4,1.7,4.9,3.2,7.5,4.7c2.1,2.3,5.8,6.7,7.9,11.2c1.3,2.9,2.2,5.7,2.2,7.3c0,0.6-3.1,4.4-3.8,5c-0.2-0.4-3.4-1.1-4.3-1.5<!-- [et_pb_line_break_holder] -->        c-0.9-0.4-2.2-1.3-3.6-1.5c-0.5-0.1-3.9-0.4-7.1-0.6c-0.6-0.1-1.2-0.2-1.9-0.2c-0.3,0-0.6,0-0.9,0c-0.1,0-0.3,0-0.4,0c0,0,0,0,0,0<!-- [et_pb_line_break_holder] -->        c-2.7,0-5.4,0-8.1,0.2c-2.9,0.2-4.9,1.1-6.7,2.9c-2.4,1.8-4.4,3.2-5.5,6.6c-1.1,3.3-1.5,7.2-0.4,10.5c1.4,4.1,4.3,6.3,7.7,7.8<!-- [et_pb_line_break_holder] -->        c-0.1,0.1-0.2,0.2-0.2,0.3c4.6,0.8,7.3,5.7,10.4,7.7c0.4,0.2,0.7,0.4,0.7,0.4c4.3,2.1,7.6,5.9,13.5,5.2c4-1.9,13.8,0.3,16.9,1.5<!-- [et_pb_line_break_holder] -->        c0.6,0.3,3.1,0.4,3.9-0.3l15.9-6.5l5.1-5.5c5-2.3,9.5-5.5,13.6-9.6c6.6-6.3,9.8-11.2,10.5-20.5c0.5-7.9,0.5-16.1-4.3-22.8<!-- [et_pb_line_break_holder] -->        C788,227.8,779.8,224.7,771.9,222.1z\u00a0\u00bb\/><!-- [et_pb_line_break_holder] -->    <\/g><!-- [et_pb_line_break_holder] -->    <path id=\"letter6\" class=\"bottom-anim st2\" d=\"M477.3,226.5c-0.6-11.4-3.5-22.3-4-33.6c-0.6-12.2-1.9-24.4-3.8-36.4c-0.5-3.4-2.8-5-5.4-5.2<!-- [et_pb_line_break_holder] -->      c-1.4-0.8-2.7-1.7-4.5-2.3c-3.8-2.3-7-4.2-10.1-6.3c-6.7-4.2-14.4-10.7-24-7.6c-7,2.3-11.7,6.9-15.5,12c-3.8,4.8-9.2,8.2-11,14.5<!-- [et_pb_line_break_holder] -->      c-2.5,4-3.4,8.6-5.2,12.6c0,1.5-1.1,2.9-1.6,4.4c-2.2,3.1-2.2,7.1-4,10.1c-0.4,2.2-2.1,3.3-2.2,5.2c-3.4,3.7-5.3,8.5-6.4,13.5<!-- [et_pb_line_break_holder] -->      c-0.8,3.6-1.3,7.2-2.1,10.7c-0.7,3.5-1.5,6.9-2.4,10.3c-1.8,7-3.9,13.9-6.1,20.8c-1.1,3.5-2.3,7.1-3.2,10.7<!-- [et_pb_line_break_holder] -->      c-0.8,3.4-1.3,6.9-1.8,10.3c-0.5,3.9-1.3,7.6-2.4,11.3c-1.2,3.8-2.3,7.6-2.2,11.6c0,0.3,0.1,0.5,0.1,0.7c0.2,3.5-0.2,7.6,3,10<!-- [et_pb_line_break_holder] -->      c1.3,1.3,2.5,1.5,3.6,2.5c6.7-0.6,14.4,2.1,20.6-2.1l3.8-1.5c0.9-0.8,1.1-1.3,2.2-2.1c2-4,6.3-7.6,7.2-12.4<!-- [et_pb_line_break_holder] -->      c5.2-7.3,7.6-15.5,10.8-24.1c2.4-1.5,9.5-2.1,12.2-2.1c5.7,3.5,7.5,12.1,8.2,17.6c-1.3,2.3-1.3,4.6-2,6.9c0.7,7.6-2,16.8,2.5,23.3<!-- [et_pb_line_break_holder] -->      c5.8,3.8,14.8,5.7,21.5,2.3c4.5-2.9,8.7-5.2,13-8.8c3.4-6.9,0.9-14.9,4.7-21.4c0.9-2.7,0.9-5.7,1.8-8.6c0.3-0.6,0.5-1.2,0.7-1.8<!-- [et_pb_line_break_holder] -->      c0.1,0,0.1-0.1,0.2-0.1c0-0.1,0-0.2,0-0.3c1.1-3.1,1.8-6.5,2.3-10C477.4,249.6,477.8,238.1,477.3,226.5z M436.6,223.2<!-- [et_pb_line_break_holder] -->      c0,0.8-6.2,2.8-8.3,3.4c-0.8-1.8-2.2-2.7-3.9-2.4c-1.1,0-3.8-2.7-4.7-4.6c-0.4-0.8,0-2.3,0.7-3.8c0.4-1.5,1.3-4,2.5-5.7<!-- [et_pb_line_break_holder] -->      c5.6-8.4,9.6-13.6,8.7-21.2c-0.4-3.4,3.1-3.8,0.9-5.9c-1.1-0.8,1.3-1.1,2.2-1.1c0.4,0,1.3,4.8,2,8.8c0.2,2.1,0.4,15.3,0.9,22.5<!-- [et_pb_line_break_holder] -->      C437.9,216.9,436.6,220.9,436.6,223.2z\u00a0\u00bb\/><!-- [et_pb_line_break_holder] -->    <\/svg><!-- [et_pb_line_break_holder] --><\/div>\n<p><!-- [et_pb_line_break_holder] -->[\/et_pb_code][\/et_pb_column][\/et_pb_row][et_pb_row column_structure=\u00a0\u00bb1_2,1_2&Prime; admin_label=\u00a0\u00bbRow texte\u00a0\u00bb _builder_version=\u00a0\u00bb4.22.1&Prime; _module_preset=\u00a0\u00bbdefault\u00a0\u00bb width=\u00a0\u00bb100%\u00a0\u00bb max_width=\u00a0\u00bb100%\u00a0\u00bb custom_margin=\u00a0\u00bb0px|0px|0px|0px|true|true\u00a0\u00bb custom_padding=\u00a0\u00bb0px|0px|0px|0px|true|true\u00a0\u00bb custom_css_main_element=\u00a0\u00bbflex: 1;||display: flex;||align-items: flex-end;||position: relative;||z-index: 10;\u00a0\u00bb global_colors_info=\u00a0\u00bb{}\u00a0\u00bb][et_pb_column type=\u00a0\u00bb1_2&Prime; _builder_version=\u00a0\u00bb4.22.1&Prime; _module_preset=\u00a0\u00bbdefault\u00a0\u00bb custom_css_main_element=\u00a0\u00bbmin-height: 300px;\u00a0\u00bb global_colors_info=\u00a0\u00bb{}\u00a0\u00bb][\/et_pb_column][et_pb_column type=\u00a0\u00bb1_2&Prime; _builder_version=\u00a0\u00bb4.22.1&Prime; _module_preset=\u00a0\u00bbdefault\u00a0\u00bb background_color=\u00a0\u00bb#000000&Prime; custom_padding=\u00a0\u00bb40px|40px|40px|40px|true|true\u00a0\u00bb scroll_vertical_motion_enable=\u00a0\u00bbon\u00a0\u00bb scroll_vertical_motion=\u00a0\u00bb0|50|50|100|4|0|0&Prime; custom_css_main_element=\u00a0\u00bbmin-height: 50vh;\u00a0\u00bb global_colors_info=\u00a0\u00bb{}\u00a0\u00bb][et_pb_text _builder_version=\u00a0\u00bb4.22.1&Prime; _module_preset=\u00a0\u00bbdefault\u00a0\u00bb text_text_color=\u00a0\u00bb#ffffff\u00a0\u00bb global_colors_info=\u00a0\u00bb{}\u00a0\u00bb]<\/p>\n<h2>T\u00e9moignage du graphiste qui a cr\u00e9\u00e9 le logo<\/h2>\n<p>La conception graphique du logo \u00ab\u00a0Solidarnosc\u00a0\u00bb\u00a0 est l&rsquo;\u0153uvre de Jerzy Janiszewski.\u00a0 L\u2019artiste a offert le logo &#8211; comme un cadeau &#8211; au Comit\u00e9 inter-entreprises, dans\u00a0 un premier temps, puis au syndicat.<\/p>\n<p>Le r\u00e9cit de la r\u00e9alisation de l&rsquo;id\u00e9e par Jerzy Janiszewski\u00a0:<\/p>\n<p>\u00ab\u00a0D\u00e8s les premiers jours de la gr\u00e8ve, je restais devant les grilles du chantier naval. C&rsquo;\u00e9tait une grande exp\u00e9rience. C&rsquo;\u00e9tait la premi\u00e8re fois que j&rsquo;assistais \u00e0 de tels \u00e9v\u00e9nements. J&rsquo;ai vu comment la solidarit\u00e9 s&rsquo;est \u00e9tablie entre les gens, comment un mouvement social est n\u00e9 et comment les institutions se sont jointes \u00e0 ce courant. Tout cela a eu un fort impact sur ma psychique. Je voulais passer de l&rsquo;autre c\u00f4t\u00e9 du portail. \u00c0 l&rsquo;ext\u00e9rieur, il n&rsquo;y avait que des messages laconiques. Je voulais aider les travailleurs des chantiers navals d&rsquo;une mani\u00e8re ou d&rsquo;une autre. J&rsquo;ai r\u00e9ussi \u00e0 obtenir un laissez-passer.\u00a0 (&#8230;) Je voulais cr\u00e9er un symbole, un signe expressif avec lequel je pourrais leur montrer mon soutien, prouver notre lien avec eux. (&#8230;)<\/p>\n<p>J&rsquo;ai commenc\u00e9 \u00e0 penser au slogan. Il y en avait tellement sur les murs&#8230; Ils r\u00e9p\u00e9taient le mot \u00ab\u00a0solidarit\u00e9\u00a0\u00bb&#8230; C&rsquo;\u00e9tait aussi le titre du Bulletin de gr\u00e8ve. J&rsquo;ai choisi ce mot parce qu&rsquo;il \u00e9tait le plus difficile de d\u00e9crire ce qui arrivait aux gens. Je ne me souviens pas exactement du moment o\u00f9 l&rsquo;id\u00e9e de la forme graphique de l&rsquo;inscription m&rsquo;est venue. (&#8230;) Le concept \u00e9tait bas\u00e9 sur une similitude : comme les gens dans une foule serr\u00e9e se soutiennent les uns les autres par solidarit\u00e9, ce qui \u00e9tait caract\u00e9ristique de la foule \u00e0 la porte, ceux qui \u00e9taient debout ne se poussaient pas, ne se repoussaient pas, mais se soutenaient les uns les autres &#8211; ainsi, les lettres du mot devraient \u00e9galement se soutenir les unes les autres, ne pas \u00eatre s\u00e9par\u00e9es ou s&rsquo;attaquer les unes les autres. J&rsquo;ai commenc\u00e9 \u00e0 me d\u00e9p\u00eacher. Je voulais terminer l&rsquo;id\u00e9e en d\u00e9tail avant l&rsquo;arriv\u00e9e de la commission gouvernementale, pour qu&rsquo;elle aussi puisse sentir que c&rsquo;\u00e9tait le cas. Finalement, j&rsquo;ai combin\u00e9 les lettres. J&rsquo;ai \u00e9galement ajout\u00e9 le drapeau, car j&rsquo;\u00e9tais consciente que le probl\u00e8me n&rsquo;\u00e9tait plus seulement environnemental, mais g\u00e9n\u00e9ral, qu&rsquo;il s&rsquo;agissait d&rsquo;un mouvement de masse, et que notre drapeau devait donc flotter au-dessus. Les lettres ont un aspect nettement \u00ab\u00a0n\u00e9glig\u00e9\u00a0\u00bb, mais c&rsquo;est ce qui fait leur force. C&rsquo;est ainsi qu&rsquo;elles \u00e9taient \u00e9crites sur les murs et cette forme \u00e9tait la plus communicative dans cette situation particuli\u00e8re.<\/p>\n<p>&nbsp;<\/p>\n<p>[\/et_pb_text][et_pb_blurb use_icon=\u00a0\u00bbon\u00a0\u00bb font_icon=\u00a0\u00bb&#x50;||divi||400&Prime; icon_color=\u00a0\u00bb#FBFFEE\u00a0\u00bb content_max_width=\u00a0\u00bb100%\u00a0\u00bb admin_label=\u00a0\u00bbBouton +\u00a0\u00bb _builder_version=\u00a0\u00bb4.22.1&Prime; _module_preset=\u00a0\u00bbdefault\u00a0\u00bb background_color=\u00a0\u00bbRGBA(255,255,255,0)\u00a0\u00bb custom_margin=\u00a0\u00bb0px|30px|100px|30px|false|true\u00a0\u00bb custom_margin_tablet=\u00a0\u00bb||50px||false|true\u00a0\u00bb custom_margin_phone=\u00a0\u00bb|15px||15px|false|true\u00a0\u00bb custom_margin_last_edited=\u00a0\u00bbon|phone\u00a0\u00bb global_colors_info=\u00a0\u00bb{}\u00a0\u00bb]<\/p>\n<div class=\"page\" title=\"Page 8\">\n<div class=\"section\">\n<div class=\"layoutArea\">\n<div class=\"column\">\n<p><span>Evelest, que sendi optas incia dita pro evendi aute excestrum quiae cum fugit officae ctiisitis comnis audam fuga. Ilicid maximolorpos veresto consequatur sus aut ulla dolorro vendelist, ut ad magnis conesciet faccum aceped est, corerovit. <\/span><\/p>\n<\/div>\n<\/div>\n<\/div>\n<\/div>\n<p>[\/et_pb_blurb][\/et_pb_column][\/et_pb_row][\/et_pb_section][et_pb_section fb_built=\u00a0\u00bb1&Prime; admin_label=\u00a0\u00bbtexte fond noirle mouvemen  n\u00e9\u00a0\u00bb _builder_version=\u00a0\u00bb4.25.1&Prime; _module_preset=\u00a0\u00bbdefault\u00a0\u00bb background_color=\u00a0\u00bb#000000&Prime; z_index=\u00a0\u00bb2&Prime; min_height=\u00a0\u00bb100vh\u00a0\u00bb custom_css_main_element=\u00a0\u00bbdisplay: flex;\u00a0\u00bb da_disable_devices=\u00a0\u00bboff|off|off\u00a0\u00bb global_colors_info=\u00a0\u00bb{}\u00a0\u00bb da_is_popup=\u00a0\u00bboff\u00a0\u00bb da_exit_intent=\u00a0\u00bboff\u00a0\u00bb da_has_close=\u00a0\u00bbon\u00a0\u00bb da_alt_close=\u00a0\u00bboff\u00a0\u00bb da_dark_close=\u00a0\u00bboff\u00a0\u00bb da_not_modal=\u00a0\u00bbon\u00a0\u00bb da_is_singular=\u00a0\u00bboff\u00a0\u00bb da_with_loader=\u00a0\u00bboff\u00a0\u00bb da_has_shadow=\u00a0\u00bbon\u00a0\u00bb][et_pb_row _builder_version=\u00a0\u00bb4.21.0&Prime; _module_preset=\u00a0\u00bbdefault\u00a0\u00bb max_width=\u00a0\u00bb850px\u00a0\u00bb global_colors_info=\u00a0\u00bb{}\u00a0\u00bb][et_pb_column type=\u00a0\u00bb4_4&Prime; _builder_version=\u00a0\u00bb4.21.0&Prime; _module_preset=\u00a0\u00bbdefault\u00a0\u00bb global_colors_info=\u00a0\u00bb{}\u00a0\u00bb][et_pb_text _builder_version=\u00a0\u00bb4.25.1&Prime; _module_preset=\u00a0\u00bbdefault\u00a0\u00bb text_text_color=\u00a0\u00bb#e8e3d7&Prime; header_text_align=\u00a0\u00bbcenter\u00a0\u00bb header_text_color=\u00a0\u00bb#e8e3d7&Prime; header_2_text_color=\u00a0\u00bb#e8e3d7&Prime; header_3_text_color=\u00a0\u00bb#e8e3d7&Prime; header_4_text_color=\u00a0\u00bb#e8e3d7&Prime; text_orientation=\u00a0\u00bbcenter\u00a0\u00bb text_orientation_tablet=\u00a0\u00bbcenter\u00a0\u00bb text_orientation_phone=\u00a0\u00bbleft\u00a0\u00bb text_orientation_last_edited=\u00a0\u00bbon|phone\u00a0\u00bb global_colors_info=\u00a0\u00bb{}\u00a0\u00bb]<\/p>\n<h2>Le mouvement est n\u00e9<\/h2>\n<h4>Les accords portant sur les 21 postulats sont sign\u00e9s \u00e0 Szczecin le 30 ao\u00fbt, \u00e0 Gdansk le 31 ao\u00fbt et \u00e0 Jastrzebie (en Sil\u00e9sie) le 3 septembre, mettant fin \u00e0 la gr\u00e8ve g\u00e9n\u00e9rale, ouvrant la voie \u00e0 la naissance du syndicat autonome <em>Solidarno\u015b\u0107<\/em>, ind\u00e9pendant du pouvoir.<\/h4>\n<h3><span>\u00a0<\/span><\/h3>\n<p>[\/et_pb_text][\/et_pb_column][\/et_pb_row][\/et_pb_section][et_pb_section fb_built=\u00a0\u00bb1&Prime; admin_label=\u00a0\u00bbdiaporama\u00a0\u00bb module_class=\u00a0\u00bbnoise\u00a0\u00bb _builder_version=\u00a0\u00bb4.25.1&Prime; _module_preset=\u00a0\u00bbdefault\u00a0\u00bb background_enable_color=\u00a0\u00bboff\u00a0\u00bb custom_margin=\u00a0\u00bb0px||0px||true|false\u00a0\u00bb custom_padding=\u00a0\u00bb0px||0px||true|false\u00a0\u00bb custom_css_main_element=\u00a0\u00bbbackground-color: #dcdace !important;\u00a0\u00bb da_disable_devices=\u00a0\u00bboff|off|off\u00a0\u00bb saved_tabs=\u00a0\u00bball\u00a0\u00bb global_colors_info=\u00a0\u00bb{}\u00a0\u00bb da_is_popup=\u00a0\u00bboff\u00a0\u00bb da_exit_intent=\u00a0\u00bboff\u00a0\u00bb da_has_close=\u00a0\u00bbon\u00a0\u00bb da_alt_close=\u00a0\u00bboff\u00a0\u00bb da_dark_close=\u00a0\u00bboff\u00a0\u00bb da_not_modal=\u00a0\u00bbon\u00a0\u00bb da_is_singular=\u00a0\u00bboff\u00a0\u00bb da_with_loader=\u00a0\u00bboff\u00a0\u00bb da_has_shadow=\u00a0\u00bbon\u00a0\u00bb][et_pb_row admin_label=\u00a0\u00bbRow\u00a0\u00bb _builder_version=\u00a0\u00bb4.22.1&Prime; _module_preset=\u00a0\u00bbdefault\u00a0\u00bb width=\u00a0\u00bb100%\u00a0\u00bb max_width=\u00a0\u00bb100%\u00a0\u00bb custom_margin=\u00a0\u00bb0px||0px||true|false\u00a0\u00bb custom_padding=\u00a0\u00bb0px||0px||true|false\u00a0\u00bb global_colors_info=\u00a0\u00bb{}\u00a0\u00bb][et_pb_column type=\u00a0\u00bb4_4&Prime; _builder_version=\u00a0\u00bb4.25.1&Prime; _module_preset=\u00a0\u00bbdefault\u00a0\u00bb global_colors_info=\u00a0\u00bb{}\u00a0\u00bb][et_pb_slider show_pagination=\u00a0\u00bboff\u00a0\u00bb admin_label=\u00a0\u00bbSlider\u00a0\u00bb module_class=\u00a0\u00bbdiaporama-slider\u00a0\u00bb _builder_version=\u00a0\u00bb4.25.1&Prime; _module_preset=\u00a0\u00bbdefault\u00a0\u00bb animation_direction=\u00a0\u00bbleft\u00a0\u00bb custom_css_main_element=\u00a0\u00bbo\u00a0\u00bb global_colors_info=\u00a0\u00bb{}\u00a0\u00bb][et_pb_slide use_bg_overlay=\u00a0\u00bboff\u00a0\u00bb _builder_version=\u00a0\u00bb4.25.1&Prime; _module_preset=\u00a0\u00bbdefault\u00a0\u00bb header_level=\u00a0\u00bbh3&Prime; header_text_align=\u00a0\u00bbcenter\u00a0\u00bb background_image=\u00a0\u00bbhttps:\/\/exhibition.solidarity1980.com\/wp-content\/uploads\/2024\/12\/IS_1980-19-X-Nowy-Targ-28-1.jpg\u00a0\u00bb background_enable_image=\u00a0\u00bbon\u00a0\u00bb text_orientation=\u00a0\u00bbcenter\u00a0\u00bb global_colors_info=\u00a0\u00bb{}\u00a0\u00bb sticky_transition=\u00a0\u00bbon\u00a0\u00bb]<\/p>\n<div class=\"page\" title=\"Page 1\">\n<div class=\"section\">\n<div class=\"layoutArea\">\n<div class=\"column\">\n<\/div>\n<\/div>\n<\/div>\n<\/div>\n<p>[\/et_pb_slide][et_pb_slide use_bg_overlay=\u00a0\u00bboff\u00a0\u00bb _builder_version=\u00a0\u00bb4.25.1&Prime; _module_preset=\u00a0\u00bbdefault\u00a0\u00bb header_level=\u00a0\u00bbh3&Prime; header_text_align=\u00a0\u00bbcenter\u00a0\u00bb background_image=\u00a0\u00bbhttps:\/\/exhibition.solidarity1980.com\/wp-content\/uploads\/2024\/12\/IS_1980-19-X-Krakow-Nowa-Huta-67-1.jpg\u00a0\u00bb background_enable_image=\u00a0\u00bbon\u00a0\u00bb text_orientation=\u00a0\u00bbcenter\u00a0\u00bb global_colors_info=\u00a0\u00bb{}\u00a0\u00bb sticky_transition=\u00a0\u00bbon\u00a0\u00bb][\/et_pb_slide][et_pb_slide use_bg_overlay=\u00a0\u00bboff\u00a0\u00bb _builder_version=\u00a0\u00bb4.25.1&Prime; _module_preset=\u00a0\u00bbdefault\u00a0\u00bb header_level=\u00a0\u00bbh3&Prime; header_text_align=\u00a0\u00bbcenter\u00a0\u00bb background_image=\u00a0\u00bbhttps:\/\/exhibition.solidarity1980.com\/wp-content\/uploads\/2024\/12\/IS_1980-19-X-Krakow-Nowa-Huta-10b.jpg\u00a0\u00bb background_enable_image=\u00a0\u00bbon\u00a0\u00bb text_orientation=\u00a0\u00bbcenter\u00a0\u00bb global_colors_info=\u00a0\u00bb{}\u00a0\u00bb sticky_transition=\u00a0\u00bbon\u00a0\u00bb][\/et_pb_slide][et_pb_slide _builder_version=\u00a0\u00bb4.25.1&Prime; _module_preset=\u00a0\u00bbdefault\u00a0\u00bb background_image=\u00a0\u00bbhttps:\/\/exhibition.solidarity1980.com\/wp-content\/uploads\/2024\/11\/IS_1980-IX-warszawa-po-zlozeniu-wniosku-o-rejestracje.jpg\u00a0\u00bb background_enable_image=\u00a0\u00bbon\u00a0\u00bb global_colors_info=\u00a0\u00bb{}\u00a0\u00bb sticky_transition=\u00a0\u00bbon\u00a0\u00bb][\/et_pb_slide][et_pb_slide _builder_version=\u00a0\u00bb4.25.1&Prime; _module_preset=\u00a0\u00bbdefault\u00a0\u00bb background_image=\u00a0\u00bbhttps:\/\/exhibition.solidarity1980.com\/wp-content\/uploads\/2024\/11\/IS_1980-19-X-Nowy-Targ-05-1.jpg\u00a0\u00bb background_enable_image=\u00a0\u00bbon\u00a0\u00bb global_colors_info=\u00a0\u00bb{}\u00a0\u00bb sticky_transition=\u00a0\u00bbon\u00a0\u00bb][\/et_pb_slide][et_pb_slide _builder_version=\u00a0\u00bb4.25.1&Prime; _module_preset=\u00a0\u00bbdefault\u00a0\u00bb background_image=\u00a0\u00bbhttps:\/\/exhibition.solidarity1980.com\/wp-content\/uploads\/2024\/11\/IS_1980-19-X-Krakow-Nowa-Huta-07b.jpg\u00a0\u00bb background_enable_image=\u00a0\u00bbon\u00a0\u00bb global_colors_info=\u00a0\u00bb{}\u00a0\u00bb sticky_transition=\u00a0\u00bbon\u00a0\u00bb][\/et_pb_slide][et_pb_slide _builder_version=\u00a0\u00bb4.25.1&Prime; _module_preset=\u00a0\u00bbdefault\u00a0\u00bb background_image=\u00a0\u00bbhttps:\/\/exhibition.solidarity1980.com\/wp-content\/uploads\/2024\/11\/IS_1980-11-XI-manifestacja-08-1b.jpg\u00a0\u00bb background_enable_image=\u00a0\u00bbon\u00a0\u00bb global_colors_info=\u00a0\u00bb{}\u00a0\u00bb sticky_transition=\u00a0\u00bbon\u00a0\u00bb][\/et_pb_slide][\/et_pb_slider][\/et_pb_column][\/et_pb_row][\/et_pb_section][et_pb_section fb_built=\u00a0\u00bb1&Prime; admin_label=\u00a0\u00bbTexte manifestations\u00a0\u00bb _builder_version=\u00a0\u00bb4.25.1&Prime; _module_preset=\u00a0\u00bbdefault\u00a0\u00bb background_color=\u00a0\u00bbRGBA(255,255,255,0)\u00a0\u00bb min_height=\u00a0\u00bb100vh\u00a0\u00bb scroll_vertical_motion_enable=\u00a0\u00bbon\u00a0\u00bb custom_css_main_element=\u00a0\u00bbdisplay: flex;\u00a0\u00bb da_disable_devices=\u00a0\u00bboff|off|off\u00a0\u00bb global_colors_info=\u00a0\u00bb{}\u00a0\u00bb da_is_popup=\u00a0\u00bboff\u00a0\u00bb da_exit_intent=\u00a0\u00bboff\u00a0\u00bb da_has_close=\u00a0\u00bbon\u00a0\u00bb da_alt_close=\u00a0\u00bboff\u00a0\u00bb da_dark_close=\u00a0\u00bboff\u00a0\u00bb da_not_modal=\u00a0\u00bbon\u00a0\u00bb da_is_singular=\u00a0\u00bboff\u00a0\u00bb da_with_loader=\u00a0\u00bboff\u00a0\u00bb da_has_shadow=\u00a0\u00bbon\u00a0\u00bb][et_pb_row _builder_version=\u00a0\u00bb4.25.1&Prime; _module_preset=\u00a0\u00bbdefault\u00a0\u00bb max_width=\u00a0\u00bb800px\u00a0\u00bb global_colors_info=\u00a0\u00bb{}\u00a0\u00bb][et_pb_column type=\u00a0\u00bb4_4&Prime; _builder_version=\u00a0\u00bb4.22.1&Prime; _module_preset=\u00a0\u00bbdefault\u00a0\u00bb global_colors_info=\u00a0\u00bb{}\u00a0\u00bb][et_pb_text _builder_version=\u00a0\u00bb4.25.1&Prime; _module_preset=\u00a0\u00bbdefault\u00a0\u00bb text_font=\u00a0\u00bb|600|||||||\u00a0\u00bb text_text_color=\u00a0\u00bb#ffffff\u00a0\u00bb text_orientation=\u00a0\u00bbcenter\u00a0\u00bb background_layout=\u00a0\u00bbdark\u00a0\u00bb global_colors_info=\u00a0\u00bb{}\u00a0\u00bb]<\/p>\n<p>Des journalistes, des photographes et des observateurs \u00e9trangers se trouvent \u00e0 Gdansk en ces jours mouvement\u00e9s du mois d\u2019ao\u00fbt pour rendre compte des \u00e9v\u00e9nements qui se d\u00e9roulent sur le chantier naval de Gdansk. Ils ne se contentent pas d\u2019assister aux \u00e9v\u00e9nements, ils y contribuent \u00e9galement. Leurs reportages, articles et photographies contribuent \u00e0 la diffusion d\u2019informations concernant les \u00e9v\u00e9nements de Pologne, leur signification et leur contexte g\u00e9opolitique.<\/p>\n<p>La conclusion des Accords d\u2019ao\u00fbt et la cr\u00e9ation du syndicat <em>Solidarno<\/em><em>\u015b\u0107<\/em> sont devenues un \u00ab\u00a0\u00e9v\u00e9nement m\u00e9diatique mondial \u00bb.<\/p>\n<p><span>\u00a0<\/span><\/p>\n<p>[\/et_pb_text][\/et_pb_column][\/et_pb_row][\/et_pb_section][et_pb_section fb_built=\u00a0\u00bb1&Prime; admin_label=\u00a0\u00bbArticles avec popup\u00a0\u00bb _builder_version=\u00a0\u00bb4.27.4&Prime; _module_preset=\u00a0\u00bbdefault\u00a0\u00bb background_color=\u00a0\u00bbRGBA(255,255,255,0)\u00a0\u00bb custom_css_main_element=\u00a0\u00bbmin-height: 100vh;||display: flex;||overflow: hidden;\u00a0\u00bb da_disable_devices=\u00a0\u00bboff|off|off\u00a0\u00bb global_colors_info=\u00a0\u00bb{}\u00a0\u00bb da_is_popup=\u00a0\u00bboff\u00a0\u00bb da_exit_intent=\u00a0\u00bboff\u00a0\u00bb da_has_close=\u00a0\u00bbon\u00a0\u00bb da_alt_close=\u00a0\u00bboff\u00a0\u00bb da_dark_close=\u00a0\u00bboff\u00a0\u00bb da_not_modal=\u00a0\u00bbon\u00a0\u00bb da_is_singular=\u00a0\u00bboff\u00a0\u00bb da_with_loader=\u00a0\u00bboff\u00a0\u00bb da_has_shadow=\u00a0\u00bbon\u00a0\u00bb][et_pb_row column_structure=\u00a0\u00bb1_3,1_3,1_3&Prime; _builder_version=\u00a0\u00bb4.23.1&Prime; _module_preset=\u00a0\u00bbdefault\u00a0\u00bb width=\u00a0\u00bb90%\u00a0\u00bb max_width=\u00a0\u00bb1200px\u00a0\u00bb module_alignment=\u00a0\u00bbcenter\u00a0\u00bb global_colors_info=\u00a0\u00bb{}\u00a0\u00bb][et_pb_column type=\u00a0\u00bb1_3&Prime; _builder_version=\u00a0\u00bb4.24.0&Prime; _module_preset=\u00a0\u00bbdefault\u00a0\u00bb vertical_offset=\u00a0\u00bb60px\u00a0\u00bb z_index=\u00a0\u00bb11&Prime; scroll_vertical_motion_enable=\u00a0\u00bbon\u00a0\u00bb scroll_vertical_motion=\u00a0\u00bb0|45|45|100|4|0|0&Prime; scroll_horizontal_motion_enable=\u00a0\u00bbon\u00a0\u00bb scroll_horizontal_motion=\u00a0\u00bb0|45|45|100|-4|0|0&Prime; scroll_rotating_enable=\u00a0\u00bbon\u00a0\u00bb scroll_rotating=\u00a0\u00bb0|50|50|100|-20\u00b0|0|0&Prime; global_colors_info=\u00a0\u00bb{}\u00a0\u00bb][et_pb_image src=\u00a0\u00bbhttps:\/\/exhibition.solidarity1980.com\/wp-content\/uploads\/2024\/03\/LLE_19800901-p-1-et-8-Pologne-greve-N-ACCORD-SANS-PRECEDENT-PHOTO-1.jpg\u00a0\u00bb title_text=\u00a0\u00bbLLE_19800901-p-1-et-8&#8212;Pologne&#8212;greve-N-ACCORD-SANS-PRECEDENT&#8212;-PHOTO-1&Prime; url=\u00a0\u00bb#popup-zoom-journaux-1&Prime; use_overlay=\u00a0\u00bbon\u00a0\u00bb overlay_icon_color=\u00a0\u00bb#FF395E\u00a0\u00bb hover_overlay_color=\u00a0\u00bbrgba(0,0,0,0.36)\u00a0\u00bb hover_icon=\u00a0\u00bb&#x54;||divi||400&Prime; admin_label=\u00a0\u00bbImage\u00a0\u00bb _builder_version=\u00a0\u00bb4.24.0&Prime; _module_preset=\u00a0\u00bbdefault\u00a0\u00bb transform_rotate=\u00a0\u00bb0deg|0deg|356deg\u00a0\u00bb max_width=\u00a0\u00bb500px\u00a0\u00bb module_alignment=\u00a0\u00bbcenter\u00a0\u00bb global_colors_info=\u00a0\u00bb{}\u00a0\u00bb][\/et_pb_image][\/et_pb_column][et_pb_column type=\u00a0\u00bb1_3&Prime; _builder_version=\u00a0\u00bb4.24.0&Prime; _module_preset=\u00a0\u00bbdefault\u00a0\u00bb vertical_offset=\u00a0\u00bb-30px\u00a0\u00bb horizontal_offset=\u00a0\u00bb-110px\u00a0\u00bb horizontal_offset_tablet=\u00a0\u00bb0px\u00a0\u00bb horizontal_offset_phone=\u00a0\u00bb-110px\u00a0\u00bb horizontal_offset_last_edited=\u00a0\u00bbon|tablet\u00a0\u00bb scroll_vertical_motion_enable=\u00a0\u00bbon\u00a0\u00bb scroll_vertical_motion=\u00a0\u00bb0|45|45|100|4|0|0&Prime; scroll_horizontal_motion_enable=\u00a0\u00bbon\u00a0\u00bb scroll_horizontal_motion=\u00a0\u00bb0|48|48|100|4|0|0&Prime; scroll_rotating_enable=\u00a0\u00bbon\u00a0\u00bb scroll_rotating=\u00a0\u00bb0|50|50|100|30\u00b0|0|0&Prime; global_colors_info=\u00a0\u00bb{}\u00a0\u00bb][et_pb_image src=\u00a0\u00bbhttps:\/\/exhibition.solidarity1980.com\/wp-content\/uploads\/2024\/02\/LLS_1980-09-17-p-4-Un-succes-historique.jpg\u00a0\u00bb title_text=\u00a0\u00bbLLS_1980-09-17-p-4-Un-succes-historique\u00a0\u00bb url=\u00a0\u00bb#popup-zoom-journaux-1&Prime; use_overlay=\u00a0\u00bbon\u00a0\u00bb overlay_icon_color=\u00a0\u00bb#FF395E\u00a0\u00bb hover_overlay_color=\u00a0\u00bbrgba(0,0,0,0.36)\u00a0\u00bb hover_icon=\u00a0\u00bb&#x54;||divi||400&Prime; admin_label=\u00a0\u00bbImage\u00a0\u00bb _builder_version=\u00a0\u00bb4.24.0&Prime; _module_preset=\u00a0\u00bbdefault\u00a0\u00bb transform_rotate=\u00a0\u00bb0deg|0deg|10deg\u00a0\u00bb max_width=\u00a0\u00bb500px\u00a0\u00bb module_alignment=\u00a0\u00bbcenter\u00a0\u00bb global_colors_info=\u00a0\u00bb{}\u00a0\u00bb][\/et_pb_image][\/et_pb_column][et_pb_column type=\u00a0\u00bb1_3&Prime; _builder_version=\u00a0\u00bb4.24.0&Prime; _module_preset=\u00a0\u00bbdefault\u00a0\u00bb vertical_offset=\u00a0\u00bb-30px\u00a0\u00bb horizontal_offset=\u00a0\u00bb-110px\u00a0\u00bb horizontal_offset_tablet=\u00a0\u00bb0px\u00a0\u00bb horizontal_offset_phone=\u00a0\u00bb-110px\u00a0\u00bb horizontal_offset_last_edited=\u00a0\u00bbon|tablet\u00a0\u00bb scroll_vertical_motion_enable=\u00a0\u00bbon\u00a0\u00bb scroll_vertical_motion=\u00a0\u00bb0|45|45|100|4|0|0&Prime; scroll_horizontal_motion_enable=\u00a0\u00bbon\u00a0\u00bb scroll_horizontal_motion=\u00a0\u00bb0|48|48|100|4|0|0&Prime; scroll_rotating_enable=\u00a0\u00bbon\u00a0\u00bb scroll_rotating=\u00a0\u00bb0|50|50|100|30\u00b0|0|0&Prime; global_colors_info=\u00a0\u00bb{}\u00a0\u00bb][et_pb_image src=\u00a0\u00bbhttps:\/\/exhibition.solidarity1980.com\/wp-content\/uploads\/2024\/02\/LLE_1980-09-03-p-1-PHOTO-Pologne-en-depit-de-greves-persistantes-L-optimisme-l-emporte-1.jpg\u00a0\u00bb title_text=\u00a0\u00bbLLE_1980-09-03-p-1-PHOTO-Pologne-en-depit-de-greves-persistantes-L-optimisme-l-emporte-1&Prime; url=\u00a0\u00bb#popup-zoom-journaux-1&Prime; use_overlay=\u00a0\u00bbon\u00a0\u00bb overlay_icon_color=\u00a0\u00bb#FF395E\u00a0\u00bb hover_overlay_color=\u00a0\u00bbrgba(0,0,0,0.36)\u00a0\u00bb hover_icon=\u00a0\u00bb&#x54;||divi||400&Prime; admin_label=\u00a0\u00bbImage\u00a0\u00bb _builder_version=\u00a0\u00bb4.24.0&Prime; _module_preset=\u00a0\u00bbdefault\u00a0\u00bb transform_rotate=\u00a0\u00bb0deg|0deg|351deg\u00a0\u00bb max_width=\u00a0\u00bb500px\u00a0\u00bb module_alignment=\u00a0\u00bbcenter\u00a0\u00bb global_colors_info=\u00a0\u00bb{}\u00a0\u00bb][\/et_pb_image][\/et_pb_column][\/et_pb_row][\/et_pb_section][et_pb_section fb_built=\u00a0\u00bb1&Prime; admin_label=\u00a0\u00bbGorski &#8211; Unit\u00e9 Entretien vid\u00e9o + articles\u00a0\u00bb module_class=\u00a0\u00bbnoise\u00a0\u00bb _builder_version=\u00a0\u00bb4.25.1&Prime; _module_preset=\u00a0\u00bbdefault\u00a0\u00bb background_color=\u00a0\u00bb#FF395E\u00a0\u00bb z_index=\u00a0\u00bb2&Prime; min_height=\u00a0\u00bb100vh\u00a0\u00bb custom_padding=\u00a0\u00bb||0px||false|false\u00a0\u00bb scroll_vertical_motion_enable=\u00a0\u00bbon\u00a0\u00bb scroll_vertical_motion=\u00a0\u00bb0|50|50|100|4|0|0&Prime; scroll_fade_enable=\u00a0\u00bbon\u00a0\u00bb motion_trigger_start=\u00a0\u00bbtop\u00a0\u00bb custom_css_main_element=\u00a0\u00bbdisplay: flex;||flex-direction:column;||align-items:center;||justify-content:center;\u00a0\u00bb da_disable_devices=\u00a0\u00bboff|off|off\u00a0\u00bb saved_tabs=\u00a0\u00bball\u00a0\u00bb global_colors_info=\u00a0\u00bb{}\u00a0\u00bb da_is_popup=\u00a0\u00bboff\u00a0\u00bb da_exit_intent=\u00a0\u00bboff\u00a0\u00bb da_has_close=\u00a0\u00bbon\u00a0\u00bb da_alt_close=\u00a0\u00bboff\u00a0\u00bb da_dark_close=\u00a0\u00bboff\u00a0\u00bb da_not_modal=\u00a0\u00bbon\u00a0\u00bb da_is_singular=\u00a0\u00bboff\u00a0\u00bb da_with_loader=\u00a0\u00bboff\u00a0\u00bb da_has_shadow=\u00a0\u00bbon\u00a0\u00bb][et_pb_row admin_label=\u00a0\u00bbRow\u00a0\u00bb _builder_version=\u00a0\u00bb4.22.1&Prime; _module_preset=\u00a0\u00bbdefault\u00a0\u00bb custom_padding=\u00a0\u00bb||0px||false|false\u00a0\u00bb global_colors_info=\u00a0\u00bb{}\u00a0\u00bb][et_pb_column type=\u00a0\u00bb4_4&Prime; _builder_version=\u00a0\u00bb4.22.1&Prime; _module_preset=\u00a0\u00bbdefault\u00a0\u00bb custom_padding=\u00a0\u00bb||0px||false|false\u00a0\u00bb global_colors_info=\u00a0\u00bb{}\u00a0\u00bb][et_pb_text admin_label=\u00a0\u00bbTitre\u00a0\u00bb _builder_version=\u00a0\u00bb4.25.1&Prime; _module_preset=\u00a0\u00bbdefault\u00a0\u00bb text_orientation=\u00a0\u00bbcenter\u00a0\u00bb background_layout=\u00a0\u00bbdark\u00a0\u00bb sticky_limit_bottom=\u00a0\u00bbsection\u00a0\u00bb global_colors_info=\u00a0\u00bb{}\u00a0\u00bb]<\/p>\n<h4><span>\u00ab\u00a0<em>Solidarno\u015b\u0107<\/em> c\u2019est une communaut\u00e9 de gens de bonne volont\u00e9, qui se cr\u00e9e de mani\u00e8re spontan\u00e9e, par une solidarit\u00e9 plus profonde, celle des consciences.\u00bb <\/span><\/h4>\n<h4><span>\u00ab La solidarit\u00e9 est toujours une solidarit\u00e9 autour d\u2019un certain dialogue.\u00bb<\/span><span><\/span><\/h4>\n<p>J\u00f3zef Tischner, <em>Etyka Solidarno<\/em><em>\u015b<\/em><em>ci<\/em><\/p>\n<p><span><\/span><\/p>\n<p>[\/et_pb_text][et_pb_text admin_label=\u00a0\u00bbDescription\u00a0\u00bb _builder_version=\u00a0\u00bb4.25.1&Prime; _module_preset=\u00a0\u00bbdefault\u00a0\u00bb text_orientation=\u00a0\u00bbcenter\u00a0\u00bb background_layout=\u00a0\u00bbdark\u00a0\u00bb max_width=\u00a0\u00bb68%\u00a0\u00bb module_alignment=\u00a0\u00bbcenter\u00a0\u00bb sticky_limit_bottom=\u00a0\u00bbsection\u00a0\u00bb global_colors_info=\u00a0\u00bb{}\u00a0\u00bb]<\/p>\n<p>Le mouvement <em>Solidarnosc<\/em> unit des groupes sociaux qui vivaient jusqu\u2019alors s\u00e9par\u00e9s\u00a0: des ouvriers, des intellectuels, mais aussi des agriculteurs, des \u00e9tudiants. Tous ces milieux fonctionnaient auparavant s\u00e9par\u00e9ment, ce que l\u2019on a vu lors des r\u00e9voltes de 1956, 1968 ou 1970.<\/p>\n<p><span><\/span><\/p>\n<p><span><\/span><\/p>\n<p>[\/et_pb_text][et_pb_video src=\u00a0\u00bbhttps:\/\/youtu.be\/jbyKQoxJ5J8&Prime; _builder_version=\u00a0\u00bb4.24.2&Prime; _module_preset=\u00a0\u00bbdefault\u00a0\u00bb global_colors_info=\u00a0\u00bb{}\u00a0\u00bb][\/et_pb_video][et_pb_blurb use_icon=\u00a0\u00bbon\u00a0\u00bb font_icon=\u00a0\u00bb&#x50;||divi||400&Prime; icon_color=\u00a0\u00bb#FBFFEE\u00a0\u00bb content_max_width=\u00a0\u00bb100%\u00a0\u00bb admin_label=\u00a0\u00bbBouton +\u00a0\u00bb _builder_version=\u00a0\u00bb4.23.1&Prime; _module_preset=\u00a0\u00bbdefault\u00a0\u00bb background_color=\u00a0\u00bbRGBA(255,255,255,0)\u00a0\u00bb text_orientation=\u00a0\u00bbright\u00a0\u00bb module_alignment=\u00a0\u00bbright\u00a0\u00bb custom_margin=\u00a0\u00bb0px|30px|100px|30px|false|true\u00a0\u00bb custom_margin_tablet=\u00a0\u00bb||50px||false|true\u00a0\u00bb custom_margin_phone=\u00a0\u00bb|15px||15px|false|true\u00a0\u00bb custom_margin_last_edited=\u00a0\u00bbon|phone\u00a0\u00bb global_colors_info=\u00a0\u00bb{}\u00a0\u00bb]<\/p>\n<div class=\"page\" title=\"Page 8\">\n<div class=\"section\">\n<div class=\"layoutArea\">\n<div class=\"column\">\n<p><span><span data-contrast=\"auto\" xml:lang=\"FR-FR\" lang=\"FR-FR\" class=\"TextRun SCXW90455634 BCX0\"><span class=\"NormalTextRun SCXW90455634 BCX0\">Entretien de Bohdan G\u00f3rski<\/span><span class=\"NormalTextRun SCXW90455634 BCX0\">\u00a0r\u00e9alis\u00e9 par Renata Lata\u0142a, 22 Juin<\/span><span class=\"NormalTextRun SCXW90455634 BCX0\"> 2020, Villars-sur-Gl\u00e2ne<\/span><\/span>. <\/span><\/p>\n<\/div>\n<\/div>\n<\/div>\n<\/div>\n<p>[\/et_pb_blurb][\/et_pb_column][\/et_pb_row][et_pb_row column_structure=\u00a0\u00bb1_2,1_2&Prime; make_equal=\u00a0\u00bbon\u00a0\u00bb admin_label=\u00a0\u00bbRow articles\u00a0\u00bb _builder_version=\u00a0\u00bb4.23.1&Prime; _module_preset=\u00a0\u00bbdefault\u00a0\u00bb custom_padding=\u00a0\u00bb0px||0px||true|false\u00a0\u00bb custom_css_main_element=\u00a0\u00bbalign-items: center;\u00a0\u00bb global_colors_info=\u00a0\u00bb{}\u00a0\u00bb][et_pb_column type=\u00a0\u00bb1_2&Prime; _builder_version=\u00a0\u00bb4.23.1&Prime; _module_preset=\u00a0\u00bbdefault\u00a0\u00bb custom_padding=\u00a0\u00bb40px||60px||false|false\u00a0\u00bb scroll_horizontal_motion_enable=\u00a0\u00bbon\u00a0\u00bb scroll_horizontal_motion=\u00a0\u00bb0|50|50|100|-4|0|0&Prime; scroll_fade_enable=\u00a0\u00bbon\u00a0\u00bb motion_trigger_start=\u00a0\u00bbtop\u00a0\u00bb global_colors_info=\u00a0\u00bb{}\u00a0\u00bb][et_pb_image src=\u00a0\u00bbhttps:\/\/exhibition.solidarity1980.com\/wp-content\/uploads\/2024\/12\/IMG_7901.jpg\u00a0\u00bb title_text=\u00a0\u00bbIMG_7901&Prime; _builder_version=\u00a0\u00bb4.25.1&Prime; _module_preset=\u00a0\u00bbdefault\u00a0\u00bb transform_rotate=\u00a0\u00bb0deg|0deg|352deg\u00a0\u00bb global_colors_info=\u00a0\u00bb{}\u00a0\u00bb][\/et_pb_image][\/et_pb_column][et_pb_column type=\u00a0\u00bb1_2&Prime; _builder_version=\u00a0\u00bb4.22.1&Prime; _module_preset=\u00a0\u00bbdefault\u00a0\u00bb scroll_horizontal_motion_enable=\u00a0\u00bbon\u00a0\u00bb scroll_horizontal_motion=\u00a0\u00bb0|50|50|100|7|0|0&Prime; motion_trigger_start=\u00a0\u00bbtop\u00a0\u00bb global_colors_info=\u00a0\u00bb{}\u00a0\u00bb][et_pb_image src=\u00a0\u00bbhttps:\/\/exhibition.solidarity1980.com\/wp-content\/uploads\/2024\/12\/IMG_8419.jpg\u00a0\u00bb title_text=\u00a0\u00bbIMG_8419&Prime; show_bottom_space=\u00a0\u00bboff\u00a0\u00bb force_fullwidth=\u00a0\u00bbon\u00a0\u00bb admin_label=\u00a0\u00bbImage\u00a0\u00bb _builder_version=\u00a0\u00bb4.25.1&Prime; _module_preset=\u00a0\u00bbdefault\u00a0\u00bb custom_margin=\u00a0\u00bb||0px||false|false\u00a0\u00bb global_colors_info=\u00a0\u00bb{}\u00a0\u00bb][\/et_pb_image][\/et_pb_column][\/et_pb_row][\/et_pb_section][et_pb_section fb_built=\u00a0\u00bb1&Prime; admin_label=\u00a0\u00bbTitre manifestations\u00a0\u00bb _builder_version=\u00a0\u00bb4.25.1&Prime; _module_preset=\u00a0\u00bbdefault\u00a0\u00bb background_color=\u00a0\u00bbRGBA(255,255,255,0)\u00a0\u00bb custom_padding=\u00a0\u00bb||0px||false|false\u00a0\u00bb scroll_vertical_motion_enable=\u00a0\u00bbon\u00a0\u00bb scroll_vertical_motion=\u00a0\u00bb0|50|50|100|4|0|0&Prime; scroll_fade_enable=\u00a0\u00bbon\u00a0\u00bb motion_trigger_start=\u00a0\u00bbtop\u00a0\u00bb da_disable_devices=\u00a0\u00bboff|off|off\u00a0\u00bb saved_tabs=\u00a0\u00bball\u00a0\u00bb global_colors_info=\u00a0\u00bb{}\u00a0\u00bb da_is_popup=\u00a0\u00bboff\u00a0\u00bb da_exit_intent=\u00a0\u00bboff\u00a0\u00bb da_has_close=\u00a0\u00bbon\u00a0\u00bb da_alt_close=\u00a0\u00bboff\u00a0\u00bb da_dark_close=\u00a0\u00bboff\u00a0\u00bb da_not_modal=\u00a0\u00bbon\u00a0\u00bb da_is_singular=\u00a0\u00bboff\u00a0\u00bb da_with_loader=\u00a0\u00bboff\u00a0\u00bb da_has_shadow=\u00a0\u00bbon\u00a0\u00bb][et_pb_row admin_label=\u00a0\u00bbRow\u00a0\u00bb _builder_version=\u00a0\u00bb4.22.1&Prime; _module_preset=\u00a0\u00bbdefault\u00a0\u00bb custom_padding=\u00a0\u00bb||0px||false|false\u00a0\u00bb global_colors_info=\u00a0\u00bb{}\u00a0\u00bb][et_pb_column type=\u00a0\u00bb4_4&Prime; _builder_version=\u00a0\u00bb4.22.1&Prime; _module_preset=\u00a0\u00bbdefault\u00a0\u00bb custom_padding=\u00a0\u00bb||0px||false|false\u00a0\u00bb global_colors_info=\u00a0\u00bb{}\u00a0\u00bb][et_pb_text admin_label=\u00a0\u00bbText\u00a0\u00bb _builder_version=\u00a0\u00bb4.25.1&Prime; _module_preset=\u00a0\u00bbdefault\u00a0\u00bb text_orientation=\u00a0\u00bbcenter\u00a0\u00bb background_layout=\u00a0\u00bbdark\u00a0\u00bb sticky_limit_bottom=\u00a0\u00bbsection\u00a0\u00bb global_colors_info=\u00a0\u00bb{}\u00a0\u00bb]<\/p>\n<h2 class=\"small\"><span><strong>Congr\u00e8s de Solidarno\u015b\u0107<\/strong><\/span><\/h2>\n<p><strong>5 &#8211; 10 septembre \u00a0\/\u00a0\u00a0 26 septembre &#8211; 7 octobre <\/strong><\/p>\n<h2 class=\"small\"><span>\u00a0<\/span><\/h2>\n<p>[\/et_pb_text][\/et_pb_column][\/et_pb_row][\/et_pb_section][et_pb_section fb_built=\u00a0\u00bb1&Prime; admin_label=\u00a0\u00bbCongr\u00e8s de Solidarnosc \/ Texte \u00e0 droite (fond bleu)\u00a0\u00bb _builder_version=\u00a0\u00bb4.25.1&Prime; _module_preset=\u00a0\u00bbdefault\u00a0\u00bb background_image=\u00a0\u00bbhttps:\/\/exhibition.solidarity1980.com\/wp-content\/uploads\/2024\/03\/Premier-congres.jpg\u00a0\u00bb parallax=\u00a0\u00bbon\u00a0\u00bb min_height=\u00a0\u00bb100vh\u00a0\u00bb custom_padding=\u00a0\u00bb0px|0px|0px|0px|true|true\u00a0\u00bb custom_css_main_element=\u00a0\u00bbdisplay: flex;||flex-direction: column;\u00a0\u00bb da_disable_devices=\u00a0\u00bboff|off|off\u00a0\u00bb global_colors_info=\u00a0\u00bb{}\u00a0\u00bb da_is_popup=\u00a0\u00bboff\u00a0\u00bb da_exit_intent=\u00a0\u00bboff\u00a0\u00bb da_has_close=\u00a0\u00bbon\u00a0\u00bb da_alt_close=\u00a0\u00bboff\u00a0\u00bb da_dark_close=\u00a0\u00bboff\u00a0\u00bb da_not_modal=\u00a0\u00bbon\u00a0\u00bb da_is_singular=\u00a0\u00bboff\u00a0\u00bb da_with_loader=\u00a0\u00bboff\u00a0\u00bb da_has_shadow=\u00a0\u00bbon\u00a0\u00bb][et_pb_row column_structure=\u00a0\u00bb1_2,1_2&Prime; _builder_version=\u00a0\u00bb4.24.2&Prime; _module_preset=\u00a0\u00bbdefault\u00a0\u00bb width=\u00a0\u00bb100%\u00a0\u00bb max_width=\u00a0\u00bb100%\u00a0\u00bb custom_margin=\u00a0\u00bb0px|0px|0px|0px|true|true\u00a0\u00bb custom_padding=\u00a0\u00bb0px|0px|0px|0px|true|true\u00a0\u00bb custom_css_main_element=\u00a0\u00bbflex: 1;||display: flex;||align-items: flex-end;\u00a0\u00bb global_colors_info=\u00a0\u00bb{}\u00a0\u00bb][et_pb_column type=\u00a0\u00bb1_2&Prime; _builder_version=\u00a0\u00bb4.24.2&Prime; _module_preset=\u00a0\u00bbdefault\u00a0\u00bb custom_css_main_element=\u00a0\u00bbmin-height: 300px;\u00a0\u00bb global_colors_info=\u00a0\u00bb{}\u00a0\u00bb][\/et_pb_column][et_pb_column type=\u00a0\u00bb1_2&Prime; module_class=\u00a0\u00bbnoise\u00a0\u00bb _builder_version=\u00a0\u00bb4.22.1&Prime; _module_preset=\u00a0\u00bbdefault\u00a0\u00bb background_color=\u00a0\u00bb#31666c\u00a0\u00bb custom_padding=\u00a0\u00bb40px|40px|40px|40px|true|true\u00a0\u00bb scroll_vertical_motion_enable=\u00a0\u00bbon\u00a0\u00bb scroll_vertical_motion=\u00a0\u00bb0|50|50|100|4|0|0&Prime; custom_css_main_element=\u00a0\u00bbmin-height: 50vh;\u00a0\u00bb global_colors_info=\u00a0\u00bb{}\u00a0\u00bb][et_pb_text _builder_version=\u00a0\u00bb4.25.1&Prime; _module_preset=\u00a0\u00bbdefault\u00a0\u00bb text_text_color=\u00a0\u00bb#ffffff\u00a0\u00bb global_colors_info=\u00a0\u00bb{}\u00a0\u00bb]<\/p>\n<h3><strong>Premier Congr\u00e8s de Solidarno\u015b\u0107<\/strong><\/h3>\n<p>\u00a0\u00bb Les d\u00e9l\u00e9gu\u00e9s ont \u00e9videmment appr\u00e9ci\u00e9 qu&rsquo;il s&rsquo;agissait de bien plus qu&rsquo;un congr\u00e8s syndical : c&rsquo;\u00e9tait un rassemblement patriotique, un parlement alternatif sans pr\u00e9c\u00e9dent dans le bloc sovi\u00e9tique, une Assembl\u00e9e nationale &#8211; et pas seulement du Tiers Etat. Comme on pouvait s&rsquo;y attendre, la politique symbolique de cette Assembl\u00e9e nationale polonaise a \u00e9t\u00e9 superbe. A partir du moment o\u00f9 le tableau d&rsquo;affichage \u00e9lectronique s&rsquo;est illumin\u00e9 avec le signe de la croix et les mots \u00ab\u00a0Polonia semper fidelis\u00a0\u00bb, tandis que Walesa se levait pour entonner une fois de plus \u00ab\u00a0La Pologne n&rsquo;est pas encore perdue&#8230;\u00a0\u00bb et \u00ab\u00a0Dieu qui prot\u00e8ge la Pologne&#8230;\u00a0\u00bb, la salle de sport Olivia, habituellement d\u00e9nu\u00e9e d&rsquo;\u00e2me s&rsquo;est remplie de l&rsquo;esprit des martyrs de la nation. Aucune occasion n&rsquo;a \u00e9t\u00e9 manqu\u00e9e pour d\u00e9montrer qu&rsquo;ici se trouvaient les v\u00e9ritables h\u00e9ritiers de la grande tradition des id\u00e9aux polonais, de l&rsquo;autre, de la vraie Pologne populaire, dont l&rsquo;histoire est rem\u00e9mor\u00e9e par mois. \u00ab\u00a0<\/p>\n<p>[\/et_pb_text][et_pb_blurb use_icon=\u00a0\u00bbon\u00a0\u00bb font_icon=\u00a0\u00bb&#x50;||divi||400&Prime; icon_color=\u00a0\u00bb#FBFFEE\u00a0\u00bb content_max_width=\u00a0\u00bb100%\u00a0\u00bb admin_label=\u00a0\u00bbBouton +\u00a0\u00bb _builder_version=\u00a0\u00bb4.24.2&Prime; _module_preset=\u00a0\u00bbdefault\u00a0\u00bb background_color=\u00a0\u00bbRGBA(255,255,255,0)\u00a0\u00bb custom_margin=\u00a0\u00bb0px|30px|100px|30px|false|true\u00a0\u00bb custom_margin_tablet=\u00a0\u00bb||50px||false|true\u00a0\u00bb custom_margin_phone=\u00a0\u00bb|15px||15px|false|true\u00a0\u00bb custom_margin_last_edited=\u00a0\u00bbon|phone\u00a0\u00bb global_colors_info=\u00a0\u00bb{}\u00a0\u00bb]<\/p>\n<div class=\"page\" title=\"Page 8\">\n<div class=\"section\">\n<div class=\"layoutArea\">\n<div class=\"column\">\n<p><span>Timothy Ash,\u00a0<em>The Polish Revolution: Solidarity<\/em>, Penguin Books (1983), 1999, p. 217. <\/span><\/p>\n<p><span>Photo : <\/span><span>Leszek Biernacki<\/span><span>, 1981.\u00a0\u00a0<\/span><\/p>\n<p><span><\/span><\/p>\n<\/div>\n<\/div>\n<\/div>\n<\/div>\n<p>[\/et_pb_blurb][\/et_pb_column][\/et_pb_row][\/et_pb_section][et_pb_section fb_built=\u00a0\u00bb1&Prime; admin_label=\u00a0\u00bbTexte manifestations\u00a0\u00bb _builder_version=\u00a0\u00bb4.22.1&Prime; _module_preset=\u00a0\u00bbdefault\u00a0\u00bb background_color=\u00a0\u00bbRGBA(255,255,255,0)\u00a0\u00bb min_height=\u00a0\u00bb100vh\u00a0\u00bb scroll_vertical_motion_enable=\u00a0\u00bbon\u00a0\u00bb custom_css_main_element=\u00a0\u00bbdisplay: flex;\u00a0\u00bb da_disable_devices=\u00a0\u00bboff|off|off\u00a0\u00bb global_colors_info=\u00a0\u00bb{}\u00a0\u00bb da_is_popup=\u00a0\u00bboff\u00a0\u00bb da_exit_intent=\u00a0\u00bboff\u00a0\u00bb da_has_close=\u00a0\u00bbon\u00a0\u00bb da_alt_close=\u00a0\u00bboff\u00a0\u00bb da_dark_close=\u00a0\u00bboff\u00a0\u00bb da_not_modal=\u00a0\u00bbon\u00a0\u00bb da_is_singular=\u00a0\u00bboff\u00a0\u00bb da_with_loader=\u00a0\u00bboff\u00a0\u00bb da_has_shadow=\u00a0\u00bbon\u00a0\u00bb][et_pb_row _builder_version=\u00a0\u00bb4.22.1&Prime; _module_preset=\u00a0\u00bbdefault\u00a0\u00bb max_width=\u00a0\u00bb800px\u00a0\u00bb global_colors_info=\u00a0\u00bb{}\u00a0\u00bb][et_pb_column type=\u00a0\u00bb4_4&Prime; _builder_version=\u00a0\u00bb4.22.1&Prime; _module_preset=\u00a0\u00bbdefault\u00a0\u00bb global_colors_info=\u00a0\u00bb{}\u00a0\u00bb][et_pb_text _builder_version=\u00a0\u00bb4.22.1&Prime; _module_preset=\u00a0\u00bbdefault\u00a0\u00bb text_font=\u00a0\u00bb|600|||||||\u00a0\u00bb text_text_color=\u00a0\u00bb#ffffff\u00a0\u00bb text_orientation=\u00a0\u00bbcenter\u00a0\u00bb background_layout=\u00a0\u00bbdark\u00a0\u00bb global_colors_info=\u00a0\u00bb{}\u00a0\u00bb]<span>Le syndicat Solidarno\u015b\u0107, fond\u00e9 en Pologne en 1980, devient un mouvement \u00e0 port\u00e9e politique, revendiquant l\u2019id\u00e9e de solidarit\u00e9 nationale. Il r\u00e9unit des personnes ayant des points de vue diff\u00e9rents, mais toutes anim\u00e9es par la conviction qu\u2019il est n\u00e9cessaire de d\u00e9fendre des valeurs fondamentales, dont une grande partie sont inspir\u00e9es des droits de l\u2019Homme. N\u00e9e au contact de la pens\u00e9e socialiste, de tradition nationale et ouvri\u00e8re, l\u2019id\u00e9e de solidarit\u00e9 dont le syndicat Solidarno\u015b\u0107 se veut porteur puise aussi ses racines dans l\u2019\u00e9thique chr\u00e9tienne. Avec ses 10.000 adh\u00e9rents issus de tous les milieux, le syndicat Solidarno\u015b\u0107 aspire \u00e0 cr\u00e9er un nouveau consensus social.<\/span>[\/et_pb_text][\/et_pb_column][\/et_pb_row][\/et_pb_section][et_pb_section fb_built=\u00a0\u00bb1&Prime; admin_label=\u00a0\u00bbdiaporama\u00a0\u00bb module_class=\u00a0\u00bbnoise\u00a0\u00bb _builder_version=\u00a0\u00bb4.25.1&Prime; _module_preset=\u00a0\u00bbdefault\u00a0\u00bb background_enable_color=\u00a0\u00bboff\u00a0\u00bb custom_margin=\u00a0\u00bb0px||0px||true|false\u00a0\u00bb custom_padding=\u00a0\u00bb0px||0px||true|false\u00a0\u00bb custom_css_main_element=\u00a0\u00bbbackground-color: #dcdace !important;\u00a0\u00bb da_disable_devices=\u00a0\u00bboff|off|off\u00a0\u00bb saved_tabs=\u00a0\u00bball\u00a0\u00bb global_colors_info=\u00a0\u00bb{}\u00a0\u00bb da_is_popup=\u00a0\u00bboff\u00a0\u00bb da_exit_intent=\u00a0\u00bboff\u00a0\u00bb da_has_close=\u00a0\u00bbon\u00a0\u00bb da_alt_close=\u00a0\u00bboff\u00a0\u00bb da_dark_close=\u00a0\u00bboff\u00a0\u00bb da_not_modal=\u00a0\u00bbon\u00a0\u00bb da_is_singular=\u00a0\u00bboff\u00a0\u00bb da_with_loader=\u00a0\u00bboff\u00a0\u00bb da_has_shadow=\u00a0\u00bbon\u00a0\u00bb][et_pb_row _builder_version=\u00a0\u00bb4.22.1&Prime; _module_preset=\u00a0\u00bbdefault\u00a0\u00bb width=\u00a0\u00bb100%\u00a0\u00bb max_width=\u00a0\u00bb100%\u00a0\u00bb custom_margin=\u00a0\u00bb0px||0px||true|false\u00a0\u00bb custom_padding=\u00a0\u00bb0px||0px||true|false\u00a0\u00bb global_colors_info=\u00a0\u00bb{}\u00a0\u00bb][et_pb_column type=\u00a0\u00bb4_4&Prime; _builder_version=\u00a0\u00bb4.22.1&Prime; _module_preset=\u00a0\u00bbdefault\u00a0\u00bb global_colors_info=\u00a0\u00bb{}\u00a0\u00bb][et_pb_slider show_pagination=\u00a0\u00bboff\u00a0\u00bb arrows_custom_color=\u00a0\u00bb#3D2D00&Prime; dot_nav_custom_color=\u00a0\u00bb#000000&Prime; admin_label=\u00a0\u00bbSlider\u00a0\u00bb module_class=\u00a0\u00bbdiaporama-slider\u00a0\u00bb _builder_version=\u00a0\u00bb4.27.4&Prime; _module_preset=\u00a0\u00bbdefault\u00a0\u00bb animation_direction=\u00a0\u00bbleft\u00a0\u00bb custom_css_main_element=\u00a0\u00bbo\u00a0\u00bb global_colors_info=\u00a0\u00bb{}\u00a0\u00bb][et_pb_slide _builder_version=\u00a0\u00bb4.27.4&Prime; _module_preset=\u00a0\u00bbdefault\u00a0\u00bb background_image=\u00a0\u00bbhttps:\/\/exhibition.solidarity1980.com\/wp-content\/uploads\/2024\/12\/IS_1980-strajk-nauczycieli-w-Urzedzie-wojewodzkim-w-Gdansku-23-1.jpg\u00a0\u00bb background_enable_image=\u00a0\u00bbon\u00a0\u00bb global_colors_info=\u00a0\u00bb{}\u00a0\u00bb sticky_transition=\u00a0\u00bbon\u00a0\u00bb][\/et_pb_slide][et_pb_slide _builder_version=\u00a0\u00bb4.27.4&Prime; _module_preset=\u00a0\u00bbdefault\u00a0\u00bb background_image=\u00a0\u00bbhttps:\/\/exhibition.solidarity1980.com\/wp-content\/uploads\/2024\/12\/IS_1981-03-napis-brutale-z-MO-i-SB-2.jpg\u00a0\u00bb background_enable_image=\u00a0\u00bbon\u00a0\u00bb global_colors_info=\u00a0\u00bb{}\u00a0\u00bb sticky_transition=\u00a0\u00bbon\u00a0\u00bb][\/et_pb_slide][et_pb_slide _builder_version=\u00a0\u00bb4.27.4&Prime; _module_preset=\u00a0\u00bbdefault\u00a0\u00bb background_image=\u00a0\u00bbhttps:\/\/exhibition.solidarity1980.com\/wp-content\/uploads\/2024\/11\/IS_1980-odsloniecie-pomnika-069.jpg\u00a0\u00bb background_enable_image=\u00a0\u00bbon\u00a0\u00bb global_colors_info=\u00a0\u00bb{}\u00a0\u00bb sticky_transition=\u00a0\u00bbon\u00a0\u00bb][\/et_pb_slide][et_pb_slide _builder_version=\u00a0\u00bb4.27.4&Prime; _module_preset=\u00a0\u00bbdefault\u00a0\u00bb background_image=\u00a0\u00bbhttps:\/\/exhibition.solidarity1980.com\/wp-content\/uploads\/2024\/11\/IS_1980-strajk-pracownikow-kultury-w-Urzedzie-Wojewodzkim-w-Gdansku-05.jpg\u00a0\u00bb background_enable_image=\u00a0\u00bbon\u00a0\u00bb global_colors_info=\u00a0\u00bb{}\u00a0\u00bb sticky_transition=\u00a0\u00bbon\u00a0\u00bb][\/et_pb_slide][et_pb_slide _builder_version=\u00a0\u00bb4.27.4&Prime; _module_preset=\u00a0\u00bbdefault\u00a0\u00bb background_image=\u00a0\u00bbhttps:\/\/exhibition.solidarity1980.com\/wp-content\/uploads\/2024\/11\/IS_1980-10-strajk-studentow-AMG-80-wystep-Marka-Grechuty.jpg\u00a0\u00bb background_enable_image=\u00a0\u00bbon\u00a0\u00bb global_colors_info=\u00a0\u00bb{}\u00a0\u00bb sticky_transition=\u00a0\u00bbon\u00a0\u00bb][\/et_pb_slide][et_pb_slide _builder_version=\u00a0\u00bb4.25.1&Prime; _module_preset=\u00a0\u00bbdefault\u00a0\u00bb background_color=\u00a0\u00bb#000000&Prime; background_enable_color=\u00a0\u00bbon\u00a0\u00bb background_image=\u00a0\u00bbhttps:\/\/exhibition.solidarity1980.com\/wp-content\/uploads\/2024\/11\/IS_1980-11-XI-manifestacja-08-1b.jpg\u00a0\u00bb background_enable_image=\u00a0\u00bbon\u00a0\u00bb global_colors_info=\u00a0\u00bb{}\u00a0\u00bb sticky_transition=\u00a0\u00bbon\u00a0\u00bb][\/et_pb_slide][\/et_pb_slider][\/et_pb_column][\/et_pb_row][\/et_pb_section][et_pb_section fb_built=\u00a0\u00bb1&Prime; admin_label=\u00a0\u00bbtracts tombent du ciel \u00a0\u00bb _builder_version=\u00a0\u00bb4.25.1&Prime; _module_preset=\u00a0\u00bbdefault\u00a0\u00bb background_color=\u00a0\u00bbRGBA(255,255,255,0)\u00a0\u00bb min_height=\u00a0\u00bb50vh\u00a0\u00bb custom_padding=\u00a0\u00bb||0px||false|false\u00a0\u00bb scroll_vertical_motion_enable=\u00a0\u00bbon\u00a0\u00bb scroll_vertical_motion=\u00a0\u00bb0|50|50|100|4|0|0&Prime; scroll_fade_enable=\u00a0\u00bbon\u00a0\u00bb motion_trigger_start=\u00a0\u00bbtop\u00a0\u00bb da_disable_devices=\u00a0\u00bboff|off|off\u00a0\u00bb saved_tabs=\u00a0\u00bball\u00a0\u00bb global_colors_info=\u00a0\u00bb{}\u00a0\u00bb da_is_popup=\u00a0\u00bboff\u00a0\u00bb da_exit_intent=\u00a0\u00bboff\u00a0\u00bb da_has_close=\u00a0\u00bbon\u00a0\u00bb da_alt_close=\u00a0\u00bboff\u00a0\u00bb da_dark_close=\u00a0\u00bboff\u00a0\u00bb da_not_modal=\u00a0\u00bbon\u00a0\u00bb da_is_singular=\u00a0\u00bboff\u00a0\u00bb da_with_loader=\u00a0\u00bboff\u00a0\u00bb da_has_shadow=\u00a0\u00bbon\u00a0\u00bb][et_pb_row admin_label=\u00a0\u00bbRow\u00a0\u00bb _builder_version=\u00a0\u00bb4.22.1&Prime; _module_preset=\u00a0\u00bbdefault\u00a0\u00bb custom_padding=\u00a0\u00bb||0px||false|false\u00a0\u00bb global_colors_info=\u00a0\u00bb{}\u00a0\u00bb][et_pb_column type=\u00a0\u00bb4_4&Prime; _builder_version=\u00a0\u00bb4.22.1&Prime; _module_preset=\u00a0\u00bbdefault\u00a0\u00bb custom_padding=\u00a0\u00bb||0px||false|false\u00a0\u00bb global_colors_info=\u00a0\u00bb{}\u00a0\u00bb][et_pb_text admin_label=\u00a0\u00bbText\u00a0\u00bb _builder_version=\u00a0\u00bb4.25.1&Prime; _module_preset=\u00a0\u00bbdefault\u00a0\u00bb text_orientation=\u00a0\u00bbcenter\u00a0\u00bb background_layout=\u00a0\u00bbdark\u00a0\u00bb sticky_limit_bottom=\u00a0\u00bbsection\u00a0\u00bb global_colors_info=\u00a0\u00bb{}\u00a0\u00bb]<\/p>\n<h2 class=\"small\"><span>Les tracts tombent du Ciel\u2026<\/span><\/h2>\n<p>La propagande du gouvernement communiste a tent\u00e9 de faire des syndicalistes de <em>Solidarno<\/em><em>\u015b\u0107<\/em> des ennemis de la nation, en les accusant d\u2019anarchie, de politique inadapt\u00e9e visant \u00e0 l\u2019auto-destruction de la Pologne. Avec la police, les m\u00e9dias, la presse et la censure entre ses mains, le pouvoir disposait de moyens pour manipuler l\u2019opinion afin de diviser la soci\u00e9t\u00e9 et discr\u00e9diter les actions du syndicat ind\u00e9pendant <em>Solidarno<\/em><em>\u015b\u0107<\/em>.<\/p>\n<p><em>Solidarno<\/em><em>\u015b\u0107<\/em> a d\u00fb lutter en permanence contre les attaques et les manipulations, afin de ne pas perdre le lien avec la soci\u00e9t\u00e9 dans son ensemble. Les tracts, bulletins et imprim\u00e9s publi\u00e9s par les structures locales et r\u00e9gionales du syndicat <em>Solidarno<\/em><em>\u015b\u0107<\/em> apportaient des informations sur la situation dans le pays et permettaient de maintenir les liens. Ils informaient sur les rassemblements, les gr\u00e8ves, les manifestations, les marches de la faim, ainsi que sur les r\u00e9pressions du gouvernement contre les syndicalistes et l\u2019opposition.<\/p>\n<h2 class=\"small\"><span>\u00a0<\/span><\/h2>\n<p>[\/et_pb_text][\/et_pb_column][\/et_pb_row][\/et_pb_section][et_pb_section fb_built=\u00a0\u00bb1&Prime; fullwidth=\u00a0\u00bbon\u00a0\u00bb admin_label=\u00a0\u00bbAnimation tracts\u00a0\u00bb _builder_version=\u00a0\u00bb4.25.1&Prime; _module_preset=\u00a0\u00bbdefault\u00a0\u00bb background_color=\u00a0\u00bbRGBA(255,255,255,0)\u00a0\u00bb da_disable_devices=\u00a0\u00bboff|off|off\u00a0\u00bb global_colors_info=\u00a0\u00bb{}\u00a0\u00bb da_is_popup=\u00a0\u00bboff\u00a0\u00bb da_exit_intent=\u00a0\u00bboff\u00a0\u00bb da_has_close=\u00a0\u00bbon\u00a0\u00bb da_alt_close=\u00a0\u00bboff\u00a0\u00bb da_dark_close=\u00a0\u00bboff\u00a0\u00bb da_not_modal=\u00a0\u00bbon\u00a0\u00bb da_is_singular=\u00a0\u00bboff\u00a0\u00bb da_with_loader=\u00a0\u00bboff\u00a0\u00bb da_has_shadow=\u00a0\u00bbon\u00a0\u00bb][et_pb_fullwidth_code _builder_version=\u00a0\u00bb4.23&Prime; _module_preset=\u00a0\u00bbdefault\u00a0\u00bb background_color=\u00a0\u00bbRGBA(255,255,255,0)\u00a0\u00bb global_colors_info=\u00a0\u00bb{}\u00a0\u00bb]<\/p>\n<div id=\"tracts-animation\"><!-- [et_pb_line_break_holder] -->    <\/p>\n<div class=\"tracts-container\"><!-- [et_pb_line_break_holder] -->        <img decoding=\"async\" src=\"https:\/\/exhibition.solidarity1980.com\/wp-content\/uploads\/2023\/12\/SOLPL80-81A3_075.jpg\" class=\"tract tract-01\"><!-- [et_pb_line_break_holder] -->        <img decoding=\"async\" src=\"https:\/\/exhibition.solidarity1980.com\/wp-content\/uploads\/2023\/12\/SOLPL80-81A3_071.jpg\" class=\"tract tract-02\"><!-- [et_pb_line_break_holder] -->        <img decoding=\"async\" src=\"https:\/\/exhibition.solidarity1980.com\/wp-content\/uploads\/2023\/12\/SOLPL80-81A3_068.jpg\" class=\"tract tract-03\"><!-- [et_pb_line_break_holder] -->        <img decoding=\"async\" src=\"https:\/\/exhibition.solidarity1980.com\/wp-content\/uploads\/2023\/12\/SOLPL80-81A3_050.jpg\" class=\"tract tract-04\"><!-- [et_pb_line_break_holder] -->        <img decoding=\"async\" src=\"https:\/\/exhibition.solidarity1980.com\/wp-content\/uploads\/2023\/12\/SOLPL80-81A3_046.jpg\" class=\"tract tract-05\"><!-- [et_pb_line_break_holder] -->        <img decoding=\"async\" src=\"https:\/\/exhibition.solidarity1980.com\/wp-content\/uploads\/2023\/12\/SOLPL80-81A3_045.jpg\" class=\"tract tract-06\"><!-- [et_pb_line_break_holder] -->        <img decoding=\"async\" src=\"https:\/\/exhibition.solidarity1980.com\/wp-content\/uploads\/2023\/12\/SOLPL80-81A3_041.jpg\" class=\"tract tract-07\"><!-- [et_pb_line_break_holder] -->        <img decoding=\"async\" src=\"https:\/\/exhibition.solidarity1980.com\/wp-content\/uploads\/2023\/12\/SOLPL80-81A3_038.jpg\" class=\"tract tract-08\"><!-- [et_pb_line_break_holder] -->        <img decoding=\"async\" src=\"https:\/\/exhibition.solidarity1980.com\/wp-content\/uploads\/2023\/12\/SOLPL80-81A3_031.jpg\" class=\"tract tract-09\"><!-- [et_pb_line_break_holder] -->        <img decoding=\"async\" src=\"https:\/\/exhibition.solidarity1980.com\/wp-content\/uploads\/2023\/12\/SOLPL80-81A3_030.jpg\" class=\"tract tract-10\"><!-- [et_pb_line_break_holder] -->        <img decoding=\"async\" src=\"https:\/\/exhibition.solidarity1980.com\/wp-content\/uploads\/2023\/12\/SOLPL80-81A3_029.jpg\" class=\"tract tract-11\"><!-- [et_pb_line_break_holder] -->        <img decoding=\"async\" src=\"https:\/\/exhibition.solidarity1980.com\/wp-content\/uploads\/2023\/12\/SOLPL80-81A3_026.jpg\" class=\"tract tract-12\"><!-- [et_pb_line_break_holder] -->        <img decoding=\"async\" src=\"https:\/\/exhibition.solidarity1980.com\/wp-content\/uploads\/2023\/12\/SOLPL80-81A3_021.jpg\" class=\"tract tract-13\"><!-- [et_pb_line_break_holder] -->        <img decoding=\"async\" src=\"https:\/\/exhibition.solidarity1980.com\/wp-content\/uploads\/2023\/12\/SOLPL80-81A3_017.jpg\" class=\"tract tract-14\"><!-- [et_pb_line_break_holder] -->        <img decoding=\"async\" src=\"https:\/\/exhibition.solidarity1980.com\/wp-content\/uploads\/2023\/12\/SOLPL80-81A3_010.jpg\" class=\"tract tract-15\"><!-- [et_pb_line_break_holder] -->        <img decoding=\"async\" src=\"https:\/\/exhibition.solidarity1980.com\/wp-content\/uploads\/2023\/12\/SOLPL80-81A3_008.jpg\" class=\"tract tract-16\"><!-- [et_pb_line_break_holder] -->        <img decoding=\"async\" src=\"https:\/\/exhibition.solidarity1980.com\/wp-content\/uploads\/2023\/12\/SOLPL80-81A3_007.jpg\" class=\"tract tract-17\"><!-- [et_pb_line_break_holder] -->        <img decoding=\"async\" src=\"https:\/\/exhibition.solidarity1980.com\/wp-content\/uploads\/2023\/12\/SOLPL80-81A3_006.jpg\" class=\"tract tract-18\"><!-- [et_pb_line_break_holder] -->        <img decoding=\"async\" src=\"https:\/\/exhibition.solidarity1980.com\/wp-content\/uploads\/2023\/12\/SOLPL80-81A3_001.jpg\" class=\"tract tract-19\"><!-- [et_pb_line_break_holder] -->        <img decoding=\"async\" src=\"https:\/\/exhibition.solidarity1980.com\/wp-content\/uploads\/2023\/12\/AHP-SOLPL80-81A3_059_OK.jpg\" class=\"tract tract-20\"><!-- [et_pb_line_break_holder] -->        <img decoding=\"async\" src=\"https:\/\/exhibition.solidarity1980.com\/wp-content\/uploads\/2023\/12\/AHP-SOLPL80-81A3_033_OK.jpg\" class=\"tract tract-21\"><!-- [et_pb_line_break_holder] -->        <img decoding=\"async\" src=\"https:\/\/exhibition.solidarity1980.com\/wp-content\/uploads\/2023\/12\/AHP-SOLPL80-81A3_024_OK.jpg\" class=\"tract tract-22\"><!-- [et_pb_line_break_holder] -->        <img decoding=\"async\" src=\"https:\/\/exhibition.solidarity1980.com\/wp-content\/uploads\/2023\/12\/AHP-SOLPL80-81A3_004_OK.jpg\" class=\"tract tract-23\"><!-- [et_pb_line_break_holder] -->    <\/div>\n<p><!-- [et_pb_line_break_holder] --><\/div>\n<p>[\/et_pb_fullwidth_code][\/et_pb_section][et_pb_section fb_built=\u00a0\u00bb1&Prime; admin_label=\u00a0\u00bbTexte manifestations\u00a0\u00bb _builder_version=\u00a0\u00bb4.25.1&Prime; _module_preset=\u00a0\u00bbdefault\u00a0\u00bb background_color=\u00a0\u00bbRGBA(255,255,255,0)\u00a0\u00bb scroll_vertical_motion_enable=\u00a0\u00bbon\u00a0\u00bb scroll_vertical_motion=\u00a0\u00bb0|50|50|100|2|0|-2&Prime; custom_css_main_element=\u00a0\u00bbdisplay: flex;\u00a0\u00bb da_disable_devices=\u00a0\u00bboff|off|off\u00a0\u00bb global_colors_info=\u00a0\u00bb{}\u00a0\u00bb da_is_popup=\u00a0\u00bboff\u00a0\u00bb da_exit_intent=\u00a0\u00bboff\u00a0\u00bb da_has_close=\u00a0\u00bbon\u00a0\u00bb da_alt_close=\u00a0\u00bboff\u00a0\u00bb da_dark_close=\u00a0\u00bboff\u00a0\u00bb da_not_modal=\u00a0\u00bbon\u00a0\u00bb da_is_singular=\u00a0\u00bboff\u00a0\u00bb da_with_loader=\u00a0\u00bboff\u00a0\u00bb da_has_shadow=\u00a0\u00bbon\u00a0\u00bb][et_pb_row _builder_version=\u00a0\u00bb4.25.1&Prime; _module_preset=\u00a0\u00bbdefault\u00a0\u00bb max_width=\u00a0\u00bb800px\u00a0\u00bb global_colors_info=\u00a0\u00bb{}\u00a0\u00bb][et_pb_column type=\u00a0\u00bb4_4&Prime; _builder_version=\u00a0\u00bb4.22.1&Prime; _module_preset=\u00a0\u00bbdefault\u00a0\u00bb global_colors_info=\u00a0\u00bb{}\u00a0\u00bb][et_pb_text _builder_version=\u00a0\u00bb4.25.1&Prime; _module_preset=\u00a0\u00bbdefault\u00a0\u00bb text_font=\u00a0\u00bb|600|||||||\u00a0\u00bb text_text_color=\u00a0\u00bb#ffffff\u00a0\u00bb text_orientation=\u00a0\u00bbcenter\u00a0\u00bb background_layout=\u00a0\u00bbdark\u00a0\u00bb global_colors_info=\u00a0\u00bb{}\u00a0\u00bb]<\/p>\n<p><em>Solidarno\u015b\u0107<\/em> est un large mouvement, tr\u00e8s diversifi\u00e9, se basant sur un consensus de valeurs \u00e0 d\u00e9fendre, acceptant pour le reste les diff\u00e9rences d\u2019opinons, les disputes de doctrines, les divergences de convictions.<\/p>\n<p>[\/et_pb_text][\/et_pb_column][\/et_pb_row][\/et_pb_section][et_pb_section fb_built=\u00a0\u00bb1&Prime; admin_label=\u00a0\u00bbcampagnes de soutien\u00a0\u00bb _builder_version=\u00a0\u00bb4.27.4&Prime; _module_preset=\u00a0\u00bbdefault\u00a0\u00bb background_color=\u00a0\u00bbRGBA(255,255,255,0)\u00a0\u00bb custom_css_main_element=\u00a0\u00bbmin-height: 100vh;||display: flex;||overflow: hidden;\u00a0\u00bb da_disable_devices=\u00a0\u00bboff|off|off\u00a0\u00bb global_colors_info=\u00a0\u00bb{}\u00a0\u00bb da_is_popup=\u00a0\u00bboff\u00a0\u00bb da_exit_intent=\u00a0\u00bboff\u00a0\u00bb da_has_close=\u00a0\u00bbon\u00a0\u00bb da_alt_close=\u00a0\u00bboff\u00a0\u00bb da_dark_close=\u00a0\u00bboff\u00a0\u00bb da_not_modal=\u00a0\u00bbon\u00a0\u00bb da_is_singular=\u00a0\u00bboff\u00a0\u00bb da_with_loader=\u00a0\u00bboff\u00a0\u00bb da_has_shadow=\u00a0\u00bbon\u00a0\u00bb][et_pb_row column_structure=\u00a0\u00bb1_3,1_3,1_3&Prime; _builder_version=\u00a0\u00bb4.22.1&Prime; _module_preset=\u00a0\u00bbdefault\u00a0\u00bb width=\u00a0\u00bb90%\u00a0\u00bb max_width=\u00a0\u00bb100%\u00a0\u00bb global_colors_info=\u00a0\u00bb{}\u00a0\u00bb][et_pb_column type=\u00a0\u00bb1_3&Prime; _builder_version=\u00a0\u00bb4.25.1&Prime; _module_preset=\u00a0\u00bbdefault\u00a0\u00bb horizontal_offset=\u00a0\u00bb86px\u00a0\u00bb scroll_vertical_motion_enable=\u00a0\u00bbon\u00a0\u00bb scroll_vertical_motion=\u00a0\u00bb0|50|50|100|2|0|0&Prime; scroll_horizontal_motion_enable=\u00a0\u00bbon\u00a0\u00bb scroll_horizontal_motion=\u00a0\u00bb0|50|50|100|-6|0|0&Prime; scroll_rotating_enable=\u00a0\u00bbon\u00a0\u00bb scroll_rotating=\u00a0\u00bb0|50|50|100|-10\u00b0|0|0&Prime; global_colors_info=\u00a0\u00bb{}\u00a0\u00bb][et_pb_image src=\u00a0\u00bbhttps:\/\/exhibition.solidarity1980.com\/wp-content\/uploads\/2024\/12\/IMG_8060.jpg\u00a0\u00bb title_text=\u00a0\u00bbIMG_8060&Prime; _builder_version=\u00a0\u00bb4.25.1&Prime; _module_preset=\u00a0\u00bbdefault\u00a0\u00bb transform_rotate=\u00a0\u00bb0deg|0deg|-10deg\u00a0\u00bb box_shadow_style=\u00a0\u00bbpreset2&Prime; box_shadow_color=\u00a0\u00bbrgba(15,41,43,0.35)\u00a0\u00bb global_colors_info=\u00a0\u00bb{}\u00a0\u00bb][\/et_pb_image][\/et_pb_column][et_pb_column type=\u00a0\u00bb1_3&Prime; _builder_version=\u00a0\u00bb4.22.1&Prime; _module_preset=\u00a0\u00bbdefault\u00a0\u00bb vertical_offset=\u00a0\u00bb60px\u00a0\u00bb z_index=\u00a0\u00bb11&Prime; scroll_vertical_motion_enable=\u00a0\u00bbon\u00a0\u00bb scroll_vertical_motion=\u00a0\u00bb0|50|50|100|4|0|0&Prime; scroll_horizontal_motion_enable=\u00a0\u00bbon\u00a0\u00bb scroll_horizontal_motion=\u00a0\u00bb0|50|50|100|-8|0|0&Prime; scroll_rotating_enable=\u00a0\u00bbon\u00a0\u00bb scroll_rotating=\u00a0\u00bb0|50|50|100|-20\u00b0|0|0&Prime; global_colors_info=\u00a0\u00bb{}\u00a0\u00bb][et_pb_image src=\u00a0\u00bbhttps:\/\/exhibition.solidarity1980.com\/wp-content\/uploads\/2024\/12\/IMG_8211.jpg\u00a0\u00bb title_text=\u00a0\u00bbIMG_8211&Prime; _builder_version=\u00a0\u00bb4.25.1&Prime; _module_preset=\u00a0\u00bbdefault\u00a0\u00bb transform_rotate=\u00a0\u00bb0deg|0deg|10deg\u00a0\u00bb z_index=\u00a0\u00bb0&Prime; box_shadow_style=\u00a0\u00bbpreset2&Prime; box_shadow_color=\u00a0\u00bbrgba(15,41,43,0.35)\u00a0\u00bb global_colors_info=\u00a0\u00bb{}\u00a0\u00bb][\/et_pb_image][\/et_pb_column][et_pb_column type=\u00a0\u00bb1_3&Prime; _builder_version=\u00a0\u00bb4.22.1&Prime; _module_preset=\u00a0\u00bbdefault\u00a0\u00bb vertical_offset=\u00a0\u00bb-30px\u00a0\u00bb horizontal_offset=\u00a0\u00bb-110px\u00a0\u00bb horizontal_offset_tablet=\u00a0\u00bb0px\u00a0\u00bb horizontal_offset_phone=\u00a0\u00bb-110px\u00a0\u00bb horizontal_offset_last_edited=\u00a0\u00bbon|tablet\u00a0\u00bb scroll_vertical_motion_enable=\u00a0\u00bbon\u00a0\u00bb scroll_vertical_motion=\u00a0\u00bb0|50|50|100|4|0|0&Prime; scroll_horizontal_motion_enable=\u00a0\u00bbon\u00a0\u00bb scroll_horizontal_motion=\u00a0\u00bb0|50|50|100|4|0|0&Prime; scroll_rotating_enable=\u00a0\u00bbon\u00a0\u00bb scroll_rotating=\u00a0\u00bb0|50|50|100|30\u00b0|0|0&Prime; global_colors_info=\u00a0\u00bb{}\u00a0\u00bb][et_pb_image src=\u00a0\u00bbhttps:\/\/exhibition.solidarity1980.com\/wp-content\/uploads\/2024\/12\/IMG_8274.jpg\u00a0\u00bb title_text=\u00a0\u00bbIMG_8274&Prime; _builder_version=\u00a0\u00bb4.25.1&Prime; _module_preset=\u00a0\u00bbdefault\u00a0\u00bb transform_rotate=\u00a0\u00bb0deg|0deg|-9deg\u00a0\u00bb box_shadow_style=\u00a0\u00bbpreset2&Prime; box_shadow_color=\u00a0\u00bbrgba(15,41,43,0.35)\u00a0\u00bb global_colors_info=\u00a0\u00bb{}\u00a0\u00bb][\/et_pb_image][\/et_pb_column][\/et_pb_row][\/et_pb_section][et_pb_section fb_built=\u00a0\u00bb1&Prime; admin_label=\u00a0\u00bbTitre manifestations\u00a0\u00bb module_class=\u00a0\u00bbnoise\u00a0\u00bb _builder_version=\u00a0\u00bb4.23.1&Prime; _module_preset=\u00a0\u00bbdefault\u00a0\u00bb background_color=\u00a0\u00bb#dcdace\u00a0\u00bb custom_padding=\u00a0\u00bb||0px||false|false\u00a0\u00bb scroll_vertical_motion=\u00a0\u00bb0|50|50|100|4|0|0&Prime; motion_trigger_start=\u00a0\u00bbtop\u00a0\u00bb da_disable_devices=\u00a0\u00bboff|off|off\u00a0\u00bb saved_tabs=\u00a0\u00bball\u00a0\u00bb global_colors_info=\u00a0\u00bb{}\u00a0\u00bb da_is_popup=\u00a0\u00bboff\u00a0\u00bb da_exit_intent=\u00a0\u00bboff\u00a0\u00bb da_has_close=\u00a0\u00bbon\u00a0\u00bb da_alt_close=\u00a0\u00bboff\u00a0\u00bb da_dark_close=\u00a0\u00bboff\u00a0\u00bb da_not_modal=\u00a0\u00bbon\u00a0\u00bb da_is_singular=\u00a0\u00bboff\u00a0\u00bb da_with_loader=\u00a0\u00bboff\u00a0\u00bb da_has_shadow=\u00a0\u00bbon\u00a0\u00bb][et_pb_row admin_label=\u00a0\u00bbRow\u00a0\u00bb _builder_version=\u00a0\u00bb4.22.1&Prime; _module_preset=\u00a0\u00bbdefault\u00a0\u00bb custom_padding=\u00a0\u00bb||0px||false|false\u00a0\u00bb global_colors_info=\u00a0\u00bb{}\u00a0\u00bb][et_pb_column type=\u00a0\u00bb4_4&Prime; _builder_version=\u00a0\u00bb4.22.1&Prime; _module_preset=\u00a0\u00bbdefault\u00a0\u00bb custom_padding=\u00a0\u00bb||0px||false|false\u00a0\u00bb global_colors_info=\u00a0\u00bb{}\u00a0\u00bb][et_pb_text admin_label=\u00a0\u00bbText\u00a0\u00bb _builder_version=\u00a0\u00bb4.23.1&Prime; _module_preset=\u00a0\u00bbdefault\u00a0\u00bb text_text_color=\u00a0\u00bb#000000&Prime; text_orientation=\u00a0\u00bbcenter\u00a0\u00bb sticky_limit_bottom=\u00a0\u00bbsection\u00a0\u00bb global_colors_info=\u00a0\u00bb{}\u00a0\u00bb]&nbsp;<\/p>\n<h2 style=\"text-align: center;\" class=\"small\">Par-del\u00e0 des fronti\u00e8res<\/h2>\n<p>Le mouvement Solidarno\u015b\u0107 \u00e9veilla un grand int\u00e9r\u00eat dans l\u2019opinion publique internationale. L\u2019attitude face \u00e0 ce mouvement syndical ainsi que la perception du contexte polonais ne fut pas uniforme, provoquant souvent des r\u00e9actions diff\u00e9rentes. <em>Solidarno\u015b\u0107<\/em> fascina. <em>Solidarno\u015b\u0107<\/em> questionna. <em>Solidarno\u015b\u0107<\/em> inqui\u00e9ta\u2026<\/p>\n<p>Au contraire de la politique r\u00e9serv\u00e9e et prudente de la majorit\u00e9 des gouvernements occidentaux et m\u00eame \u00e0 la m\u00e9fiance de certains milieux politiques, craignant la d\u00e9stabilisation de la situation dans le bloc de l\u2019Est, Solidarno\u015b\u0107 \u00e9tant per\u00e7u comme une menace pour l\u2019avancement du processus de d\u00e9tente, pouvant conduire \u00e0 une escalade du conflit Est-Ouest, l\u2019on observe un enthousiasme en faveur de Solidarno\u015b\u0107 au sein des soci\u00e9t\u00e9s occidentales.<\/p>\n<p>De par sa m\u00e9diatisation, l\u2019\u00ab exp\u00e9rience polonaise \u00bb, qui ouvre de nouveaux \u00ab horizons d\u2019attente et d\u2019espoir \u00bb, \u00e9veille une attention accrue pour un pays de cette \u00ab autre l\u2019Europe \u00bb, jusqu\u2019alors peu connue ou per\u00e7ue comme p\u00e9riph\u00e9rique, situ\u00e9e derri\u00e8re le rideau de fer. Des liens interhumains se cr\u00e9ent, qui transgressent les fronti\u00e8res et brisent les murs (et plus concr\u00e8tement le Mur) qui s\u00e9parent les individus et les soci\u00e9t\u00e9s.<\/p>\n<h2 class=\"small\"><span>\u00a0<\/span><\/h2>\n<p>[\/et_pb_text][\/et_pb_column][\/et_pb_row][\/et_pb_section][et_pb_section fb_built=\u00a0\u00bb1&Prime; admin_label=\u00a0\u00bbEntretien\u00a0\u00bb module_class=\u00a0\u00bbnoise entretien\u00a0\u00bb _builder_version=\u00a0\u00bb4.23.1&Prime; _module_preset=\u00a0\u00bbdefault\u00a0\u00bb background_color=\u00a0\u00bb#dcdace\u00a0\u00bb scroll_vertical_motion=\u00a0\u00bb0|50|50|100|-2|0|0&Prime; scroll_fade=\u00a0\u00bb0|22|22|100|0|100|100&Prime; motion_trigger_start=\u00a0\u00bbtop\u00a0\u00bb da_disable_devices=\u00a0\u00bboff|off|off\u00a0\u00bb global_colors_info=\u00a0\u00bb{}\u00a0\u00bb da_is_popup=\u00a0\u00bboff\u00a0\u00bb da_exit_intent=\u00a0\u00bboff\u00a0\u00bb da_has_close=\u00a0\u00bbon\u00a0\u00bb da_alt_close=\u00a0\u00bboff\u00a0\u00bb da_dark_close=\u00a0\u00bboff\u00a0\u00bb da_not_modal=\u00a0\u00bbon\u00a0\u00bb da_is_singular=\u00a0\u00bboff\u00a0\u00bb da_with_loader=\u00a0\u00bboff\u00a0\u00bb da_has_shadow=\u00a0\u00bbon\u00a0\u00bb][et_pb_row column_structure=\u00a0\u00bb1_3,1_3,1_3&Prime; use_custom_gutter=\u00a0\u00bbon\u00a0\u00bb gutter_width=\u00a0\u00bb2&Prime; admin_label=\u00a0\u00bbRow\u00a0\u00bb _builder_version=\u00a0\u00bb4.22.1&Prime; _module_preset=\u00a0\u00bbdefault\u00a0\u00bb width=\u00a0\u00bb94%\u00a0\u00bb max_width=\u00a0\u00bb1400px\u00a0\u00bb custom_css_main_element=\u00a0\u00bbdisplay: flex;||align-items:center;||flex-wrap: wrap;\u00a0\u00bb global_colors_info=\u00a0\u00bb{}\u00a0\u00bb][et_pb_column type=\u00a0\u00bb1_3&Prime; _builder_version=\u00a0\u00bb4.22.1&Prime; _module_preset=\u00a0\u00bbdefault\u00a0\u00bb global_colors_info=\u00a0\u00bb{}\u00a0\u00bb][et_pb_text module_class=\u00a0\u00bbentretien\u00a0\u00bb _builder_version=\u00a0\u00bb4.22.1&Prime; _module_preset=\u00a0\u00bbdefault\u00a0\u00bb text_text_color=\u00a0\u00bb#000000&Prime; header_3_text_color=\u00a0\u00bb#000000&Prime; header_4_text_color=\u00a0\u00bb#000000&Prime; header_5_text_color=\u00a0\u00bb#000000&Prime; text_orientation=\u00a0\u00bbright\u00a0\u00bb text_orientation_tablet=\u00a0\u00bbcenter\u00a0\u00bb text_orientation_phone=\u00a0\u00bb\u00a0\u00bb text_orientation_last_edited=\u00a0\u00bbon|tablet\u00a0\u00bb global_colors_info=\u00a0\u00bb{}\u00a0\u00bb]<\/p>\n<h3><span>Entretien de Clive Loertscher<\/span><\/h3>\n<p>Enseignant et syndicaliste<\/p>\n<p>[\/et_pb_text][\/et_pb_column][et_pb_column type=\u00a0\u00bb1_3&Prime; _builder_version=\u00a0\u00bb4.22.1&Prime; _module_preset=\u00a0\u00bbdefault\u00a0\u00bb custom_padding=\u00a0\u00bb|0px||0px|false|true\u00a0\u00bb custom_css_main_element=\u00a0\u00bbtext-align: center;\u00a0\u00bb global_colors_info=\u00a0\u00bb{}\u00a0\u00bb][et_pb_image src=\u00a0\u00bbhttps:\/\/exhibition.solidarity1980.com\/wp-content\/uploads\/2023\/12\/Clive_MONO-250&#215;250.jpg\u00a0\u00bb title_text=\u00a0\u00bbClive_MONO\u00a0\u00bb align=\u00a0\u00bbcenter\u00a0\u00bb force_fullwidth=\u00a0\u00bbon\u00a0\u00bb admin_label=\u00a0\u00bbImage ratio carr\u00e9\u00a0\u00bb _builder_version=\u00a0\u00bb4.23.1&Prime; _module_preset=\u00a0\u00bbdefault\u00a0\u00bb module_alignment=\u00a0\u00bbcenter\u00a0\u00bb custom_css_main_element=\u00a0\u00bbtext-align: center;\u00a0\u00bb border_radii=\u00a0\u00bbon|100%|100%|100%|100%\u00a0\u00bb border_width_all=\u00a0\u00bb1px\u00a0\u00bb border_color_all=\u00a0\u00bb#000000&Prime; global_colors_info=\u00a0\u00bb{}\u00a0\u00bb][\/et_pb_image][\/et_pb_column][et_pb_column type=\u00a0\u00bb1_3&Prime; _builder_version=\u00a0\u00bb4.22.1&Prime; _module_preset=\u00a0\u00bbdefault\u00a0\u00bb global_colors_info=\u00a0\u00bb{}\u00a0\u00bb][et_pb_text _builder_version=\u00a0\u00bb4.22.1&Prime; _module_preset=\u00a0\u00bbdefault\u00a0\u00bb text_text_color=\u00a0\u00bb#000000&Prime; header_4_text_color=\u00a0\u00bb#000000&Prime; text_orientation_tablet=\u00a0\u00bbcenter\u00a0\u00bb text_orientation_phone=\u00a0\u00bb\u00a0\u00bb text_orientation_last_edited=\u00a0\u00bbon|tablet\u00a0\u00bb global_colors_info=\u00a0\u00bb{}\u00a0\u00bb]<\/p>\n<div class=\"page\" title=\"Page 19\">\n<div class=\"layoutArea\">\n<div class=\"column\">\n<h4><span style=\"color: #000000;\"><strong><em>\u00ab L&rsquo;espoir \u00e9tait immense&#8230; \u00bb <\/em><\/strong><\/span><\/h4>\n<\/div>\n<\/div>\n<\/div>\n<p>[\/et_pb_text][\/et_pb_column][\/et_pb_row][et_pb_row _builder_version=\u00a0\u00bb4.22.1&Prime; _module_preset=\u00a0\u00bbdefault\u00a0\u00bb max_width=\u00a0\u00bb800px\u00a0\u00bb global_colors_info=\u00a0\u00bb{}\u00a0\u00bb][et_pb_column type=\u00a0\u00bb4_4&Prime; _builder_version=\u00a0\u00bb4.22.1&Prime; _module_preset=\u00a0\u00bbdefault\u00a0\u00bb global_colors_info=\u00a0\u00bb{}\u00a0\u00bb][et_pb_text admin_label=\u00a0\u00bbText\u00a0\u00bb _builder_version=\u00a0\u00bb4.23.1&Prime; _module_preset=\u00a0\u00bbdefault\u00a0\u00bb text_text_color=\u00a0\u00bb#000000&Prime; header_text_color=\u00a0\u00bb#000000&Prime; header_2_text_color=\u00a0\u00bb#000000&Prime; header_3_text_color=\u00a0\u00bb#000000&Prime; header_4_text_color=\u00a0\u00bb#000000&Prime; header_5_text_color=\u00a0\u00bb#000000&Prime; header_6_text_color=\u00a0\u00bb#000000&Prime; text_orientation=\u00a0\u00bbcenter\u00a0\u00bb global_colors_info=\u00a0\u00bb{}\u00a0\u00bb]<\/p>\n<p><strong><\/strong><\/p>\n<div class=\"page\" title=\"Page 19\">\n<div class=\"layoutArea\">\n<div class=\"column\">\n<p><span><span class=\"NormalTextRun ContextualSpellingAndGrammarErrorV2Themed SCXW129714267 BCX0\">\u00ab\u00a0Dans<\/span><span class=\"NormalTextRun SCXW129714267 BCX0\"> la Solidarit\u00e9, d\u2019abord c\u2019\u00e9tait le nom que j\u2019ai trouv\u00e9 tr\u00e8s beau (\u2026).\u00a0 C\u2019\u00e9tait l\u2019espoir pour <\/span><span class=\"NormalTextRun ContextualSpellingAndGrammarErrorV2Themed SCXW129714267 BCX0\">l\u2019Europe\u00a0 parce<\/span><span class=\"NormalTextRun SCXW129714267 BCX0\"> que on \u00e9tait encore \u00e0 la p\u00e9riode de deux <\/span><span class=\"NormalTextRun ContextualSpellingAndGrammarErrorV2Themed SCXW129714267 BCX0\">blocs\u00a0 (<\/span><span class=\"NormalTextRun SCXW129714267 BCX0\">\u2026) \u00e7a sortait de cette <\/span><span class=\"NormalTextRun SpellingErrorV2Themed SCXW129714267 BCX0\">oposition<\/span><span class=\"NormalTextRun SCXW129714267 BCX0\"> Am\u00e9rique \u2013 Union Sovi\u00e9tique, ou Bloc de l\u2019Est \u2013 Bloc de <\/span><span class=\"NormalTextRun ContextualSpellingAndGrammarErrorV2Themed SCXW129714267 BCX0\">l\u2019Ouest\u00a0 (<\/span><span class=\"NormalTextRun ContextualSpellingAndGrammarErrorV2Themed SCXW129714267 BCX0\">\u2026 )<\/span><span class=\"NormalTextRun SCXW129714267 BCX0\"> cela donnait <\/span><span class=\"NormalTextRun ContextualSpellingAndGrammarErrorV2Themed SCXW129714267 BCX0\">l\u2019impression\u00a0 qu\u2019il<\/span><span class=\"NormalTextRun SCXW129714267 BCX0\"> avait une voie autre pour l\u2019Europe qui voulait se r\u00e9unifier\u2026 donc cet espoir \u00e9tait immense<\/span>.\u00a0\u00bb<\/span><\/p>\n<\/div>\n<\/div>\n<\/div>\n<div class=\"page\" title=\"Page 19\">\n<div class=\"layoutArea\">\n<div class=\"column\">\n<p>&nbsp;<\/p>\n<\/div>\n<\/div>\n<\/div>\n<p><strong><\/strong><\/p>\n<p><strong><\/strong><\/p>\n<p>[\/et_pb_text][\/et_pb_column][\/et_pb_row][et_pb_row _builder_version=\u00a0\u00bb4.23.1&Prime; _module_preset=\u00a0\u00bbdefault\u00a0\u00bb global_colors_info=\u00a0\u00bb{}\u00a0\u00bb][et_pb_column type=\u00a0\u00bb4_4&Prime; _builder_version=\u00a0\u00bb4.23.1&Prime; _module_preset=\u00a0\u00bbdefault\u00a0\u00bb global_colors_info=\u00a0\u00bb{}\u00a0\u00bb][et_pb_video src=\u00a0\u00bbhttps:\/\/youtu.be\/jqYBkBz32vI\u00a0\u00bb _builder_version=\u00a0\u00bb4.23.1&Prime; _module_preset=\u00a0\u00bbdefault\u00a0\u00bb global_colors_info=\u00a0\u00bb{}\u00a0\u00bb][\/et_pb_video][et_pb_blurb use_icon=\u00a0\u00bbon\u00a0\u00bb font_icon=\u00a0\u00bb&#x50;||divi||400&Prime; icon_color=\u00a0\u00bb#FBFFEE\u00a0\u00bb content_max_width=\u00a0\u00bb100%\u00a0\u00bb admin_label=\u00a0\u00bbBouton +\u00a0\u00bb _builder_version=\u00a0\u00bb4.23.1&Prime; _module_preset=\u00a0\u00bbdefault\u00a0\u00bb background_color=\u00a0\u00bbRGBA(255,255,255,0)\u00a0\u00bb custom_margin=\u00a0\u00bb0px|30px|100px|30px|false|true\u00a0\u00bb custom_margin_tablet=\u00a0\u00bb||50px||false|true\u00a0\u00bb custom_margin_phone=\u00a0\u00bb|15px||15px|false|true\u00a0\u00bb custom_margin_last_edited=\u00a0\u00bbon|phone\u00a0\u00bb global_colors_info=\u00a0\u00bb{}\u00a0\u00bb]<\/p>\n<div class=\"page\" title=\"Page 8\">\n<div class=\"section\">\n<div class=\"layoutArea\">\n<div class=\"column\">\n<p><span data-contrast=\"auto\" xml:lang=\"FR-FR\" lang=\"FR-FR\" class=\"TextRun SCXW126812775 BCX0\"><span class=\"NormalTextRun SCXW126812775 BCX0\">Entretien avec Clive <\/span><span class=\"NormalTextRun SpellingErrorV2Themed SCXW126812775 BCX0\">Loertscher<\/span><span class=\"NormalTextRun SCXW126812775 BCX0\"> men\u00e9 par Renata Lata\u0142a, 10 <\/span><span class=\"NormalTextRun ContextualSpellingAndGrammarErrorV2Themed SCXW126812775 BCX0\">Septembre<\/span><span class=\"NormalTextRun SCXW126812775 BCX0\"> 2020, Grandvaux.<\/span><\/span><span class=\"EOP SCXW126812775 BCX0\" data-ccp-props=\"{&quot;201341983&quot;:0,&quot;335551550&quot;:6,&quot;335551620&quot;:6,&quot;335559739&quot;:120,&quot;335559740&quot;:360}\">\u00a0<\/span><\/p>\n<\/div>\n<\/div>\n<\/div>\n<\/div>\n<p>[\/et_pb_blurb][\/et_pb_column][\/et_pb_row][\/et_pb_section][et_pb_section fb_built=\u00a0\u00bb1&Prime; admin_label=\u00a0\u00bbcampagnes de soutien\u00a0\u00bb module_class=\u00a0\u00bbnoise\u00a0\u00bb _builder_version=\u00a0\u00bb4.27.4&Prime; _module_preset=\u00a0\u00bbdefault\u00a0\u00bb background_color=\u00a0\u00bb#dcdace\u00a0\u00bb custom_css_main_element=\u00a0\u00bbmin-height: 100vh;||display: flex;||overflow: hidden;\u00a0\u00bb da_disable_devices=\u00a0\u00bboff|off|off\u00a0\u00bb global_colors_info=\u00a0\u00bb{}\u00a0\u00bb da_is_popup=\u00a0\u00bboff\u00a0\u00bb da_exit_intent=\u00a0\u00bboff\u00a0\u00bb da_has_close=\u00a0\u00bbon\u00a0\u00bb da_alt_close=\u00a0\u00bboff\u00a0\u00bb da_dark_close=\u00a0\u00bboff\u00a0\u00bb da_not_modal=\u00a0\u00bbon\u00a0\u00bb da_is_singular=\u00a0\u00bboff\u00a0\u00bb da_with_loader=\u00a0\u00bboff\u00a0\u00bb da_has_shadow=\u00a0\u00bbon\u00a0\u00bb][et_pb_row column_structure=\u00a0\u00bb1_3,1_3,1_3&Prime; _builder_version=\u00a0\u00bb4.23.1&Prime; _module_preset=\u00a0\u00bbdefault\u00a0\u00bb width=\u00a0\u00bb90%\u00a0\u00bb max_width=\u00a0\u00bb100%\u00a0\u00bb global_colors_info=\u00a0\u00bb{}\u00a0\u00bb][et_pb_column type=\u00a0\u00bb1_3&Prime; _builder_version=\u00a0\u00bb4.22.1&Prime; _module_preset=\u00a0\u00bbdefault\u00a0\u00bb horizontal_offset=\u00a0\u00bb86px\u00a0\u00bb scroll_vertical_motion_enable=\u00a0\u00bbon\u00a0\u00bb scroll_vertical_motion=\u00a0\u00bb0|50|50|100|2|0|0&Prime; scroll_horizontal_motion_enable=\u00a0\u00bbon\u00a0\u00bb scroll_horizontal_motion=\u00a0\u00bb0|50|50|100|-6|0|0&Prime; scroll_rotating_enable=\u00a0\u00bbon\u00a0\u00bb scroll_rotating=\u00a0\u00bb0|50|50|100|-10\u00b0|0|0&Prime; global_colors_info=\u00a0\u00bb{}\u00a0\u00bb][et_pb_image src=\u00a0\u00bbhttps:\/\/exhibition.solidarity1980.com\/wp-content\/uploads\/2023\/12\/IMG_0451.jpg\u00a0\u00bb title_text=\u00a0\u00bbIMG_0451&Prime; _builder_version=\u00a0\u00bb4.23.1&Prime; _module_preset=\u00a0\u00bbdefault\u00a0\u00bb transform_rotate=\u00a0\u00bb0deg|0deg|-10deg\u00a0\u00bb box_shadow_style=\u00a0\u00bbpreset2&Prime; box_shadow_color=\u00a0\u00bbrgba(15,41,43,0.35)\u00a0\u00bb global_colors_info=\u00a0\u00bb{}\u00a0\u00bb][\/et_pb_image][\/et_pb_column][et_pb_column type=\u00a0\u00bb1_3&Prime; _builder_version=\u00a0\u00bb4.22.1&Prime; _module_preset=\u00a0\u00bbdefault\u00a0\u00bb vertical_offset=\u00a0\u00bb60px\u00a0\u00bb z_index=\u00a0\u00bb11&Prime; scroll_vertical_motion_enable=\u00a0\u00bbon\u00a0\u00bb scroll_vertical_motion=\u00a0\u00bb0|50|50|100|4|0|0&Prime; scroll_horizontal_motion_enable=\u00a0\u00bbon\u00a0\u00bb scroll_horizontal_motion=\u00a0\u00bb0|50|50|100|-8|0|0&Prime; scroll_rotating_enable=\u00a0\u00bbon\u00a0\u00bb scroll_rotating=\u00a0\u00bb0|50|50|100|-20\u00b0|0|0&Prime; global_colors_info=\u00a0\u00bb{}\u00a0\u00bb][et_pb_image src=\u00a0\u00bbhttps:\/\/exhibition.solidarity1980.com\/wp-content\/uploads\/2023\/12\/LLE_19800901-p.-1-et-8-Pologne-greve-N-ACCORD-SANS-PRECEDENT-PHOTO-copie.jpg\u00a0\u00bb title_text=\u00a0\u00bbLLE_19800901 p. 1 et 8 &#8211; Pologne &#8211; gr\u00e8ve N ACCORD SANS PR\u00c9C\u00c9DENT &#8211; PHOTO copie\u00a0\u00bb _builder_version=\u00a0\u00bb4.23.1&Prime; _module_preset=\u00a0\u00bbdefault\u00a0\u00bb transform_rotate=\u00a0\u00bb0deg|0deg|10deg\u00a0\u00bb z_index=\u00a0\u00bb0&Prime; box_shadow_style=\u00a0\u00bbpreset2&Prime; box_shadow_color=\u00a0\u00bbrgba(15,41,43,0.35)\u00a0\u00bb global_colors_info=\u00a0\u00bb{}\u00a0\u00bb][\/et_pb_image][\/et_pb_column][et_pb_column type=\u00a0\u00bb1_3&Prime; _builder_version=\u00a0\u00bb4.22.1&Prime; _module_preset=\u00a0\u00bbdefault\u00a0\u00bb vertical_offset=\u00a0\u00bb-30px\u00a0\u00bb horizontal_offset=\u00a0\u00bb-110px\u00a0\u00bb horizontal_offset_tablet=\u00a0\u00bb0px\u00a0\u00bb horizontal_offset_phone=\u00a0\u00bb-110px\u00a0\u00bb horizontal_offset_last_edited=\u00a0\u00bbon|tablet\u00a0\u00bb scroll_vertical_motion_enable=\u00a0\u00bbon\u00a0\u00bb scroll_vertical_motion=\u00a0\u00bb0|50|50|100|4|0|0&Prime; scroll_horizontal_motion_enable=\u00a0\u00bbon\u00a0\u00bb scroll_horizontal_motion=\u00a0\u00bb0|50|50|100|4|0|0&Prime; scroll_rotating_enable=\u00a0\u00bbon\u00a0\u00bb scroll_rotating=\u00a0\u00bb0|50|50|100|30\u00b0|0|0&Prime; global_colors_info=\u00a0\u00bb{}\u00a0\u00bb][et_pb_image src=\u00a0\u00bbhttps:\/\/exhibition.solidarity1980.com\/wp-content\/uploads\/2023\/12\/SBD_1980-09-06-In-Polonia-vittoria-degli-operai-P.-1-Wyszynski-copie.jpg\u00a0\u00bb title_text=\u00a0\u00bbSBD_1980 09 06 &#8211; In Polonia vittoria degli operai &#8211; P. 1 Wyszynski copie\u00a0\u00bb _builder_version=\u00a0\u00bb4.23.1&Prime; _module_preset=\u00a0\u00bbdefault\u00a0\u00bb transform_rotate=\u00a0\u00bb0deg|0deg|-9deg\u00a0\u00bb box_shadow_style=\u00a0\u00bbpreset2&Prime; box_shadow_color=\u00a0\u00bbrgba(15,41,43,0.35)\u00a0\u00bb global_colors_info=\u00a0\u00bb{}\u00a0\u00bb][\/et_pb_image][\/et_pb_column][\/et_pb_row][\/et_pb_section][et_pb_section fb_built=\u00a0\u00bb1&Prime; admin_label=\u00a0\u00bbEntretien\u00a0\u00bb module_class=\u00a0\u00bbnoise entretien\u00a0\u00bb _builder_version=\u00a0\u00bb4.25.1&Prime; _module_preset=\u00a0\u00bbdefault\u00a0\u00bb background_color=\u00a0\u00bb#dcdace\u00a0\u00bb scroll_vertical_motion=\u00a0\u00bb0|50|50|100|-2|0|0&Prime; scroll_fade=\u00a0\u00bb0|22|22|100|0|100|100&Prime; motion_trigger_start=\u00a0\u00bbtop\u00a0\u00bb da_disable_devices=\u00a0\u00bboff|off|off\u00a0\u00bb global_colors_info=\u00a0\u00bb{}\u00a0\u00bb da_is_popup=\u00a0\u00bboff\u00a0\u00bb da_exit_intent=\u00a0\u00bboff\u00a0\u00bb da_has_close=\u00a0\u00bbon\u00a0\u00bb da_alt_close=\u00a0\u00bboff\u00a0\u00bb da_dark_close=\u00a0\u00bboff\u00a0\u00bb da_not_modal=\u00a0\u00bbon\u00a0\u00bb da_is_singular=\u00a0\u00bboff\u00a0\u00bb da_with_loader=\u00a0\u00bboff\u00a0\u00bb da_has_shadow=\u00a0\u00bbon\u00a0\u00bb][et_pb_row column_structure=\u00a0\u00bb1_3,1_3,1_3&Prime; use_custom_gutter=\u00a0\u00bbon\u00a0\u00bb gutter_width=\u00a0\u00bb2&Prime; admin_label=\u00a0\u00bbRow\u00a0\u00bb _builder_version=\u00a0\u00bb4.22.1&Prime; _module_preset=\u00a0\u00bbdefault\u00a0\u00bb width=\u00a0\u00bb94%\u00a0\u00bb max_width=\u00a0\u00bb1400px\u00a0\u00bb custom_css_main_element=\u00a0\u00bbdisplay: flex;||align-items:center;||flex-wrap: wrap;\u00a0\u00bb global_colors_info=\u00a0\u00bb{}\u00a0\u00bb][et_pb_column type=\u00a0\u00bb1_3&Prime; _builder_version=\u00a0\u00bb4.22.1&Prime; _module_preset=\u00a0\u00bbdefault\u00a0\u00bb global_colors_info=\u00a0\u00bb{}\u00a0\u00bb][et_pb_text module_class=\u00a0\u00bbentretien\u00a0\u00bb _builder_version=\u00a0\u00bb4.25.1&Prime; _module_preset=\u00a0\u00bbdefault\u00a0\u00bb text_text_color=\u00a0\u00bb#000000&Prime; header_3_text_color=\u00a0\u00bb#000000&Prime; header_4_text_color=\u00a0\u00bb#000000&Prime; header_5_text_color=\u00a0\u00bb#000000&Prime; text_orientation=\u00a0\u00bbright\u00a0\u00bb text_orientation_tablet=\u00a0\u00bbcenter\u00a0\u00bb text_orientation_phone=\u00a0\u00bb\u00a0\u00bb text_orientation_last_edited=\u00a0\u00bbon|tablet\u00a0\u00bb global_colors_info=\u00a0\u00bb{}\u00a0\u00bb]<\/p>\n<h3><span>Entretien avec Ruth Dreifuss<\/span><\/h3>\n<p>&nbsp;<\/p>\n<p>[\/et_pb_text][\/et_pb_column][et_pb_column type=\u00a0\u00bb1_3&Prime; _builder_version=\u00a0\u00bb4.22.1&Prime; _module_preset=\u00a0\u00bbdefault\u00a0\u00bb custom_padding=\u00a0\u00bb|0px||0px|false|true\u00a0\u00bb custom_css_main_element=\u00a0\u00bbtext-align: center;\u00a0\u00bb global_colors_info=\u00a0\u00bb{}\u00a0\u00bb][et_pb_image src=\u00a0\u00bbhttps:\/\/exhibition.solidarity1980.com\/wp-content\/uploads\/2024\/02\/Ruth-Dreifuss_NB_MONO-600&#215;600.jpg\u00a0\u00bb title_text=\u00a0\u00bbRuth-Dreifuss_NB_MONO\u00a0\u00bb align=\u00a0\u00bbcenter\u00a0\u00bb force_fullwidth=\u00a0\u00bbon\u00a0\u00bb admin_label=\u00a0\u00bbImage ratio carr\u00e9\u00a0\u00bb _builder_version=\u00a0\u00bb4.24.0&Prime; _module_preset=\u00a0\u00bbdefault\u00a0\u00bb module_alignment=\u00a0\u00bbcenter\u00a0\u00bb custom_css_main_element=\u00a0\u00bbtext-align: center;\u00a0\u00bb border_radii=\u00a0\u00bbon|100%|100%|100%|100%\u00a0\u00bb border_width_all=\u00a0\u00bb1px\u00a0\u00bb border_color_all=\u00a0\u00bb#000000&Prime; global_colors_info=\u00a0\u00bb{}\u00a0\u00bb][\/et_pb_image][\/et_pb_column][et_pb_column type=\u00a0\u00bb1_3&Prime; _builder_version=\u00a0\u00bb4.22.1&Prime; _module_preset=\u00a0\u00bbdefault\u00a0\u00bb global_colors_info=\u00a0\u00bb{}\u00a0\u00bb][et_pb_text _builder_version=\u00a0\u00bb4.25.1&Prime; _module_preset=\u00a0\u00bbdefault\u00a0\u00bb text_text_color=\u00a0\u00bb#000000&Prime; header_4_text_color=\u00a0\u00bb#000000&Prime; text_orientation_tablet=\u00a0\u00bbcenter\u00a0\u00bb text_orientation_phone=\u00a0\u00bb\u00a0\u00bb text_orientation_last_edited=\u00a0\u00bbon|tablet\u00a0\u00bb global_colors_info=\u00a0\u00bb{}\u00a0\u00bb]<\/p>\n<div class=\"page\" title=\"Page 19\">\n<div class=\"layoutArea\">\n<div class=\"column\">\n<h4><span style=\"color: #000000;\"><strong><em>\u00abIl y avait des tentatives d\u2019instrumentalisation du mouvement par divers milieux en Suisse\u2026 \u00bb <\/em><\/strong><\/span><\/h4>\n<\/div>\n<\/div>\n<\/div>\n<p>[\/et_pb_text][\/et_pb_column][\/et_pb_row][et_pb_row _builder_version=\u00a0\u00bb4.22.1&Prime; _module_preset=\u00a0\u00bbdefault\u00a0\u00bb max_width=\u00a0\u00bb800px\u00a0\u00bb global_colors_info=\u00a0\u00bb{}\u00a0\u00bb][et_pb_column type=\u00a0\u00bb4_4&Prime; _builder_version=\u00a0\u00bb4.22.1&Prime; _module_preset=\u00a0\u00bbdefault\u00a0\u00bb global_colors_info=\u00a0\u00bb{}\u00a0\u00bb][et_pb_text _builder_version=\u00a0\u00bb4.25.1&Prime; _module_preset=\u00a0\u00bbdefault\u00a0\u00bb text_text_color=\u00a0\u00bb#000000&Prime; header_text_color=\u00a0\u00bb#000000&Prime; header_2_text_color=\u00a0\u00bb#000000&Prime; header_3_text_color=\u00a0\u00bb#000000&Prime; header_4_text_color=\u00a0\u00bb#000000&Prime; header_5_text_color=\u00a0\u00bb#000000&Prime; header_6_text_color=\u00a0\u00bb#000000&Prime; text_orientation=\u00a0\u00bbcenter\u00a0\u00bb global_colors_info=\u00a0\u00bb{}\u00a0\u00bb]<\/p>\n<p><strong><br \/><\/strong><strong><\/strong><\/p>\n<div class=\"page\" title=\"Page 19\">\n<div class=\"layoutArea\">\n<div class=\"column\"><\/div>\n<\/div>\n<\/div>\n<div class=\"page\" title=\"Page 19\">\n<div class=\"layoutArea\">\n<div class=\"column\"><\/div>\n<\/div>\n<\/div>\n<p>&nbsp;<\/p>\n<p><strong><\/strong><\/p>\n<p>[\/et_pb_text][et_pb_video src=\u00a0\u00bbhttps:\/\/youtu.be\/5Jbfl4Rg2c0&Prime; _builder_version=\u00a0\u00bb4.24.0&Prime; _module_preset=\u00a0\u00bbdefault\u00a0\u00bb global_colors_info=\u00a0\u00bb{}\u00a0\u00bb][\/et_pb_video][et_pb_blurb use_icon=\u00a0\u00bbon\u00a0\u00bb font_icon=\u00a0\u00bb&#x50;||divi||400&Prime; icon_color=\u00a0\u00bb#FBFFEE\u00a0\u00bb content_max_width=\u00a0\u00bb100%\u00a0\u00bb admin_label=\u00a0\u00bbBouton +\u00a0\u00bb _builder_version=\u00a0\u00bb4.22.1&Prime; _module_preset=\u00a0\u00bbdefault\u00a0\u00bb background_color=\u00a0\u00bbRGBA(255,255,255,0)\u00a0\u00bb custom_margin=\u00a0\u00bb0px|30px|100px|30px|false|true\u00a0\u00bb custom_margin_tablet=\u00a0\u00bb||50px||false|true\u00a0\u00bb custom_margin_phone=\u00a0\u00bb|15px||15px|false|true\u00a0\u00bb custom_margin_last_edited=\u00a0\u00bbon|phone\u00a0\u00bb global_colors_info=\u00a0\u00bb{}\u00a0\u00bb]<\/p>\n<div class=\"page\" title=\"Page 8\">\n<div class=\"section\">\n<div class=\"layoutArea\">\n<div class=\"column\">\n<p><span>Entretien avec Ruth Dreifuss, men\u00e9 par Renata Latala, le 23 Novembre 2020, Gen\u00e8ve.\u00a0<\/span><\/p>\n<\/div>\n<\/div>\n<\/div>\n<\/div>\n<p>[\/et_pb_blurb][\/et_pb_column][\/et_pb_row][\/et_pb_section][et_pb_section fb_built=\u00a0\u00bb1&Prime; _builder_version=\u00a0\u00bb4.23.1&Prime; _module_preset=\u00a0\u00bbdefault\u00a0\u00bb background_color=\u00a0\u00bb#255E64&Prime; da_disable_devices=\u00a0\u00bboff|off|off\u00a0\u00bb global_colors_info=\u00a0\u00bb{}\u00a0\u00bb da_is_popup=\u00a0\u00bboff\u00a0\u00bb da_exit_intent=\u00a0\u00bboff\u00a0\u00bb da_has_close=\u00a0\u00bbon\u00a0\u00bb da_alt_close=\u00a0\u00bboff\u00a0\u00bb da_dark_close=\u00a0\u00bboff\u00a0\u00bb da_not_modal=\u00a0\u00bbon\u00a0\u00bb da_is_singular=\u00a0\u00bboff\u00a0\u00bb da_with_loader=\u00a0\u00bboff\u00a0\u00bb da_has_shadow=\u00a0\u00bbon\u00a0\u00bb][et_pb_row _builder_version=\u00a0\u00bb4.23.1&Prime; _module_preset=\u00a0\u00bbdefault\u00a0\u00bb global_colors_info=\u00a0\u00bb{}\u00a0\u00bb][et_pb_column type=\u00a0\u00bb4_4&Prime; _builder_version=\u00a0\u00bb4.23.1&Prime; _module_preset=\u00a0\u00bbdefault\u00a0\u00bb global_colors_info=\u00a0\u00bb{}\u00a0\u00bb][et_pb_text admin_label=\u00a0\u00bbDe Suisse en Pologne\u00a0\u00bb _builder_version=\u00a0\u00bb4.23.1&Prime; _module_preset=\u00a0\u00bbdefault\u00a0\u00bb text_text_color=\u00a0\u00bb#FBFFEE\u00a0\u00bb global_colors_info=\u00a0\u00bb{}\u00a0\u00bb]<\/p>\n<p>\u200b<\/p>\n<h2 style=\"text-align: center;\">De Suisse en Pologne<\/h2>\n<p style=\"text-align: center;\">D\u00e8s ao\u00fbt 1980, plusieurs groupes et milieux de tendances politiques divergentes se mobilisent en Suisse en faveur du mouvement. Certaines actions ont un caract\u00e8re spontan\u00e9, d\u2019autres prennent des formes plus organis\u00e9es, souvent dans le sillage du mouvement socialiste ou syndical.<\/p>\n<p style=\"text-align: center;\">D\u00e8s la signature des accords de Gdansk, puis la fondation du syndicat libre polonais, se cr\u00e9ent un peu partout en Europe occidentale ainsi que dans certains pays extra-europ\u00e9ens (Australie, \u00c9tats-Unis, Mexique) des comit\u00e9s de soutien \u00e0 Solidarno\u015b\u0107. \u00c0 l\u2019origine de ces initiatives se trouvent des individus et divers groupes : \u00e9migr\u00e9s polonais, souvent de la deuxi\u00e8me g\u00e9n\u00e9ration, milieux intellectuels, cercles catholiques, militants politiques ou syndicaux.<\/p>\n<p style=\"text-align: center;\">Dans plusieurs pays, ce mouvement s\u2019appuie sur des comit\u00e9s ou organisations d\u00e9j\u00e0 fond\u00e9s dans les ann\u00e9es 1970 pour soutenir l\u2019opposition d\u00e9mocratique en Pologne ou dans d\u2019autres pays de l\u2019Europe Centrale et orientale, de ce que l\u2019on d\u00e9finissait \u00e0 l\u2019\u00e9poque comme \u00e9tant le Bloc de l\u2019Est. C\u2019est notamment le cas en Suisse. L\u2019un de ces comit\u00e9s de soutien est cr\u00e9\u00e9 en Suisse Romande (Gen\u00e8ve, Lausanne, Jura) dans le sillage du <a href=\"https:\/\/exhibition.solidarity1980.com\/reperes\/\">Comit\u00e9 de solidarit\u00e9 socialiste avec les opposants des pays de l\u2019Est (CSSOPE)<\/a>. Les militants du CSSOPE, d\u00e8s ao\u00fbt 1980, s\u2019engagent dans le soutien au syndicat Solidarno\u015b\u0107 par des campagnes d\u2019informations et en r\u00e9coltant de l\u2019argent.<\/p>\n<p>[\/et_pb_text][\/et_pb_column][\/et_pb_row][\/et_pb_section][et_pb_section fb_built=\u00a0\u00bb1&Prime; admin_label=\u00a0\u00bbentretien 2 colonnes\u00a0\u00bb module_class=\u00a0\u00bbnoise entretien-2-cols\u00a0\u00bb _builder_version=\u00a0\u00bb4.23.1&Prime; _module_preset=\u00a0\u00bbdefault\u00a0\u00bb background_color=\u00a0\u00bb#255E64&Prime; z_index=\u00a0\u00bb4&Prime; custom_padding=\u00a0\u00bb0px||0px||false|false\u00a0\u00bb da_disable_devices=\u00a0\u00bboff|off|off\u00a0\u00bb global_colors_info=\u00a0\u00bb{}\u00a0\u00bb da_is_popup=\u00a0\u00bboff\u00a0\u00bb da_exit_intent=\u00a0\u00bboff\u00a0\u00bb da_has_close=\u00a0\u00bbon\u00a0\u00bb da_alt_close=\u00a0\u00bboff\u00a0\u00bb da_dark_close=\u00a0\u00bboff\u00a0\u00bb da_not_modal=\u00a0\u00bbon\u00a0\u00bb da_is_singular=\u00a0\u00bboff\u00a0\u00bb da_with_loader=\u00a0\u00bboff\u00a0\u00bb da_has_shadow=\u00a0\u00bbon\u00a0\u00bb][et_pb_row column_structure=\u00a0\u00bb1_2,1_2&Prime; make_equal=\u00a0\u00bbon\u00a0\u00bb _builder_version=\u00a0\u00bb4.24.0&Prime; _module_preset=\u00a0\u00bbdefault\u00a0\u00bb width=\u00a0\u00bb100%\u00a0\u00bb max_width=\u00a0\u00bb100%\u00a0\u00bb custom_padding=\u00a0\u00bb0px||0px||false|false\u00a0\u00bb global_colors_info=\u00a0\u00bb{}\u00a0\u00bb][et_pb_column type=\u00a0\u00bb1_2&Prime; admin_label=\u00a0\u00bbColumn BgImg\u00a0\u00bb _builder_version=\u00a0\u00bb4.24.0&Prime; _module_preset=\u00a0\u00bbdefault\u00a0\u00bb background_image=\u00a0\u00bbhttps:\/\/exhibition.solidarity1980.com\/wp-content\/uploads\/2023\/12\/1.-College-de-Travail-.jpg\u00a0\u00bb background_position=\u00a0\u00bbtop_center\u00a0\u00bb positioning=\u00a0\u00bbnone\u00a0\u00bb hover_transition_duration=\u00a0\u00bb250ms\u00a0\u00bb hover_transition_speed_curve=\u00a0\u00bbease-in\u00a0\u00bb sticky_position=\u00a0\u00bbtop\u00a0\u00bb sticky_limit_top=\u00a0\u00bbrow\u00a0\u00bb sticky_limit_bottom=\u00a0\u00bbsection\u00a0\u00bb custom_css_main_element=\u00a0\u00bbmargin-right: 0 !important;||width: 50% !important;||max-height: 100vh;\u00a0\u00bb global_colors_info=\u00a0\u00bb{}\u00a0\u00bb custom_css_main_element_last_edited=\u00a0\u00bbon|desktop\u00a0\u00bb custom_css_main_element_tablet=\u00a0\u00bbmin-height: 300px !important;||display: block !important;||position: relative !important;\u00a0\u00bb custom_css_main_element_phone=\u00a0\u00bbmin-height: 250px !important;||display: block !important;\u00a0\u00bb custom_css_main_element__sticky_enabled=\u00a0\u00bboff|sticky\u00a0\u00bb][\/et_pb_column][et_pb_column type=\u00a0\u00bb1_2&Prime; admin_label=\u00a0\u00bbColumn\u00a0\u00bb _builder_version=\u00a0\u00bb4.21.0&Prime; _module_preset=\u00a0\u00bbdefault\u00a0\u00bb custom_padding=\u00a0\u00bb0px|0px|0px|0px|false|false\u00a0\u00bb custom_padding_tablet=\u00a0\u00bb0px|0px|0px|0px|false|false\u00a0\u00bb custom_padding_phone=\u00a0\u00bb0px|0px|0px|0px|false|false\u00a0\u00bb custom_padding_last_edited=\u00a0\u00bbon|desktop\u00a0\u00bb custom_css_main_element=\u00a0\u00bbwidth: 50% !important;\u00a0\u00bb global_colors_info=\u00a0\u00bb{}\u00a0\u00bb custom_css_main_element_last_edited=\u00a0\u00bbon|desktop\u00a0\u00bb custom_css_main_element_tablet=\u00a0\u00bbwidth: 100%;\u00a0\u00bb custom_css_main_element_phone=\u00a0\u00bbwidth: 100%;\u00a0\u00bb][et_pb_image src=\u00a0\u00bbhttps:\/\/exhibition.solidarity1980.com\/wp-content\/uploads\/2023\/12\/2.-College-de-travail.jpg\u00a0\u00bb title_text=\u00a0\u00bb2. Coll\u00e8ge de travail\u00a0\u00bb show_bottom_space=\u00a0\u00bboff\u00a0\u00bb force_fullwidth=\u00a0\u00bbon\u00a0\u00bb admin_label=\u00a0\u00bbImage\u00a0\u00bb _builder_version=\u00a0\u00bb4.24.0&Prime; _module_preset=\u00a0\u00bbdefault\u00a0\u00bb custom_margin=\u00a0\u00bb||0px||false|false\u00a0\u00bb global_colors_info=\u00a0\u00bb{}\u00a0\u00bb][\/et_pb_image][et_pb_text _builder_version=\u00a0\u00bb4.24.0&Prime; _module_preset=\u00a0\u00bbdefault\u00a0\u00bb text_text_color=\u00a0\u00bb#ffffff\u00a0\u00bb header_text_color=\u00a0\u00bb#ffffff\u00a0\u00bb header_2_text_color=\u00a0\u00bb#ffffff\u00a0\u00bb header_3_text_color=\u00a0\u00bb#ffffff\u00a0\u00bb header_4_text_color=\u00a0\u00bb#ffffff\u00a0\u00bb header_5_text_color=\u00a0\u00bb#ffffff\u00a0\u00bb header_6_text_color=\u00a0\u00bb#ffffff\u00a0\u00bb custom_margin=\u00a0\u00bb||0px||false|false\u00a0\u00bb custom_padding=\u00a0\u00bb100px|30px|0px|30px|false|true\u00a0\u00bb custom_padding_tablet=\u00a0\u00bb50px||0px||false|true\u00a0\u00bb custom_padding_phone=\u00a0\u00bb|15px||15px|true|true\u00a0\u00bb custom_padding_last_edited=\u00a0\u00bbon|phone\u00a0\u00bb global_colors_info=\u00a0\u00bb{}\u00a0\u00bb]<\/p>\n<h2><span>\u200bEntretien avec Clive Loertscher<\/span><\/h2>\n<p style=\"text-align: left;\"><span>Parmi ceux qui se sont engag\u00e9s d\u00e8s les premi\u00e8res heures dans le soutien \u00e0 Solidarno\u015b\u0107, l\u2019on compte Clive Loertscher, enseignant et syndicaliste vaudois.<\/span><\/p>\n<p>&nbsp;<\/p>\n<p>[\/et_pb_text][et_pb_video src=\u00a0\u00bbhttps:\/\/youtu.be\/4m7hvUCALxg\u00a0\u00bb _builder_version=\u00a0\u00bb4.23.1&Prime; _module_preset=\u00a0\u00bbdefault\u00a0\u00bb global_colors_info=\u00a0\u00bb{}\u00a0\u00bb][\/et_pb_video][et_pb_blurb use_icon=\u00a0\u00bbon\u00a0\u00bb font_icon=\u00a0\u00bb&#x50;||divi||400&Prime; icon_color=\u00a0\u00bb#FBFFEE\u00a0\u00bb content_max_width=\u00a0\u00bb100%\u00a0\u00bb admin_label=\u00a0\u00bbBouton +\u00a0\u00bb _builder_version=\u00a0\u00bb4.23.1&Prime; _module_preset=\u00a0\u00bbdefault\u00a0\u00bb background_color=\u00a0\u00bbRGBA(255,255,255,0)\u00a0\u00bb custom_margin=\u00a0\u00bb0px|30px|100px|30px|false|true\u00a0\u00bb custom_margin_tablet=\u00a0\u00bb||50px||false|true\u00a0\u00bb custom_margin_phone=\u00a0\u00bb|15px||15px|false|true\u00a0\u00bb custom_margin_last_edited=\u00a0\u00bbon|phone\u00a0\u00bb global_colors_info=\u00a0\u00bb{}\u00a0\u00bb]<\/p>\n<div class=\"page\" title=\"Page 8\">\n<div class=\"section\">\n<div class=\"layoutArea\">\n<div class=\"column\">\n<p><span data-contrast=\"auto\" xml:lang=\"FR-FR\" lang=\"FR-FR\" class=\"TextRun SCXW126812775 BCX0\"><span class=\"NormalTextRun SCXW126812775 BCX0\">Entretien avec Clive <\/span><span class=\"NormalTextRun SpellingErrorV2Themed SCXW126812775 BCX0\">Loertscher<\/span><span class=\"NormalTextRun SCXW126812775 BCX0\"> men\u00e9 par Renata Lata\u0142a,10 <\/span><span class=\"NormalTextRun ContextualSpellingAndGrammarErrorV2Themed SCXW126812775 BCX0\">Septembre<\/span><span class=\"NormalTextRun SCXW126812775 BCX0\"> 2020, Grandvaux.<\/span><\/span><span class=\"EOP SCXW126812775 BCX0\" data-ccp-props=\"{&quot;201341983&quot;:0,&quot;335551550&quot;:6,&quot;335551620&quot;:6,&quot;335559739&quot;:120,&quot;335559740&quot;:360}\">\u00a0<\/span><\/p>\n<p>R\u00e9f. : Le Courier, 10.03.1981.<span class=\"EOP SCXW126812775 BCX0\" data-ccp-props=\"{&quot;201341983&quot;:0,&quot;335551550&quot;:6,&quot;335551620&quot;:6,&quot;335559739&quot;:120,&quot;335559740&quot;:360}\"><\/span><\/p>\n<p><span class=\"EOP SCXW126812775 BCX0\" data-ccp-props=\"{&quot;201341983&quot;:0,&quot;335551550&quot;:6,&quot;335551620&quot;:6,&quot;335559739&quot;:120,&quot;335559740&quot;:360}\"><\/span><\/p>\n<\/div>\n<\/div>\n<\/div>\n<\/div>\n<p>[\/et_pb_blurb][\/et_pb_column][\/et_pb_row][\/et_pb_section][et_pb_section fb_built=\u00a0\u00bb1&Prime; admin_label=\u00a0\u00bbGerberEntretien\u00a0\u00bb module_class=\u00a0\u00bbnoise entretien\u00a0\u00bb _builder_version=\u00a0\u00bb4.25.1&Prime; _module_preset=\u00a0\u00bbdefault\u00a0\u00bb background_color=\u00a0\u00bb#dcdace\u00a0\u00bb scroll_vertical_motion=\u00a0\u00bb0|50|50|100|-2|0|0&Prime; scroll_fade=\u00a0\u00bb0|22|22|100|0|100|100&Prime; motion_trigger_start=\u00a0\u00bbtop\u00a0\u00bb da_disable_devices=\u00a0\u00bboff|off|off\u00a0\u00bb global_colors_info=\u00a0\u00bb{}\u00a0\u00bb da_is_popup=\u00a0\u00bboff\u00a0\u00bb da_exit_intent=\u00a0\u00bboff\u00a0\u00bb da_has_close=\u00a0\u00bbon\u00a0\u00bb da_alt_close=\u00a0\u00bboff\u00a0\u00bb da_dark_close=\u00a0\u00bboff\u00a0\u00bb da_not_modal=\u00a0\u00bbon\u00a0\u00bb da_is_singular=\u00a0\u00bboff\u00a0\u00bb da_with_loader=\u00a0\u00bboff\u00a0\u00bb da_has_shadow=\u00a0\u00bbon\u00a0\u00bb][et_pb_row column_structure=\u00a0\u00bb1_3,1_3,1_3&Prime; use_custom_gutter=\u00a0\u00bbon\u00a0\u00bb gutter_width=\u00a0\u00bb2&Prime; admin_label=\u00a0\u00bbRow\u00a0\u00bb _builder_version=\u00a0\u00bb4.22.1&Prime; _module_preset=\u00a0\u00bbdefault\u00a0\u00bb width=\u00a0\u00bb94%\u00a0\u00bb max_width=\u00a0\u00bb1400px\u00a0\u00bb custom_css_main_element=\u00a0\u00bbdisplay: flex;||align-items:center;||flex-wrap: wrap;\u00a0\u00bb global_colors_info=\u00a0\u00bb{}\u00a0\u00bb][et_pb_column type=\u00a0\u00bb1_3&Prime; _builder_version=\u00a0\u00bb4.22.1&Prime; _module_preset=\u00a0\u00bbdefault\u00a0\u00bb global_colors_info=\u00a0\u00bb{}\u00a0\u00bb][et_pb_text module_class=\u00a0\u00bbentretien\u00a0\u00bb _builder_version=\u00a0\u00bb4.25.1&Prime; _module_preset=\u00a0\u00bbdefault\u00a0\u00bb text_text_color=\u00a0\u00bb#000000&Prime; header_3_text_color=\u00a0\u00bb#000000&Prime; header_4_text_color=\u00a0\u00bb#000000&Prime; header_5_text_color=\u00a0\u00bb#000000&Prime; text_orientation=\u00a0\u00bbright\u00a0\u00bb text_orientation_tablet=\u00a0\u00bbcenter\u00a0\u00bb text_orientation_phone=\u00a0\u00bb\u00a0\u00bb text_orientation_last_edited=\u00a0\u00bbon|tablet\u00a0\u00bb global_colors_info=\u00a0\u00bb{}\u00a0\u00bb]<\/p>\n<h3><span>Entretien avec Marcel Gerber<br \/><\/span><\/h3>\n<p>&nbsp;<\/p>\n<p>[\/et_pb_text][\/et_pb_column][et_pb_column type=\u00a0\u00bb1_3&Prime; _builder_version=\u00a0\u00bb4.22.1&Prime; _module_preset=\u00a0\u00bbdefault\u00a0\u00bb custom_padding=\u00a0\u00bb|0px||0px|false|true\u00a0\u00bb custom_css_main_element=\u00a0\u00bbtext-align: center;\u00a0\u00bb global_colors_info=\u00a0\u00bb{}\u00a0\u00bb][et_pb_image src=\u00a0\u00bbhttps:\/\/exhibition.solidarity1980.com\/wp-content\/uploads\/2023\/07\/layer-21.png\u00a0\u00bb title_text=\u00a0\u00bblayer-21&Prime; align=\u00a0\u00bbcenter\u00a0\u00bb force_fullwidth=\u00a0\u00bbon\u00a0\u00bb admin_label=\u00a0\u00bbImage ratio carr\u00e9\u00a0\u00bb _builder_version=\u00a0\u00bb4.22.1&Prime; _module_preset=\u00a0\u00bbdefault\u00a0\u00bb module_alignment=\u00a0\u00bbcenter\u00a0\u00bb custom_css_main_element=\u00a0\u00bbtext-align: center;\u00a0\u00bb border_radii=\u00a0\u00bbon|100%|100%|100%|100%\u00a0\u00bb border_width_all=\u00a0\u00bb1px\u00a0\u00bb border_color_all=\u00a0\u00bb#000000&Prime; global_colors_info=\u00a0\u00bb{}\u00a0\u00bb][\/et_pb_image][\/et_pb_column][et_pb_column type=\u00a0\u00bb1_3&Prime; _builder_version=\u00a0\u00bb4.22.1&Prime; _module_preset=\u00a0\u00bbdefault\u00a0\u00bb global_colors_info=\u00a0\u00bb{}\u00a0\u00bb][et_pb_text _builder_version=\u00a0\u00bb4.25.1&Prime; _module_preset=\u00a0\u00bbdefault\u00a0\u00bb text_text_color=\u00a0\u00bb#000000&Prime; header_4_text_color=\u00a0\u00bb#000000&Prime; text_orientation_tablet=\u00a0\u00bbcenter\u00a0\u00bb text_orientation_phone=\u00a0\u00bb\u00a0\u00bb text_orientation_last_edited=\u00a0\u00bbon|tablet\u00a0\u00bb global_colors_info=\u00a0\u00bb{}\u00a0\u00bb]<\/p>\n<div class=\"page\" title=\"Page 19\">\n<div class=\"layoutArea\">\n<div class=\"column\">\n<h4><span style=\"color: #000000;\"><strong><em>\u00abUne r\u00e9volution\u00a0 \u00bb <\/em><\/strong><\/span><\/h4>\n<\/div>\n<\/div>\n<\/div>\n<p>[\/et_pb_text][\/et_pb_column][\/et_pb_row][et_pb_row _builder_version=\u00a0\u00bb4.22.1&Prime; _module_preset=\u00a0\u00bbdefault\u00a0\u00bb max_width=\u00a0\u00bb800px\u00a0\u00bb global_colors_info=\u00a0\u00bb{}\u00a0\u00bb][et_pb_column type=\u00a0\u00bb4_4&Prime; _builder_version=\u00a0\u00bb4.22.1&Prime; _module_preset=\u00a0\u00bbdefault\u00a0\u00bb global_colors_info=\u00a0\u00bb{}\u00a0\u00bb][et_pb_text _builder_version=\u00a0\u00bb4.25.1&Prime; _module_preset=\u00a0\u00bbdefault\u00a0\u00bb text_text_color=\u00a0\u00bb#000000&Prime; header_text_color=\u00a0\u00bb#000000&Prime; header_2_text_color=\u00a0\u00bb#000000&Prime; header_3_text_color=\u00a0\u00bb#000000&Prime; header_4_text_color=\u00a0\u00bb#000000&Prime; header_5_text_color=\u00a0\u00bb#000000&Prime; header_6_text_color=\u00a0\u00bb#000000&Prime; text_orientation=\u00a0\u00bbcenter\u00a0\u00bb global_colors_info=\u00a0\u00bb{}\u00a0\u00bb]<\/p>\n<div class=\"page\" title=\"Page 19\">\n<div class=\"layoutArea\">\n<div class=\"column\">\n<p>&nbsp;<\/p>\n<p><span><\/span><\/p>\n<p><span><\/span><\/p>\n<\/div>\n<\/div>\n<\/div>\n<div class=\"page\" title=\"Page 19\">\n<div class=\"layoutArea\">\n<div class=\"column\">\n<p>&nbsp;<\/p>\n<\/div>\n<\/div>\n<\/div>\n<p><strong><\/strong><\/p>\n<p><strong><\/strong><\/p>\n<p>[\/et_pb_text][et_pb_video src=\u00a0\u00bbhttps:\/\/youtu.be\/FJApj6I3dJI\u00a0\u00bb _builder_version=\u00a0\u00bb4.23.1&Prime; _module_preset=\u00a0\u00bbdefault\u00a0\u00bb global_colors_info=\u00a0\u00bb{}\u00a0\u00bb][\/et_pb_video][et_pb_blurb use_icon=\u00a0\u00bbon\u00a0\u00bb font_icon=\u00a0\u00bb&#x50;||divi||400&Prime; icon_color=\u00a0\u00bb#FBFFEE\u00a0\u00bb content_max_width=\u00a0\u00bb100%\u00a0\u00bb admin_label=\u00a0\u00bbBouton +\u00a0\u00bb _builder_version=\u00a0\u00bb4.25.1&Prime; _module_preset=\u00a0\u00bbdefault\u00a0\u00bb background_color=\u00a0\u00bbRGBA(255,255,255,0)\u00a0\u00bb custom_margin=\u00a0\u00bb0px|30px|100px|30px|false|true\u00a0\u00bb custom_margin_tablet=\u00a0\u00bb||50px||false|true\u00a0\u00bb custom_margin_phone=\u00a0\u00bb|15px||15px|false|true\u00a0\u00bb custom_margin_last_edited=\u00a0\u00bbon|phone\u00a0\u00bb global_colors_info=\u00a0\u00bb{}\u00a0\u00bb]<\/p>\n<div class=\"page\" title=\"Page 8\">\n<div class=\"section\">\n<div class=\"layoutArea\">\n<div class=\"column\">\n<p>Visite des syndicalistes suisses en Pologne, Film\u00e9 par Marcer Gerber, Fonds priv\u00e9 Marcel Gerber<\/p>\n<p><span>\u00a0<\/span><\/p>\n<\/div>\n<\/div>\n<\/div>\n<\/div>\n<p>[\/et_pb_blurb][\/et_pb_column][\/et_pb_row][\/et_pb_section][et_pb_section fb_built=\u00a0\u00bb1&Prime; _builder_version=\u00a0\u00bb4.25.1&Prime; _module_preset=\u00a0\u00bbdefault\u00a0\u00bb background_color=\u00a0\u00bb#FF395E\u00a0\u00bb da_disable_devices=\u00a0\u00bboff|off|off\u00a0\u00bb global_colors_info=\u00a0\u00bb{}\u00a0\u00bb da_is_popup=\u00a0\u00bboff\u00a0\u00bb da_exit_intent=\u00a0\u00bboff\u00a0\u00bb da_has_close=\u00a0\u00bbon\u00a0\u00bb da_alt_close=\u00a0\u00bboff\u00a0\u00bb da_dark_close=\u00a0\u00bboff\u00a0\u00bb da_not_modal=\u00a0\u00bbon\u00a0\u00bb da_is_singular=\u00a0\u00bboff\u00a0\u00bb da_with_loader=\u00a0\u00bboff\u00a0\u00bb da_has_shadow=\u00a0\u00bbon\u00a0\u00bb][et_pb_row _builder_version=\u00a0\u00bb4.23.1&Prime; _module_preset=\u00a0\u00bbdefault\u00a0\u00bb global_colors_info=\u00a0\u00bb{}\u00a0\u00bb][et_pb_column type=\u00a0\u00bb4_4&Prime; _builder_version=\u00a0\u00bb4.23.1&Prime; _module_preset=\u00a0\u00bbdefault\u00a0\u00bb global_colors_info=\u00a0\u00bb{}\u00a0\u00bb][et_pb_divider show_divider=\u00a0\u00bboff\u00a0\u00bb _builder_version=\u00a0\u00bb4.23.1&Prime; _module_preset=\u00a0\u00bbdefault\u00a0\u00bb global_colors_info=\u00a0\u00bb{}\u00a0\u00bb][\/et_pb_divider][\/et_pb_column][\/et_pb_row][\/et_pb_section][et_pb_section fb_built=\u00a0\u00bb1&Prime; admin_label=\u00a0\u00bbTitre manifestations\u00a0\u00bb _builder_version=\u00a0\u00bb4.25.1&Prime; _module_preset=\u00a0\u00bbdefault\u00a0\u00bb background_color=\u00a0\u00bbRGBA(255,255,255,0)\u00a0\u00bb min_height=\u00a0\u00bb100vh\u00a0\u00bb custom_margin=\u00a0\u00bb||31px|||\u00a0\u00bb custom_padding=\u00a0\u00bb||0px||false|false\u00a0\u00bb scroll_vertical_motion_enable=\u00a0\u00bbon\u00a0\u00bb scroll_vertical_motion=\u00a0\u00bb0|50|50|100|4|0|0&Prime; scroll_fade_enable=\u00a0\u00bbon\u00a0\u00bb motion_trigger_start=\u00a0\u00bbtop\u00a0\u00bb custom_css_main_element=\u00a0\u00bbdisplay: flex;\u00a0\u00bb da_disable_devices=\u00a0\u00bboff|off|off\u00a0\u00bb saved_tabs=\u00a0\u00bball\u00a0\u00bb global_colors_info=\u00a0\u00bb{}\u00a0\u00bb da_is_popup=\u00a0\u00bboff\u00a0\u00bb da_exit_intent=\u00a0\u00bboff\u00a0\u00bb da_has_close=\u00a0\u00bbon\u00a0\u00bb da_alt_close=\u00a0\u00bboff\u00a0\u00bb da_dark_close=\u00a0\u00bboff\u00a0\u00bb da_not_modal=\u00a0\u00bbon\u00a0\u00bb da_is_singular=\u00a0\u00bboff\u00a0\u00bb da_with_loader=\u00a0\u00bboff\u00a0\u00bb da_has_shadow=\u00a0\u00bbon\u00a0\u00bb][et_pb_row admin_label=\u00a0\u00bbRow\u00a0\u00bb _builder_version=\u00a0\u00bb4.22.1&Prime; _module_preset=\u00a0\u00bbdefault\u00a0\u00bb custom_padding=\u00a0\u00bb||0px||false|false\u00a0\u00bb global_colors_info=\u00a0\u00bb{}\u00a0\u00bb][et_pb_column type=\u00a0\u00bb4_4&Prime; _builder_version=\u00a0\u00bb4.24.2&Prime; _module_preset=\u00a0\u00bbdefault\u00a0\u00bb custom_padding=\u00a0\u00bb||0px||false|false\u00a0\u00bb global_colors_info=\u00a0\u00bb{}\u00a0\u00bb][et_pb_text admin_label=\u00a0\u00bbsyndicalistes suisses en Pologne\u00a0\u00bb _builder_version=\u00a0\u00bb4.24.2&Prime; _module_preset=\u00a0\u00bbdefault\u00a0\u00bb text_orientation=\u00a0\u00bbcenter\u00a0\u00bb background_layout=\u00a0\u00bbdark\u00a0\u00bb sticky_limit_bottom=\u00a0\u00bbsection\u00a0\u00bb global_colors_info=\u00a0\u00bb{}\u00a0\u00bb]<\/p>\n<h2 style=\"text-align: center;\"><span><\/span><\/h2>\n<h2 style=\"text-align: center;\"><span><\/span><\/h2>\n<h2 style=\"text-align: center;\"><span><\/span><\/h2>\n<h2 style=\"text-align: center;\"><span><\/span><\/h2>\n<h2 style=\"text-align: center;\"><span><\/span><\/h2>\n<h2 style=\"text-align: center;\"><span><\/span><\/h2>\n<h2 style=\"text-align: center;\"><span><\/span><\/h2>\n<h2 style=\"text-align: center;\"><span>Syndicalistes suisses en Pologne<\/span><\/h2>\n<p class=\"small\">Solidarno\u015b\u0107, en tant que syndicat ind\u00e9pendant, consid\u00e9r\u00e9 comme \u00ab un vrai syndicalisme autog\u00e9r\u00e9 \u00bb, intervenant au nom de ses membres pour d\u00e9fendre leurs droits \u00e9conomiques, mais qui n\u2019aspire ni au pouvoir ni ne se dresse contre l\u2019ordre constitutionnel, \u00e9veille l\u2019int\u00e9r\u00eat en particulier au sein du mouvement syndical suisse, des milieux socialisants ou trotskistes. Dans cette vague d\u2019enthousiasme pour Solidarno\u015b\u0107, plusieurs syndicalistes suisses partent en Pologne pour visiter des entreprises et rencontrer les membres de Solidarno\u015b\u0107.<br \/>L\u2019une de ces visites est effectu\u00e9e par les militants trotskistes et syndicalistes du CSSOPE. Accueillis par le Solidarno\u015b\u0107 de la Basse-Sil\u00e9sie et de la Mazovie, ils visitent, entre le 11 et 20 avril 1981, des entreprises \u00e0 Wroclaw et Varsovie et rencontrent les membres du syndicat de ces deux r\u00e9gions.<\/p>\n<p class=\"small\" style=\"text-align: justify;\">[\/et_pb_text][\/et_pb_column][\/et_pb_row][\/et_pb_section][et_pb_section fb_built=\u00a0\u00bb1&Prime; admin_label=\u00a0\u00bbImage de fond \/ Texte \u00e0 droite (fond rose)\u00a0\u00bb _builder_version=\u00a0\u00bb4.25.1&Prime; _module_preset=\u00a0\u00bbdefault\u00a0\u00bb background_image=\u00a0\u00bbhttps:\/\/exhibition.solidarity1980.com\/wp-content\/uploads\/2023\/12\/visite-en-Pologne.jpg\u00a0\u00bb parallax=\u00a0\u00bbon\u00a0\u00bb min_height=\u00a0\u00bb100vh\u00a0\u00bb overflow-y=\u00a0\u00bbhidden\u00a0\u00bb custom_padding=\u00a0\u00bb0px|0px|0px|0px|true|true\u00a0\u00bb custom_css_main_element=\u00a0\u00bbdisplay: flex;||flex-direction: column;\u00a0\u00bb da_disable_devices=\u00a0\u00bboff|off|off\u00a0\u00bb global_colors_info=\u00a0\u00bb{}\u00a0\u00bb da_is_popup=\u00a0\u00bboff\u00a0\u00bb da_exit_intent=\u00a0\u00bboff\u00a0\u00bb da_has_close=\u00a0\u00bbon\u00a0\u00bb da_alt_close=\u00a0\u00bboff\u00a0\u00bb da_dark_close=\u00a0\u00bboff\u00a0\u00bb da_not_modal=\u00a0\u00bbon\u00a0\u00bb da_is_singular=\u00a0\u00bboff\u00a0\u00bb da_with_loader=\u00a0\u00bboff\u00a0\u00bb da_has_shadow=\u00a0\u00bbon\u00a0\u00bb][et_pb_row column_structure=\u00a0\u00bb1_2,1_2&Prime; _builder_version=\u00a0\u00bb4.23.1&Prime; _module_preset=\u00a0\u00bbdefault\u00a0\u00bb width=\u00a0\u00bb100%\u00a0\u00bb max_width=\u00a0\u00bb100%\u00a0\u00bb custom_margin=\u00a0\u00bb0px|0px|0px|0px|true|true\u00a0\u00bb custom_padding=\u00a0\u00bb0px|0px|0px|0px|true|true\u00a0\u00bb custom_css_main_element=\u00a0\u00bbflex: 1;||display: flex;||align-items: flex-end;\u00a0\u00bb global_colors_info=\u00a0\u00bb{}\u00a0\u00bb][et_pb_column type=\u00a0\u00bb1_2&Prime; _builder_version=\u00a0\u00bb4.23.1&Prime; _module_preset=\u00a0\u00bbdefault\u00a0\u00bb background_size=\u00a0\u00bbcontain\u00a0\u00bb custom_css_main_element=\u00a0\u00bbmin-height: 300px;\u00a0\u00bb global_colors_info=\u00a0\u00bb{}\u00a0\u00bb][\/et_pb_column][et_pb_column type=\u00a0\u00bb1_2&Prime; module_class=\u00a0\u00bbnoise\u00a0\u00bb _builder_version=\u00a0\u00bb4.24.2&Prime; _module_preset=\u00a0\u00bbdefault\u00a0\u00bb background_color=\u00a0\u00bb#FF395E\u00a0\u00bb custom_padding=\u00a0\u00bb40px|40px|40px|40px|true|true\u00a0\u00bb scroll_vertical_motion_enable=\u00a0\u00bbon\u00a0\u00bb scroll_vertical_motion=\u00a0\u00bb0|50|50|100|2|0|0&Prime; custom_css_main_element=\u00a0\u00bbmin-height: 50vh;\u00a0\u00bb global_colors_info=\u00a0\u00bb{}\u00a0\u00bb][et_pb_text _builder_version=\u00a0\u00bb4.22.1&Prime; _module_preset=\u00a0\u00bbdefault\u00a0\u00bb text_text_color=\u00a0\u00bb#ffffff\u00a0\u00bb global_colors_info=\u00a0\u00bb{}\u00a0\u00bb]<\/p>\n<h2>Entretien avec Clive Loertscher<\/h2>\n<p>&nbsp;<\/p>\n<p>[\/et_pb_text][et_pb_video src=\u00a0\u00bbhttps:\/\/youtu.be\/mM2a0FVKM7o\u00a0\u00bb _builder_version=\u00a0\u00bb4.23.1&Prime; _module_preset=\u00a0\u00bbdefault\u00a0\u00bb global_colors_info=\u00a0\u00bb{}\u00a0\u00bb][\/et_pb_video][et_pb_blurb use_icon=\u00a0\u00bbon\u00a0\u00bb font_icon=\u00a0\u00bb&#x50;||divi||400&Prime; icon_color=\u00a0\u00bb#FBFFEE\u00a0\u00bb content_max_width=\u00a0\u00bb100%\u00a0\u00bb admin_label=\u00a0\u00bbBouton +\u00a0\u00bb _builder_version=\u00a0\u00bb4.23.1&Prime; _module_preset=\u00a0\u00bbdefault\u00a0\u00bb background_color=\u00a0\u00bbRGBA(255,255,255,0)\u00a0\u00bb custom_margin=\u00a0\u00bb0px|30px|100px|30px|false|true\u00a0\u00bb custom_margin_tablet=\u00a0\u00bb||50px||false|true\u00a0\u00bb custom_margin_phone=\u00a0\u00bb|15px||15px|false|true\u00a0\u00bb custom_margin_last_edited=\u00a0\u00bbon|phone\u00a0\u00bb global_colors_info=\u00a0\u00bb{}\u00a0\u00bb]<\/p>\n<div class=\"page\" title=\"Page 8\">\n<div class=\"section\">\n<div class=\"layoutArea\">\n<div class=\"column\">\n<p><span><span data-contrast=\"auto\" xml:lang=\"FR-FR\" lang=\"FR-FR\" class=\"TextRun SCXW126812775 BCX0\"><span class=\"NormalTextRun SCXW126812775 BCX0\">Entretien avec Clive <\/span><span class=\"NormalTextRun SpellingErrorV2Themed SCXW126812775 BCX0\">Loertscher<\/span><span class=\"NormalTextRun SCXW126812775 BCX0\"> men\u00e9 par Renata Lata\u0142a, 10 <\/span><span class=\"NormalTextRun ContextualSpellingAndGrammarErrorV2Themed SCXW126812775 BCX0\">Septembre<\/span><span class=\"NormalTextRun SCXW126812775 BCX0\"> 2020, Grandvaux<\/span><\/span>.<\/span><\/p>\n<\/div>\n<\/div>\n<\/div>\n<\/div>\n<p>[\/et_pb_blurb][\/et_pb_column][\/et_pb_row][\/et_pb_section][et_pb_section fb_built=\u00a0\u00bb1&Prime; admin_label=\u00a0\u00bbTitre manifestations\u00a0\u00bb _builder_version=\u00a0\u00bb4.24.2&Prime; _module_preset=\u00a0\u00bbdefault\u00a0\u00bb background_color=\u00a0\u00bbRGBA(255,255,255,0)\u00a0\u00bb min_height=\u00a0\u00bb100vh\u00a0\u00bb custom_padding=\u00a0\u00bb||0px||false|false\u00a0\u00bb scroll_vertical_motion=\u00a0\u00bb0|50|50|100|4|0|0&Prime; motion_trigger_start=\u00a0\u00bbtop\u00a0\u00bb custom_css_main_element=\u00a0\u00bbdisplay: flex;\u00a0\u00bb da_disable_devices=\u00a0\u00bboff|off|off\u00a0\u00bb saved_tabs=\u00a0\u00bball\u00a0\u00bb global_colors_info=\u00a0\u00bb{}\u00a0\u00bb da_is_popup=\u00a0\u00bboff\u00a0\u00bb da_exit_intent=\u00a0\u00bboff\u00a0\u00bb da_has_close=\u00a0\u00bbon\u00a0\u00bb da_alt_close=\u00a0\u00bboff\u00a0\u00bb da_dark_close=\u00a0\u00bboff\u00a0\u00bb da_not_modal=\u00a0\u00bbon\u00a0\u00bb da_is_singular=\u00a0\u00bboff\u00a0\u00bb da_with_loader=\u00a0\u00bboff\u00a0\u00bb da_has_shadow=\u00a0\u00bbon\u00a0\u00bb][et_pb_row admin_label=\u00a0\u00bbRow\u00a0\u00bb _builder_version=\u00a0\u00bb4.22.1&Prime; _module_preset=\u00a0\u00bbdefault\u00a0\u00bb custom_padding=\u00a0\u00bb||0px||false|false\u00a0\u00bb global_colors_info=\u00a0\u00bb{}\u00a0\u00bb][et_pb_column type=\u00a0\u00bb4_4&Prime; _builder_version=\u00a0\u00bb4.22.1&Prime; _module_preset=\u00a0\u00bbdefault\u00a0\u00bb custom_padding=\u00a0\u00bb||0px||false|false\u00a0\u00bb global_colors_info=\u00a0\u00bb{}\u00a0\u00bb][et_pb_text admin_label=\u00a0\u00bbD\u00e9l\u00e9gation de Solidarnosc en Suisse\u00a0\u00bb _builder_version=\u00a0\u00bb4.23.1&Prime; _module_preset=\u00a0\u00bbdefault\u00a0\u00bb text_orientation=\u00a0\u00bbcenter\u00a0\u00bb background_layout=\u00a0\u00bbdark\u00a0\u00bb sticky_limit_bottom=\u00a0\u00bbsection\u00a0\u00bb global_colors_info=\u00a0\u00bb{}\u00a0\u00bb]<\/p>\n<h3 class=\"small\" style=\"text-align: center;\"><span>D\u00e9l\u00e9gation de Solidarno<span class=\"NormalTextRun SpellingErrorV2Themed SCXW198931719 BCX0\">\u015b\u0107<\/span><span class=\"NormalTextRun SCXW198931719 BCX0\"> <\/span> en Suisse<\/span><\/h3>\n<p class=\"small\" style=\"text-align: center;\"><span> En mai 1981, le Groupe syndical de coordination Solidarno\u015b\u0107 est cr\u00e9e par les syndicalistes suisses au retour de leur voyage en Pologne. Leur but est d\u2019inviter une d\u00e9l\u00e9gation du syndicat polonais en Suisse. L\u2019objectif est d\u2019une part de cr\u00e9er des contacts directs et durables entre les groupes syndicaux polonais et suisse et d\u2019\u00e9changer des informations au niveau des entreprises, et, de l\u2019autre, par la pr\u00e9sence des membres de Solidarno\u015b\u0107 en Suisse, de faire connaitre sa cause et ainsi de soutenir le syndicat polonais. <\/span><span>Tout un programme de manifestations publiques, de rencontres, de conf\u00e9rences, de visites d\u2019entreprises est ainsi pr\u00e9vu. La visite est organis\u00e9e avec le soutien de l\u2019Union des syndicats suisses \/ Scheizerischer Gewerkschaftsubn (SGP) et de la Conf\u00e9d\u00e9ration des syndicats chr\u00e9tiens \/ Christlichnationaler Gewerkschaftsbund (CNG). Elle se d\u00e9roule en Suisse du 29 novembre au 13 d\u00e9cembre 1981.<\/span><span><\/span><\/p>\n<p><span><\/span><\/p>\n<h4><\/h4>\n<h2 class=\"small\"><span>\u00a0<\/span><\/h2>\n<p>[\/et_pb_text][\/et_pb_column][\/et_pb_row][\/et_pb_section][et_pb_section fb_built=\u00a0\u00bb1&Prime; admin_label=\u00a0\u00bbentretien 2 colonnes\u00a0\u00bb module_class=\u00a0\u00bbnoise entretien-2-cols\u00a0\u00bb _builder_version=\u00a0\u00bb4.22.1&Prime; _module_preset=\u00a0\u00bbdefault\u00a0\u00bb background_color=\u00a0\u00bb#255E64&Prime; z_index=\u00a0\u00bb4&Prime; custom_padding=\u00a0\u00bb0px||0px||false|false\u00a0\u00bb da_disable_devices=\u00a0\u00bboff|off|off\u00a0\u00bb global_colors_info=\u00a0\u00bb{}\u00a0\u00bb da_is_popup=\u00a0\u00bboff\u00a0\u00bb da_exit_intent=\u00a0\u00bboff\u00a0\u00bb da_has_close=\u00a0\u00bbon\u00a0\u00bb da_alt_close=\u00a0\u00bboff\u00a0\u00bb da_dark_close=\u00a0\u00bboff\u00a0\u00bb da_not_modal=\u00a0\u00bbon\u00a0\u00bb da_is_singular=\u00a0\u00bboff\u00a0\u00bb da_with_loader=\u00a0\u00bboff\u00a0\u00bb da_has_shadow=\u00a0\u00bbon\u00a0\u00bb][et_pb_row column_structure=\u00a0\u00bb1_2,1_2&Prime; make_equal=\u00a0\u00bbon\u00a0\u00bb _builder_version=\u00a0\u00bb4.24.0&Prime; _module_preset=\u00a0\u00bbdefault\u00a0\u00bb width=\u00a0\u00bb100%\u00a0\u00bb max_width=\u00a0\u00bb100%\u00a0\u00bb custom_padding=\u00a0\u00bb0px||0px||false|false\u00a0\u00bb global_colors_info=\u00a0\u00bb{}\u00a0\u00bb][et_pb_column type=\u00a0\u00bb1_2&Prime; admin_label=\u00a0\u00bbColumn BgImg\u00a0\u00bb _builder_version=\u00a0\u00bb4.24.0&Prime; _module_preset=\u00a0\u00bbdefault\u00a0\u00bb background_image=\u00a0\u00bbhttps:\/\/exhibition.solidarity1980.com\/wp-content\/uploads\/2024\/02\/1.-copie.jpg\u00a0\u00bb positioning=\u00a0\u00bbnone\u00a0\u00bb hover_transition_duration=\u00a0\u00bb250ms\u00a0\u00bb hover_transition_speed_curve=\u00a0\u00bbease-in\u00a0\u00bb sticky_position=\u00a0\u00bbtop\u00a0\u00bb sticky_limit_top=\u00a0\u00bbrow\u00a0\u00bb sticky_limit_bottom=\u00a0\u00bbsection\u00a0\u00bb custom_css_main_element=\u00a0\u00bbmargin-right: 0 !important;||width: 50% !important;||max-height: 100vh;\u00a0\u00bb global_colors_info=\u00a0\u00bb{}\u00a0\u00bb custom_css_main_element_last_edited=\u00a0\u00bbon|desktop\u00a0\u00bb custom_css_main_element_tablet=\u00a0\u00bbmin-height: 300px !important;||display: block !important;||position: relative !important;\u00a0\u00bb custom_css_main_element_phone=\u00a0\u00bbmin-height: 250px !important;||display: block !important;\u00a0\u00bb custom_css_main_element__sticky_enabled=\u00a0\u00bboff|sticky\u00a0\u00bb][\/et_pb_column][et_pb_column type=\u00a0\u00bb1_2&Prime; admin_label=\u00a0\u00bbColumn\u00a0\u00bb _builder_version=\u00a0\u00bb4.21.0&Prime; _module_preset=\u00a0\u00bbdefault\u00a0\u00bb custom_padding=\u00a0\u00bb0px|0px|0px|0px|false|false\u00a0\u00bb custom_padding_tablet=\u00a0\u00bb0px|0px|0px|0px|false|false\u00a0\u00bb custom_padding_phone=\u00a0\u00bb0px|0px|0px|0px|false|false\u00a0\u00bb custom_padding_last_edited=\u00a0\u00bbon|desktop\u00a0\u00bb custom_css_main_element=\u00a0\u00bbwidth: 50% !important;\u00a0\u00bb global_colors_info=\u00a0\u00bb{}\u00a0\u00bb custom_css_main_element_last_edited=\u00a0\u00bbon|desktop\u00a0\u00bb custom_css_main_element_tablet=\u00a0\u00bbwidth: 100%;\u00a0\u00bb custom_css_main_element_phone=\u00a0\u00bbwidth: 100%;\u00a0\u00bb][et_pb_image src=\u00a0\u00bbhttps:\/\/exhibition.solidarity1980.com\/wp-content\/uploads\/2024\/02\/2.jpeg\u00a0\u00bb title_text=\u00a0\u00bb2&Prime; show_bottom_space=\u00a0\u00bboff\u00a0\u00bb force_fullwidth=\u00a0\u00bbon\u00a0\u00bb admin_label=\u00a0\u00bbImage\u00a0\u00bb _builder_version=\u00a0\u00bb4.24.0&Prime; _module_preset=\u00a0\u00bbdefault\u00a0\u00bb custom_margin=\u00a0\u00bb||0px||false|false\u00a0\u00bb global_colors_info=\u00a0\u00bb{}\u00a0\u00bb][\/et_pb_image][et_pb_text _builder_version=\u00a0\u00bb4.23.1&Prime; _module_preset=\u00a0\u00bbdefault\u00a0\u00bb text_text_color=\u00a0\u00bb#ffffff\u00a0\u00bb header_text_color=\u00a0\u00bb#ffffff\u00a0\u00bb header_2_text_color=\u00a0\u00bb#ffffff\u00a0\u00bb header_3_text_color=\u00a0\u00bb#ffffff\u00a0\u00bb header_4_text_color=\u00a0\u00bb#ffffff\u00a0\u00bb header_5_text_color=\u00a0\u00bb#ffffff\u00a0\u00bb header_6_text_color=\u00a0\u00bb#ffffff\u00a0\u00bb custom_margin=\u00a0\u00bb||0px||false|false\u00a0\u00bb custom_padding=\u00a0\u00bb100px|30px|0px|30px|false|true\u00a0\u00bb custom_padding_tablet=\u00a0\u00bb50px||0px||false|true\u00a0\u00bb custom_padding_phone=\u00a0\u00bb|15px||15px|true|true\u00a0\u00bb custom_padding_last_edited=\u00a0\u00bbon|phone\u00a0\u00bb global_colors_info=\u00a0\u00bb{}\u00a0\u00bb]<\/p>\n<h2><span>Entretien avec Clive Loertscher<\/span><\/h2>\n<p>&nbsp;<\/p>\n<p>[\/et_pb_text][et_pb_video src=\u00a0\u00bbhttps:\/\/youtu.be\/w1zzvhYmYKw\u00a0\u00bb _builder_version=\u00a0\u00bb4.23.1&Prime; _module_preset=\u00a0\u00bbdefault\u00a0\u00bb global_colors_info=\u00a0\u00bb{}\u00a0\u00bb][\/et_pb_video][et_pb_blurb use_icon=\u00a0\u00bbon\u00a0\u00bb font_icon=\u00a0\u00bb&#x50;||divi||400&Prime; icon_color=\u00a0\u00bb#FBFFEE\u00a0\u00bb content_max_width=\u00a0\u00bb100%\u00a0\u00bb admin_label=\u00a0\u00bbBouton +\u00a0\u00bb _builder_version=\u00a0\u00bb4.23.1&Prime; _module_preset=\u00a0\u00bbdefault\u00a0\u00bb background_color=\u00a0\u00bbRGBA(255,255,255,0)\u00a0\u00bb custom_margin=\u00a0\u00bb0px|30px|100px|30px|false|true\u00a0\u00bb custom_margin_tablet=\u00a0\u00bb||50px||false|true\u00a0\u00bb custom_margin_phone=\u00a0\u00bb|15px||15px|false|true\u00a0\u00bb custom_margin_last_edited=\u00a0\u00bbon|phone\u00a0\u00bb global_colors_info=\u00a0\u00bb{}\u00a0\u00bb]<\/p>\n<div class=\"page\" title=\"Page 8\">\n<div class=\"section\">\n<div class=\"layoutArea\">\n<div class=\"column\">\n<p><span data-contrast=\"auto\" xml:lang=\"FR-FR\" lang=\"FR-FR\" class=\"TextRun SCXW126812775 BCX0\"><span class=\"NormalTextRun SCXW126812775 BCX0\">Entretien avec Clive <\/span><span class=\"NormalTextRun SpellingErrorV2Themed SCXW126812775 BCX0\">Loertscher<\/span><span class=\"NormalTextRun SCXW126812775 BCX0\"> men\u00e9 par Renata Lata\u0142a,10 <\/span><span class=\"NormalTextRun ContextualSpellingAndGrammarErrorV2Themed SCXW126812775 BCX0\">Septembre<\/span><span class=\"NormalTextRun SCXW126812775 BCX0\"> 2020, Grandvaux.<\/span><\/span><span class=\"EOP SCXW126812775 BCX0\" data-ccp-props=\"{&quot;201341983&quot;:0,&quot;335551550&quot;:6,&quot;335551620&quot;:6,&quot;335559739&quot;:120,&quot;335559740&quot;:360}\">\u00a0<\/span><\/p>\n<\/div>\n<\/div>\n<\/div>\n<\/div>\n<p>[\/et_pb_blurb][\/et_pb_column][\/et_pb_row][\/et_pb_section][et_pb_section fb_built=\u00a0\u00bb1&Prime; admin_label=\u00a0\u00bbTexte manifestations\u00a0\u00bb _builder_version=\u00a0\u00bb4.25.1&Prime; _module_preset=\u00a0\u00bbdefault\u00a0\u00bb background_color=\u00a0\u00bbRGBA(255,255,255,0)\u00a0\u00bb min_height=\u00a0\u00bb95vh\u00a0\u00bb custom_margin=\u00a0\u00bb||||false|false\u00a0\u00bb custom_padding=\u00a0\u00bb||||false|false\u00a0\u00bb scroll_vertical_motion_enable=\u00a0\u00bbon\u00a0\u00bb scroll_vertical_motion=\u00a0\u00bb0|50|50|100|2|0|-2&Prime; custom_css_main_element=\u00a0\u00bbdisplay: flex;\u00a0\u00bb da_disable_devices=\u00a0\u00bboff|off|off\u00a0\u00bb global_colors_info=\u00a0\u00bb{}\u00a0\u00bb da_is_popup=\u00a0\u00bboff\u00a0\u00bb da_exit_intent=\u00a0\u00bboff\u00a0\u00bb da_has_close=\u00a0\u00bbon\u00a0\u00bb da_alt_close=\u00a0\u00bboff\u00a0\u00bb da_dark_close=\u00a0\u00bboff\u00a0\u00bb da_not_modal=\u00a0\u00bbon\u00a0\u00bb da_is_singular=\u00a0\u00bboff\u00a0\u00bb da_with_loader=\u00a0\u00bboff\u00a0\u00bb da_has_shadow=\u00a0\u00bbon\u00a0\u00bb][et_pb_row _builder_version=\u00a0\u00bb4.22.1&Prime; _module_preset=\u00a0\u00bbdefault\u00a0\u00bb max_width=\u00a0\u00bb800px\u00a0\u00bb custom_margin=\u00a0\u00bb69px|auto||auto||\u00a0\u00bb global_colors_info=\u00a0\u00bb{}\u00a0\u00bb][et_pb_column type=\u00a0\u00bb4_4&Prime; _builder_version=\u00a0\u00bb4.22.1&Prime; _module_preset=\u00a0\u00bbdefault\u00a0\u00bb global_colors_info=\u00a0\u00bb{}\u00a0\u00bb][et_pb_text _builder_version=\u00a0\u00bb4.24.2&Prime; _module_preset=\u00a0\u00bbdefault\u00a0\u00bb text_font=\u00a0\u00bb|600|||||||\u00a0\u00bb text_text_color=\u00a0\u00bb#ffffff\u00a0\u00bb text_orientation=\u00a0\u00bbcenter\u00a0\u00bb background_layout=\u00a0\u00bbdark\u00a0\u00bb global_colors_info=\u00a0\u00bb{}\u00a0\u00bb]<\/p>\n<p><span data-contrast=\"auto\" xml:lang=\"FR-FR\" lang=\"FR-FR\" class=\"TextRun SCXW86472580 BCX4\"><span class=\"NormalTextRun SCXW86472580 BCX4\">Le 29 novembre 1981, arrive en Suisse une d\u00e9l\u00e9gation officielle de <\/span><\/span><span data-contrast=\"auto\" xml:lang=\"FR-FR\" lang=\"FR-FR\" class=\"TextRun SCXW86472580 BCX4\"><span class=\"NormalTextRun SCXW86472580 BCX4\">Solidarno<\/span><span class=\"NormalTextRun SCXW86472580 BCX4\">\u015b\u0107<\/span><\/span><span data-contrast=\"auto\" xml:lang=\"FR-FR\" lang=\"FR-FR\" class=\"TextRun SCXW86472580 BCX4\"><span class=\"NormalTextRun SCXW86472580 BCX4\">, constitu\u00e9e de 13 membres (dont la traductrice). Issus de diverses r\u00e9gions de Pologne, les membres de la D\u00e9l\u00e9gation repr\u00e9sentent \u00e9galement divers corps de m\u00e9tiers.\u00a0<\/span><\/span><span class=\"EOP SCXW86472580 BCX4\" data-ccp-props=\"{&quot;201341983&quot;:0,&quot;335559739&quot;:160,&quot;335559740&quot;:259}\">\u00a0<\/span><\/p>\n<p>[\/et_pb_text][\/et_pb_column][\/et_pb_row][\/et_pb_section][et_pb_section fb_built=\u00a0\u00bb1&Prime; admin_label=\u00a0\u00bbMembres d\u00e9l\u00e9gation Documents liste gauche\/droite\u00a0\u00bb module_class=\u00a0\u00bbnoise\u00a0\u00bb _builder_version=\u00a0\u00bb4.27.4&Prime; _module_preset=\u00a0\u00bbdefault\u00a0\u00bb background_color=\u00a0\u00bb#64713b\u00a0\u00bb custom_padding=\u00a0\u00bb120px||120px||true|false\u00a0\u00bb custom_css_main_element=\u00a0\u00bboverflow: hidden;\u00a0\u00bb da_disable_devices=\u00a0\u00bboff|off|off\u00a0\u00bb global_colors_info=\u00a0\u00bb{}\u00a0\u00bb da_is_popup=\u00a0\u00bboff\u00a0\u00bb da_exit_intent=\u00a0\u00bboff\u00a0\u00bb da_has_close=\u00a0\u00bbon\u00a0\u00bb da_alt_close=\u00a0\u00bboff\u00a0\u00bb da_dark_close=\u00a0\u00bboff\u00a0\u00bb da_not_modal=\u00a0\u00bbon\u00a0\u00bb da_is_singular=\u00a0\u00bboff\u00a0\u00bb da_with_loader=\u00a0\u00bboff\u00a0\u00bb da_has_shadow=\u00a0\u00bbon\u00a0\u00bb][et_pb_row column_structure=\u00a0\u00bb1_2,1_2&Prime; make_equal=\u00a0\u00bbon\u00a0\u00bb admin_label=\u00a0\u00bbImage \/ texte\u00a0\u00bb _builder_version=\u00a0\u00bb4.24.2&Prime; _module_preset=\u00a0\u00bbdefault\u00a0\u00bb custom_padding=\u00a0\u00bb0px||0px|0px|true|false\u00a0\u00bb custom_css_main_element=\u00a0\u00bbalign-items: center;\u00a0\u00bb global_colors_info=\u00a0\u00bb{}\u00a0\u00bb][et_pb_column type=\u00a0\u00bb1_2&Prime; _builder_version=\u00a0\u00bb4.24.2&Prime; _module_preset=\u00a0\u00bbdefault\u00a0\u00bb scroll_horizontal_motion_enable=\u00a0\u00bbon\u00a0\u00bb scroll_horizontal_motion=\u00a0\u00bb0|50|50|100|-7|0|0&Prime; scroll_fade_enable=\u00a0\u00bbon\u00a0\u00bb motion_trigger_start=\u00a0\u00bbtop\u00a0\u00bb global_colors_info=\u00a0\u00bb{}\u00a0\u00bb][et_pb_image src=\u00a0\u00bbhttps:\/\/exhibition.solidarity1980.com\/wp-content\/uploads\/2024\/01\/DS-CH-Krzysztof-Podolczynski-XII-1981-727&#215;1000.png\u00a0\u00bb title_text=\u00a0\u00bbDS-CH -Krzysztof Podolczynski, XII-1981&Prime; align=\u00a0\u00bbright\u00a0\u00bb _builder_version=\u00a0\u00bb4.24.2&Prime; _module_preset=\u00a0\u00bbdefault\u00a0\u00bb transform_rotate=\u00a0\u00bb0deg|0deg|-4deg\u00a0\u00bb max_width=\u00a0\u00bb400px\u00a0\u00bb custom_padding=\u00a0\u00bb||||false|false\u00a0\u00bb global_colors_info=\u00a0\u00bb{}\u00a0\u00bb][\/et_pb_image][\/et_pb_column][et_pb_column type=\u00a0\u00bb1_2&Prime; _builder_version=\u00a0\u00bb4.24.2&Prime; _module_preset=\u00a0\u00bbdefault\u00a0\u00bb custom_padding=\u00a0\u00bb60px||60px||true|false\u00a0\u00bb scroll_horizontal_motion_enable=\u00a0\u00bbon\u00a0\u00bb scroll_horizontal_motion=\u00a0\u00bb0|50|50|100|4|0|0&Prime; scroll_fade_enable=\u00a0\u00bbon\u00a0\u00bb motion_trigger_start=\u00a0\u00bbtop\u00a0\u00bb global_colors_info=\u00a0\u00bb{}\u00a0\u00bb][et_pb_text _builder_version=\u00a0\u00bb4.27.4&Prime; _module_preset=\u00a0\u00bbdefault\u00a0\u00bb text_text_color=\u00a0\u00bb#ffffff\u00a0\u00bb hover_enabled=\u00a0\u00bb0&Prime; global_colors_info=\u00a0\u00bb{}\u00a0\u00bb sticky_enabled=\u00a0\u00bb0&Prime;]<\/p>\n<p><strong>Krzysztof Podolczy<\/strong><strong>\u0144<\/strong><strong>ski <\/strong><\/p>\n<p>[\/et_pb_text][\/et_pb_column][\/et_pb_row][et_pb_row column_structure=\u00a0\u00bb2_5,3_5&Prime; make_equal=\u00a0\u00bbon\u00a0\u00bb admin_label=\u00a0\u00bbTexte \/ image\u00a0\u00bb _builder_version=\u00a0\u00bb4.24.2&Prime; _module_preset=\u00a0\u00bbdefault\u00a0\u00bb custom_padding=\u00a0\u00bb0px||0px||true|false\u00a0\u00bb custom_css_main_element=\u00a0\u00bbalign-items: center;\u00a0\u00bb global_colors_info=\u00a0\u00bb{}\u00a0\u00bb][et_pb_column type=\u00a0\u00bb2_5&Prime; _builder_version=\u00a0\u00bb4.24.2&Prime; _module_preset=\u00a0\u00bbdefault\u00a0\u00bb custom_padding=\u00a0\u00bb40px||60px||false|false\u00a0\u00bb scroll_horizontal_motion_enable=\u00a0\u00bbon\u00a0\u00bb scroll_horizontal_motion=\u00a0\u00bb0|50|50|100|-4|0|0&Prime; scroll_fade_enable=\u00a0\u00bbon\u00a0\u00bb motion_trigger_start=\u00a0\u00bbtop\u00a0\u00bb global_colors_info=\u00a0\u00bb{}\u00a0\u00bb][et_pb_text _builder_version=\u00a0\u00bb4.27.4&Prime; _module_preset=\u00a0\u00bbdefault\u00a0\u00bb text_text_color=\u00a0\u00bb#ffffff\u00a0\u00bb text_orientation=\u00a0\u00bbright\u00a0\u00bb hover_enabled=\u00a0\u00bb0&Prime; text_orientation_tablet=\u00a0\u00bbleft\u00a0\u00bb text_orientation_phone=\u00a0\u00bbleft\u00a0\u00bb text_orientation_last_edited=\u00a0\u00bbon|phone\u00a0\u00bb global_colors_info=\u00a0\u00bb{}\u00a0\u00bb sticky_enabled=\u00a0\u00bb0&Prime;]<\/p>\n<p><strong>Boles<\/strong><strong>\u0142<\/strong><strong>aw Franaszek <\/strong><\/p>\n<p>[\/et_pb_text][\/et_pb_column][et_pb_column type=\u00a0\u00bb3_5&Prime; _builder_version=\u00a0\u00bb4.24.2&Prime; _module_preset=\u00a0\u00bbdefault\u00a0\u00bb scroll_horizontal_motion_enable=\u00a0\u00bbon\u00a0\u00bb scroll_horizontal_motion=\u00a0\u00bb0|50|50|100|7|0|0&Prime; motion_trigger_start=\u00a0\u00bbtop\u00a0\u00bb global_colors_info=\u00a0\u00bb{}\u00a0\u00bb][et_pb_image src=\u00a0\u00bbhttps:\/\/exhibition.solidarity1980.com\/wp-content\/uploads\/2024\/01\/DS-CH-Bolek-Franaszek-XII-1981-scaled.jpg\u00a0\u00bb title_text=\u00a0\u00bbDS-CH&#8212;Bolek-Franaszek,-XII-1981&Prime; _builder_version=\u00a0\u00bb4.24.2&Prime; _module_preset=\u00a0\u00bbdefault\u00a0\u00bb transform_rotate=\u00a0\u00bb0deg|0deg|6deg\u00a0\u00bb max_width=\u00a0\u00bb400px\u00a0\u00bb custom_margin=\u00a0\u00bb||||false|false\u00a0\u00bb global_colors_info=\u00a0\u00bb{}\u00a0\u00bb][\/et_pb_image][\/et_pb_column][\/et_pb_row][et_pb_row column_structure=\u00a0\u00bb3_5,2_5&Prime; make_equal=\u00a0\u00bbon\u00a0\u00bb admin_label=\u00a0\u00bbImage \/ texte\u00a0\u00bb _builder_version=\u00a0\u00bb4.24.2&Prime; _module_preset=\u00a0\u00bbdefault\u00a0\u00bb custom_padding=\u00a0\u00bb0px||0px||true|false\u00a0\u00bb custom_css_main_element=\u00a0\u00bbalign-items: center;\u00a0\u00bb global_colors_info=\u00a0\u00bb{}\u00a0\u00bb][et_pb_column type=\u00a0\u00bb3_5&Prime; _builder_version=\u00a0\u00bb4.27.4&Prime; _module_preset=\u00a0\u00bbdefault\u00a0\u00bb scroll_horizontal_motion_enable=\u00a0\u00bbon\u00a0\u00bb scroll_horizontal_motion=\u00a0\u00bb0|50|50|100|-7|0|0&Prime; motion_trigger_start=\u00a0\u00bbtop\u00a0\u00bb global_colors_info=\u00a0\u00bb{}\u00a0\u00bb][et_pb_image src=\u00a0\u00bbhttps:\/\/exhibition.solidarity1980.com\/wp-content\/uploads\/2024\/01\/DS-CH-Maria-Nowak-XII-1981-scaled.jpg\u00a0\u00bb title_text=\u00a0\u00bbDS-CH&#8212;Maria-Nowak,-XII-1981&Prime; align=\u00a0\u00bbright\u00a0\u00bb _builder_version=\u00a0\u00bb4.24.2&Prime; _module_preset=\u00a0\u00bbdefault\u00a0\u00bb transform_rotate=\u00a0\u00bb0deg|0deg|-4deg\u00a0\u00bb max_width=\u00a0\u00bb400px\u00a0\u00bb custom_padding=\u00a0\u00bb||||false|false\u00a0\u00bb global_colors_info=\u00a0\u00bb{}\u00a0\u00bb][\/et_pb_image][\/et_pb_column][et_pb_column type=\u00a0\u00bb2_5&Prime; _builder_version=\u00a0\u00bb4.24.2&Prime; _module_preset=\u00a0\u00bbdefault\u00a0\u00bb custom_padding=\u00a0\u00bb60px||60px||true|false\u00a0\u00bb scroll_horizontal_motion_enable=\u00a0\u00bbon\u00a0\u00bb scroll_horizontal_motion=\u00a0\u00bb0|50|50|100|4|0|0&Prime; scroll_fade_enable=\u00a0\u00bbon\u00a0\u00bb motion_trigger_start=\u00a0\u00bbtop\u00a0\u00bb global_colors_info=\u00a0\u00bb{}\u00a0\u00bb][et_pb_text _builder_version=\u00a0\u00bb4.27.4&Prime; _module_preset=\u00a0\u00bbdefault\u00a0\u00bb text_text_color=\u00a0\u00bb#ffffff\u00a0\u00bb hover_enabled=\u00a0\u00bb0&Prime; global_colors_info=\u00a0\u00bb{}\u00a0\u00bb sticky_enabled=\u00a0\u00bb0&Prime;]<\/p>\n<p><strong>Maria Nowak<\/strong><\/p>\n<p>Ing\u00e9nieure chimiste, membre de <em>Solidarno\u015b\u0107<\/em> \u00e0 Varsovie<\/p>\n<p>[\/et_pb_text][\/et_pb_column][\/et_pb_row][et_pb_row column_structure=\u00a0\u00bb2_5,3_5&Prime; make_equal=\u00a0\u00bbon\u00a0\u00bb admin_label=\u00a0\u00bbTexte \/ image\u00a0\u00bb _builder_version=\u00a0\u00bb4.24.2&Prime; _module_preset=\u00a0\u00bbdefault\u00a0\u00bb custom_padding=\u00a0\u00bb0px||0px||true|false\u00a0\u00bb custom_css_main_element=\u00a0\u00bbalign-items: center;\u00a0\u00bb global_colors_info=\u00a0\u00bb{}\u00a0\u00bb][et_pb_column type=\u00a0\u00bb2_5&Prime; _builder_version=\u00a0\u00bb4.24.2&Prime; _module_preset=\u00a0\u00bbdefault\u00a0\u00bb custom_padding=\u00a0\u00bb40px||60px||false|false\u00a0\u00bb scroll_horizontal_motion_enable=\u00a0\u00bbon\u00a0\u00bb scroll_horizontal_motion=\u00a0\u00bb0|50|50|100|-4|0|0&Prime; scroll_fade_enable=\u00a0\u00bbon\u00a0\u00bb motion_trigger_start=\u00a0\u00bbtop\u00a0\u00bb global_colors_info=\u00a0\u00bb{}\u00a0\u00bb][et_pb_text _builder_version=\u00a0\u00bb4.27.4&Prime; _module_preset=\u00a0\u00bbdefault\u00a0\u00bb text_text_color=\u00a0\u00bb#ffffff\u00a0\u00bb text_orientation=\u00a0\u00bbright\u00a0\u00bb hover_enabled=\u00a0\u00bb0&Prime; text_orientation_tablet=\u00a0\u00bbleft\u00a0\u00bb text_orientation_phone=\u00a0\u00bbleft\u00a0\u00bb text_orientation_last_edited=\u00a0\u00bbon|phone\u00a0\u00bb global_colors_info=\u00a0\u00bb{}\u00a0\u00bb sticky_enabled=\u00a0\u00bb0&Prime;]<\/p>\n<p><strong>Jerzy Gr<\/strong><strong>\u0119<\/strong><strong>bski<\/strong><\/p>\n<p>M\u00e9decin anesth\u00e9siste, membre du syndicat <em>Solidarno\u015b\u0107\u00a0 <\/em>de Varsovie<\/p>\n<p>[\/et_pb_text][\/et_pb_column][et_pb_column type=\u00a0\u00bb3_5&Prime; _builder_version=\u00a0\u00bb4.24.2&Prime; _module_preset=\u00a0\u00bbdefault\u00a0\u00bb scroll_horizontal_motion_enable=\u00a0\u00bbon\u00a0\u00bb scroll_horizontal_motion=\u00a0\u00bb0|50|50|100|7|0|0&Prime; motion_trigger_start=\u00a0\u00bbtop\u00a0\u00bb global_colors_info=\u00a0\u00bb{}\u00a0\u00bb][et_pb_image src=\u00a0\u00bbhttps:\/\/exhibition.solidarity1980.com\/wp-content\/uploads\/2024\/01\/DS-CH-Jerzy-Grebski-XII-1981.jpg\u00a0\u00bb title_text=\u00a0\u00bbDS-CH&#8211;Jerzy-Grebski,-XII-1981&Prime; _builder_version=\u00a0\u00bb4.24.2&Prime; _module_preset=\u00a0\u00bbdefault\u00a0\u00bb transform_rotate=\u00a0\u00bb0deg|0deg|6deg\u00a0\u00bb max_width=\u00a0\u00bb600px\u00a0\u00bb custom_padding=\u00a0\u00bb||||false|false\u00a0\u00bb global_colors_info=\u00a0\u00bb{}\u00a0\u00bb][\/et_pb_image][\/et_pb_column][\/et_pb_row][\/et_pb_section][et_pb_section fb_built=\u00a0\u00bb1&Prime; admin_label=\u00a0\u00bbNombre de la d\u00e9l\u00e9gation\u00a0\u00bb module_class=\u00a0\u00bbnoise entretien\u00a0\u00bb _builder_version=\u00a0\u00bb4.24.2&Prime; _module_preset=\u00a0\u00bbdefault\u00a0\u00bb background_color=\u00a0\u00bb#dcdace\u00a0\u00bb scroll_vertical_motion=\u00a0\u00bb0|50|50|100|-2|0|0&Prime; scroll_fade=\u00a0\u00bb0|22|22|100|0|100|100&Prime; motion_trigger_start=\u00a0\u00bbtop\u00a0\u00bb da_disable_devices=\u00a0\u00bboff|off|off\u00a0\u00bb global_colors_info=\u00a0\u00bb{}\u00a0\u00bb da_is_popup=\u00a0\u00bboff\u00a0\u00bb da_exit_intent=\u00a0\u00bboff\u00a0\u00bb da_has_close=\u00a0\u00bbon\u00a0\u00bb da_alt_close=\u00a0\u00bboff\u00a0\u00bb da_dark_close=\u00a0\u00bboff\u00a0\u00bb da_not_modal=\u00a0\u00bbon\u00a0\u00bb da_is_singular=\u00a0\u00bboff\u00a0\u00bb da_with_loader=\u00a0\u00bboff\u00a0\u00bb da_has_shadow=\u00a0\u00bbon\u00a0\u00bb][et_pb_row column_structure=\u00a0\u00bb1_3,1_3,1_3&Prime; use_custom_gutter=\u00a0\u00bbon\u00a0\u00bb gutter_width=\u00a0\u00bb2&Prime; admin_label=\u00a0\u00bbRow\u00a0\u00bb _builder_version=\u00a0\u00bb4.22.1&Prime; _module_preset=\u00a0\u00bbdefault\u00a0\u00bb width=\u00a0\u00bb94%\u00a0\u00bb max_width=\u00a0\u00bb1400px\u00a0\u00bb custom_css_main_element=\u00a0\u00bbdisplay: flex;||align-items:center;||flex-wrap: wrap;\u00a0\u00bb global_colors_info=\u00a0\u00bb{}\u00a0\u00bb][et_pb_column type=\u00a0\u00bb1_3&Prime; _builder_version=\u00a0\u00bb4.22.1&Prime; _module_preset=\u00a0\u00bbdefault\u00a0\u00bb global_colors_info=\u00a0\u00bb{}\u00a0\u00bb][et_pb_text module_class=\u00a0\u00bbentretien\u00a0\u00bb _builder_version=\u00a0\u00bb4.23.1&Prime; _module_preset=\u00a0\u00bbdefault\u00a0\u00bb text_text_color=\u00a0\u00bb#000000&Prime; header_3_text_color=\u00a0\u00bb#000000&Prime; header_4_text_color=\u00a0\u00bb#000000&Prime; header_5_text_color=\u00a0\u00bb#000000&Prime; text_orientation=\u00a0\u00bbright\u00a0\u00bb custom_padding=\u00a0\u00bb||10px|||\u00a0\u00bb text_orientation_tablet=\u00a0\u00bbcenter\u00a0\u00bb text_orientation_phone=\u00a0\u00bb\u00a0\u00bb text_orientation_last_edited=\u00a0\u00bbon|tablet\u00a0\u00bb global_colors_info=\u00a0\u00bb{}\u00a0\u00bb]<\/p>\n<h3><span>Entretien avec <br \/>Maria Nowak-Gr\u0119bska<\/span><\/h3>\n<p>&nbsp;<\/p>\n<p>[\/et_pb_text][\/et_pb_column][et_pb_column type=\u00a0\u00bb1_3&Prime; _builder_version=\u00a0\u00bb4.22.1&Prime; _module_preset=\u00a0\u00bbdefault\u00a0\u00bb custom_padding=\u00a0\u00bb|0px||0px|false|true\u00a0\u00bb custom_css_main_element=\u00a0\u00bbtext-align: center;\u00a0\u00bb global_colors_info=\u00a0\u00bb{}\u00a0\u00bb][et_pb_image src=\u00a0\u00bbhttps:\/\/exhibition.solidarity1980.com\/wp-content\/uploads\/2023\/11\/DS-CH-Maria-Nowak-XII-1981-250&#215;250.jpg\u00a0\u00bb title_text=\u00a0\u00bbDS-CH&#8212;Maria-Nowak,-XII-1981&Prime; align=\u00a0\u00bbcenter\u00a0\u00bb force_fullwidth=\u00a0\u00bbon\u00a0\u00bb admin_label=\u00a0\u00bbImage ratio carr\u00e9\u00a0\u00bb _builder_version=\u00a0\u00bb4.23.1&Prime; _module_preset=\u00a0\u00bbdefault\u00a0\u00bb module_alignment=\u00a0\u00bbcenter\u00a0\u00bb custom_css_main_element=\u00a0\u00bbtext-align: center;\u00a0\u00bb border_radii=\u00a0\u00bbon|100%|100%|100%|100%\u00a0\u00bb border_width_all=\u00a0\u00bb1px\u00a0\u00bb border_color_all=\u00a0\u00bb#000000&Prime; global_colors_info=\u00a0\u00bb{}\u00a0\u00bb][\/et_pb_image][\/et_pb_column][et_pb_column type=\u00a0\u00bb1_3&Prime; _builder_version=\u00a0\u00bb4.22.1&Prime; _module_preset=\u00a0\u00bbdefault\u00a0\u00bb global_colors_info=\u00a0\u00bb{}\u00a0\u00bb][et_pb_text _builder_version=\u00a0\u00bb4.24.2&Prime; _module_preset=\u00a0\u00bbdefault\u00a0\u00bb text_text_color=\u00a0\u00bb#000000&Prime; header_4_text_color=\u00a0\u00bb#000000&Prime; custom_padding=\u00a0\u00bb||13px|||\u00a0\u00bb text_orientation_tablet=\u00a0\u00bbcenter\u00a0\u00bb text_orientation_phone=\u00a0\u00bb\u00a0\u00bb text_orientation_last_edited=\u00a0\u00bbon|tablet\u00a0\u00bb global_colors_info=\u00a0\u00bb{}\u00a0\u00bb]<\/p>\n<div class=\"page\" title=\"Page 19\">\n<div class=\"layoutArea\">\n<div class=\"column\" style=\"text-align: right;\">\n<h6 style=\"text-align: left;\">\u00ab Cela \u00e9tait tr\u00e8s important pour nous aussi, et nous \u00e9tions tr\u00e8s fiers de pouvoir b\u00e9n\u00e9ficier d\u2019une aide aussi professionnelle.\u00a0\u00bb<\/h6>\n<p>&nbsp;<\/p>\n<\/div>\n<\/div>\n<\/div>\n<p>[\/et_pb_text][\/et_pb_column][\/et_pb_row][et_pb_row _builder_version=\u00a0\u00bb4.22.1&Prime; _module_preset=\u00a0\u00bbdefault\u00a0\u00bb max_width=\u00a0\u00bb800px\u00a0\u00bb global_colors_info=\u00a0\u00bb{}\u00a0\u00bb][et_pb_column type=\u00a0\u00bb4_4&Prime; _builder_version=\u00a0\u00bb4.22.1&Prime; _module_preset=\u00a0\u00bbdefault\u00a0\u00bb global_colors_info=\u00a0\u00bb{}\u00a0\u00bb][et_pb_text _builder_version=\u00a0\u00bb4.24.0&Prime; _module_preset=\u00a0\u00bbdefault\u00a0\u00bb text_text_color=\u00a0\u00bb#000000&Prime; header_text_color=\u00a0\u00bb#000000&Prime; header_2_text_color=\u00a0\u00bb#000000&Prime; header_3_text_color=\u00a0\u00bb#000000&Prime; header_4_text_color=\u00a0\u00bb#000000&Prime; header_5_text_color=\u00a0\u00bb#000000&Prime; header_6_text_color=\u00a0\u00bb#000000&Prime; text_orientation=\u00a0\u00bbcenter\u00a0\u00bb global_colors_info=\u00a0\u00bb{}\u00a0\u00bb]<\/p>\n<p>Lors de son s\u00e9jour en Suisse, la d\u00e9l\u00e9gation de Solidarnosc a \u00e9t\u00e9 partag\u00e9e en deux groupes. Une partie des syndicalistes polonais a visit\u00e9 la Romandie, l\u2019autre la Suisse Al\u00e9manique. Le programme pr\u00e9par\u00e9 par la coordination nationale des syndicalistes suisses pr\u00e9voyait toute une s\u00e9rie de rencontres, de d\u00e9bats et de discussions en pr\u00e9sence de syndicalistes, de repr\u00e9sentants de collectivit\u00e9s locales et d\u2019habitants de la r\u00e9gion. Parmi les points forts figuraient des visites d\u2019entreprises et d\u2019usines \u00e0 B\u00e2le, Zoug, Bienne, etc., qui leur ont permis de rencontrer des syndicalistes, des employ\u00e9s et des cadres dirigeants. Ces \u00e9changes au sein des entreprises ont souvent constitu\u00e9 l\u2019occasion de solliciter de l\u2019aide mat\u00e9rielle ou du support technique pour diverses branches de l\u2019industrie polonaise.<\/p>\n<p>Maria Nowak fait partie du groupe de la d\u00e9l\u00e9gation de Solidarnosc qui s\u2019est rendue en Suisse Al\u00e9manique. Le groupe a \u00e9t\u00e9 accueilli au sein de l\u2019<span>entreprise pharmaceutique <\/span>Sandoz, \u00e0 B\u00e2le. Maria Nowak souligne l\u2019importance de cette visite :<\/p>\n<p>\u00ab\u00a0Cette visite a \u00e9t\u00e9 tr\u00e8s constructive. Nous avons parl\u00e9 du fait qu\u2019il y avait [en Pologne] une p\u00e9nurie\u00a0 de nombreux m\u00e9dicaments de base et de produits interm\u00e9diaires. Sandoz s\u2019est engag\u00e9 \u00e0 aider la Pologne, plus pr\u00e9cis\u00e9ment l\u2019industrie pharmaceutique, et en particulier l\u2019usine de Varsovie, qui avait une petite activit\u00e9 de synth\u00e8se chimique en plus du conditionnement des m\u00e9dicaments. Sandoz a d\u00e9cid\u00e9 d\u2019apporter son assistance et d\u2019envoyer gratuitement \u00e0 la Pologne, \u00e0 hauteur de 500\u00a0000\u00a0francs, les produits interm\u00e9diaires les plus n\u00e9cessaires \u00e0 la synth\u00e8se chimique et aux m\u00e9dicaments, des produits dont manquaient tous les groupes en Pologne. Cela \u00e9tait tr\u00e8s important pour nous aussi, et nous \u00e9tions tr\u00e8s fiers de pouvoir b\u00e9n\u00e9ficier d\u2019une aide aussi professionnelle.\u00a0 Parmi les nombreuses entreprises visit\u00e9es se trouvaient \u00e9galement plusieurs usines fabriquant notamment des compteurs d\u2019\u00e9nergie.\u00a0\u00bb<strong><\/strong><strong><\/strong><\/p>\n<p><strong><\/strong><\/p>\n<p>[\/et_pb_text][et_pb_blurb use_icon=\u00a0\u00bbon\u00a0\u00bb font_icon=\u00a0\u00bb&#x50;||divi||400&Prime; icon_color=\u00a0\u00bb#FBFFEE\u00a0\u00bb content_max_width=\u00a0\u00bb100%\u00a0\u00bb admin_label=\u00a0\u00bbBouton +\u00a0\u00bb _builder_version=\u00a0\u00bb4.22.1&Prime; _module_preset=\u00a0\u00bbdefault\u00a0\u00bb background_color=\u00a0\u00bbRGBA(255,255,255,0)\u00a0\u00bb custom_margin=\u00a0\u00bb0px|30px|100px|30px|false|true\u00a0\u00bb custom_margin_tablet=\u00a0\u00bb||50px||false|true\u00a0\u00bb custom_margin_phone=\u00a0\u00bb|15px||15px|false|true\u00a0\u00bb custom_margin_last_edited=\u00a0\u00bbon|phone\u00a0\u00bb global_colors_info=\u00a0\u00bb{}\u00a0\u00bb]<\/p>\n<div class=\"page\" title=\"Page 8\">\n<div class=\"section\">\n<div class=\"layoutArea\">\n<div class=\"column\">\n<p>Entretien avec Maria Nowak-Gr\u0119bska men\u00e9 par Renata Lata\u0142a, le 9 octobre 2023, Piaseczno (Varsovie).<\/p>\n<\/div>\n<\/div>\n<\/div>\n<\/div>\n<p>[\/et_pb_blurb][\/et_pb_column][\/et_pb_row][\/et_pb_section][et_pb_section fb_built=\u00a0\u00bb1&Prime; admin_label=\u00a0\u00bbImage de fond \/ Texte \u00e0 droite (fond bleu)\u00a0\u00bb _builder_version=\u00a0\u00bb4.24.2&Prime; _module_preset=\u00a0\u00bbdefault\u00a0\u00bb background_image=\u00a0\u00bbhttps:\/\/exhibition.solidarity1980.com\/wp-content\/uploads\/2024\/01\/DS-CH-Syndicalistes-polonais-en-Suisse-XII-1981.jpg\u00a0\u00bb min_height=\u00a0\u00bb100vh\u00a0\u00bb overflow-y=\u00a0\u00bbhidden\u00a0\u00bb custom_padding=\u00a0\u00bb0px|0px|0px|0px|true|true\u00a0\u00bb custom_css_main_element=\u00a0\u00bbdisplay: flex;||flex-direction: column;\u00a0\u00bb da_disable_devices=\u00a0\u00bboff|off|off\u00a0\u00bb global_colors_info=\u00a0\u00bb{}\u00a0\u00bb da_is_popup=\u00a0\u00bboff\u00a0\u00bb da_exit_intent=\u00a0\u00bboff\u00a0\u00bb da_has_close=\u00a0\u00bbon\u00a0\u00bb da_alt_close=\u00a0\u00bboff\u00a0\u00bb da_dark_close=\u00a0\u00bboff\u00a0\u00bb da_not_modal=\u00a0\u00bbon\u00a0\u00bb da_is_singular=\u00a0\u00bboff\u00a0\u00bb da_with_loader=\u00a0\u00bboff\u00a0\u00bb da_has_shadow=\u00a0\u00bbon\u00a0\u00bb][et_pb_row column_structure=\u00a0\u00bb1_2,1_2&Prime; _builder_version=\u00a0\u00bb4.22.1&Prime; _module_preset=\u00a0\u00bbdefault\u00a0\u00bb width=\u00a0\u00bb100%\u00a0\u00bb max_width=\u00a0\u00bb100%\u00a0\u00bb custom_margin=\u00a0\u00bb0px|0px|0px|0px|true|true\u00a0\u00bb custom_padding=\u00a0\u00bb0px|0px|0px|0px|true|true\u00a0\u00bb custom_css_main_element=\u00a0\u00bbflex: 1;||display: flex;||align-items: flex-end;\u00a0\u00bb global_colors_info=\u00a0\u00bb{}\u00a0\u00bb][et_pb_column type=\u00a0\u00bb1_2&Prime; _builder_version=\u00a0\u00bb4.22.1&Prime; _module_preset=\u00a0\u00bbdefault\u00a0\u00bb custom_css_main_element=\u00a0\u00bbmin-height: 300px;\u00a0\u00bb global_colors_info=\u00a0\u00bb{}\u00a0\u00bb][\/et_pb_column][et_pb_column type=\u00a0\u00bb1_2&Prime; module_class=\u00a0\u00bbnoise\u00a0\u00bb _builder_version=\u00a0\u00bb4.24.2&Prime; _module_preset=\u00a0\u00bbdefault\u00a0\u00bb background_color=\u00a0\u00bb#31666c\u00a0\u00bb custom_padding=\u00a0\u00bb40px|40px|40px|40px|true|true\u00a0\u00bb scroll_vertical_motion=\u00a0\u00bb0|50|50|100|2.5|0|0&Prime; custom_css_main_element=\u00a0\u00bbmin-height: 50vh;\u00a0\u00bb global_colors_info=\u00a0\u00bb{}\u00a0\u00bb][et_pb_text _builder_version=\u00a0\u00bb4.24.0&Prime; _module_preset=\u00a0\u00bbdefault\u00a0\u00bb text_text_color=\u00a0\u00bb#ffffff\u00a0\u00bb global_colors_info=\u00a0\u00bb{}\u00a0\u00bb]<\/p>\n<h2>Entretien avec Fernand Cuche<\/h2>\n<p>&nbsp;<\/p>\n<p>[\/et_pb_text][et_pb_video src=\u00a0\u00bbhttps:\/\/youtu.be\/T5zidjGXMCc\u00a0\u00bb _builder_version=\u00a0\u00bb4.23.1&Prime; _module_preset=\u00a0\u00bbdefault\u00a0\u00bb global_colors_info=\u00a0\u00bb{}\u00a0\u00bb][\/et_pb_video][et_pb_blurb use_icon=\u00a0\u00bbon\u00a0\u00bb font_icon=\u00a0\u00bb&#x50;||divi||400&Prime; icon_color=\u00a0\u00bb#FBFFEE\u00a0\u00bb content_max_width=\u00a0\u00bb100%\u00a0\u00bb admin_label=\u00a0\u00bbBouton +\u00a0\u00bb _builder_version=\u00a0\u00bb4.22.1&Prime; _module_preset=\u00a0\u00bbdefault\u00a0\u00bb background_color=\u00a0\u00bbRGBA(255,255,255,0)\u00a0\u00bb custom_margin=\u00a0\u00bb0px|30px|100px|30px|false|true\u00a0\u00bb custom_margin_tablet=\u00a0\u00bb||50px||false|true\u00a0\u00bb custom_margin_phone=\u00a0\u00bb|15px||15px|false|true\u00a0\u00bb custom_margin_last_edited=\u00a0\u00bbon|phone\u00a0\u00bb global_colors_info=\u00a0\u00bb{}\u00a0\u00bb]<\/p>\n<div class=\"page\" title=\"Page 8\">\n<div class=\"section\">\n<div class=\"layoutArea\">\n<div class=\"column\">\n<p>Entretien avec Fernand Cuche men\u00e9 par Renata Lata\u0142a,\u00a0 le 18 Juin 2020, Les Pr\u00e9s sur Ligni\u00e8res.<\/p>\n<\/div>\n<\/div>\n<\/div>\n<\/div>\n<p>[\/et_pb_blurb][\/et_pb_column][\/et_pb_row][\/et_pb_section][et_pb_section fb_built=\u00a0\u00bb1&Prime; admin_label=\u00a0\u00bbEntretien\u00a0\u00bb module_class=\u00a0\u00bbnoise entretien\u00a0\u00bb _builder_version=\u00a0\u00bb4.22.1&Prime; _module_preset=\u00a0\u00bbdefault\u00a0\u00bb background_color=\u00a0\u00bb#dcdace\u00a0\u00bb scroll_vertical_motion=\u00a0\u00bb0|50|50|100|-2|0|0&Prime; scroll_fade=\u00a0\u00bb0|22|22|100|0|100|100&Prime; motion_trigger_start=\u00a0\u00bbtop\u00a0\u00bb da_disable_devices=\u00a0\u00bboff|off|off\u00a0\u00bb global_colors_info=\u00a0\u00bb{}\u00a0\u00bb da_is_popup=\u00a0\u00bboff\u00a0\u00bb da_exit_intent=\u00a0\u00bboff\u00a0\u00bb da_has_close=\u00a0\u00bbon\u00a0\u00bb da_alt_close=\u00a0\u00bboff\u00a0\u00bb da_dark_close=\u00a0\u00bboff\u00a0\u00bb da_not_modal=\u00a0\u00bbon\u00a0\u00bb da_is_singular=\u00a0\u00bboff\u00a0\u00bb da_with_loader=\u00a0\u00bboff\u00a0\u00bb da_has_shadow=\u00a0\u00bbon\u00a0\u00bb][et_pb_row column_structure=\u00a0\u00bb1_3,1_3,1_3&Prime; use_custom_gutter=\u00a0\u00bbon\u00a0\u00bb gutter_width=\u00a0\u00bb2&Prime; admin_label=\u00a0\u00bbRow\u00a0\u00bb _builder_version=\u00a0\u00bb4.22.1&Prime; _module_preset=\u00a0\u00bbdefault\u00a0\u00bb width=\u00a0\u00bb94%\u00a0\u00bb max_width=\u00a0\u00bb1400px\u00a0\u00bb custom_css_main_element=\u00a0\u00bbdisplay: flex;||align-items:center;||flex-wrap: wrap;\u00a0\u00bb global_colors_info=\u00a0\u00bb{}\u00a0\u00bb][et_pb_column type=\u00a0\u00bb1_3&Prime; _builder_version=\u00a0\u00bb4.22.1&Prime; _module_preset=\u00a0\u00bbdefault\u00a0\u00bb global_colors_info=\u00a0\u00bb{}\u00a0\u00bb][et_pb_text module_class=\u00a0\u00bbentretien\u00a0\u00bb _builder_version=\u00a0\u00bb4.22.1&Prime; _module_preset=\u00a0\u00bbdefault\u00a0\u00bb text_text_color=\u00a0\u00bb#000000&Prime; header_3_text_color=\u00a0\u00bb#000000&Prime; header_4_text_color=\u00a0\u00bb#000000&Prime; header_5_text_color=\u00a0\u00bb#000000&Prime; text_orientation=\u00a0\u00bbright\u00a0\u00bb text_orientation_tablet=\u00a0\u00bbcenter\u00a0\u00bb text_orientation_phone=\u00a0\u00bb\u00a0\u00bb text_orientation_last_edited=\u00a0\u00bbon|tablet\u00a0\u00bb global_colors_info=\u00a0\u00bb{}\u00a0\u00bb]<\/p>\n<h3><span>Entretien de Jerzy Grebski<\/span><\/h3>\n<p>M\u00e9decin<\/p>\n<p>[\/et_pb_text][\/et_pb_column][et_pb_column type=\u00a0\u00bb1_3&Prime; _builder_version=\u00a0\u00bb4.22.1&Prime; _module_preset=\u00a0\u00bbdefault\u00a0\u00bb custom_padding=\u00a0\u00bb|0px||0px|false|true\u00a0\u00bb custom_css_main_element=\u00a0\u00bbtext-align: center;\u00a0\u00bb global_colors_info=\u00a0\u00bb{}\u00a0\u00bb][et_pb_image src=\u00a0\u00bbhttps:\/\/exhibition.solidarity1980.com\/wp-content\/uploads\/2024\/01\/DS-CH-Jerzy-Grebski-XII-1981-250&#215;250.jpg\u00a0\u00bb title_text=\u00a0\u00bbDS-CH&#8211;Jerzy-Grebski,-XII-1981&Prime; align=\u00a0\u00bbcenter\u00a0\u00bb force_fullwidth=\u00a0\u00bbon\u00a0\u00bb admin_label=\u00a0\u00bbImage ratio carr\u00e9\u00a0\u00bb _builder_version=\u00a0\u00bb4.24.0&Prime; _module_preset=\u00a0\u00bbdefault\u00a0\u00bb module_alignment=\u00a0\u00bbcenter\u00a0\u00bb custom_css_main_element=\u00a0\u00bbtext-align: center;\u00a0\u00bb border_radii=\u00a0\u00bbon|100%|100%|100%|100%\u00a0\u00bb border_width_all=\u00a0\u00bb1px\u00a0\u00bb border_color_all=\u00a0\u00bb#000000&Prime; global_colors_info=\u00a0\u00bb{}\u00a0\u00bb][\/et_pb_image][\/et_pb_column][et_pb_column type=\u00a0\u00bb1_3&Prime; _builder_version=\u00a0\u00bb4.22.1&Prime; _module_preset=\u00a0\u00bbdefault\u00a0\u00bb global_colors_info=\u00a0\u00bb{}\u00a0\u00bb][et_pb_text _builder_version=\u00a0\u00bb4.24.2&Prime; _module_preset=\u00a0\u00bbdefault\u00a0\u00bb text_text_color=\u00a0\u00bb#000000&Prime; header_4_text_color=\u00a0\u00bb#000000&Prime; text_orientation_tablet=\u00a0\u00bbcenter\u00a0\u00bb text_orientation_phone=\u00a0\u00bb\u00a0\u00bb text_orientation_last_edited=\u00a0\u00bbon|tablet\u00a0\u00bb global_colors_info=\u00a0\u00bb{}\u00a0\u00bb]<\/p>\n<div class=\"page\" title=\"Page 19\">\n<div class=\"layoutArea\">\n<div class=\"column\">\n<h6><span style=\"color: #000000;\"><strong><em>\u00ab<span>Ils \u00e9taient toujours afflig\u00e9s par le fait que l\u2019objet du discours officiel se r\u00e9v\u00e9lait soudain \u00eatre un pays dans lequel il y avait des goulags, dans lequel on manquait de libert\u00e9, non seulement de libert\u00e9 syndicale, mais de libert\u00e9 tout court, et qui constituait une menace pour la paix. <\/span>\u00bb<\/em><\/strong><\/span><\/h6>\n<\/div>\n<\/div>\n<\/div>\n<p>[\/et_pb_text][\/et_pb_column][\/et_pb_row][et_pb_row _builder_version=\u00a0\u00bb4.22.1&Prime; _module_preset=\u00a0\u00bbdefault\u00a0\u00bb max_width=\u00a0\u00bb800px\u00a0\u00bb global_colors_info=\u00a0\u00bb{}\u00a0\u00bb][et_pb_column type=\u00a0\u00bb4_4&Prime; _builder_version=\u00a0\u00bb4.22.1&Prime; _module_preset=\u00a0\u00bbdefault\u00a0\u00bb global_colors_info=\u00a0\u00bb{}\u00a0\u00bb][et_pb_text _builder_version=\u00a0\u00bb4.24.0&Prime; _module_preset=\u00a0\u00bbdefault\u00a0\u00bb text_text_color=\u00a0\u00bb#000000&Prime; header_text_color=\u00a0\u00bb#000000&Prime; header_2_text_color=\u00a0\u00bb#000000&Prime; header_3_text_color=\u00a0\u00bb#000000&Prime; header_4_text_color=\u00a0\u00bb#000000&Prime; header_5_text_color=\u00a0\u00bb#000000&Prime; header_6_text_color=\u00a0\u00bb#000000&Prime; text_orientation=\u00a0\u00bbcenter\u00a0\u00bb global_colors_info=\u00a0\u00bb{}\u00a0\u00bb]<\/p>\n<p>Lors de leur visite en Romandie, les syndicalistes ont \u00e9t\u00e9 re\u00e7us chaleureusement par diverses collectivit\u00e9s locales. Des liens particuli\u00e8rement forts se sont tiss\u00e9s lors de leur passage dans le Jura. Jerzy Grebski, un m\u00e9decin de Varsovie repr\u00e9sentant la section de Solidarnosc de la r\u00e9gion de Masovie, fait partie du groupe des syndicalistes polonais qui ont visit\u00e9 la Suisse Romande.<\/p>\n<p><span>\u00a0\u00bb Il y a eu quelques r\u00e9unions, dont la premi\u00e8re, si je me souviens bien, a eu lieu dans une usine Bobst. C\u2019\u00e9tait une ancienne usine m\u00e9tallurgique qui faisait aussi office d\u2019usine d\u2019emballage, o\u00f9 ils fabriquaient des bo\u00eetes en carton pour la production. Une r\u00e9union a \u00e9t\u00e9 organis\u00e9e comme \u00e7a, en pr\u00e9sence des syndicalistes de ces usines ainsi que de la direction. C\u2019\u00e9tait une discussion tr\u00e8s politique. Ils s\u2019int\u00e9ressaient \u00e0 la Pologne, mais c\u2019\u00e9tait une r\u00e9union un peu formelle.<\/span><\/p>\n<p><span>En revanche, les r\u00e9unions avec les agriculteurs suisses et les producteurs de lait ou de fromage \u00e9taient totalement diff\u00e9rentes. Ces rencontres \u00e9taient tout \u00e0 fait cordiales et se d\u00e9roulaient non pas au niveau d\u2019un syndicat ou d\u2019une organisation, mais plut\u00f4t d\u2019un village ou d\u2019une organisation. Apr\u00e8s notre arriv\u00e9e, des personnes nous ont accueillis chez eux pendant quelques jours. Ils nous ont montr\u00e9 avec fiert\u00e9 leur petite fromagerie, o\u00f9 plusieurs tonnes de lait \u00e9taient transform\u00e9es, mais o\u00f9 les fromages \u00e9taient vraiment bons\u00a0; la pi\u00e8ce faisait \u00e0 peine deux m\u00e8tres carr\u00e9s. Et c\u2019est dans une pi\u00e8ce pas plus vaste que deux grandes caves qu\u2019ils nous ont montr\u00e9 leurs enclos \u00e0 animaux. En r\u00e9alit\u00e9, c\u2019\u00e9tait aussi une r\u00e9union de famille, car nous \u00e9tions accompagn\u00e9s par les enfants de nos h\u00f4tes. Et pour nous faire plaisir, ils nous ont donn\u00e9 des skis, que deux d\u2019entre nous qui visitaient le Jura fran\u00e7ais ont voulu essayer. Nous avons donc fait un peu de ski l\u00e0-bas. C\u2019\u00e9tait vraiment un accueil tr\u00e8s chaleureux. <\/span><\/p>\n<p><span>Les rencontres avec les \u00e9tudiants \u00e0 Gen\u00e8ve, par exemple, \u00e9taient d\u00e9j\u00e0 plus politiques. Nous y avons rencontr\u00e9 des gens qui avaient une vision de gauche. Leurs discussions ont fait ressurgir les trotskistes, mais aussi Boukharine, dans nos m\u00e9moires. Ils ont ouvert la voie. Je sais aujourd\u2019hui qu\u2019il s\u2019agissait de petits groupes, de quelques personnes, mais des gens tr\u00e8s influents et extr\u00eamement occup\u00e9s\u00a0; d\u2019excellents organisateurs. Quand ils m\u2019ont invit\u00e9 \u00e0 me pr\u00e9senter, j\u2019ai parl\u00e9 de mes opinions politiques comme le faisait un Polonais \u00e0 qui les communistes avaient impos\u00e9 la loi martiale en Pologne. Mes r\u00e9ponses ont \u00e9t\u00e9 accueillies avec compr\u00e9hension, mais les \u00e9tudiants essayaient encore de trouver, pour ainsi dire, une explication \u00e0 ce mythe de l\u2019Union sovi\u00e9tique qui ne fonctionnait pas. Ils \u00e9taient toujours afflig\u00e9s par le fait que l\u2019objet du discours officiel se r\u00e9v\u00e9lait soudain \u00eatre un pays dans lequel il y avait des goulags, dans lequel on manquait de libert\u00e9, non seulement de libert\u00e9 syndicale, mais de libert\u00e9 tout court, et qui constituait une menace pour la paix. Donc, en m\u00eame temps qu\u2019ils \u00e9taient, par exemple, anti-am\u00e9ricains, j\u2019ai l\u2019impression qu\u2019ils avaient une certaine peur de l\u2019Union sovi\u00e9tique, de l\u2019Arm\u00e9e rouge, d\u2019une attaque possible. Apr\u00e8s tout, en arri\u00e8re-plan, on savait depuis longtemps ce que les Russes faisaient en Afghanistan.<\/span><\/p>\n<p><span>Mais ils <\/span>[<span>les sympathisant de gauche<\/span>]<span> ne pouvaient pas s\u2019approcher des Am\u00e9ricains. C\u2019est du moins ces gens-l\u00e0 que nous avons rencontr\u00e9s, ces gens des milieux \u00e9tudiants de Gen\u00e8ve. \u00c0 l\u2019\u00e9poque, il n\u2019\u00e9tait pas encore possible de parler des Verts. Ce parti n\u2019existait pas encore, mais il s\u2019agissait de personnes ayant une attitude clairement de gauche. <\/span><\/p>\n<p><span>En revanche, l\u2019attitude politique dans le Jura \u00e9tait diff\u00e9rente, ces gens-l\u00e0 ne cherchaient pas des vis\u00e9es politiques \u00e0 large \u00e9chelle. Ils faisaient leur propre politique sur place. C\u2019est quelque chose qui m\u2019a beaucoup touch\u00e9, car il s\u2019agissait d\u2019une d\u00e9mocratie interne \u00e0 la Suisse. Ils \u00e9taient habitu\u00e9s \u00e0 voter plusieurs fois par an, \u00e0 organiser toutes sortes de r\u00e9f\u00e9rendums, sur tout, de la piste cyclable qui allait passer par la piscine \u00e0 l\u2019embauche d\u2019un nouvel employ\u00e9, tout \u00e9tait soumis \u00e0 r\u00e9f\u00e9rendum. Je dois dire que la premi\u00e8re fois, cela m\u2019a sembl\u00e9 exotique, mais j\u2019ai ensuite constat\u00e9 qu\u2019il s\u2019agissait d\u2019une m\u00e9thode valable au moins pour une si petite communaut\u00e9. Je ne sais pas si cela passerait bien en Pologne, mais c\u2019est une m\u00e9thode et elle fonctionnait l\u00e0-bas. C\u2019est ainsi que les choses se sont pass\u00e9es, la mani\u00e8re dont j\u2019ai vu les aspects politiques de la Suisse \u00e0 l\u2019\u00e9poque.\u00a0\u00bb<\/span><\/p>\n<p><em>\u00ab\u00a0<\/em>Du Jura suisse, je me souviens tr\u00e8s bien du pr\u00e9sident de l\u2019association des agriculteurs suisses, Fernand Cuche. Une personne extr\u00eamement int\u00e9ressante, dont le profil nous a imm\u00e9diatement rappel\u00e9 le Polonais Janosik. Il avait des cheveux mi-longs et clairs, se d\u00e9pla\u00e7ait avec beaucoup d&rsquo;agilit\u00e9 et \u00e9tait bien b\u00e2ti. C\u2019\u00e9tait un excellent organisateur, qui nous a charm\u00e9s par son franc parl\u00e9, par la chaleur qu\u2019il nous a t\u00e9moign\u00e9e, par exemple en nous invitant \u00e0 d\u00eener avec sa famille, et m\u00eame en nous pr\u00e9sentant sa petite amie, \u00e9galement suisse. Son attitude s\u2019est r\u00e9v\u00e9l\u00e9e positive et elle nous a donn\u00e9 confiance en lui. \u00bb<\/p>\n<p>[\/et_pb_text][et_pb_blurb use_icon=\u00a0\u00bbon\u00a0\u00bb font_icon=\u00a0\u00bb&#x50;||divi||400&Prime; icon_color=\u00a0\u00bb#FBFFEE\u00a0\u00bb content_max_width=\u00a0\u00bb100%\u00a0\u00bb admin_label=\u00a0\u00bbBouton +\u00a0\u00bb _builder_version=\u00a0\u00bb4.22.1&Prime; _module_preset=\u00a0\u00bbdefault\u00a0\u00bb background_color=\u00a0\u00bbRGBA(255,255,255,0)\u00a0\u00bb custom_margin=\u00a0\u00bb0px|30px|100px|30px|false|true\u00a0\u00bb custom_margin_tablet=\u00a0\u00bb||50px||false|true\u00a0\u00bb custom_margin_phone=\u00a0\u00bb|15px||15px|false|true\u00a0\u00bb custom_margin_last_edited=\u00a0\u00bbon|phone\u00a0\u00bb global_colors_info=\u00a0\u00bb{}\u00a0\u00bb]<\/p>\n<div class=\"page\" title=\"Page 8\">\n<div class=\"section\">\n<div class=\"layoutArea\">\n<div class=\"column\">\n<p>Entretien men\u00e9 avec Jerzy Gr\u0119bski par Renata Lata\u0142a, le 9 octobre 2023, Piaseczno (Varsovie).<\/p>\n<\/div>\n<\/div>\n<\/div>\n<\/div>\n<p>[\/et_pb_blurb][\/et_pb_column][\/et_pb_row][\/et_pb_section][et_pb_section fb_built=\u00a0\u00bb1&Prime; admin_label=\u00a0\u00bbentretien 2 colonnes\u00a0\u00bb module_class=\u00a0\u00bbnoise entretien-2-cols\u00a0\u00bb _builder_version=\u00a0\u00bb4.22.1&Prime; _module_preset=\u00a0\u00bbdefault\u00a0\u00bb background_color=\u00a0\u00bb#255E64&Prime; z_index=\u00a0\u00bb4&Prime; custom_padding=\u00a0\u00bb0px||0px||false|false\u00a0\u00bb da_disable_devices=\u00a0\u00bboff|off|off\u00a0\u00bb global_colors_info=\u00a0\u00bb{}\u00a0\u00bb da_is_popup=\u00a0\u00bboff\u00a0\u00bb da_exit_intent=\u00a0\u00bboff\u00a0\u00bb da_has_close=\u00a0\u00bbon\u00a0\u00bb da_alt_close=\u00a0\u00bboff\u00a0\u00bb da_dark_close=\u00a0\u00bboff\u00a0\u00bb da_not_modal=\u00a0\u00bbon\u00a0\u00bb da_is_singular=\u00a0\u00bboff\u00a0\u00bb da_with_loader=\u00a0\u00bboff\u00a0\u00bb da_has_shadow=\u00a0\u00bbon\u00a0\u00bb][et_pb_row column_structure=\u00a0\u00bb1_2,1_2&Prime; make_equal=\u00a0\u00bbon\u00a0\u00bb _builder_version=\u00a0\u00bb4.23.1&Prime; _module_preset=\u00a0\u00bbdefault\u00a0\u00bb width=\u00a0\u00bb100%\u00a0\u00bb max_width=\u00a0\u00bb100%\u00a0\u00bb custom_padding=\u00a0\u00bb0px||0px||false|false\u00a0\u00bb global_colors_info=\u00a0\u00bb{}\u00a0\u00bb][et_pb_column type=\u00a0\u00bb1_2&Prime; admin_label=\u00a0\u00bbColumn BgImg\u00a0\u00bb _builder_version=\u00a0\u00bb4.23.1&Prime; _module_preset=\u00a0\u00bbdefault\u00a0\u00bb background_image=\u00a0\u00bbhttps:\/\/exhibition.solidarity1980.com\/wp-content\/uploads\/2024\/01\/DS-CH-Syndicalistes-polonais-en-Suisse-XII-1981-4.jpg\u00a0\u00bb parallax=\u00a0\u00bbon\u00a0\u00bb positioning=\u00a0\u00bbnone\u00a0\u00bb hover_transition_duration=\u00a0\u00bb250ms\u00a0\u00bb hover_transition_speed_curve=\u00a0\u00bbease-in\u00a0\u00bb sticky_position=\u00a0\u00bbtop\u00a0\u00bb sticky_limit_top=\u00a0\u00bbrow\u00a0\u00bb sticky_limit_bottom=\u00a0\u00bbsection\u00a0\u00bb custom_css_main_element=\u00a0\u00bbmargin-right: 0 !important;||width: 50% !important;||max-height: 100vh;\u00a0\u00bb global_colors_info=\u00a0\u00bb{}\u00a0\u00bb custom_css_main_element_last_edited=\u00a0\u00bbon|desktop\u00a0\u00bb custom_css_main_element_tablet=\u00a0\u00bbmin-height: 300px !important;||display: block !important;||position: relative !important;\u00a0\u00bb custom_css_main_element_phone=\u00a0\u00bbmin-height: 250px !important;||display: block !important;\u00a0\u00bb custom_css_main_element__sticky_enabled=\u00a0\u00bboff|sticky\u00a0\u00bb][\/et_pb_column][et_pb_column type=\u00a0\u00bb1_2&Prime; admin_label=\u00a0\u00bbColumn\u00a0\u00bb _builder_version=\u00a0\u00bb4.21.0&Prime; _module_preset=\u00a0\u00bbdefault\u00a0\u00bb custom_padding=\u00a0\u00bb0px|0px|0px|0px|false|false\u00a0\u00bb custom_padding_tablet=\u00a0\u00bb0px|0px|0px|0px|false|false\u00a0\u00bb custom_padding_phone=\u00a0\u00bb0px|0px|0px|0px|false|false\u00a0\u00bb custom_padding_last_edited=\u00a0\u00bbon|desktop\u00a0\u00bb custom_css_main_element=\u00a0\u00bbwidth: 50% !important;\u00a0\u00bb global_colors_info=\u00a0\u00bb{}\u00a0\u00bb custom_css_main_element_last_edited=\u00a0\u00bbon|desktop\u00a0\u00bb custom_css_main_element_tablet=\u00a0\u00bbwidth: 100%;\u00a0\u00bb custom_css_main_element_phone=\u00a0\u00bbwidth: 100%;\u00a0\u00bb][et_pb_image src=\u00a0\u00bbhttps:\/\/exhibition.solidarity1980.com\/wp-content\/uploads\/2024\/01\/DS-CH-Syndicalistes-polonais-en-Suisse-XII-1981-2.jpg\u00a0\u00bb title_text=\u00a0\u00bbDS-CH&#8212;Syndicalistes-polonais-en-Suisse-XII-1981-(2)\u00a0\u00bb show_bottom_space=\u00a0\u00bboff\u00a0\u00bb force_fullwidth=\u00a0\u00bbon\u00a0\u00bb admin_label=\u00a0\u00bbImage\u00a0\u00bb _builder_version=\u00a0\u00bb4.23.1&Prime; _module_preset=\u00a0\u00bbdefault\u00a0\u00bb custom_margin=\u00a0\u00bb||0px||false|false\u00a0\u00bb global_colors_info=\u00a0\u00bb{}\u00a0\u00bb][\/et_pb_image][et_pb_text _builder_version=\u00a0\u00bb4.25.1&Prime; _module_preset=\u00a0\u00bbdefault\u00a0\u00bb text_text_color=\u00a0\u00bb#ffffff\u00a0\u00bb header_text_color=\u00a0\u00bb#ffffff\u00a0\u00bb header_2_text_color=\u00a0\u00bb#ffffff\u00a0\u00bb header_3_text_color=\u00a0\u00bb#ffffff\u00a0\u00bb header_4_text_color=\u00a0\u00bb#ffffff\u00a0\u00bb header_5_text_color=\u00a0\u00bb#ffffff\u00a0\u00bb header_6_text_color=\u00a0\u00bb#ffffff\u00a0\u00bb custom_margin=\u00a0\u00bb||0px||false|false\u00a0\u00bb custom_padding=\u00a0\u00bb100px|30px|0px|30px|false|true\u00a0\u00bb custom_padding_tablet=\u00a0\u00bb50px||0px||false|true\u00a0\u00bb custom_padding_phone=\u00a0\u00bb|15px||15px|true|true\u00a0\u00bb custom_padding_last_edited=\u00a0\u00bbon|phone\u00a0\u00bb global_colors_info=\u00a0\u00bb{}\u00a0\u00bb]<\/p>\n<h2>Entretien de Fernand Cuche<\/h2>\n<p>&nbsp;<\/p>\n<p>[\/et_pb_text][et_pb_video src=\u00a0\u00bbhttps:\/\/youtu.be\/wzTaFn0DvTI\u00a0\u00bb _builder_version=\u00a0\u00bb4.23.1&Prime; _module_preset=\u00a0\u00bbdefault\u00a0\u00bb global_colors_info=\u00a0\u00bb{}\u00a0\u00bb][\/et_pb_video][et_pb_video src=\u00a0\u00bbhttps:\/\/youtu.be\/DgxhIzmFxWE\u00a0\u00bb _builder_version=\u00a0\u00bb4.24.2&Prime; _module_preset=\u00a0\u00bbdefault\u00a0\u00bb global_colors_info=\u00a0\u00bb{}\u00a0\u00bb][\/et_pb_video][et_pb_blurb use_icon=\u00a0\u00bbon\u00a0\u00bb font_icon=\u00a0\u00bb&#x50;||divi||400&Prime; icon_color=\u00a0\u00bb#FBFFEE\u00a0\u00bb content_max_width=\u00a0\u00bb100%\u00a0\u00bb admin_label=\u00a0\u00bbBouton +\u00a0\u00bb _builder_version=\u00a0\u00bb4.22.1&Prime; _module_preset=\u00a0\u00bbdefault\u00a0\u00bb background_color=\u00a0\u00bbRGBA(255,255,255,0)\u00a0\u00bb custom_margin=\u00a0\u00bb0px|30px|100px|30px|false|true\u00a0\u00bb custom_margin_tablet=\u00a0\u00bb||50px||false|true\u00a0\u00bb custom_margin_phone=\u00a0\u00bb|15px||15px|false|true\u00a0\u00bb custom_margin_last_edited=\u00a0\u00bbon|phone\u00a0\u00bb global_colors_info=\u00a0\u00bb{}\u00a0\u00bb]<\/p>\n<div class=\"page\" title=\"Page 8\">\n<div class=\"section\">\n<div class=\"layoutArea\">\n<div class=\"column\">\n<p>Entretien avec Fernand Cuche, r\u00e9alis\u00e9 par Renata Lata\u0142a,\u00a0 le 18 Juin 2020, Les Pr\u00e9s sur Ligni\u00e8res.<\/p>\n<p><span><\/span><\/p>\n<\/div>\n<\/div>\n<\/div>\n<\/div>\n<p>[\/et_pb_blurb][\/et_pb_column][\/et_pb_row][\/et_pb_section][et_pb_section fb_built=\u00a0\u00bb1&Prime; admin_label=\u00a0\u00bblien chapitre 2&Prime; module_class=\u00a0\u00bbnoise chapter-section-link\u00a0\u00bb _builder_version=\u00a0\u00bb4.22.1&Prime; _dynamic_attributes=\u00a0\u00bblink_option_url\u00a0\u00bb _module_preset=\u00a0\u00bbdefault\u00a0\u00bb background_color=\u00a0\u00bb#FF395E\u00a0\u00bb positioning=\u00a0\u00bbnone\u00a0\u00bb position_origin_f=\u00a0\u00bbbottom_center\u00a0\u00bb z_index=\u00a0\u00bb2&Prime; min_height=\u00a0\u00bb100vh\u00a0\u00bb link_option_url=\u00a0\u00bb@ET-DC@eyJkeW5hbWljIjp0cnVlLCJjb250ZW50IjoicG9zdF9saW5rX3VybF9wYWdlIiwic2V0dGluZ3MiOnsicG9zdF9pZCI6IjI5OCJ9fQ==@\u00a0\u00bb scroll_vertical_motion=\u00a0\u00bb0|50|50|100|3|0|0&Prime; motion_trigger_start=\u00a0\u00bbtop\u00a0\u00bb custom_css_main_element=\u00a0\u00bbdisplay: flex;||flex-direction: column;\u00a0\u00bb da_disable_devices=\u00a0\u00bboff|off|off\u00a0\u00bb locked=\u00a0\u00bboff\u00a0\u00bb global_colors_info=\u00a0\u00bb{}\u00a0\u00bb da_is_popup=\u00a0\u00bboff\u00a0\u00bb da_exit_intent=\u00a0\u00bboff\u00a0\u00bb da_has_close=\u00a0\u00bbon\u00a0\u00bb da_alt_close=\u00a0\u00bboff\u00a0\u00bb da_dark_close=\u00a0\u00bboff\u00a0\u00bb da_not_modal=\u00a0\u00bbon\u00a0\u00bb da_is_singular=\u00a0\u00bboff\u00a0\u00bb da_with_loader=\u00a0\u00bboff\u00a0\u00bb da_has_shadow=\u00a0\u00bbon\u00a0\u00bb][et_pb_row admin_label=\u00a0\u00bbRow\u00a0\u00bb _builder_version=\u00a0\u00bb4.25.1&Prime; _module_preset=\u00a0\u00bbdefault\u00a0\u00bb global_colors_info=\u00a0\u00bb{}\u00a0\u00bb][et_pb_column type=\u00a0\u00bb4_4&Prime; admin_label=\u00a0\u00bbColumn\u00a0\u00bb _builder_version=\u00a0\u00bb4.21.0&Prime; _module_preset=\u00a0\u00bbdefault\u00a0\u00bb global_colors_info=\u00a0\u00bb{}\u00a0\u00bb][et_pb_text _builder_version=\u00a0\u00bb4.23&Prime; _module_preset=\u00a0\u00bbdefault\u00a0\u00bb text_text_color=\u00a0\u00bb#ffffff\u00a0\u00bb header_text_color=\u00a0\u00bb#ffffff\u00a0\u00bb text_orientation=\u00a0\u00bbcenter\u00a0\u00bb text_text_color_tablet=\u00a0\u00bb#ffffff\u00a0\u00bb text_text_color_phone=\u00a0\u00bb#ffffff\u00a0\u00bb text_text_color_last_edited=\u00a0\u00bbon|desktop\u00a0\u00bb global_colors_info=\u00a0\u00bb{}\u00a0\u00bb]<\/p>\n<div class=\"page\" title=\"Page 16\">\n<div class=\"section\">\n<div class=\"layoutArea\">\n<div class=\"column\">\n<h1 class=\"chapter-num\" style=\"text-align: center;\"><span>2<\/span><\/h1>\n<h1>Avec nous! Avec nous!<br \/><em>Votre solidarit\u00e9 &#8211; Notre libert\u00e9<\/em><\/h1>\n<\/div>\n<\/div>\n<\/div>\n<\/div>\n<p>[\/et_pb_text][\/et_pb_column][\/et_pb_row][et_pb_row _builder_version=\u00a0\u00bb4.21.0&Prime; _module_preset=\u00a0\u00bbdefault\u00a0\u00bb global_colors_info=\u00a0\u00bb{}\u00a0\u00bb][et_pb_column type=\u00a0\u00bb4_4&Prime; _builder_version=\u00a0\u00bb4.21.0&Prime; _module_preset=\u00a0\u00bbdefault\u00a0\u00bb global_colors_info=\u00a0\u00bb{}\u00a0\u00bb][et_pb_text disabled_on=\u00a0\u00bboff|off|off\u00a0\u00bb _builder_version=\u00a0\u00bb4.23.1&Prime; _module_preset=\u00a0\u00bbdefault\u00a0\u00bb text_text_color=\u00a0\u00bb#ffffff\u00a0\u00bb text_orientation=\u00a0\u00bbcenter\u00a0\u00bb global_colors_info=\u00a0\u00bb{}\u00a0\u00bb]<\/p>\n<div class=\"page\" title=\"Page 16\">\n<div class=\"section\">\n<div class=\"layoutArea\">\n<div class=\"column\">\n<p><span>CONTINUER LA VISITE<\/span><\/p>\n<\/div>\n<\/div>\n<\/div>\n<\/div>\n<p>[\/et_pb_text][et_pb_image src=\u00a0\u00bbhttps:\/\/exhibition.solidarity1980.com\/wp-content\/uploads\/2023\/07\/iconmonstr-arrow-down-thin-240.png\u00a0\u00bb title_text=\u00a0\u00bbiconmonstr-arrow-down-thin-240&Prime; align=\u00a0\u00bbcenter\u00a0\u00bb disabled_on=\u00a0\u00bboff|off|off\u00a0\u00bb _builder_version=\u00a0\u00bb4.21.0&Prime; _module_preset=\u00a0\u00bbdefault\u00a0\u00bb width=\u00a0\u00bb30px\u00a0\u00bb custom_css_main_element=\u00a0\u00bbdisplay: none;\u00a0\u00bb global_colors_info=\u00a0\u00bb{}\u00a0\u00bb][\/et_pb_image][\/et_pb_column][\/et_pb_row][\/et_pb_section][et_pb_section fb_built=\u00a0\u00bb1&Prime; admin_label=\u00a0\u00bbPopup documents\u00a0\u00bb module_id=\u00a0\u00bbpopup-archives-1&Prime; module_class=\u00a0\u00bbentretien popup single\u00a0\u00bb _builder_version=\u00a0\u00bb4.22.1&Prime; _module_preset=\u00a0\u00bbdefault\u00a0\u00bb background_color=\u00a0\u00bbrgba(0,0,0,0.5)\u00a0\u00bb width=\u00a0\u00bb100%\u00a0\u00bb max_width=\u00a0\u00bb100%\u00a0\u00bb min_height=\u00a0\u00bb100vh\u00a0\u00bb hover_enabled=\u00a0\u00bb0&Prime; da_is_popup=\u00a0\u00bbon\u00a0\u00bb da_popup_slug=\u00a0\u00bbpopup-archives-1&Prime; da_is_singular=\u00a0\u00bbon\u00a0\u00bb da_disable_devices=\u00a0\u00bboff|off|off\u00a0\u00bb border_radii=\u00a0\u00bbon|0px|0px|0px|0px\u00a0\u00bb global_colors_info=\u00a0\u00bb{}\u00a0\u00bb sticky_enabled=\u00a0\u00bb0&Prime; da_exit_intent=\u00a0\u00bboff\u00a0\u00bb da_has_close=\u00a0\u00bbon\u00a0\u00bb da_alt_close=\u00a0\u00bboff\u00a0\u00bb da_dark_close=\u00a0\u00bboff\u00a0\u00bb da_not_modal=\u00a0\u00bbon\u00a0\u00bb da_with_loader=\u00a0\u00bboff\u00a0\u00bb da_has_shadow=\u00a0\u00bbon\u00a0\u00bb][et_pb_row admin_label=\u00a0\u00bbRow\u00a0\u00bb _builder_version=\u00a0\u00bb4.22.1&Prime; _module_preset=\u00a0\u00bbdefault\u00a0\u00bb global_colors_info=\u00a0\u00bb{}\u00a0\u00bb][et_pb_column type=\u00a0\u00bb4_4&Prime; _builder_version=\u00a0\u00bb4.22.1&Prime; _module_preset=\u00a0\u00bbdefault\u00a0\u00bb hover_enabled=\u00a0\u00bb0&Prime; global_colors_info=\u00a0\u00bb{}\u00a0\u00bb sticky_enabled=\u00a0\u00bb0&Prime;][et_pb_slider _builder_version=\u00a0\u00bb4.22.1&Prime; _module_preset=\u00a0\u00bbdefault\u00a0\u00bb global_colors_info=\u00a0\u00bb{}\u00a0\u00bb][et_pb_slide _builder_version=\u00a0\u00bb4.22.1&Prime; _module_preset=\u00a0\u00bbdefault\u00a0\u00bb background_color=\u00a0\u00bbRGBA(255,255,255,0)\u00a0\u00bb background_enable_color=\u00a0\u00bbon\u00a0\u00bb background_enable_image=\u00a0\u00bboff\u00a0\u00bb global_colors_info=\u00a0\u00bb{}\u00a0\u00bb sticky_transition=\u00a0\u00bbon\u00a0\u00bb]<\/p>\n<p><img decoding=\"async\" src=\"https:\/\/exhibition.solidarity1980.com\/wp-content\/uploads\/2023\/07\/layer-10.jpg\" width=\"724\" height=\"533\" alt=\"\" class=\"wp-image-76 alignnone size-full\" srcset=\"https:\/\/exhibition.solidarity1980.com\/wp-content\/uploads\/2023\/07\/layer-10.jpg 724w, https:\/\/exhibition.solidarity1980.com\/wp-content\/uploads\/2023\/07\/layer-10-480x353.jpg 480w\" sizes=\"(min-width: 0px) and (max-width: 480px) 480px, (min-width: 481px) 724px, 100vw\" \/><\/p>\n<p>[\/et_pb_slide][et_pb_slide _builder_version=\u00a0\u00bb4.22.1&Prime; _module_preset=\u00a0\u00bbdefault\u00a0\u00bb background_color=\u00a0\u00bbRGBA(255,255,255,0)\u00a0\u00bb background_enable_color=\u00a0\u00bbon\u00a0\u00bb background_enable_image=\u00a0\u00bboff\u00a0\u00bb global_colors_info=\u00a0\u00bb{}\u00a0\u00bb sticky_transition=\u00a0\u00bbon\u00a0\u00bb]<\/p>\n<p><img decoding=\"async\" src=\"https:\/\/exhibition.solidarity1980.com\/wp-content\/uploads\/2023\/07\/layer-22.jpg\" width=\"418\" height=\"187\" alt=\"\" class=\"wp-image-88 alignnone size-full\" srcset=\"https:\/\/exhibition.solidarity1980.com\/wp-content\/uploads\/2023\/07\/layer-22.jpg 418w, https:\/\/exhibition.solidarity1980.com\/wp-content\/uploads\/2023\/07\/layer-22-300x134.jpg 300w\" sizes=\"(max-width: 418px) 100vw, 418px\" \/><\/p>\n<p>[\/et_pb_slide][et_pb_slide _builder_version=\u00a0\u00bb4.22.1&Prime; _module_preset=\u00a0\u00bbdefault\u00a0\u00bb background_color=\u00a0\u00bbRGBA(255,255,255,0)\u00a0\u00bb background_enable_color=\u00a0\u00bbon\u00a0\u00bb background_enable_image=\u00a0\u00bboff\u00a0\u00bb global_colors_info=\u00a0\u00bb{}\u00a0\u00bb sticky_transition=\u00a0\u00bbon\u00a0\u00bb]<\/p>\n<p><img decoding=\"async\" src=\"https:\/\/exhibition.solidarity1980.com\/wp-content\/uploads\/2023\/07\/layer-18-300x137.jpg\" width=\"300\" height=\"137\" alt=\"\" class=\"wp-image-84 alignnone size-medium\" srcset=\"https:\/\/exhibition.solidarity1980.com\/wp-content\/uploads\/2023\/07\/layer-18-300x137.jpg 300w, https:\/\/exhibition.solidarity1980.com\/wp-content\/uploads\/2023\/07\/layer-18.jpg 476w\" sizes=\"(max-width: 300px) 100vw, 300px\" \/><\/p>\n<p>[\/et_pb_slide][\/et_pb_slider][\/et_pb_column][\/et_pb_row][\/et_pb_section][et_pb_section fb_built=\u00a0\u00bb1&Prime; admin_label=\u00a0\u00bbPopup journaux zoom\u00a0\u00bb module_id=\u00a0\u00bbpopup-zoom-journaux-1&Prime; module_class=\u00a0\u00bbentretien popup single\u00a0\u00bb _builder_version=\u00a0\u00bb4.24.0&Prime; _module_preset=\u00a0\u00bbdefault\u00a0\u00bb background_color=\u00a0\u00bbrgba(0,0,0,0.5)\u00a0\u00bb width=\u00a0\u00bb100%\u00a0\u00bb max_width=\u00a0\u00bb100%\u00a0\u00bb min_height=\u00a0\u00bb100vh\u00a0\u00bb da_is_popup=\u00a0\u00bbon\u00a0\u00bb da_popup_slug=\u00a0\u00bbpopup-zoom-journaux-1&Prime; da_is_singular=\u00a0\u00bbon\u00a0\u00bb da_disable_devices=\u00a0\u00bboff|off|off\u00a0\u00bb border_radii=\u00a0\u00bbon|0px|0px|0px|0px\u00a0\u00bb global_colors_info=\u00a0\u00bb{}\u00a0\u00bb da_exit_intent=\u00a0\u00bboff\u00a0\u00bb da_has_close=\u00a0\u00bbon\u00a0\u00bb da_alt_close=\u00a0\u00bboff\u00a0\u00bb da_dark_close=\u00a0\u00bboff\u00a0\u00bb da_not_modal=\u00a0\u00bbon\u00a0\u00bb da_with_loader=\u00a0\u00bboff\u00a0\u00bb da_has_shadow=\u00a0\u00bbon\u00a0\u00bb][et_pb_row admin_label=\u00a0\u00bbRow\u00a0\u00bb _builder_version=\u00a0\u00bb4.22.1&Prime; _module_preset=\u00a0\u00bbdefault\u00a0\u00bb global_colors_info=\u00a0\u00bb{}\u00a0\u00bb][et_pb_column type=\u00a0\u00bb4_4&Prime; _builder_version=\u00a0\u00bb4.22.1&Prime; _module_preset=\u00a0\u00bbdefault\u00a0\u00bb global_colors_info=\u00a0\u00bb{}\u00a0\u00bb][et_pb_slider _builder_version=\u00a0\u00bb4.24.0&Prime; _module_preset=\u00a0\u00bbdefault\u00a0\u00bb global_colors_info=\u00a0\u00bb{}\u00a0\u00bb][et_pb_slide _builder_version=\u00a0\u00bb4.24.0&Prime; _module_preset=\u00a0\u00bbdefault\u00a0\u00bb background_color=\u00a0\u00bbRGBA(255,255,255,0)\u00a0\u00bb background_enable_color=\u00a0\u00bbon\u00a0\u00bb background_enable_image=\u00a0\u00bboff\u00a0\u00bb global_colors_info=\u00a0\u00bb{}\u00a0\u00bb sticky_transition=\u00a0\u00bbon\u00a0\u00bb]<\/p>\n<p><img decoding=\"async\" src=\"https:\/\/exhibition.solidarity1980.com\/wp-content\/uploads\/2024\/03\/LLE_19800901-p-1-et-8-Pologne-greve-N-ACCORD-SANS-PRECEDENT-PHOTO-1-zoom.jpg\" width=\"800\" height=\"634\" alt=\"\" class=\"wp-image-3019 alignnone size-full\" srcset=\"https:\/\/exhibition.solidarity1980.com\/wp-content\/uploads\/2024\/03\/LLE_19800901-p-1-et-8-Pologne-greve-N-ACCORD-SANS-PRECEDENT-PHOTO-1-zoom.jpg 800w, https:\/\/exhibition.solidarity1980.com\/wp-content\/uploads\/2024\/03\/LLE_19800901-p-1-et-8-Pologne-greve-N-ACCORD-SANS-PRECEDENT-PHOTO-1-zoom-480x380.jpg 480w\" sizes=\"(min-width: 0px) and (max-width: 480px) 480px, (min-width: 481px) 800px, 100vw\" \/><\/p>\n<p>[\/et_pb_slide][et_pb_slide _builder_version=\u00a0\u00bb4.23.1&Prime; _module_preset=\u00a0\u00bbdefault\u00a0\u00bb background_color=\u00a0\u00bbRGBA(255,255,255,0)\u00a0\u00bb background_enable_color=\u00a0\u00bbon\u00a0\u00bb background_enable_image=\u00a0\u00bboff\u00a0\u00bb global_colors_info=\u00a0\u00bb{}\u00a0\u00bb sticky_transition=\u00a0\u00bbon\u00a0\u00bb]<\/p>\n<p><img decoding=\"async\" width=\"949\" height=\"1092\" src=\"https:\/\/exhibition.solidarity1980.com\/wp-content\/uploads\/2023\/09\/LLS_1980-09-17-p-4-Un-succes-historique-zoom.jpg\" alt=\"\" class=\"size-medium alignnone\" \/><\/p>\n<p>[\/et_pb_slide][et_pb_slide _builder_version=\u00a0\u00bb4.23.1&Prime; _module_preset=\u00a0\u00bbdefault\u00a0\u00bb background_color=\u00a0\u00bbRGBA(255,255,255,0)\u00a0\u00bb background_enable_color=\u00a0\u00bbon\u00a0\u00bb background_enable_image=\u00a0\u00bboff\u00a0\u00bb global_colors_info=\u00a0\u00bb{}\u00a0\u00bb sticky_transition=\u00a0\u00bbon\u00a0\u00bb]<\/p>\n<p><img decoding=\"async\" width=\"1289\" height=\"1255\" src=\"https:\/\/exhibition.solidarity1980.com\/wp-content\/uploads\/2023\/09\/LLE_1980-09-03-p-1-PHOTO-Pologne-en-depit-de-greves-persistantes-L-optimisme-l-emporte-1-zoom.jpg\" alt=\"\" class=\"size-medium alignnone\" \/><\/p>\n<p>[\/et_pb_slide][\/et_pb_slider][\/et_pb_column][\/et_pb_row][\/et_pb_section]<\/p>\n","protected":false},"excerpt":{"rendered":"<p>1 Tous ensemble! Tous ensemble!solidarno\u015b\u0107Ao\u00fbt 1980. Le Mur et le portail du chantier naval de Gdansk\u2026 les ouvriers en gr\u00e8ve\u2026 la foule des gens paisibles\u2026 Ces images parcourent en Occident les \u00e9crans de t\u00e9l\u00e9 et les colonnes de la presse. \u00c9v\u00e9nements immortalis\u00e9s par quelques photographes amateurs, par des passants, mais aussi par des journalistes et [&hellip;]<\/p>\n","protected":false},"author":1,"featured_media":0,"parent":0,"menu_order":0,"comment_status":"closed","ping_status":"closed","template":"","meta":{"_et_pb_use_builder":"on","_et_pb_old_content":"","_et_gb_content_width":"","footnotes":""},"class_list":["post-102","page","type-page","status-publish","hentry"],"_links":{"self":[{"href":"https:\/\/exhibition.solidarity1980.com\/en\/wp-json\/wp\/v2\/pages\/102","targetHints":{"allow":["GET"]}}],"collection":[{"href":"https:\/\/exhibition.solidarity1980.com\/en\/wp-json\/wp\/v2\/pages"}],"about":[{"href":"https:\/\/exhibition.solidarity1980.com\/en\/wp-json\/wp\/v2\/types\/page"}],"author":[{"embeddable":true,"href":"https:\/\/exhibition.solidarity1980.com\/en\/wp-json\/wp\/v2\/users\/1"}],"replies":[{"embeddable":true,"href":"https:\/\/exhibition.solidarity1980.com\/en\/wp-json\/wp\/v2\/comments?post=102"}],"version-history":[{"count":485,"href":"https:\/\/exhibition.solidarity1980.com\/en\/wp-json\/wp\/v2\/pages\/102\/revisions"}],"predecessor-version":[{"id":4472,"href":"https:\/\/exhibition.solidarity1980.com\/en\/wp-json\/wp\/v2\/pages\/102\/revisions\/4472"}],"wp:attachment":[{"href":"https:\/\/exhibition.solidarity1980.com\/en\/wp-json\/wp\/v2\/media?parent=102"}],"curies":[{"name":"wp","href":"https:\/\/api.w.org\/{rel}","templated":true}]}}